{"id":4729,"date":"2022-11-09T15:41:04","date_gmt":"2022-11-09T15:41:04","guid":{"rendered":"https:\/\/inbre.hpcf.upr.edu\/?page_id=4729"},"modified":"2024-02-22T16:52:27","modified_gmt":"2024-02-22T16:52:27","slug":"publications-2","status":"publish","type":"page","link":"https:\/\/inbre.hpcf.upr.edu\/index.php\/publications-2\/","title":{"rendered":"All Publications"},"content":{"rendered":"<p><section class=\"kc-elm kc-css-465636 kc_row\"><div class=\"kc-row-container  kc-container\"><div class=\"kc-wrap-columns\"><div class=\"kc-elm kc-css-990162 kc_col-sm-12 kc_column kc_col-sm-12\"><div class=\"kc-col-container\">\n<div class=\"kc-elm kc-css-861480 kc-title-wrap \">\n\n\t<h1 class=\"kc_title\">PR-INBRE current cycle publications<\/h1>\n<\/div>\n<\/div><\/div><\/div><\/div><\/section><section class=\"kc-elm kc-css-252972 kc_row\"><div class=\"kc-row-container  kc-container\"><div class=\"kc-wrap-columns\"><div class=\"kc-elm kc-css-295635 kc_col-sm-12 kc_column kc_col-sm-12\"><div class=\"kc-col-container\"><div class=\"kc-elm kc-css-142979 kc_text_block\"><\/p>\n<div class=\"teachpress_pub_list\">\n<form name=\"tppublistform\" method=\"get\"><a name=\"tppubs\" id=\"tppubs\"><\/a><\/p>\n<div class=\"teachpress_filter\"><select class=\"default\" name=\"yr\" id=\"yr\" tabindex=\"2\" onchange=\"teachpress_jumpMenu('parent',this, 'https:\/\/inbre.hpcf.upr.edu\/index.php\/publications-2\/?')\"><option value=\"tgid=&amp;type=&amp;auth=&amp;usr=&amp;yr=#tppubs\">All years<\/option><option value = \"tgid=&amp;type=&amp;auth=&amp;usr=&amp;yr=2025#tppubs\" >2025<\/option><option value = \"tgid=&amp;type=&amp;auth=&amp;usr=&amp;yr=2024#tppubs\" >2024<\/option><option value = \"tgid=&amp;type=&amp;auth=&amp;usr=&amp;yr=2023#tppubs\" >2023<\/option><option value = \"tgid=&amp;type=&amp;auth=&amp;usr=&amp;yr=2022#tppubs\" >2022<\/option><option value = \"tgid=&amp;type=&amp;auth=&amp;usr=&amp;yr=2021#tppubs\" >2021<\/option><\/select><\/div>\n<\/form>\n<div class=\"tablenav\">\n<div class=\"tablenav-pages\"><span class=\"displaying-num\">139 entries<\/span> <a class=\"page-numbers button disabled\">&laquo;<\/a> <a class=\"page-numbers button disabled\">&lsaquo;<\/a> 1 of 3 <a href=\"https:\/\/inbre.hpcf.upr.edu\/index.php\/publications-2\/?limit=2&amp;tgid=&amp;yr=&amp;type=&amp;usr=&amp;auth=&amp;tsr=#tppubs\" title=\"next page\" class=\"page-numbers button\">&rsaquo;<\/a> <a href=\"https:\/\/inbre.hpcf.upr.edu\/index.php\/publications-2\/?limit=3&amp;tgid=&amp;yr=&amp;type=&amp;usr=&amp;auth=&amp;tsr=#tppubs\" title=\"last page\" class=\"page-numbers button\">&raquo;<\/a> <\/div>\n<\/div>\n<div class=\"teachpress_publication_list\">\n<h3 class=\"tp_h3\" id=\"tp_h3_2025\">2025<\/h3>\n<div class=\"tp_publication tp_publication_article\">\n<div class=\"tp_pub_image_left\"><img name=\"Clinical Symptom Patterns as Predictors of SARS-CoV-2 Infection in Healthcare Workers in Puerto Rico\" src=\"https:\/\/inbre.hpcf.upr.edu\/wp-content\/uploads\/2022\/09\/metabolomics-copy-150x150.png\" width=\"25\" alt=\"Clinical Symptom Patterns as Predictors of SARS-CoV-2 Infection in Healthcare Workers in Puerto Rico\" \/><\/div>\n<div class=\"tp_pub_info\">\n<p class=\"tp_pub_author\"> Ortiz DV, Romaguera J;  JL, Santos Agrait;  F, V\u00e1zquez;  ME, P\u00e9rez;  CD, Zorrilla;  F, Godoy-Vitorino<\/p>\n<p class=\"tp_pub_title\"><a class=\"tp_title_link\" onclick=\"teachpress_pub_showhide('148','tp_links')\" style=\"cursor:pointer;\">Clinical Symptom Patterns as Predictors of SARS-CoV-2 Infection in Healthcare Workers in Puerto Rico<\/a> <\/p>\n<p class=\"tp_pub_additional\"><span class=\"tp_pub_additional_in\">In: <\/span><span class=\"tp_pub_additional_journal\"> Int J Environ Res Public Health, <\/span><span class=\"tp_pub_additional_year\">2025<\/span>.<\/p>\n<p class=\"tp_pub_menu\"><span class=\"tp_resource_link\"><a id=\"tp_links_sh_148\" class=\"tp_show\" onclick=\"teachpress_pub_showhide('148','tp_links')\" title=\"Show links and resources\" style=\"cursor:pointer;\">Links<\/a><\/span><\/p>\n<div class=\"tp_bibtex\" id=\"tp_bibtex_148\" style=\"display:none;\">\n<div class=\"tp_bibtex_entry\">\n<pre>@article{nokey,<br \/>\r\ntitle = {Clinical Symptom Patterns as Predictors of SARS-CoV-2 Infection in Healthcare Workers in Puerto Rico},<br \/>\r\nauthor = {Ortiz DV, Romaguera J and Santos Agrait JL and V\u00e1zquez F and P\u00e9rez ME and Zorrilla CD and Godoy-Vitorino F},<br \/>\r\nurl = {https:\/\/pubmed.ncbi.nlm.nih.gov\/41595801\/},<br \/>\r\ndoi = {doi: 10.3390\/ijerph23010008},<br \/>\r\nyear  = {2025},<br \/>\r\ndate = {2025-12-19},<br \/>\r\nurldate = {2025-12-19},<br \/>\r\njournal = { Int J Environ Res Public Health},<br \/>\r\nkeywords = {},<br \/>\r\npubstate = {published},<br \/>\r\ntppubtype = {article}<br \/>\r\n}<br \/>\r\n<\/pre>\n<\/div>\n<p class=\"tp_close_menu\"><a class=\"tp_close\" onclick=\"teachpress_pub_showhide('148','tp_bibtex')\">Close<\/a><\/p>\n<\/div>\n<div class=\"tp_links\" id=\"tp_links_148\" style=\"display:none;\">\n<div class=\"tp_links_entry\">\n<ul class=\"tp_pub_list\">\n<li><i class=\"fas fa-globe\"><\/i><a class=\"tp_pub_list\" href=\"https:\/\/pubmed.ncbi.nlm.nih.gov\/41595801\/\" title=\"https:\/\/pubmed.ncbi.nlm.nih.gov\/41595801\/\" target=\"_blank\">https:\/\/pubmed.ncbi.nlm.nih.gov\/41595801\/<\/a><\/li>\n<li><i class=\"ai ai-doi\"><\/i><a class=\"tp_pub_list\" href=\"https:\/\/dx.doi.org\/doi: 10.3390\/ijerph23010008\" title=\"Follow DOI:doi: 10.3390\/ijerph23010008\" target=\"_blank\">doi:doi: 10.3390\/ijerph23010008<\/a><\/li>\n<\/ul>\n<\/div>\n<p class=\"tp_close_menu\"><a class=\"tp_close\" onclick=\"teachpress_pub_showhide('148','tp_links')\">Close<\/a><\/p>\n<\/div>\n<\/div>\n<\/div>\n<div class=\"tp_publication tp_publication_article\">\n<div class=\"tp_pub_image_left\"><img name=\"WntA expression and wing transcriptomics illuminate the evolution of stripe patterns in skipper butterflies\" src=\"https:\/\/inbre.hpcf.upr.edu\/wp-content\/uploads\/2022\/09\/metabolomics-copy-150x150.png\" width=\"25\" alt=\"WntA expression and wing transcriptomics illuminate the evolution of stripe patterns in skipper butterflies\" \/><\/div>\n<div class=\"tp_pub_info\">\n<p class=\"tp_pub_author\"> JD, Alqassar;  TS, Rivera-Miranda;  JJ, Hanly;  CR, Day;  SM, Planas Soto-Navarro;  PB, Frandsen;  Papa R, Martin A<\/p>\n<p class=\"tp_pub_title\"><a class=\"tp_title_link\" onclick=\"teachpress_pub_showhide('149','tp_links')\" style=\"cursor:pointer;\">WntA expression and wing transcriptomics illuminate the evolution of stripe patterns in skipper butterflies<\/a> <\/p>\n<p class=\"tp_pub_additional\"><span class=\"tp_pub_additional_in\">In: <\/span><span class=\"tp_pub_additional_journal\">Biol Open, <\/span><span class=\"tp_pub_additional_year\">2025<\/span>.<\/p>\n<p class=\"tp_pub_menu\"><span class=\"tp_resource_link\"><a id=\"tp_links_sh_149\" class=\"tp_show\" onclick=\"teachpress_pub_showhide('149','tp_links')\" title=\"Show links and resources\" style=\"cursor:pointer;\">Links<\/a><\/span><\/p>\n<div class=\"tp_bibtex\" id=\"tp_bibtex_149\" style=\"display:none;\">\n<div class=\"tp_bibtex_entry\">\n<pre>@article{nokey,<br \/>\r\ntitle = {WntA expression and wing transcriptomics illuminate the evolution of stripe patterns in skipper butterflies},<br \/>\r\nauthor = {Alqassar JD and Rivera-Miranda TS and Hanly JJ and Day CR and Planas Soto-Navarro SM and Frandsen PB and Papa R, Martin A},<br \/>\r\nurl = {https:\/\/pubmed.ncbi.nlm.nih.gov\/41185972\/},<br \/>\r\ndoi = { doi: 10.1242\/bio.062297},<br \/>\r\nyear  = {2025},<br \/>\r\ndate = {2025-11-15},<br \/>\r\njournal = {Biol Open},<br \/>\r\nkeywords = {},<br \/>\r\npubstate = {published},<br \/>\r\ntppubtype = {article}<br \/>\r\n}<br \/>\r\n<\/pre>\n<\/div>\n<p class=\"tp_close_menu\"><a class=\"tp_close\" onclick=\"teachpress_pub_showhide('149','tp_bibtex')\">Close<\/a><\/p>\n<\/div>\n<div class=\"tp_links\" id=\"tp_links_149\" style=\"display:none;\">\n<div class=\"tp_links_entry\">\n<ul class=\"tp_pub_list\">\n<li><i class=\"fas fa-globe\"><\/i><a class=\"tp_pub_list\" href=\"https:\/\/pubmed.ncbi.nlm.nih.gov\/41185972\/\" title=\"https:\/\/pubmed.ncbi.nlm.nih.gov\/41185972\/\" target=\"_blank\">https:\/\/pubmed.ncbi.nlm.nih.gov\/41185972\/<\/a><\/li>\n<li><i class=\"ai ai-doi\"><\/i><a class=\"tp_pub_list\" href=\"https:\/\/dx.doi.org\/ doi: 10.1242\/bio.062297\" title=\"Follow DOI: doi: 10.1242\/bio.062297\" target=\"_blank\">doi: doi: 10.1242\/bio.062297<\/a><\/li>\n<\/ul>\n<\/div>\n<p class=\"tp_close_menu\"><a class=\"tp_close\" onclick=\"teachpress_pub_showhide('149','tp_links')\">Close<\/a><\/p>\n<\/div>\n<\/div>\n<\/div>\n<div class=\"tp_publication tp_publication_article\">\n<div class=\"tp_pub_image_left\"><img name=\"Selenium Adsorption on the (111), (100), (110) and (211) surfaces of Face-Centered-Cubic Metals: Density Functional Calculations of the Potential Energy Surfaces\" src=\"https:\/\/inbre.hpcf.upr.edu\/wp-content\/uploads\/2022\/11\/bioinformatics-150x150.png\" width=\"25\" alt=\"Selenium Adsorption on the (111), (100), (110) and (211) surfaces of Face-Centered-Cubic Metals: Density Functional Calculations of the Potential Energy Surfaces\" \/><\/div>\n<div class=\"tp_pub_info\">\n<p class=\"tp_pub_author\"> RLA, Rivera;  YL, Colon-Ruiz;  A, De La Torre-Rosa;  AI, Garcia-Ramos;  AM, Garcia-Sanchez;  L, Gierbolini-Ortiz;  M, Lopez-Torres;  N, Ortiz-Rodriguez;  VA, Rivera-Rivera;  SC, Santiago-Soler;  JA, Siberon-Albertorio;  JN, Silva-Burgos;  C, Torres-Morales;  JA, Santana<\/p>\n<p class=\"tp_pub_title\"><a class=\"tp_title_link\" onclick=\"teachpress_pub_showhide('141','tp_links')\" style=\"cursor:pointer;\">Selenium Adsorption on the (111), (100), (110) and (211) surfaces of Face-Centered-Cubic Metals: Density Functional Calculations of the Potential Energy Surfaces<\/a> <\/p>\n<p class=\"tp_pub_additional\"><span class=\"tp_pub_additional_in\">In: <\/span><span class=\"tp_pub_additional_journal\">Chemistry Select, <\/span><span class=\"tp_pub_additional_year\">2025<\/span>.<\/p>\n<p class=\"tp_pub_menu\"><span class=\"tp_resource_link\"><a id=\"tp_links_sh_141\" class=\"tp_show\" onclick=\"teachpress_pub_showhide('141','tp_links')\" title=\"Show links and resources\" style=\"cursor:pointer;\">Links<\/a><\/span><\/p>\n<div class=\"tp_bibtex\" id=\"tp_bibtex_141\" style=\"display:none;\">\n<div class=\"tp_bibtex_entry\">\n<pre>@article{nokey,<br \/>\r\ntitle = {Selenium Adsorption on the (111), (100), (110) and (211) surfaces of Face-Centered-Cubic Metals: Density Functional Calculations of the Potential Energy Surfaces},<br \/>\r\nauthor = {Rivera RLA and Colon-Ruiz YL and De La Torre-Rosa A and Garcia-Ramos AI and Garcia-Sanchez AM and Gierbolini-Ortiz L and Lopez-Torres M and Ortiz-Rodriguez N and Rivera-Rivera VA and Santiago-Soler SC and Siberon-Albertorio JA and Silva-Burgos JN and Torres-Morales C and Santana JA},<br \/>\r\nurl = {https:\/\/pubmed.ncbi.nlm.nih.gov\/40309340\/},<br \/>\r\ndoi = {doi: 10.1002\/slct.202304290},<br \/>\r\nyear  = {2025},<br \/>\r\ndate = {2025-10-18},<br \/>\r\njournal = {Chemistry Select},<br \/>\r\nkeywords = {},<br \/>\r\npubstate = {published},<br \/>\r\ntppubtype = {article}<br \/>\r\n}<br \/>\r\n<\/pre>\n<\/div>\n<p class=\"tp_close_menu\"><a class=\"tp_close\" onclick=\"teachpress_pub_showhide('141','tp_bibtex')\">Close<\/a><\/p>\n<\/div>\n<div class=\"tp_links\" id=\"tp_links_141\" style=\"display:none;\">\n<div class=\"tp_links_entry\">\n<ul class=\"tp_pub_list\">\n<li><i class=\"fas fa-globe\"><\/i><a class=\"tp_pub_list\" href=\"https:\/\/pubmed.ncbi.nlm.nih.gov\/40309340\/\" title=\"https:\/\/pubmed.ncbi.nlm.nih.gov\/40309340\/\" target=\"_blank\">https:\/\/pubmed.ncbi.nlm.nih.gov\/40309340\/<\/a><\/li>\n<li><i class=\"ai ai-doi\"><\/i><a class=\"tp_pub_list\" href=\"https:\/\/dx.doi.org\/doi: 10.1002\/slct.202304290\" title=\"Follow DOI:doi: 10.1002\/slct.202304290\" target=\"_blank\">doi:doi: 10.1002\/slct.202304290<\/a><\/li>\n<\/ul>\n<\/div>\n<p class=\"tp_close_menu\"><a class=\"tp_close\" onclick=\"teachpress_pub_showhide('141','tp_links')\">Close<\/a><\/p>\n<\/div>\n<\/div>\n<\/div>\n<div class=\"tp_publication tp_publication_article\">\n<div class=\"tp_pub_image_left\"><img name=\"Molecular and culture-based identification of Aspergillus species in water-impacted homes following Hurricane Mar\u00eda in Puerto Rico\" src=\"https:\/\/inbre.hpcf.upr.edu\/wp-content\/uploads\/2022\/09\/metabolomics-copy-150x150.png\" width=\"25\" alt=\"Molecular and culture-based identification of Aspergillus species in water-impacted homes following Hurricane Mar\u00eda in Puerto Rico\" \/><\/div>\n<div class=\"tp_pub_info\">\n<p class=\"tp_pub_author\"> LN, V\u00e9lez-Torres;  B, Bola\u00f1os-Rosero;  Godoy-Vitorino,;  FE, Rivera-Mariani;  JP, Maestre;  K, Kinney;  H, Cavallin-Calanche<\/p>\n<p class=\"tp_pub_title\"><a class=\"tp_title_link\" onclick=\"teachpress_pub_showhide('145','tp_links')\" style=\"cursor:pointer;\">Molecular and culture-based identification of Aspergillus species in water-impacted homes following Hurricane Mar\u00eda in Puerto Rico<\/a> <\/p>\n<p class=\"tp_pub_additional\"><span class=\"tp_pub_additional_in\">In: <\/span><span class=\"tp_pub_additional_journal\">Sci Rep, <\/span><span class=\"tp_pub_additional_year\">2025<\/span>.<\/p>\n<p class=\"tp_pub_menu\"><span class=\"tp_resource_link\"><a id=\"tp_links_sh_145\" class=\"tp_show\" onclick=\"teachpress_pub_showhide('145','tp_links')\" title=\"Show links and resources\" style=\"cursor:pointer;\">Links<\/a><\/span><\/p>\n<div class=\"tp_bibtex\" id=\"tp_bibtex_145\" style=\"display:none;\">\n<div class=\"tp_bibtex_entry\">\n<pre>@article{nokey,<br \/>\r\ntitle = {Molecular and culture-based identification of Aspergillus species in water-impacted homes following Hurricane Mar\u00eda in Puerto Rico},<br \/>\r\nauthor = {V\u00e9lez-Torres LN and Bola\u00f1os-Rosero B and Godoy-Vitorino and Rivera-Mariani FE and Maestre JP and Kinney K and Cavallin-Calanche H},<br \/>\r\nurl = {https:\/\/pubmed.ncbi.nlm.nih.gov\/41087584\/},<br \/>\r\ndoi = {doi: 10.1038\/s41598-025-19869-9},<br \/>\r\nyear  = {2025},<br \/>\r\ndate = {2025-10-14},<br \/>\r\njournal = {Sci Rep},<br \/>\r\nkeywords = {},<br \/>\r\npubstate = {published},<br \/>\r\ntppubtype = {article}<br \/>\r\n}<br \/>\r\n<\/pre>\n<\/div>\n<p class=\"tp_close_menu\"><a class=\"tp_close\" onclick=\"teachpress_pub_showhide('145','tp_bibtex')\">Close<\/a><\/p>\n<\/div>\n<div class=\"tp_links\" id=\"tp_links_145\" style=\"display:none;\">\n<div class=\"tp_links_entry\">\n<ul class=\"tp_pub_list\">\n<li><i class=\"fas fa-globe\"><\/i><a class=\"tp_pub_list\" href=\"https:\/\/pubmed.ncbi.nlm.nih.gov\/41087584\/\" title=\"https:\/\/pubmed.ncbi.nlm.nih.gov\/41087584\/\" target=\"_blank\">https:\/\/pubmed.ncbi.nlm.nih.gov\/41087584\/<\/a><\/li>\n<li><i class=\"ai ai-doi\"><\/i><a class=\"tp_pub_list\" href=\"https:\/\/dx.doi.org\/doi: 10.1038\/s41598-025-19869-9\" title=\"Follow DOI:doi: 10.1038\/s41598-025-19869-9\" target=\"_blank\">doi:doi: 10.1038\/s41598-025-19869-9<\/a><\/li>\n<\/ul>\n<\/div>\n<p class=\"tp_close_menu\"><a class=\"tp_close\" onclick=\"teachpress_pub_showhide('145','tp_links')\">Close<\/a><\/p>\n<\/div>\n<\/div>\n<\/div>\n<div class=\"tp_publication tp_publication_article\">\n<div class=\"tp_pub_image_left\"><img name=\"Air Pollutants in Puerto Rico: Key Pollutants and Carcinogenic Properties\" src=\"https:\/\/inbre.hpcf.upr.edu\/wp-content\/uploads\/2022\/09\/metabolomics-copy-150x150.png\" width=\"25\" alt=\"Air Pollutants in Puerto Rico: Key Pollutants and Carcinogenic Properties\" \/><\/div>\n<div class=\"tp_pub_info\">\n<p class=\"tp_pub_author\"> D, Kaya;  C, Santiago;  E, Pernas;  S, Truong;  G, Martinez;  LB, M\u00e9ndez;  Y, Delgado<\/p>\n<p class=\"tp_pub_title\"><a class=\"tp_title_link\" onclick=\"teachpress_pub_showhide('151','tp_links')\" style=\"cursor:pointer;\">Air Pollutants in Puerto Rico: Key Pollutants and Carcinogenic Properties<\/a> <\/p>\n<p class=\"tp_pub_additional\"><span class=\"tp_pub_additional_in\">In: <\/span><span class=\"tp_pub_additional_journal\">Int J Environ Res Public Health, <\/span><span class=\"tp_pub_additional_year\">2025<\/span>.<\/p>\n<p class=\"tp_pub_menu\"><span class=\"tp_resource_link\"><a id=\"tp_links_sh_151\" class=\"tp_show\" onclick=\"teachpress_pub_showhide('151','tp_links')\" title=\"Show links and resources\" style=\"cursor:pointer;\">Links<\/a><\/span><\/p>\n<div class=\"tp_bibtex\" id=\"tp_bibtex_151\" style=\"display:none;\">\n<div class=\"tp_bibtex_entry\">\n<pre>@article{nokey,<br \/>\r\ntitle = {Air Pollutants in Puerto Rico: Key Pollutants and Carcinogenic Properties},<br \/>\r\nauthor = {Kaya D and Santiago C and Pernas E and Truong S and Martinez G and M\u00e9ndez LB and Delgado Y},<br \/>\r\nurl = {https:\/\/pubmed.ncbi.nlm.nih.gov\/41154953\/},<br \/>\r\ndoi = { doi: 10.3390\/ijerph22101549},<br \/>\r\nyear  = {2025},<br \/>\r\ndate = {2025-10-11},<br \/>\r\njournal = {Int J Environ Res Public Health},<br \/>\r\nkeywords = {},<br \/>\r\npubstate = {published},<br \/>\r\ntppubtype = {article}<br \/>\r\n}<br \/>\r\n<\/pre>\n<\/div>\n<p class=\"tp_close_menu\"><a class=\"tp_close\" onclick=\"teachpress_pub_showhide('151','tp_bibtex')\">Close<\/a><\/p>\n<\/div>\n<div class=\"tp_links\" id=\"tp_links_151\" style=\"display:none;\">\n<div class=\"tp_links_entry\">\n<ul class=\"tp_pub_list\">\n<li><i class=\"fas fa-globe\"><\/i><a class=\"tp_pub_list\" href=\"https:\/\/pubmed.ncbi.nlm.nih.gov\/41154953\/\" title=\"https:\/\/pubmed.ncbi.nlm.nih.gov\/41154953\/\" target=\"_blank\">https:\/\/pubmed.ncbi.nlm.nih.gov\/41154953\/<\/a><\/li>\n<li><i class=\"ai ai-doi\"><\/i><a class=\"tp_pub_list\" href=\"https:\/\/dx.doi.org\/ doi: 10.3390\/ijerph22101549\" title=\"Follow DOI: doi: 10.3390\/ijerph22101549\" target=\"_blank\">doi: doi: 10.3390\/ijerph22101549<\/a><\/li>\n<\/ul>\n<\/div>\n<p class=\"tp_close_menu\"><a class=\"tp_close\" onclick=\"teachpress_pub_showhide('151','tp_links')\">Close<\/a><\/p>\n<\/div>\n<\/div>\n<\/div>\n<div class=\"tp_publication tp_publication_article\">\n<div class=\"tp_pub_image_left\"><img name=\"Congenital heart disease missense mutations in the TBX5 DNA-binding domain alter thermal stability and DNA-binding affinity\" src=\"https:\/\/inbre.hpcf.upr.edu\/wp-content\/uploads\/2022\/09\/metabolomics-copy-150x150.png\" width=\"25\" alt=\"Congenital heart disease missense mutations in the TBX5 DNA-binding domain alter thermal stability and DNA-binding affinity\" \/><\/div>\n<div class=\"tp_pub_info\">\n<p class=\"tp_pub_author\"> A, Rivera-Madera;  EG, Pe\u00f1a-Mart\u00ednez;  JL, Messon-Bird;  DA, Pomales-Matos;  OL, Echevarr\u00eda-Bonilla;  L, Sanabria-Alberto;  EA, Peterson-Peguero;  JA, Rodr\u00edguez-Mart\u00ednez<\/p>\n<p class=\"tp_pub_title\"><a class=\"tp_title_link\" onclick=\"teachpress_pub_showhide('155','tp_links')\" style=\"cursor:pointer;\">Congenital heart disease missense mutations in the TBX5 DNA-binding domain alter thermal stability and DNA-binding affinity<\/a> <\/p>\n<p class=\"tp_pub_additional\"><span class=\"tp_pub_additional_in\">In: <\/span><span class=\"tp_pub_additional_journal\">G3 (Bethesda), <\/span><span class=\"tp_pub_additional_year\">2025<\/span>.<\/p>\n<p class=\"tp_pub_menu\"><span class=\"tp_resource_link\"><a id=\"tp_links_sh_155\" class=\"tp_show\" onclick=\"teachpress_pub_showhide('155','tp_links')\" title=\"Show links and resources\" style=\"cursor:pointer;\">Links<\/a><\/span><\/p>\n<div class=\"tp_bibtex\" id=\"tp_bibtex_155\" style=\"display:none;\">\n<div class=\"tp_bibtex_entry\">\n<pre>@article{nokey,<br \/>\r\ntitle = {Congenital heart disease missense mutations in the TBX5 DNA-binding domain alter thermal stability and DNA-binding affinity},<br \/>\r\nauthor = {Rivera-Madera A and Pe\u00f1a-Mart\u00ednez EG and Messon-Bird JL and Pomales-Matos DA and Echevarr\u00eda-Bonilla OL and Sanabria-Alberto L and Peterson-Peguero EA and Rodr\u00edguez-Mart\u00ednez JA},<br \/>\r\nurl = {https:\/\/pubmed.ncbi.nlm.nih.gov\/40751491\/},<br \/>\r\ndoi = {doi: 10.1093\/g3journal\/jkaf174},<br \/>\r\nyear  = {2025},<br \/>\r\ndate = {2025-10-08},<br \/>\r\njournal = {G3 (Bethesda)},<br \/>\r\nkeywords = {},<br \/>\r\npubstate = {published},<br \/>\r\ntppubtype = {article}<br \/>\r\n}<br \/>\r\n<\/pre>\n<\/div>\n<p class=\"tp_close_menu\"><a class=\"tp_close\" onclick=\"teachpress_pub_showhide('155','tp_bibtex')\">Close<\/a><\/p>\n<\/div>\n<div class=\"tp_links\" id=\"tp_links_155\" style=\"display:none;\">\n<div class=\"tp_links_entry\">\n<ul class=\"tp_pub_list\">\n<li><i class=\"fas fa-globe\"><\/i><a class=\"tp_pub_list\" href=\"https:\/\/pubmed.ncbi.nlm.nih.gov\/40751491\/\" title=\"https:\/\/pubmed.ncbi.nlm.nih.gov\/40751491\/\" target=\"_blank\">https:\/\/pubmed.ncbi.nlm.nih.gov\/40751491\/<\/a><\/li>\n<li><i class=\"ai ai-doi\"><\/i><a class=\"tp_pub_list\" href=\"https:\/\/dx.doi.org\/doi: 10.1093\/g3journal\/jkaf174\" title=\"Follow DOI:doi: 10.1093\/g3journal\/jkaf174\" target=\"_blank\">doi:doi: 10.1093\/g3journal\/jkaf174<\/a><\/li>\n<\/ul>\n<\/div>\n<p class=\"tp_close_menu\"><a class=\"tp_close\" onclick=\"teachpress_pub_showhide('155','tp_links')\">Close<\/a><\/p>\n<\/div>\n<\/div>\n<\/div>\n<div class=\"tp_publication tp_publication_article\">\n<div class=\"tp_pub_image_left\"><img name=\"The Effect of Cefazolin on the Gut Microbiome of Female Rats After Spinal Cord Injury\" src=\"https:\/\/inbre.hpcf.upr.edu\/wp-content\/uploads\/2022\/09\/metabolomics-copy-150x150.png\" width=\"25\" alt=\"The Effect of Cefazolin on the Gut Microbiome of Female Rats After Spinal Cord Injury\" \/><\/div>\n<div class=\"tp_pub_info\">\n<p class=\"tp_pub_author\"> LH, Pag\u00e1n-Rivera;  F, Godoy-Vitorino;  NM, Mel\u00e9ndez-V\u00e1zquez;  SE, Ocasio-Rivera;  ME, Santiago-Gascot;  JM, Santiago;  I, Salgado;  V, Gonz\u00e1lez;  O, Mart\u00ednez-Guzm\u00e1n;  M, C\u00e1ceres-Chac\u00f3n;  A, Torrado-Tapias;  JD, Miranda<\/p>\n<p class=\"tp_pub_title\"><a class=\"tp_title_link\" onclick=\"teachpress_pub_showhide('150','tp_links')\" style=\"cursor:pointer;\">The Effect of Cefazolin on the Gut Microbiome of Female Rats After Spinal Cord Injury<\/a> <\/p>\n<p class=\"tp_pub_additional\"><span class=\"tp_pub_additional_in\">In: <\/span><span class=\"tp_pub_additional_journal\">Microorganisms, <\/span><span class=\"tp_pub_additional_year\">2025<\/span>.<\/p>\n<p class=\"tp_pub_menu\"><span class=\"tp_resource_link\"><a id=\"tp_links_sh_150\" class=\"tp_show\" onclick=\"teachpress_pub_showhide('150','tp_links')\" title=\"Show links and resources\" style=\"cursor:pointer;\">Links<\/a><\/span><\/p>\n<div class=\"tp_bibtex\" id=\"tp_bibtex_150\" style=\"display:none;\">\n<div class=\"tp_bibtex_entry\">\n<pre>@article{nokey,<br \/>\r\ntitle = {The Effect of Cefazolin on the Gut Microbiome of Female Rats After Spinal Cord Injury},<br \/>\r\nauthor = {Pag\u00e1n-Rivera LH and Godoy-Vitorino F and Mel\u00e9ndez-V\u00e1zquez NM and Ocasio-Rivera SE and Santiago-Gascot ME and Santiago JM and Salgado I and Gonz\u00e1lez V and Mart\u00ednez-Guzm\u00e1n O and C\u00e1ceres-Chac\u00f3n M and Torrado-Tapias A and Miranda JD},<br \/>\r\nurl = {https:\/\/pubmed.ncbi.nlm.nih.gov\/41156784\/},<br \/>\r\ndoi = {doi: 10.3390\/microorganisms13102324},<br \/>\r\nyear  = {2025},<br \/>\r\ndate = {2025-10-07},<br \/>\r\njournal = {Microorganisms},<br \/>\r\nkeywords = {},<br \/>\r\npubstate = {published},<br \/>\r\ntppubtype = {article}<br \/>\r\n}<br \/>\r\n<\/pre>\n<\/div>\n<p class=\"tp_close_menu\"><a class=\"tp_close\" onclick=\"teachpress_pub_showhide('150','tp_bibtex')\">Close<\/a><\/p>\n<\/div>\n<div class=\"tp_links\" id=\"tp_links_150\" style=\"display:none;\">\n<div class=\"tp_links_entry\">\n<ul class=\"tp_pub_list\">\n<li><i class=\"fas fa-globe\"><\/i><a class=\"tp_pub_list\" href=\"https:\/\/pubmed.ncbi.nlm.nih.gov\/41156784\/\" title=\"https:\/\/pubmed.ncbi.nlm.nih.gov\/41156784\/\" target=\"_blank\">https:\/\/pubmed.ncbi.nlm.nih.gov\/41156784\/<\/a><\/li>\n<li><i class=\"ai ai-doi\"><\/i><a class=\"tp_pub_list\" href=\"https:\/\/dx.doi.org\/doi: 10.3390\/microorganisms13102324\" title=\"Follow DOI:doi: 10.3390\/microorganisms13102324\" target=\"_blank\">doi:doi: 10.3390\/microorganisms13102324<\/a><\/li>\n<\/ul>\n<\/div>\n<p class=\"tp_close_menu\"><a class=\"tp_close\" onclick=\"teachpress_pub_showhide('150','tp_links')\">Close<\/a><\/p>\n<\/div>\n<\/div>\n<\/div>\n<div class=\"tp_publication tp_publication_article\">\n<div class=\"tp_pub_image_left\"><img name=\"Role of Glyoxalase in Astrocytes' Supportive Function Under Hyperglycemic Conditions: Aminoguanidine and Kir4.1 Channel Recovery\" src=\"https:\/\/inbre.hpcf.upr.edu\/wp-content\/uploads\/2022\/11\/neuroscience-150x150.png\" width=\"25\" alt=\"Role of Glyoxalase in Astrocytes' Supportive Function Under Hyperglycemic Conditions: Aminoguanidine and Kir4.1 Channel Recovery\" \/><\/div>\n<div class=\"tp_pub_info\">\n<p class=\"tp_pub_author\"> J, Col\u00f3n-V\u00e1zquez;  NM, Rosado-Rivera;  JJ, Navedo-Jackson;  AA, Angueira-Laureano;  Y, Hernandez-Santiago;  G, Maldonado-Martinez;  MP, M\u00e9ndez-Gonz\u00e1lez;  MJ, Eaton;  SN, Skatchkov;  DE, Rivera-Aponte<\/p>\n<p class=\"tp_pub_title\"><a class=\"tp_title_link\" onclick=\"teachpress_pub_showhide('152','tp_links')\" style=\"cursor:pointer;\">Role of Glyoxalase in Astrocytes' Supportive Function Under Hyperglycemic Conditions: Aminoguanidine and Kir4.1 Channel Recovery<\/a> <\/p>\n<p class=\"tp_pub_additional\"><span class=\"tp_pub_additional_in\">In: <\/span><span class=\"tp_pub_additional_journal\">Brain Sci, <\/span><span class=\"tp_pub_additional_year\">2025<\/span>.<\/p>\n<p class=\"tp_pub_menu\"><span class=\"tp_resource_link\"><a id=\"tp_links_sh_152\" class=\"tp_show\" onclick=\"teachpress_pub_showhide('152','tp_links')\" title=\"Show links and resources\" style=\"cursor:pointer;\">Links<\/a><\/span><\/p>\n<div class=\"tp_bibtex\" id=\"tp_bibtex_152\" style=\"display:none;\">\n<div class=\"tp_bibtex_entry\">\n<pre>@article{nokey,<br \/>\r\ntitle = {Role of Glyoxalase in Astrocytes' Supportive Function Under Hyperglycemic Conditions: Aminoguanidine and Kir4.1 Channel Recovery},<br \/>\r\nauthor = {Col\u00f3n-V\u00e1zquez J and Rosado-Rivera NM and Navedo-Jackson JJ and Angueira-Laureano AA and Hernandez-Santiago Y and Maldonado-Martinez G and M\u00e9ndez-Gonz\u00e1lez MP and Eaton MJ and Skatchkov SN and Rivera-Aponte DE},<br \/>\r\nurl = {https:\/\/pubmed.ncbi.nlm.nih.gov\/41154170\/},<br \/>\r\ndoi = {doi: 10.3390\/brainsci15101075},<br \/>\r\nyear  = {2025},<br \/>\r\ndate = {2025-10-03},<br \/>\r\njournal = {Brain Sci},<br \/>\r\nkeywords = {},<br \/>\r\npubstate = {published},<br \/>\r\ntppubtype = {article}<br \/>\r\n}<br \/>\r\n<\/pre>\n<\/div>\n<p class=\"tp_close_menu\"><a class=\"tp_close\" onclick=\"teachpress_pub_showhide('152','tp_bibtex')\">Close<\/a><\/p>\n<\/div>\n<div class=\"tp_links\" id=\"tp_links_152\" style=\"display:none;\">\n<div class=\"tp_links_entry\">\n<ul class=\"tp_pub_list\">\n<li><i class=\"fas fa-globe\"><\/i><a class=\"tp_pub_list\" href=\"https:\/\/pubmed.ncbi.nlm.nih.gov\/41154170\/\" title=\"https:\/\/pubmed.ncbi.nlm.nih.gov\/41154170\/\" target=\"_blank\">https:\/\/pubmed.ncbi.nlm.nih.gov\/41154170\/<\/a><\/li>\n<li><i class=\"ai ai-doi\"><\/i><a class=\"tp_pub_list\" href=\"https:\/\/dx.doi.org\/doi: 10.3390\/brainsci15101075\" title=\"Follow DOI:doi: 10.3390\/brainsci15101075\" target=\"_blank\">doi:doi: 10.3390\/brainsci15101075<\/a><\/li>\n<\/ul>\n<\/div>\n<p class=\"tp_close_menu\"><a class=\"tp_close\" onclick=\"teachpress_pub_showhide('152','tp_links')\">Close<\/a><\/p>\n<\/div>\n<\/div>\n<\/div>\n<div class=\"tp_publication tp_publication_article\">\n<div class=\"tp_pub_image_left\"><img name=\"Speaking science in a fractured world: making truth land when facts alone cannot\" src=\"https:\/\/inbre.hpcf.upr.edu\/wp-content\/uploads\/2022\/09\/metabolomics-copy-150x150.png\" width=\"25\" alt=\"Speaking science in a fractured world: making truth land when facts alone cannot\" \/><\/div>\n<div class=\"tp_pub_info\">\n<p class=\"tp_pub_author\"> RM, Calisi-Rodr\u00edguez;  K, Alicea-Torres;  JC, Peng;  NA, Theodosiou;  CD, Rogers<\/p>\n<p class=\"tp_pub_title\"><a class=\"tp_title_link\" onclick=\"teachpress_pub_showhide('153','tp_links')\" style=\"cursor:pointer;\">Speaking science in a fractured world: making truth land when facts alone cannot<\/a> <\/p>\n<p class=\"tp_pub_additional\"><span class=\"tp_pub_additional_in\">In: <\/span><span class=\"tp_pub_additional_journal\">Development, <\/span><span class=\"tp_pub_additional_year\">2025<\/span>.<\/p>\n<p class=\"tp_pub_menu\"><span class=\"tp_resource_link\"><a id=\"tp_links_sh_153\" class=\"tp_show\" onclick=\"teachpress_pub_showhide('153','tp_links')\" title=\"Show links and resources\" style=\"cursor:pointer;\">Links<\/a><\/span><\/p>\n<div class=\"tp_bibtex\" id=\"tp_bibtex_153\" style=\"display:none;\">\n<div class=\"tp_bibtex_entry\">\n<pre>@article{nokey,<br \/>\r\ntitle = {Speaking science in a fractured world: making truth land when facts alone cannot},<br \/>\r\nauthor = {Calisi-Rodr\u00edguez RM and Alicea-Torres K and Peng JC and Theodosiou NA and Rogers CD},<br \/>\r\nurl = {https:\/\/pubmed.ncbi.nlm.nih.gov\/41025353\/},<br \/>\r\ndoi = {doi: 10.1242\/dev.205206},<br \/>\r\nyear  = {2025},<br \/>\r\ndate = {2025-10-01},<br \/>\r\njournal = {Development},<br \/>\r\nkeywords = {},<br \/>\r\npubstate = {published},<br \/>\r\ntppubtype = {article}<br \/>\r\n}<br \/>\r\n<\/pre>\n<\/div>\n<p class=\"tp_close_menu\"><a class=\"tp_close\" onclick=\"teachpress_pub_showhide('153','tp_bibtex')\">Close<\/a><\/p>\n<\/div>\n<div class=\"tp_links\" id=\"tp_links_153\" style=\"display:none;\">\n<div class=\"tp_links_entry\">\n<ul class=\"tp_pub_list\">\n<li><i class=\"fas fa-globe\"><\/i><a class=\"tp_pub_list\" href=\"https:\/\/pubmed.ncbi.nlm.nih.gov\/41025353\/\" title=\"https:\/\/pubmed.ncbi.nlm.nih.gov\/41025353\/\" target=\"_blank\">https:\/\/pubmed.ncbi.nlm.nih.gov\/41025353\/<\/a><\/li>\n<li><i class=\"ai ai-doi\"><\/i><a class=\"tp_pub_list\" href=\"https:\/\/dx.doi.org\/doi: 10.1242\/dev.205206\" title=\"Follow DOI:doi: 10.1242\/dev.205206\" target=\"_blank\">doi:doi: 10.1242\/dev.205206<\/a><\/li>\n<\/ul>\n<\/div>\n<p class=\"tp_close_menu\"><a class=\"tp_close\" onclick=\"teachpress_pub_showhide('153','tp_links')\">Close<\/a><\/p>\n<\/div>\n<\/div>\n<\/div>\n<div class=\"tp_publication tp_publication_article\">\n<div class=\"tp_pub_image_left\"><img name=\"Connecting Innovation and Trust through Translational Sciences - A Need for a Community Focus and Effective Education Strategies\" src=\"https:\/\/inbre.hpcf.upr.edu\/wp-content\/uploads\/2022\/09\/metabolomics-copy-150x150.png\" width=\"25\" alt=\"Connecting Innovation and Trust through Translational Sciences - A Need for a Community Focus and Effective Education Strategies\" \/><\/div>\n<div class=\"tp_pub_info\">\n<p class=\"tp_pub_author\"> F, Godoy-Vitorino;  M, Borrero;  J, P\u00e9rez-Santiago;  R, Garc\u00eda-Garc\u00eda;  C, Gomez-Manzano<\/p>\n<p class=\"tp_pub_title\"><a class=\"tp_title_link\" onclick=\"teachpress_pub_showhide('146','tp_links')\" style=\"cursor:pointer;\">Connecting Innovation and Trust through Translational Sciences - A Need for a Community Focus and Effective Education Strategies<\/a> <\/p>\n<p class=\"tp_pub_additional\"><span class=\"tp_pub_additional_in\">In: <\/span><span class=\"tp_pub_additional_journal\">Health Sci J, <\/span><span class=\"tp_pub_additional_year\">2025<\/span>.<\/p>\n<p class=\"tp_pub_menu\"><span class=\"tp_resource_link\"><a id=\"tp_links_sh_146\" class=\"tp_show\" onclick=\"teachpress_pub_showhide('146','tp_links')\" title=\"Show links and resources\" style=\"cursor:pointer;\">Links<\/a><\/span><\/p>\n<div class=\"tp_bibtex\" id=\"tp_bibtex_146\" style=\"display:none;\">\n<div class=\"tp_bibtex_entry\">\n<pre>@article{nokey,<br \/>\r\ntitle = {Connecting Innovation and Trust through Translational Sciences - A Need for a Community Focus and Effective Education Strategies},<br \/>\r\nauthor = {Godoy-Vitorino F and Borrero M and P\u00e9rez-Santiago J and Garc\u00eda-Garc\u00eda R and Gomez-Manzano C},<br \/>\r\nurl = {https:\/\/pubmed.ncbi.nlm.nih.gov\/41026590\/},<br \/>\r\nyear  = {2025},<br \/>\r\ndate = {2025-09-18},<br \/>\r\njournal = {Health Sci J},<br \/>\r\nkeywords = {},<br \/>\r\npubstate = {published},<br \/>\r\ntppubtype = {article}<br \/>\r\n}<br \/>\r\n<\/pre>\n<\/div>\n<p class=\"tp_close_menu\"><a class=\"tp_close\" onclick=\"teachpress_pub_showhide('146','tp_bibtex')\">Close<\/a><\/p>\n<\/div>\n<div class=\"tp_links\" id=\"tp_links_146\" style=\"display:none;\">\n<div class=\"tp_links_entry\">\n<ul class=\"tp_pub_list\">\n<li><i class=\"fas fa-globe\"><\/i><a class=\"tp_pub_list\" href=\"https:\/\/pubmed.ncbi.nlm.nih.gov\/41026590\/\" title=\"https:\/\/pubmed.ncbi.nlm.nih.gov\/41026590\/\" target=\"_blank\">https:\/\/pubmed.ncbi.nlm.nih.gov\/41026590\/<\/a><\/li>\n<\/ul>\n<\/div>\n<p class=\"tp_close_menu\"><a class=\"tp_close\" onclick=\"teachpress_pub_showhide('146','tp_links')\">Close<\/a><\/p>\n<\/div>\n<\/div>\n<\/div>\n<div class=\"tp_publication tp_publication_article\">\n<div class=\"tp_pub_image_left\"><img name=\"Strengthening Integrative Microbiome Research Through Regional Leadership\" src=\"https:\/\/inbre.hpcf.upr.edu\/wp-content\/uploads\/2022\/09\/metabolomics-copy-150x150.png\" width=\"25\" alt=\"Strengthening Integrative Microbiome Research Through Regional Leadership\" \/><\/div>\n<div class=\"tp_pub_info\">\n<p class=\"tp_pub_author\"> F, Godoy-Vitorino<\/p>\n<p class=\"tp_pub_title\"><a class=\"tp_title_link\" onclick=\"teachpress_pub_showhide('147','tp_links')\" style=\"cursor:pointer;\">Strengthening Integrative Microbiome Research Through Regional Leadership<\/a> <\/p>\n<p class=\"tp_pub_additional\"><span class=\"tp_pub_additional_in\">In: <\/span><span class=\"tp_pub_additional_journal\"> Int J Environ Res Public Health, <\/span><span class=\"tp_pub_additional_year\">2025<\/span>.<\/p>\n<p class=\"tp_pub_menu\"><span class=\"tp_resource_link\"><a id=\"tp_links_sh_147\" class=\"tp_show\" onclick=\"teachpress_pub_showhide('147','tp_links')\" title=\"Show links and resources\" style=\"cursor:pointer;\">Links<\/a><\/span><\/p>\n<div class=\"tp_bibtex\" id=\"tp_bibtex_147\" style=\"display:none;\">\n<div class=\"tp_bibtex_entry\">\n<pre>@article{nokey,<br \/>\r\ntitle = {Strengthening Integrative Microbiome Research Through Regional Leadership},<br \/>\r\nauthor = {Godoy-Vitorino F},<br \/>\r\nurl = {https:\/\/pubmed.ncbi.nlm.nih.gov\/41007466\/},<br \/>\r\ndoi = {doi: 10.3390\/ijerph22091322},<br \/>\r\nyear  = {2025},<br \/>\r\ndate = {2025-08-26},<br \/>\r\njournal = { Int J Environ Res Public Health},<br \/>\r\nkeywords = {},<br \/>\r\npubstate = {published},<br \/>\r\ntppubtype = {article}<br \/>\r\n}<br \/>\r\n<\/pre>\n<\/div>\n<p class=\"tp_close_menu\"><a class=\"tp_close\" onclick=\"teachpress_pub_showhide('147','tp_bibtex')\">Close<\/a><\/p>\n<\/div>\n<div class=\"tp_links\" id=\"tp_links_147\" style=\"display:none;\">\n<div class=\"tp_links_entry\">\n<ul class=\"tp_pub_list\">\n<li><i class=\"fas fa-globe\"><\/i><a class=\"tp_pub_list\" href=\"https:\/\/pubmed.ncbi.nlm.nih.gov\/41007466\/\" title=\"https:\/\/pubmed.ncbi.nlm.nih.gov\/41007466\/\" target=\"_blank\">https:\/\/pubmed.ncbi.nlm.nih.gov\/41007466\/<\/a><\/li>\n<li><i class=\"ai ai-doi\"><\/i><a class=\"tp_pub_list\" href=\"https:\/\/dx.doi.org\/doi: 10.3390\/ijerph22091322\" title=\"Follow DOI:doi: 10.3390\/ijerph22091322\" target=\"_blank\">doi:doi: 10.3390\/ijerph22091322<\/a><\/li>\n<\/ul>\n<\/div>\n<p class=\"tp_close_menu\"><a class=\"tp_close\" onclick=\"teachpress_pub_showhide('147','tp_links')\">Close<\/a><\/p>\n<\/div>\n<\/div>\n<\/div>\n<div class=\"tp_publication tp_publication_article\">\n<div class=\"tp_pub_image_left\"><img name=\"Gut microbiota distinguishes aging hispanics with Alzheimer's disease: associations with cognitive impairment and severity\" src=\"https:\/\/inbre.hpcf.upr.edu\/wp-content\/uploads\/2022\/11\/neuroscience-150x150.png\" width=\"25\" alt=\"Gut microbiota distinguishes aging hispanics with Alzheimer's disease: associations with cognitive impairment and severity\" \/><\/div>\n<div class=\"tp_pub_info\">\n<p class=\"tp_pub_author\"> V, Sep\u00falveda-Rivera;  G, Olivieri-Henry;  H, Morales-Gonz\u00e1lez;  J, Ruiz-Adames;  C, Herrero-Rivera;  A, Rentas-Echeverria;  V, Cardona-Berdecia;  C, Soler-Llompart;  AC, Sala-Morales;  G, P\u00e9rez-Montero;  E, Blanco-Ruiz;  F, Godoy-Vitorino<\/p>\n<p class=\"tp_pub_title\"><a class=\"tp_title_link\" onclick=\"teachpress_pub_showhide('138','tp_links')\" style=\"cursor:pointer;\">Gut microbiota distinguishes aging hispanics with Alzheimer's disease: associations with cognitive impairment and severity<\/a> <\/p>\n<p class=\"tp_pub_additional\"><span class=\"tp_pub_additional_in\">In: <\/span><span class=\"tp_pub_additional_journal\">Sci Rep, <\/span><span class=\"tp_pub_additional_year\">2025<\/span>.<\/p>\n<p class=\"tp_pub_menu\"><span class=\"tp_resource_link\"><a id=\"tp_links_sh_138\" class=\"tp_show\" onclick=\"teachpress_pub_showhide('138','tp_links')\" title=\"Show links and resources\" style=\"cursor:pointer;\">Links<\/a><\/span><\/p>\n<div class=\"tp_bibtex\" id=\"tp_bibtex_138\" style=\"display:none;\">\n<div class=\"tp_bibtex_entry\">\n<pre>@article{nokey,<br \/>\r\ntitle = {Gut microbiota distinguishes aging hispanics with Alzheimer's disease: associations with cognitive impairment and severity},<br \/>\r\nauthor = {Sep\u00falveda-Rivera V and Olivieri-Henry G and Morales-Gonz\u00e1lez H and Ruiz-Adames J and Herrero-Rivera C and Rentas-Echeverria A and Cardona-Berdecia V and Soler-Llompart C and Sala-Morales AC and P\u00e9rez-Montero G and Blanco-Ruiz E and Godoy-Vitorino F},<br \/>\r\nurl = {https:\/\/pubmed.ncbi.nlm.nih.gov\/40764790\/},<br \/>\r\ndoi = {doi: 10.1038\/s41598-025-13262-2},<br \/>\r\nyear  = {2025},<br \/>\r\ndate = {2025-08-05},<br \/>\r\njournal = {Sci Rep},<br \/>\r\nkeywords = {},<br \/>\r\npubstate = {published},<br \/>\r\ntppubtype = {article}<br \/>\r\n}<br \/>\r\n<\/pre>\n<\/div>\n<p class=\"tp_close_menu\"><a class=\"tp_close\" onclick=\"teachpress_pub_showhide('138','tp_bibtex')\">Close<\/a><\/p>\n<\/div>\n<div class=\"tp_links\" id=\"tp_links_138\" style=\"display:none;\">\n<div class=\"tp_links_entry\">\n<ul class=\"tp_pub_list\">\n<li><i class=\"fas fa-globe\"><\/i><a class=\"tp_pub_list\" href=\"https:\/\/pubmed.ncbi.nlm.nih.gov\/40764790\/\" title=\"https:\/\/pubmed.ncbi.nlm.nih.gov\/40764790\/\" target=\"_blank\">https:\/\/pubmed.ncbi.nlm.nih.gov\/40764790\/<\/a><\/li>\n<li><i class=\"ai ai-doi\"><\/i><a class=\"tp_pub_list\" href=\"https:\/\/dx.doi.org\/doi: 10.1038\/s41598-025-13262-2\" title=\"Follow DOI:doi: 10.1038\/s41598-025-13262-2\" target=\"_blank\">doi:doi: 10.1038\/s41598-025-13262-2<\/a><\/li>\n<\/ul>\n<\/div>\n<p class=\"tp_close_menu\"><a class=\"tp_close\" onclick=\"teachpress_pub_showhide('138','tp_links')\">Close<\/a><\/p>\n<\/div>\n<\/div>\n<\/div>\n<div class=\"tp_publication tp_publication_article\">\n<div class=\"tp_pub_image_left\"><img name=\"RSPH4A-PCDx: An Index to Predict Lung Function Decline in Primary Ciliary Dyskinesia\" src=\"https:\/\/inbre.hpcf.upr.edu\/wp-content\/uploads\/2022\/09\/metabolomics-copy-150x150.png\" width=\"25\" alt=\"RSPH4A-PCDx: An Index to Predict Lung Function Decline in Primary Ciliary Dyskinesia\" \/><\/div>\n<div class=\"tp_pub_info\">\n<p class=\"tp_pub_author\"> G, Rom\u00e1n-R\u00edos;  G, Rosario-Ortiz;  MJ, Ramos-Benitez;  RA, Mosquera;  W, De Jes\u00fas-Rojas<\/p>\n<p class=\"tp_pub_title\"><a class=\"tp_title_link\" onclick=\"teachpress_pub_showhide('154','tp_links')\" style=\"cursor:pointer;\">RSPH4A-PCDx: An Index to Predict Lung Function Decline in Primary Ciliary Dyskinesia<\/a> <\/p>\n<p class=\"tp_pub_additional\"><span class=\"tp_pub_additional_in\">In: <\/span><span class=\"tp_pub_additional_journal\">Adv Respir Med, <\/span><span class=\"tp_pub_additional_year\">2025<\/span>.<\/p>\n<p class=\"tp_pub_menu\"><span class=\"tp_resource_link\"><a id=\"tp_links_sh_154\" class=\"tp_show\" onclick=\"teachpress_pub_showhide('154','tp_links')\" title=\"Show links and resources\" style=\"cursor:pointer;\">Links<\/a><\/span><\/p>\n<div class=\"tp_bibtex\" id=\"tp_bibtex_154\" style=\"display:none;\">\n<div class=\"tp_bibtex_entry\">\n<pre>@article{nokey,<br \/>\r\ntitle = {RSPH4A-PCDx: An Index to Predict Lung Function Decline in Primary Ciliary Dyskinesia},<br \/>\r\nauthor = {Rom\u00e1n-R\u00edos G and Rosario-Ortiz G and Ramos-Benitez MJ and Mosquera RA and De Jes\u00fas-Rojas W},<br \/>\r\nurl = {https:\/\/pubmed.ncbi.nlm.nih.gov\/40862699\/},<br \/>\r\ndoi = {doi: 10.3390\/arm93050045},<br \/>\r\nyear  = {2025},<br \/>\r\ndate = {2025-08-02},<br \/>\r\njournal = {Adv Respir Med},<br \/>\r\nkeywords = {},<br \/>\r\npubstate = {published},<br \/>\r\ntppubtype = {article}<br \/>\r\n}<br \/>\r\n<\/pre>\n<\/div>\n<p class=\"tp_close_menu\"><a class=\"tp_close\" onclick=\"teachpress_pub_showhide('154','tp_bibtex')\">Close<\/a><\/p>\n<\/div>\n<div class=\"tp_links\" id=\"tp_links_154\" style=\"display:none;\">\n<div class=\"tp_links_entry\">\n<ul class=\"tp_pub_list\">\n<li><i class=\"fas fa-globe\"><\/i><a class=\"tp_pub_list\" href=\"https:\/\/pubmed.ncbi.nlm.nih.gov\/40862699\/\" title=\"https:\/\/pubmed.ncbi.nlm.nih.gov\/40862699\/\" target=\"_blank\">https:\/\/pubmed.ncbi.nlm.nih.gov\/40862699\/<\/a><\/li>\n<li><i class=\"ai ai-doi\"><\/i><a class=\"tp_pub_list\" href=\"https:\/\/dx.doi.org\/doi: 10.3390\/arm93050045\" title=\"Follow DOI:doi: 10.3390\/arm93050045\" target=\"_blank\">doi:doi: 10.3390\/arm93050045<\/a><\/li>\n<\/ul>\n<\/div>\n<p class=\"tp_close_menu\"><a class=\"tp_close\" onclick=\"teachpress_pub_showhide('154','tp_links')\">Close<\/a><\/p>\n<\/div>\n<\/div>\n<\/div>\n<div class=\"tp_publication tp_publication_article\">\n<div class=\"tp_pub_image_left\"><img name=\"Determining the role of FAP1 in S. cerevisiae, cultivated in Nitrogen-limited media\" src=\"https:\/\/inbre.hpcf.upr.edu\/wp-content\/uploads\/2022\/09\/metabolomics-copy-150x150.png\" width=\"25\" alt=\"Determining the role of FAP1 in S. cerevisiae, cultivated in Nitrogen-limited media\" \/><\/div>\n<div class=\"tp_pub_info\">\n<p class=\"tp_pub_author\"> MM, Fajardo;  EIP, Matos<\/p>\n<p class=\"tp_pub_title\"><a class=\"tp_title_link\" onclick=\"teachpress_pub_showhide('144','tp_links')\" style=\"cursor:pointer;\">Determining the role of FAP1 in S. cerevisiae, cultivated in Nitrogen-limited media<\/a> <\/p>\n<p class=\"tp_pub_additional\"><span class=\"tp_pub_additional_in\">In: <\/span><span class=\"tp_pub_additional_journal\">Int J Mol Biol Open Access, <\/span><span class=\"tp_pub_additional_year\">2025<\/span>.<\/p>\n<p class=\"tp_pub_menu\"><span class=\"tp_resource_link\"><a id=\"tp_links_sh_144\" class=\"tp_show\" onclick=\"teachpress_pub_showhide('144','tp_links')\" title=\"Show links and resources\" style=\"cursor:pointer;\">Links<\/a><\/span><\/p>\n<div class=\"tp_bibtex\" id=\"tp_bibtex_144\" style=\"display:none;\">\n<div class=\"tp_bibtex_entry\">\n<pre>@article{nokey,<br \/>\r\ntitle = {Determining the role of FAP1 in S. cerevisiae, cultivated in Nitrogen-limited media},<br \/>\r\nauthor = {Fajardo MM and Matos EIP},<br \/>\r\nurl = {https:\/\/medcraveonline.com\/IJMBOA\/determining-the-role-of-fap1-in-s-cerevisiae-cultivated-in-nitrogen-limited-media.html},<br \/>\r\ndoi = {doi: 10.15406\/ijmboa.2025.08.00195},<br \/>\r\nyear  = {2025},<br \/>\r\ndate = {2025-06-09},<br \/>\r\njournal = {Int J Mol Biol Open Access},<br \/>\r\nkeywords = {},<br \/>\r\npubstate = {published},<br \/>\r\ntppubtype = {article}<br \/>\r\n}<br \/>\r\n<\/pre>\n<\/div>\n<p class=\"tp_close_menu\"><a class=\"tp_close\" onclick=\"teachpress_pub_showhide('144','tp_bibtex')\">Close<\/a><\/p>\n<\/div>\n<div class=\"tp_links\" id=\"tp_links_144\" style=\"display:none;\">\n<div class=\"tp_links_entry\">\n<ul class=\"tp_pub_list\">\n<li><i class=\"fas fa-globe\"><\/i><a class=\"tp_pub_list\" href=\"https:\/\/medcraveonline.com\/IJMBOA\/determining-the-role-of-fap1-in-s-cerevisiae-cultivated-in-nitrogen-limited-media.html\" title=\"https:\/\/medcraveonline.com\/IJMBOA\/determining-the-role-of-fap1-in-s-cerevisiae-c[...]\" target=\"_blank\">https:\/\/medcraveonline.com\/IJMBOA\/determining-the-role-of-fap1-in-s-cerevisiae-c[...]<\/a><\/li>\n<li><i class=\"ai ai-doi\"><\/i><a class=\"tp_pub_list\" href=\"https:\/\/dx.doi.org\/doi: 10.15406\/ijmboa.2025.08.00195\" title=\"Follow DOI:doi: 10.15406\/ijmboa.2025.08.00195\" target=\"_blank\">doi:doi: 10.15406\/ijmboa.2025.08.00195<\/a><\/li>\n<\/ul>\n<\/div>\n<p class=\"tp_close_menu\"><a class=\"tp_close\" onclick=\"teachpress_pub_showhide('144','tp_links')\">Close<\/a><\/p>\n<\/div>\n<\/div>\n<\/div>\n<div class=\"tp_publication tp_publication_article\">\n<div class=\"tp_pub_image_left\"><img name=\"Challenges and Opportunities: Interplay between Infectious Disease and Antimicrobial Resistance in Medical Device Surface Applications\" src=\"https:\/\/inbre.hpcf.upr.edu\/wp-content\/uploads\/2022\/09\/metabolomics-copy-150x150.png\" width=\"25\" alt=\"Challenges and Opportunities: Interplay between Infectious Disease and Antimicrobial Resistance in Medical Device Surface Applications\" \/><\/div>\n<div class=\"tp_pub_info\">\n<p class=\"tp_pub_author\"> V, Ortiz-G\u00f3mez;  R, Maldonado-Hern\u00e1ndez<\/p>\n<p class=\"tp_pub_title\"><a class=\"tp_title_link\" onclick=\"teachpress_pub_showhide('142','tp_links')\" style=\"cursor:pointer;\">Challenges and Opportunities: Interplay between Infectious Disease and Antimicrobial Resistance in Medical Device Surface Applications<\/a> <\/p>\n<p class=\"tp_pub_additional\"><span class=\"tp_pub_additional_in\">In: <\/span><span class=\"tp_pub_additional_journal\">ACS Omega, <\/span><span class=\"tp_pub_additional_year\">2025<\/span>.<\/p>\n<p class=\"tp_pub_menu\"><span class=\"tp_resource_link\"><a id=\"tp_links_sh_142\" class=\"tp_show\" onclick=\"teachpress_pub_showhide('142','tp_links')\" title=\"Show links and resources\" style=\"cursor:pointer;\">Links<\/a><\/span><\/p>\n<div class=\"tp_bibtex\" id=\"tp_bibtex_142\" style=\"display:none;\">\n<div class=\"tp_bibtex_entry\">\n<pre>@article{nokey,<br \/>\r\ntitle = {Challenges and Opportunities: Interplay between Infectious Disease and Antimicrobial Resistance in Medical Device Surface Applications},<br \/>\r\nauthor = {Ortiz-G\u00f3mez V and Maldonado-Hern\u00e1ndez R},<br \/>\r\nurl = {https:\/\/pubmed.ncbi.nlm.nih.gov\/40488087\/},<br \/>\r\ndoi = {doi: 10.1021\/acsomega.5c01011},<br \/>\r\nyear  = {2025},<br \/>\r\ndate = {2025-05-20},<br \/>\r\njournal = {ACS Omega},<br \/>\r\nkeywords = {},<br \/>\r\npubstate = {published},<br \/>\r\ntppubtype = {article}<br \/>\r\n}<br \/>\r\n<\/pre>\n<\/div>\n<p class=\"tp_close_menu\"><a class=\"tp_close\" onclick=\"teachpress_pub_showhide('142','tp_bibtex')\">Close<\/a><\/p>\n<\/div>\n<div class=\"tp_links\" id=\"tp_links_142\" style=\"display:none;\">\n<div class=\"tp_links_entry\">\n<ul class=\"tp_pub_list\">\n<li><i class=\"fas fa-globe\"><\/i><a class=\"tp_pub_list\" href=\"https:\/\/pubmed.ncbi.nlm.nih.gov\/40488087\/\" title=\"https:\/\/pubmed.ncbi.nlm.nih.gov\/40488087\/\" target=\"_blank\">https:\/\/pubmed.ncbi.nlm.nih.gov\/40488087\/<\/a><\/li>\n<li><i class=\"ai ai-doi\"><\/i><a class=\"tp_pub_list\" href=\"https:\/\/dx.doi.org\/doi: 10.1021\/acsomega.5c01011\" title=\"Follow DOI:doi: 10.1021\/acsomega.5c01011\" target=\"_blank\">doi:doi: 10.1021\/acsomega.5c01011<\/a><\/li>\n<\/ul>\n<\/div>\n<p class=\"tp_close_menu\"><a class=\"tp_close\" onclick=\"teachpress_pub_showhide('142','tp_links')\">Close<\/a><\/p>\n<\/div>\n<\/div>\n<\/div>\n<div class=\"tp_publication tp_publication_article\">\n<div class=\"tp_pub_image_left\"><img name=\"Age-related neutrophil activation in Hermansky-Pudlak Syndrome Type-1\" src=\"https:\/\/inbre.hpcf.upr.edu\/wp-content\/uploads\/2022\/11\/neuroscience-150x150.png\" width=\"25\" alt=\"Age-related neutrophil activation in Hermansky-Pudlak Syndrome Type-1\" \/><\/div>\n<div class=\"tp_pub_info\">\n<p class=\"tp_pub_author\"> LM, Caro-Rivera;  S, Malavez-Cajigas;  M, Lacourt-Ventura;  AP, Rivera-Torres;  DE, Marcano-Jim\u00e9nez;  P, L\u00f3pez-Colon;  J, Mu\u00f1iz-Hern\u00e1ndez;  E, Rivera-Jim\u00e9nez;  M, Egozcue-Dionisi;  R, Rom\u00e1n-Carlo;  W, De Jes\u00fas-Rojas;  MJ, Ramos-Ben\u00edtez<\/p>\n<p class=\"tp_pub_title\"><a class=\"tp_title_link\" onclick=\"teachpress_pub_showhide('140','tp_links')\" style=\"cursor:pointer;\">Age-related neutrophil activation in Hermansky-Pudlak Syndrome Type-1<\/a> <\/p>\n<p class=\"tp_pub_additional\"><span class=\"tp_pub_additional_in\">In: <\/span><span class=\"tp_pub_additional_journal\">Orphanet J Rare Dis, <\/span><span class=\"tp_pub_additional_year\">2025<\/span>.<\/p>\n<p class=\"tp_pub_menu\"><span class=\"tp_resource_link\"><a id=\"tp_links_sh_140\" class=\"tp_show\" onclick=\"teachpress_pub_showhide('140','tp_links')\" title=\"Show links and resources\" style=\"cursor:pointer;\">Links<\/a><\/span><\/p>\n<div class=\"tp_bibtex\" id=\"tp_bibtex_140\" style=\"display:none;\">\n<div class=\"tp_bibtex_entry\">\n<pre>@article{nokey,<br \/>\r\ntitle = {Age-related neutrophil activation in Hermansky-Pudlak Syndrome Type-1},<br \/>\r\nauthor = {Caro-Rivera LM and Malavez-Cajigas S and Lacourt-Ventura M and Rivera-Torres AP and Marcano-Jim\u00e9nez DE and L\u00f3pez-Colon P and Mu\u00f1iz-Hern\u00e1ndez J and Rivera-Jim\u00e9nez E and Egozcue-Dionisi M and Rom\u00e1n-Carlo R and De Jes\u00fas-Rojas W and Ramos-Ben\u00edtez MJ},<br \/>\r\ndoi = { doi: 10.1186\/s13023-025-03758-5},<br \/>\r\nyear  = {2025},<br \/>\r\ndate = {2025-05-12},<br \/>\r\njournal = {Orphanet J Rare Dis},<br \/>\r\nkeywords = {},<br \/>\r\npubstate = {published},<br \/>\r\ntppubtype = {article}<br \/>\r\n}<br \/>\r\n<\/pre>\n<\/div>\n<p class=\"tp_close_menu\"><a class=\"tp_close\" onclick=\"teachpress_pub_showhide('140','tp_bibtex')\">Close<\/a><\/p>\n<\/div>\n<div class=\"tp_links\" id=\"tp_links_140\" style=\"display:none;\">\n<div class=\"tp_links_entry\">\n<ul class=\"tp_pub_list\">\n<li><i class=\"ai ai-doi\"><\/i><a class=\"tp_pub_list\" href=\"https:\/\/dx.doi.org\/ doi: 10.1186\/s13023-025-03758-5\" title=\"Follow DOI: doi: 10.1186\/s13023-025-03758-5\" target=\"_blank\">doi: doi: 10.1186\/s13023-025-03758-5<\/a><\/li>\n<\/ul>\n<\/div>\n<p class=\"tp_close_menu\"><a class=\"tp_close\" onclick=\"teachpress_pub_showhide('140','tp_links')\">Close<\/a><\/p>\n<\/div>\n<\/div>\n<\/div>\n<div class=\"tp_publication tp_publication_article\">\n<div class=\"tp_pub_image_left\"><img name=\" Ergosterol Peroxide Disrupts Triple-Negative Breast Cancer Mitochondrial Function and Inhibits Tumor Growth and Metastasis\" src=\"https:\/\/inbre.hpcf.upr.edu\/wp-content\/uploads\/2022\/09\/metabolomics-copy-150x150.png\" width=\"25\" alt=\" Ergosterol Peroxide Disrupts Triple-Negative Breast Cancer Mitochondrial Function and Inhibits Tumor Growth and Metastasis\" \/><\/div>\n<div class=\"tp_pub_info\">\n<p class=\"tp_pub_author\"> AL, Bocachica-Adorno;  AY, Aponte-Ramos;  PS, Rivera-Fuentes;  NP, Espinosa-Ponce;  LV, Arroyo-Cruz; amd P\u00e9rez-R\u00edos N, Ling T;  S, Rivas-Tumanyan;  IA, Almod\u00f3var-Rivera;  C, Barreto-Gamarra;  M, Domenech-Garc\u00eda;  F, Rivas;  MM, Mart\u00ednez-Montemayor<\/p>\n<p class=\"tp_pub_title\"><a class=\"tp_title_link\" onclick=\"teachpress_pub_showhide('137','tp_links')\" style=\"cursor:pointer;\"> Ergosterol Peroxide Disrupts Triple-Negative Breast Cancer Mitochondrial Function and Inhibits Tumor Growth and Metastasis<\/a> <\/p>\n<p class=\"tp_pub_additional\"><span class=\"tp_pub_additional_in\">In: <\/span><span class=\"tp_pub_additional_journal\">Int J Mol Sci, <\/span><span class=\"tp_pub_additional_year\">2025<\/span>.<\/p>\n<p class=\"tp_pub_menu\"><span class=\"tp_resource_link\"><a id=\"tp_links_sh_137\" class=\"tp_show\" onclick=\"teachpress_pub_showhide('137','tp_links')\" title=\"Show links and resources\" style=\"cursor:pointer;\">Links<\/a><\/span><\/p>\n<div class=\"tp_bibtex\" id=\"tp_bibtex_137\" style=\"display:none;\">\n<div class=\"tp_bibtex_entry\">\n<pre>@article{nokey,<br \/>\r\ntitle = { Ergosterol Peroxide Disrupts Triple-Negative Breast Cancer Mitochondrial Function and Inhibits Tumor Growth and Metastasis},<br \/>\r\nauthor = {Bocachica-Adorno AL and Aponte-Ramos AY and Rivera-Fuentes PS and Espinosa-Ponce NP and Arroyo-Cruz LV and Ling T amd P\u00e9rez-R\u00edos N and Rivas-Tumanyan S and Almod\u00f3var-Rivera IA and Barreto-Gamarra C and Domenech-Garc\u00eda M and Rivas F and Mart\u00ednez-Montemayor MM},<br \/>\r\nurl = {https:\/\/pubmed.ncbi.nlm.nih.gov\/40429733\/},<br \/>\r\ndoi = {doi: 10.3390\/ijms26104588},<br \/>\r\nyear  = {2025},<br \/>\r\ndate = {2025-05-10},<br \/>\r\njournal = {Int J Mol Sci},<br \/>\r\nkeywords = {},<br \/>\r\npubstate = {published},<br \/>\r\ntppubtype = {article}<br \/>\r\n}<br \/>\r\n<\/pre>\n<\/div>\n<p class=\"tp_close_menu\"><a class=\"tp_close\" onclick=\"teachpress_pub_showhide('137','tp_bibtex')\">Close<\/a><\/p>\n<\/div>\n<div class=\"tp_links\" id=\"tp_links_137\" style=\"display:none;\">\n<div class=\"tp_links_entry\">\n<ul class=\"tp_pub_list\">\n<li><i class=\"fas fa-globe\"><\/i><a class=\"tp_pub_list\" href=\"https:\/\/pubmed.ncbi.nlm.nih.gov\/40429733\/\" title=\"https:\/\/pubmed.ncbi.nlm.nih.gov\/40429733\/\" target=\"_blank\">https:\/\/pubmed.ncbi.nlm.nih.gov\/40429733\/<\/a><\/li>\n<li><i class=\"ai ai-doi\"><\/i><a class=\"tp_pub_list\" href=\"https:\/\/dx.doi.org\/doi: 10.3390\/ijms26104588\" title=\"Follow DOI:doi: 10.3390\/ijms26104588\" target=\"_blank\">doi:doi: 10.3390\/ijms26104588<\/a><\/li>\n<\/ul>\n<\/div>\n<p class=\"tp_close_menu\"><a class=\"tp_close\" onclick=\"teachpress_pub_showhide('137','tp_links')\">Close<\/a><\/p>\n<\/div>\n<\/div>\n<\/div>\n<div class=\"tp_publication tp_publication_article\">\n<div class=\"tp_pub_image_left\"><img name=\"Upregulation of MMP3 Promotes Cisplatin Resistance in Ovarian Cancer\" src=\"https:\/\/inbre.hpcf.upr.edu\/wp-content\/uploads\/2022\/09\/metabolomics-copy-150x150.png\" width=\"25\" alt=\"Upregulation of MMP3 Promotes Cisplatin Resistance in Ovarian Cancer\" \/><\/div>\n<div class=\"tp_pub_info\">\n<p class=\"tp_pub_author\"> M, Rivera-Serrano;  M, Flores-Col\u00f3n;  F, Valiyeva;  LM, Mel\u00e9ndez;  PE, Vivas-Mej\u00eda<\/p>\n<p class=\"tp_pub_title\"><a class=\"tp_title_link\" onclick=\"teachpress_pub_showhide('139','tp_links')\" style=\"cursor:pointer;\">Upregulation of MMP3 Promotes Cisplatin Resistance in Ovarian Cancer<\/a> <\/p>\n<p class=\"tp_pub_additional\"><span class=\"tp_pub_additional_in\">In: <\/span><span class=\"tp_pub_additional_journal\">Int J Mol Sci, <\/span><span class=\"tp_pub_additional_year\">2025<\/span>.<\/p>\n<p class=\"tp_pub_menu\"><span class=\"tp_resource_link\"><a id=\"tp_links_sh_139\" class=\"tp_show\" onclick=\"teachpress_pub_showhide('139','tp_links')\" title=\"Show links and resources\" style=\"cursor:pointer;\">Links<\/a><\/span><\/p>\n<div class=\"tp_bibtex\" id=\"tp_bibtex_139\" style=\"display:none;\">\n<div class=\"tp_bibtex_entry\">\n<pre>@article{nokey,<br \/>\r\ntitle = {Upregulation of MMP3 Promotes Cisplatin Resistance in Ovarian Cancer},<br \/>\r\nauthor = {Rivera-Serrano M and Flores-Col\u00f3n M and Valiyeva F and Mel\u00e9ndez LM and Vivas-Mej\u00eda PE},<br \/>\r\nurl = {https:\/\/pubmed.ncbi.nlm.nih.gov\/40362252\/},<br \/>\r\ndoi = {doi: 10.3390\/ijms26094012},<br \/>\r\nyear  = {2025},<br \/>\r\ndate = {2025-04-24},<br \/>\r\njournal = {Int J Mol Sci},<br \/>\r\nkeywords = {},<br \/>\r\npubstate = {published},<br \/>\r\ntppubtype = {article}<br \/>\r\n}<br \/>\r\n<\/pre>\n<\/div>\n<p class=\"tp_close_menu\"><a class=\"tp_close\" onclick=\"teachpress_pub_showhide('139','tp_bibtex')\">Close<\/a><\/p>\n<\/div>\n<div class=\"tp_links\" id=\"tp_links_139\" style=\"display:none;\">\n<div class=\"tp_links_entry\">\n<ul class=\"tp_pub_list\">\n<li><i class=\"fas fa-globe\"><\/i><a class=\"tp_pub_list\" href=\"https:\/\/pubmed.ncbi.nlm.nih.gov\/40362252\/\" title=\"https:\/\/pubmed.ncbi.nlm.nih.gov\/40362252\/\" target=\"_blank\">https:\/\/pubmed.ncbi.nlm.nih.gov\/40362252\/<\/a><\/li>\n<li><i class=\"ai ai-doi\"><\/i><a class=\"tp_pub_list\" href=\"https:\/\/dx.doi.org\/doi: 10.3390\/ijms26094012\" title=\"Follow DOI:doi: 10.3390\/ijms26094012\" target=\"_blank\">doi:doi: 10.3390\/ijms26094012<\/a><\/li>\n<\/ul>\n<\/div>\n<p class=\"tp_close_menu\"><a class=\"tp_close\" onclick=\"teachpress_pub_showhide('139','tp_links')\">Close<\/a><\/p>\n<\/div>\n<\/div>\n<\/div>\n<div class=\"tp_publication tp_publication_article\">\n<div class=\"tp_pub_image_left\"><img name=\"Functionalized screen-printed electrodes for non-invasive detection of vascular-endothelial cadherin in extracellular vesicles\" src=\"https:\/\/inbre.hpcf.upr.edu\/wp-content\/uploads\/2022\/09\/metabolomics-copy-150x150.png\" width=\"25\" alt=\"Functionalized screen-printed electrodes for non-invasive detection of vascular-endothelial cadherin in extracellular vesicles\" \/><\/div>\n<div class=\"tp_pub_info\">\n<p class=\"tp_pub_author\"> W, Meza-Morales;  S, Ayus-Martinez;  J, Jimenez-Osorio;  M, Buendia-Otero;  L, L\u00f3pez;  D, Suleiman;  E, Suarez;  DO, Freytes;  L, Cunci;  C, Mora<\/p>\n<p class=\"tp_pub_title\"><a class=\"tp_title_link\" onclick=\"teachpress_pub_showhide('143','tp_links')\" style=\"cursor:pointer;\">Functionalized screen-printed electrodes for non-invasive detection of vascular-endothelial cadherin in extracellular vesicles<\/a> <\/p>\n<p class=\"tp_pub_additional\"><span class=\"tp_pub_additional_in\">In: <\/span><span class=\"tp_pub_additional_journal\">RSC Adv, <\/span><span class=\"tp_pub_additional_year\">2025<\/span>.<\/p>\n<p class=\"tp_pub_menu\"><span class=\"tp_resource_link\"><a id=\"tp_links_sh_143\" class=\"tp_show\" onclick=\"teachpress_pub_showhide('143','tp_links')\" title=\"Show links and resources\" style=\"cursor:pointer;\">Links<\/a><\/span><\/p>\n<div class=\"tp_bibtex\" id=\"tp_bibtex_143\" style=\"display:none;\">\n<div class=\"tp_bibtex_entry\">\n<pre>@article{nokey,<br \/>\r\ntitle = {Functionalized screen-printed electrodes for non-invasive detection of vascular-endothelial cadherin in extracellular vesicles},<br \/>\r\nauthor = {Meza-Morales W and Ayus-Martinez S and Jimenez-Osorio J and Buendia-Otero M and L\u00f3pez L and Suleiman D and Suarez E and Freytes DO and Cunci L and Mora C},<br \/>\r\nurl = {https:\/\/pubmed.ncbi.nlm.nih.gov\/40264865\/},<br \/>\r\ndoi = {doi: 10.1039\/d4ra08926j},<br \/>\r\nyear  = {2025},<br \/>\r\ndate = {2025-04-22},<br \/>\r\njournal = {RSC Adv},<br \/>\r\nkeywords = {},<br \/>\r\npubstate = {published},<br \/>\r\ntppubtype = {article}<br \/>\r\n}<br \/>\r\n<\/pre>\n<\/div>\n<p class=\"tp_close_menu\"><a class=\"tp_close\" onclick=\"teachpress_pub_showhide('143','tp_bibtex')\">Close<\/a><\/p>\n<\/div>\n<div class=\"tp_links\" id=\"tp_links_143\" style=\"display:none;\">\n<div class=\"tp_links_entry\">\n<ul class=\"tp_pub_list\">\n<li><i class=\"fas fa-globe\"><\/i><a class=\"tp_pub_list\" href=\"https:\/\/pubmed.ncbi.nlm.nih.gov\/40264865\/\" title=\"https:\/\/pubmed.ncbi.nlm.nih.gov\/40264865\/\" target=\"_blank\">https:\/\/pubmed.ncbi.nlm.nih.gov\/40264865\/<\/a><\/li>\n<li><i class=\"ai ai-doi\"><\/i><a class=\"tp_pub_list\" href=\"https:\/\/dx.doi.org\/doi: 10.1039\/d4ra08926j\" title=\"Follow DOI:doi: 10.1039\/d4ra08926j\" target=\"_blank\">doi:doi: 10.1039\/d4ra08926j<\/a><\/li>\n<\/ul>\n<\/div>\n<p class=\"tp_close_menu\"><a class=\"tp_close\" onclick=\"teachpress_pub_showhide('143','tp_links')\">Close<\/a><\/p>\n<\/div>\n<\/div>\n<\/div>\n<div class=\"tp_publication tp_publication_article\">\n<div class=\"tp_pub_image_left\"><img name=\"Single-cell RNA sequencing of the holothurian regenerating intestine reveals the pluripotency of the coelomic epithelium\" src=\"https:\/\/inbre.hpcf.upr.edu\/wp-content\/uploads\/2022\/09\/metabolomics-copy-150x150.png\" width=\"25\" alt=\"Single-cell RNA sequencing of the holothurian regenerating intestine reveals the pluripotency of the coelomic epithelium\" \/><\/div>\n<div class=\"tp_pub_info\">\n<p class=\"tp_pub_author\"> JG, Medina-Feliciano;  G, Valent\u00edn-Tirado;  K, Luna-Mart\u00ednez;  A, Beltran-Rivera;  Y, Miranda-Negr\u00f3n;  JE, Garcia-Arraras<\/p>\n<p class=\"tp_pub_title\"><a class=\"tp_title_link\" onclick=\"teachpress_pub_showhide('136','tp_links')\" style=\"cursor:pointer;\">Single-cell RNA sequencing of the holothurian regenerating intestine reveals the pluripotency of the coelomic epithelium<\/a> <\/p>\n<p class=\"tp_pub_additional\"><span class=\"tp_pub_additional_in\">In: <\/span><span class=\"tp_pub_additional_journal\"> Elife, <\/span><span class=\"tp_pub_additional_year\">2025<\/span>.<\/p>\n<p class=\"tp_pub_menu\"><span class=\"tp_resource_link\"><a id=\"tp_links_sh_136\" class=\"tp_show\" onclick=\"teachpress_pub_showhide('136','tp_links')\" title=\"Show links and resources\" style=\"cursor:pointer;\">Links<\/a><\/span><\/p>\n<div class=\"tp_bibtex\" id=\"tp_bibtex_136\" style=\"display:none;\">\n<div class=\"tp_bibtex_entry\">\n<pre>@article{nokey,<br \/>\r\ntitle = {Single-cell RNA sequencing of the holothurian regenerating intestine reveals the pluripotency of the coelomic epithelium},<br \/>\r\nauthor = {Medina-Feliciano JG and Valent\u00edn-Tirado G and Luna-Mart\u00ednez K and Beltran-Rivera A and Miranda-Negr\u00f3n Y and Garcia-Arraras JE},<br \/>\r\nurl = {https:\/\/pubmed.ncbi.nlm.nih.gov\/40111904\/},<br \/>\r\ndoi = {doi: 10.7554\/eLife.100796},<br \/>\r\nyear  = {2025},<br \/>\r\ndate = {2025-03-20},<br \/>\r\njournal = { Elife},<br \/>\r\nkeywords = {},<br \/>\r\npubstate = {published},<br \/>\r\ntppubtype = {article}<br \/>\r\n}<br \/>\r\n<\/pre>\n<\/div>\n<p class=\"tp_close_menu\"><a class=\"tp_close\" onclick=\"teachpress_pub_showhide('136','tp_bibtex')\">Close<\/a><\/p>\n<\/div>\n<div class=\"tp_links\" id=\"tp_links_136\" style=\"display:none;\">\n<div class=\"tp_links_entry\">\n<ul class=\"tp_pub_list\">\n<li><i class=\"fas fa-globe\"><\/i><a class=\"tp_pub_list\" href=\"https:\/\/pubmed.ncbi.nlm.nih.gov\/40111904\/\" title=\"https:\/\/pubmed.ncbi.nlm.nih.gov\/40111904\/\" target=\"_blank\">https:\/\/pubmed.ncbi.nlm.nih.gov\/40111904\/<\/a><\/li>\n<li><i class=\"ai ai-doi\"><\/i><a class=\"tp_pub_list\" href=\"https:\/\/dx.doi.org\/doi: 10.7554\/eLife.100796\" title=\"Follow DOI:doi: 10.7554\/eLife.100796\" target=\"_blank\">doi:doi: 10.7554\/eLife.100796<\/a><\/li>\n<\/ul>\n<\/div>\n<p class=\"tp_close_menu\"><a class=\"tp_close\" onclick=\"teachpress_pub_showhide('136','tp_links')\">Close<\/a><\/p>\n<\/div>\n<\/div>\n<\/div>\n<div class=\"tp_publication tp_publication_article\">\n<div class=\"tp_pub_image_left\"><img name=\"ViBEx: A Visualization Tool for Gene Expression Analysis\" src=\"https:\/\/inbre.hpcf.upr.edu\/wp-content\/uploads\/2022\/11\/bioinformatics-150x150.png\" width=\"25\" alt=\"ViBEx: A Visualization Tool for Gene Expression Analysis\" \/><\/div>\n<div class=\"tp_pub_info\">\n<p class=\"tp_pub_author\"> Terrefortes-Rosado, M. H.;  Nieves-Rivera, A. V.;  Ortiz-Zuazaga, H.;  Lluberes-Contreras, M<\/p>\n<p class=\"tp_pub_title\"><a class=\"tp_title_link\" onclick=\"teachpress_pub_showhide('133','tp_links')\" style=\"cursor:pointer;\">ViBEx: A Visualization Tool for Gene Expression Analysis<\/a> <\/p>\n<p class=\"tp_pub_additional\"><span class=\"tp_pub_additional_in\">In: <\/span><span class=\"tp_pub_additional_journal\">BioMedInformatics, <\/span><span class=\"tp_pub_additional_year\">2025<\/span>.<\/p>\n<p class=\"tp_pub_menu\"><span class=\"tp_resource_link\"><a id=\"tp_links_sh_133\" class=\"tp_show\" onclick=\"teachpress_pub_showhide('133','tp_links')\" title=\"Show links and resources\" style=\"cursor:pointer;\">Links<\/a><\/span><\/p>\n<div class=\"tp_bibtex\" id=\"tp_bibtex_133\" style=\"display:none;\">\n<div class=\"tp_bibtex_entry\">\n<pre>@article{nokey,<br \/>\r\ntitle = {ViBEx: A Visualization Tool for Gene Expression Analysis},<br \/>\r\nauthor = {Terrefortes-Rosado, M.H. and Nieves-Rivera, A.V. and Ortiz-Zuazaga, H. and Lluberes-Contreras, M},<br \/>\r\nurl = {https:\/\/www.mdpi.com\/2673-7426\/5\/1\/13},<br \/>\r\ndoi = {https:\/\/doi.org\/10.3390\/biomedinformatics5010013},<br \/>\r\nyear  = {2025},<br \/>\r\ndate = {2025-03-07},<br \/>\r\njournal = {BioMedInformatics},<br \/>\r\nkeywords = {},<br \/>\r\npubstate = {published},<br \/>\r\ntppubtype = {article}<br \/>\r\n}<br \/>\r\n<\/pre>\n<\/div>\n<p class=\"tp_close_menu\"><a class=\"tp_close\" onclick=\"teachpress_pub_showhide('133','tp_bibtex')\">Close<\/a><\/p>\n<\/div>\n<div class=\"tp_links\" id=\"tp_links_133\" style=\"display:none;\">\n<div class=\"tp_links_entry\">\n<ul class=\"tp_pub_list\">\n<li><i class=\"fas fa-globe\"><\/i><a class=\"tp_pub_list\" href=\"https:\/\/www.mdpi.com\/2673-7426\/5\/1\/13\" title=\"https:\/\/www.mdpi.com\/2673-7426\/5\/1\/13\" target=\"_blank\">https:\/\/www.mdpi.com\/2673-7426\/5\/1\/13<\/a><\/li>\n<li><i class=\"ai ai-doi\"><\/i><a class=\"tp_pub_list\" href=\"https:\/\/dx.doi.org\/https:\/\/doi.org\/10.3390\/biomedinformatics5010013\" title=\"Follow DOI:https:\/\/doi.org\/10.3390\/biomedinformatics5010013\" target=\"_blank\">doi:https:\/\/doi.org\/10.3390\/biomedinformatics5010013<\/a><\/li>\n<\/ul>\n<\/div>\n<p class=\"tp_close_menu\"><a class=\"tp_close\" onclick=\"teachpress_pub_showhide('133','tp_links')\">Close<\/a><\/p>\n<\/div>\n<\/div>\n<\/div>\n<div class=\"tp_publication tp_publication_article\">\n<div class=\"tp_pub_image_left\"><img name=\"A Pilot Study of Primary Ciliary Dyskinesia: Sleep-Related Disorders and Neuropsychiatric Comorbidities\" src=\"https:\/\/inbre.hpcf.upr.edu\/wp-content\/uploads\/2022\/11\/neuroscience-150x150.png\" width=\"25\" alt=\"A Pilot Study of Primary Ciliary Dyskinesia: Sleep-Related Disorders and Neuropsychiatric Comorbidities\" \/><\/div>\n<div class=\"tp_pub_info\">\n<p class=\"tp_pub_author\"> RA, Cardona-Qui\u00f1ones;  E, Ram\u00edrez-Rivera;  E, \u00c1lvarez-Torres;  SA, Salem-Hern\u00e1ndez;  NJ, Vargas-P\u00e9rez;  W, De Jes\u00fas-Rojas<\/p>\n<p class=\"tp_pub_title\"><a class=\"tp_title_link\" onclick=\"teachpress_pub_showhide('131','tp_links')\" style=\"cursor:pointer;\">A Pilot Study of Primary Ciliary Dyskinesia: Sleep-Related Disorders and Neuropsychiatric Comorbidities<\/a> <\/p>\n<p class=\"tp_pub_additional\"><span class=\"tp_pub_additional_in\">In: <\/span><span class=\"tp_pub_additional_journal\">J Clin Med, <\/span><span class=\"tp_pub_additional_year\">2025<\/span>.<\/p>\n<p class=\"tp_pub_menu\"><span class=\"tp_resource_link\"><a id=\"tp_links_sh_131\" class=\"tp_show\" onclick=\"teachpress_pub_showhide('131','tp_links')\" title=\"Show links and resources\" style=\"cursor:pointer;\">Links<\/a><\/span><\/p>\n<div class=\"tp_bibtex\" id=\"tp_bibtex_131\" style=\"display:none;\">\n<div class=\"tp_bibtex_entry\">\n<pre>@article{nokey,<br \/>\r\ntitle = {A Pilot Study of Primary Ciliary Dyskinesia: Sleep-Related Disorders and Neuropsychiatric Comorbidities},<br \/>\r\nauthor = {Cardona-Qui\u00f1ones RA and Ram\u00edrez-Rivera E and \u00c1lvarez-Torres E and Salem-Hern\u00e1ndez SA and Vargas-P\u00e9rez NJ and De Jes\u00fas-Rojas W},<br \/>\r\nurl = {https:\/\/pubmed.ncbi.nlm.nih.gov\/40004884\/},<br \/>\r\ndoi = {doi: 10.3390\/jcm14041353},<br \/>\r\nyear  = {2025},<br \/>\r\ndate = {2025-02-18},<br \/>\r\njournal = {J Clin Med},<br \/>\r\nkeywords = {},<br \/>\r\npubstate = {published},<br \/>\r\ntppubtype = {article}<br \/>\r\n}<br \/>\r\n<\/pre>\n<\/div>\n<p class=\"tp_close_menu\"><a class=\"tp_close\" onclick=\"teachpress_pub_showhide('131','tp_bibtex')\">Close<\/a><\/p>\n<\/div>\n<div class=\"tp_links\" id=\"tp_links_131\" style=\"display:none;\">\n<div class=\"tp_links_entry\">\n<ul class=\"tp_pub_list\">\n<li><i class=\"fas fa-globe\"><\/i><a class=\"tp_pub_list\" href=\"https:\/\/pubmed.ncbi.nlm.nih.gov\/40004884\/\" title=\"https:\/\/pubmed.ncbi.nlm.nih.gov\/40004884\/\" target=\"_blank\">https:\/\/pubmed.ncbi.nlm.nih.gov\/40004884\/<\/a><\/li>\n<li><i class=\"ai ai-doi\"><\/i><a class=\"tp_pub_list\" href=\"https:\/\/dx.doi.org\/doi: 10.3390\/jcm14041353\" title=\"Follow DOI:doi: 10.3390\/jcm14041353\" target=\"_blank\">doi:doi: 10.3390\/jcm14041353<\/a><\/li>\n<\/ul>\n<\/div>\n<p class=\"tp_close_menu\"><a class=\"tp_close\" onclick=\"teachpress_pub_showhide('131','tp_links')\">Close<\/a><\/p>\n<\/div>\n<\/div>\n<\/div>\n<div class=\"tp_publication tp_publication_article\">\n<div class=\"tp_pub_image_left\"><img name=\"Calcium Sulfide Nanoclusters Trigger DNA Damage and Induce Cell Cycle Arrest in Non-Small-Cell Lung Adenocarcinoma Cells\" src=\"https:\/\/inbre.hpcf.upr.edu\/wp-content\/uploads\/2022\/09\/metabolomics-copy-150x150.png\" width=\"25\" alt=\"Calcium Sulfide Nanoclusters Trigger DNA Damage and Induce Cell Cycle Arrest in Non-Small-Cell Lung Adenocarcinoma Cells\" \/><\/div>\n<div class=\"tp_pub_info\">\n<p class=\"tp_pub_author\"> MM, Figueroa Rosado;  K, Mu\u00f1oz Forti;  P, Rodr\u00edguez-Rodr\u00edguez;  G, Arroyo-Mart\u00ednez;  VJ, Rodr\u00edguez-Irizarry;  A, Ruiz-Rivera;  JI, Quinones-Rodriguez;  PG, Santiago-Cardona;  OM, Rodriguez Martinez;  S, Almodovar;  ME, Castro;  E, Su\u00e1rez Mart\u00ednez<\/p>\n<p class=\"tp_pub_title\"><a class=\"tp_title_link\" onclick=\"teachpress_pub_showhide('134','tp_links')\" style=\"cursor:pointer;\">Calcium Sulfide Nanoclusters Trigger DNA Damage and Induce Cell Cycle Arrest in Non-Small-Cell Lung Adenocarcinoma Cells<\/a> <\/p>\n<p class=\"tp_pub_additional\"><span class=\"tp_pub_additional_in\">In: <\/span><span class=\"tp_pub_additional_journal\">Int J Mol Sci, <\/span><span class=\"tp_pub_additional_year\">2025<\/span>.<\/p>\n<p class=\"tp_pub_menu\"><span class=\"tp_resource_link\"><a id=\"tp_links_sh_134\" class=\"tp_show\" onclick=\"teachpress_pub_showhide('134','tp_links')\" title=\"Show links and resources\" style=\"cursor:pointer;\">Links<\/a><\/span><\/p>\n<div class=\"tp_bibtex\" id=\"tp_bibtex_134\" style=\"display:none;\">\n<div class=\"tp_bibtex_entry\">\n<pre>@article{nokey,<br \/>\r\ntitle = {Calcium Sulfide Nanoclusters Trigger DNA Damage and Induce Cell Cycle Arrest in Non-Small-Cell Lung Adenocarcinoma Cells},<br \/>\r\nauthor = {Figueroa Rosado MM and Mu\u00f1oz Forti K and Rodr\u00edguez-Rodr\u00edguez P and Arroyo-Mart\u00ednez G and Rodr\u00edguez-Irizarry VJ and Ruiz-Rivera A and Quinones-Rodriguez JI and Santiago-Cardona PG and Rodriguez Martinez OM and Almodovar S and Castro ME and Su\u00e1rez Mart\u00ednez E},<br \/>\r\nurl = {https:\/\/pubmed.ncbi.nlm.nih.gov\/40004132\/},<br \/>\r\ndoi = {doi: 10.3390\/ijms26041665},<br \/>\r\nyear  = {2025},<br \/>\r\ndate = {2025-02-15},<br \/>\r\njournal = {Int J Mol Sci},<br \/>\r\nkeywords = {},<br \/>\r\npubstate = {published},<br \/>\r\ntppubtype = {article}<br \/>\r\n}<br \/>\r\n<\/pre>\n<\/div>\n<p class=\"tp_close_menu\"><a class=\"tp_close\" onclick=\"teachpress_pub_showhide('134','tp_bibtex')\">Close<\/a><\/p>\n<\/div>\n<div class=\"tp_links\" id=\"tp_links_134\" style=\"display:none;\">\n<div class=\"tp_links_entry\">\n<ul class=\"tp_pub_list\">\n<li><i class=\"fas fa-globe\"><\/i><a class=\"tp_pub_list\" href=\"https:\/\/pubmed.ncbi.nlm.nih.gov\/40004132\/\" title=\"https:\/\/pubmed.ncbi.nlm.nih.gov\/40004132\/\" target=\"_blank\">https:\/\/pubmed.ncbi.nlm.nih.gov\/40004132\/<\/a><\/li>\n<li><i class=\"ai ai-doi\"><\/i><a class=\"tp_pub_list\" href=\"https:\/\/dx.doi.org\/doi: 10.3390\/ijms26041665\" title=\"Follow DOI:doi: 10.3390\/ijms26041665\" target=\"_blank\">doi:doi: 10.3390\/ijms26041665<\/a><\/li>\n<\/ul>\n<\/div>\n<p class=\"tp_close_menu\"><a class=\"tp_close\" onclick=\"teachpress_pub_showhide('134','tp_links')\">Close<\/a><\/p>\n<\/div>\n<\/div>\n<\/div>\n<div class=\"tp_publication tp_publication_article\">\n<div class=\"tp_pub_image_left\"><img name=\"Cardiovascular Disease-Associated Non-Coding Variants Disrupt GATA4-DNA Binding and Regulatory Functions\" src=\"https:\/\/inbre.hpcf.upr.edu\/wp-content\/uploads\/2022\/09\/metabolomics-copy-150x150.png\" width=\"25\" alt=\"Cardiovascular Disease-Associated Non-Coding Variants Disrupt GATA4-DNA Binding and Regulatory Functions\" \/><\/div>\n<div class=\"tp_pub_info\">\n<p class=\"tp_pub_author\"> EG, Pe\u00f1a-Mart\u00ednez;  JL, Messon-Bird;  JM, Rodr\u00edguez-R\u00edos;  R, Vel\u00e1zquez-Roig;  DA, Pomales-Matos;  A, Rivera-Madera;  L, Sanabria-Alberto;  AC, Barreiro-Rosario;  JA, Figueroa-Rosado;  J, Rivera-Del Valle;  NE, Mu\u00f1oz-P\u00e1ez;  EA, Peterson-Peguero;  JA, Rodr\u00edguez-Mart\u00ednez<\/p>\n<p class=\"tp_pub_title\"><a class=\"tp_title_link\" onclick=\"teachpress_pub_showhide('121','tp_links')\" style=\"cursor:pointer;\">Cardiovascular Disease-Associated Non-Coding Variants Disrupt GATA4-DNA Binding and Regulatory Functions<\/a> <\/p>\n<p class=\"tp_pub_additional\"><span class=\"tp_pub_additional_in\">In: <\/span><span class=\"tp_pub_additional_journal\">HGG Adv, <\/span><span class=\"tp_pub_additional_year\">2025<\/span>.<\/p>\n<p class=\"tp_pub_menu\"><span class=\"tp_resource_link\"><a id=\"tp_links_sh_121\" class=\"tp_show\" onclick=\"teachpress_pub_showhide('121','tp_links')\" title=\"Show links and resources\" style=\"cursor:pointer;\">Links<\/a><\/span><\/p>\n<div class=\"tp_bibtex\" id=\"tp_bibtex_121\" style=\"display:none;\">\n<div class=\"tp_bibtex_entry\">\n<pre>@article{nokey,<br \/>\r\ntitle = {Cardiovascular Disease-Associated Non-Coding Variants Disrupt GATA4-DNA Binding and Regulatory Functions},<br \/>\r\nauthor = {Pe\u00f1a-Mart\u00ednez EG and Messon-Bird JL and Rodr\u00edguez-R\u00edos JM and Vel\u00e1zquez-Roig R and Pomales-Matos DA and Rivera-Madera A and Sanabria-Alberto L and Barreiro-Rosario AC and Figueroa-Rosado JA and Rivera-Del Valle J and Mu\u00f1oz-P\u00e1ez NE and Peterson-Peguero EA and Rodr\u00edguez-Mart\u00ednez JA},<br \/>\r\nurl = {https:\/\/pubmed.ncbi.nlm.nih.gov\/39943688\/},<br \/>\r\ndoi = {doi: 10.1016\/j.xhgg.2025.100415},<br \/>\r\nyear  = {2025},<br \/>\r\ndate = {2025-02-02},<br \/>\r\nurldate = {2025-02-02},<br \/>\r\njournal = {HGG Adv},<br \/>\r\nkeywords = {},<br \/>\r\npubstate = {published},<br \/>\r\ntppubtype = {article}<br \/>\r\n}<br \/>\r\n<\/pre>\n<\/div>\n<p class=\"tp_close_menu\"><a class=\"tp_close\" onclick=\"teachpress_pub_showhide('121','tp_bibtex')\">Close<\/a><\/p>\n<\/div>\n<div class=\"tp_links\" id=\"tp_links_121\" style=\"display:none;\">\n<div class=\"tp_links_entry\">\n<ul class=\"tp_pub_list\">\n<li><i class=\"fas fa-globe\"><\/i><a class=\"tp_pub_list\" href=\"https:\/\/pubmed.ncbi.nlm.nih.gov\/39943688\/\" title=\"https:\/\/pubmed.ncbi.nlm.nih.gov\/39943688\/\" target=\"_blank\">https:\/\/pubmed.ncbi.nlm.nih.gov\/39943688\/<\/a><\/li>\n<li><i class=\"ai ai-doi\"><\/i><a class=\"tp_pub_list\" href=\"https:\/\/dx.doi.org\/doi: 10.1016\/j.xhgg.2025.100415\" title=\"Follow DOI:doi: 10.1016\/j.xhgg.2025.100415\" target=\"_blank\">doi:doi: 10.1016\/j.xhgg.2025.100415<\/a><\/li>\n<\/ul>\n<\/div>\n<p class=\"tp_close_menu\"><a class=\"tp_close\" onclick=\"teachpress_pub_showhide('121','tp_links')\">Close<\/a><\/p>\n<\/div>\n<\/div>\n<\/div>\n<div class=\"tp_publication tp_publication_article\">\n<div class=\"tp_pub_image_left\"><img name=\"Oral Microbial Dysbiosis Associated with Alzheimer\u2019s Dementia in Puerto Ricans: A Preliminary Report\" src=\"https:\/\/inbre.hpcf.upr.edu\/wp-content\/uploads\/2022\/11\/neuroscience-150x150.png\" width=\"25\" alt=\"Oral Microbial Dysbiosis Associated with Alzheimer\u2019s Dementia in Puerto Ricans: A Preliminary Report\" \/><\/div>\n<div class=\"tp_pub_info\">\n<p class=\"tp_pub_author\">Herrero\u2010Rivera CA Morales H, Soler\u2010Llompart CM<\/p>\n<p class=\"tp_pub_title\"><a class=\"tp_title_link\" onclick=\"teachpress_pub_showhide('130','tp_links')\" style=\"cursor:pointer;\">Oral Microbial Dysbiosis Associated with Alzheimer\u2019s Dementia in Puerto Ricans: A Preliminary Report<\/a> <\/p>\n<p class=\"tp_pub_additional\"><span class=\"tp_pub_additional_in\">In: <\/span><span class=\"tp_pub_additional_journal\">Alzheimers Dement, <\/span><span class=\"tp_pub_additional_year\">2025<\/span>.<\/p>\n<p class=\"tp_pub_menu\"><span class=\"tp_resource_link\"><a id=\"tp_links_sh_130\" class=\"tp_show\" onclick=\"teachpress_pub_showhide('130','tp_links')\" title=\"Show links and resources\" style=\"cursor:pointer;\">Links<\/a><\/span><\/p>\n<div class=\"tp_bibtex\" id=\"tp_bibtex_130\" style=\"display:none;\">\n<div class=\"tp_bibtex_entry\">\n<pre>@article{nokey,<br \/>\r\ntitle = {Oral Microbial Dysbiosis Associated with Alzheimer\u2019s Dementia in Puerto Ricans: A Preliminary Report},<br \/>\r\nauthor = {Morales H, Herrero\u2010Rivera CA, Soler\u2010Llompart CM, Sala\u2010Morales AC, Olivieri\u2010Henry G, Godoy\u2010Vitorino F, Sepulveda V},<br \/>\r\nurl = {https:\/\/pmc.ncbi.nlm.nih.gov\/articles\/PMC11712838\/},<br \/>\r\ndoi = {doi: 10.1002\/alz.095310},<br \/>\r\nyear  = {2025},<br \/>\r\ndate = {2025-01-09},<br \/>\r\njournal = {Alzheimers Dement},<br \/>\r\nkeywords = {},<br \/>\r\npubstate = {published},<br \/>\r\ntppubtype = {article}<br \/>\r\n}<br \/>\r\n<\/pre>\n<\/div>\n<p class=\"tp_close_menu\"><a class=\"tp_close\" onclick=\"teachpress_pub_showhide('130','tp_bibtex')\">Close<\/a><\/p>\n<\/div>\n<div class=\"tp_links\" id=\"tp_links_130\" style=\"display:none;\">\n<div class=\"tp_links_entry\">\n<ul class=\"tp_pub_list\">\n<li><i class=\"fas fa-globe\"><\/i><a class=\"tp_pub_list\" href=\"https:\/\/pmc.ncbi.nlm.nih.gov\/articles\/PMC11712838\/\" title=\"https:\/\/pmc.ncbi.nlm.nih.gov\/articles\/PMC11712838\/\" target=\"_blank\">https:\/\/pmc.ncbi.nlm.nih.gov\/articles\/PMC11712838\/<\/a><\/li>\n<li><i class=\"ai ai-doi\"><\/i><a class=\"tp_pub_list\" href=\"https:\/\/dx.doi.org\/doi: 10.1002\/alz.095310\" title=\"Follow DOI:doi: 10.1002\/alz.095310\" target=\"_blank\">doi:doi: 10.1002\/alz.095310<\/a><\/li>\n<\/ul>\n<\/div>\n<p class=\"tp_close_menu\"><a class=\"tp_close\" onclick=\"teachpress_pub_showhide('130','tp_links')\">Close<\/a><\/p>\n<\/div>\n<\/div>\n<\/div>\n<div class=\"tp_publication tp_publication_article\">\n<div class=\"tp_pub_image_left\"><img name=\"Role of the Gut Microbiome in Cognitive Health of Puerto Ricans: A Novel Perspective for Understanding Alzheimer\u2019s Disease\" src=\"https:\/\/inbre.hpcf.upr.edu\/wp-content\/uploads\/2022\/11\/neuroscience-150x150.png\" width=\"25\" alt=\"Role of the Gut Microbiome in Cognitive Health of Puerto Ricans: A Novel Perspective for Understanding Alzheimer\u2019s Disease\" \/><\/div>\n<div class=\"tp_pub_info\">\n<p class=\"tp_pub_author\"> Herrero-Rivera, C. A.;  Morales, H.;  Soler-Llompart, C. M.;  Sala-Morales, A. C.;  Olivieri-Henry, G.;  Godoy-Vitorino, F.;  Sepulveda, V.<\/p>\n<p class=\"tp_pub_title\"><a class=\"tp_title_link\" onclick=\"teachpress_pub_showhide('129','tp_links')\" style=\"cursor:pointer;\">Role of the Gut Microbiome in Cognitive Health of Puerto Ricans: A Novel Perspective for Understanding Alzheimer\u2019s Disease<\/a> <\/p>\n<p class=\"tp_pub_additional\"><span class=\"tp_pub_additional_in\">In: <\/span><span class=\"tp_pub_additional_journal\"> Alzheimer's Dement, <\/span><span class=\"tp_pub_additional_year\">2025<\/span>.<\/p>\n<p class=\"tp_pub_menu\"><span class=\"tp_resource_link\"><a id=\"tp_links_sh_129\" class=\"tp_show\" onclick=\"teachpress_pub_showhide('129','tp_links')\" title=\"Show links and resources\" style=\"cursor:pointer;\">Links<\/a><\/span><\/p>\n<div class=\"tp_bibtex\" id=\"tp_bibtex_129\" style=\"display:none;\">\n<div class=\"tp_bibtex_entry\">\n<pre>@article{nokey,<br \/>\r\ntitle = {Role of the Gut Microbiome in Cognitive Health of Puerto Ricans: A Novel Perspective for Understanding Alzheimer\u2019s Disease},<br \/>\r\nauthor = {Herrero-Rivera, C.A. and Morales, H. and Soler-Llompart, C.M. and Sala-Morales, A.C. and Olivieri-Henry, G. and Godoy-Vitorino, F. and Sepulveda, V.},<br \/>\r\nurl = {https:\/\/pmc.ncbi.nlm.nih.gov\/articles\/PMC11713495\/},<br \/>\r\ndoi = {https:\/\/doi.org\/10.1002\/alz.095694},<br \/>\r\nyear  = {2025},<br \/>\r\ndate = {2025-01-09},<br \/>\r\njournal = { Alzheimer's Dement},<br \/>\r\nkeywords = {},<br \/>\r\npubstate = {published},<br \/>\r\ntppubtype = {article}<br \/>\r\n}<br \/>\r\n<\/pre>\n<\/div>\n<p class=\"tp_close_menu\"><a class=\"tp_close\" onclick=\"teachpress_pub_showhide('129','tp_bibtex')\">Close<\/a><\/p>\n<\/div>\n<div class=\"tp_links\" id=\"tp_links_129\" style=\"display:none;\">\n<div class=\"tp_links_entry\">\n<ul class=\"tp_pub_list\">\n<li><i class=\"fas fa-globe\"><\/i><a class=\"tp_pub_list\" href=\"https:\/\/pmc.ncbi.nlm.nih.gov\/articles\/PMC11713495\/\" title=\"https:\/\/pmc.ncbi.nlm.nih.gov\/articles\/PMC11713495\/\" target=\"_blank\">https:\/\/pmc.ncbi.nlm.nih.gov\/articles\/PMC11713495\/<\/a><\/li>\n<li><i class=\"ai ai-doi\"><\/i><a class=\"tp_pub_list\" href=\"https:\/\/dx.doi.org\/https:\/\/doi.org\/10.1002\/alz.095694\" title=\"Follow DOI:https:\/\/doi.org\/10.1002\/alz.095694\" target=\"_blank\">doi:https:\/\/doi.org\/10.1002\/alz.095694<\/a><\/li>\n<\/ul>\n<\/div>\n<p class=\"tp_close_menu\"><a class=\"tp_close\" onclick=\"teachpress_pub_showhide('129','tp_links')\">Close<\/a><\/p>\n<\/div>\n<\/div>\n<\/div>\n<div class=\"tp_publication tp_publication_article\">\n<div class=\"tp_pub_image_left\"><img name=\"Characterization of the gut microbiome of Puerto Ricans with Alzheimer\u2019s disease based on their Apolipoprotein E genotype\" src=\"https:\/\/inbre.hpcf.upr.edu\/wp-content\/uploads\/2022\/11\/neuroscience-150x150.png\" width=\"25\" alt=\"Characterization of the gut microbiome of Puerto Ricans with Alzheimer\u2019s disease based on their Apolipoprotein E genotype\" \/><\/div>\n<div class=\"tp_pub_info\">\n<p class=\"tp_pub_author\"> Olivieri-Henry, G.;  Sepulveda, V.;  Herrero-Rivera, C. A.;  Soler-Llompart, C. M.;  Ruiz-Adames, J. A.; M and Santiago-Berr\u00edos, Sala-Morales;  Morales, H.;  Godoy-Vitorino, F<\/p>\n<p class=\"tp_pub_title\"><a class=\"tp_title_link\" onclick=\"teachpress_pub_showhide('128','tp_links')\" style=\"cursor:pointer;\">Characterization of the gut microbiome of Puerto Ricans with Alzheimer\u2019s disease based on their Apolipoprotein E genotype<\/a> <\/p>\n<p class=\"tp_pub_additional\"><span class=\"tp_pub_additional_in\">In: <\/span><span class=\"tp_pub_additional_journal\">Alzheimer's Dement, <\/span><span class=\"tp_pub_additional_year\">2025<\/span>.<\/p>\n<p class=\"tp_pub_menu\"><span class=\"tp_resource_link\"><a id=\"tp_links_sh_128\" class=\"tp_show\" onclick=\"teachpress_pub_showhide('128','tp_links')\" title=\"Show links and resources\" style=\"cursor:pointer;\">Links<\/a><\/span><\/p>\n<div class=\"tp_bibtex\" id=\"tp_bibtex_128\" style=\"display:none;\">\n<div class=\"tp_bibtex_entry\">\n<pre>@article{nokey,<br \/>\r\ntitle = {Characterization of the gut microbiome of Puerto Ricans with Alzheimer\u2019s disease based on their Apolipoprotein E genotype},<br \/>\r\nauthor = {Olivieri-Henry, G. and Sepulveda, V. and Herrero-Rivera, C.A. and Soler-Llompart, C.M. and Ruiz-Adames, J.A. and Santiago-Berr\u00edos, M and, Sala-Morales, A.C. and Morales, H. and Godoy-Vitorino, F},<br \/>\r\nurl = {https:\/\/pmc.ncbi.nlm.nih.gov\/articles\/PMC11713934\/},<br \/>\r\ndoi = {https:\/\/doi.org\/10.1002\/alz.095590},<br \/>\r\nyear  = {2025},<br \/>\r\ndate = {2025-01-09},<br \/>\r\nurldate = {2025-01-09},<br \/>\r\njournal = {Alzheimer's Dement},<br \/>\r\nkeywords = {},<br \/>\r\npubstate = {published},<br \/>\r\ntppubtype = {article}<br \/>\r\n}<br \/>\r\n<\/pre>\n<\/div>\n<p class=\"tp_close_menu\"><a class=\"tp_close\" onclick=\"teachpress_pub_showhide('128','tp_bibtex')\">Close<\/a><\/p>\n<\/div>\n<div class=\"tp_links\" id=\"tp_links_128\" style=\"display:none;\">\n<div class=\"tp_links_entry\">\n<ul class=\"tp_pub_list\">\n<li><i class=\"fas fa-globe\"><\/i><a class=\"tp_pub_list\" href=\"https:\/\/pmc.ncbi.nlm.nih.gov\/articles\/PMC11713934\/\" title=\"https:\/\/pmc.ncbi.nlm.nih.gov\/articles\/PMC11713934\/\" target=\"_blank\">https:\/\/pmc.ncbi.nlm.nih.gov\/articles\/PMC11713934\/<\/a><\/li>\n<li><i class=\"ai ai-doi\"><\/i><a class=\"tp_pub_list\" href=\"https:\/\/dx.doi.org\/https:\/\/doi.org\/10.1002\/alz.095590\" title=\"Follow DOI:https:\/\/doi.org\/10.1002\/alz.095590\" target=\"_blank\">doi:https:\/\/doi.org\/10.1002\/alz.095590<\/a><\/li>\n<\/ul>\n<\/div>\n<p class=\"tp_close_menu\"><a class=\"tp_close\" onclick=\"teachpress_pub_showhide('128','tp_links')\">Close<\/a><\/p>\n<\/div>\n<\/div>\n<\/div>\n<div class=\"tp_publication tp_publication_article\">\n<div class=\"tp_pub_image_left\"><img name=\"Solutions to expand microbiome sciences in the Caribbean Region: an insider's perspective\" src=\"https:\/\/inbre.hpcf.upr.edu\/wp-content\/uploads\/2022\/09\/metabolomics-copy-150x150.png\" width=\"25\" alt=\"Solutions to expand microbiome sciences in the Caribbean Region: an insider's perspective\" \/><\/div>\n<div class=\"tp_pub_info\">\n<p class=\"tp_pub_author\"> F, Godoy-Vitorino<\/p>\n<p class=\"tp_pub_title\"><a class=\"tp_title_link\" onclick=\"teachpress_pub_showhide('135','tp_links')\" style=\"cursor:pointer;\">Solutions to expand microbiome sciences in the Caribbean Region: an insider's perspective<\/a> <\/p>\n<p class=\"tp_pub_additional\"><span class=\"tp_pub_additional_in\">In: <\/span><span class=\"tp_pub_additional_journal\">Trends Microbiol, <\/span><span class=\"tp_pub_additional_year\">2025<\/span>.<\/p>\n<p class=\"tp_pub_menu\"><span class=\"tp_resource_link\"><a id=\"tp_links_sh_135\" class=\"tp_show\" onclick=\"teachpress_pub_showhide('135','tp_links')\" title=\"Show links and resources\" style=\"cursor:pointer;\">Links<\/a><\/span><\/p>\n<div class=\"tp_bibtex\" id=\"tp_bibtex_135\" style=\"display:none;\">\n<div class=\"tp_bibtex_entry\">\n<pre>@article{nokey,<br \/>\r\ntitle = {Solutions to expand microbiome sciences in the Caribbean Region: an insider's perspective},<br \/>\r\nauthor = {Godoy-Vitorino F},<br \/>\r\nurl = {https:\/\/pubmed.ncbi.nlm.nih.gov\/39788811\/},<br \/>\r\ndoi = {doi: 10.1016\/j.tim.2024.12.005},<br \/>\r\nyear  = {2025},<br \/>\r\ndate = {2025-01-08},<br \/>\r\njournal = {Trends Microbiol},<br \/>\r\nkeywords = {},<br \/>\r\npubstate = {published},<br \/>\r\ntppubtype = {article}<br \/>\r\n}<br \/>\r\n<\/pre>\n<\/div>\n<p class=\"tp_close_menu\"><a class=\"tp_close\" onclick=\"teachpress_pub_showhide('135','tp_bibtex')\">Close<\/a><\/p>\n<\/div>\n<div class=\"tp_links\" id=\"tp_links_135\" style=\"display:none;\">\n<div class=\"tp_links_entry\">\n<ul class=\"tp_pub_list\">\n<li><i class=\"fas fa-globe\"><\/i><a class=\"tp_pub_list\" href=\"https:\/\/pubmed.ncbi.nlm.nih.gov\/39788811\/\" title=\"https:\/\/pubmed.ncbi.nlm.nih.gov\/39788811\/\" target=\"_blank\">https:\/\/pubmed.ncbi.nlm.nih.gov\/39788811\/<\/a><\/li>\n<li><i class=\"ai ai-doi\"><\/i><a class=\"tp_pub_list\" href=\"https:\/\/dx.doi.org\/doi: 10.1016\/j.tim.2024.12.005\" title=\"Follow DOI:doi: 10.1016\/j.tim.2024.12.005\" target=\"_blank\">doi:doi: 10.1016\/j.tim.2024.12.005<\/a><\/li>\n<\/ul>\n<\/div>\n<p class=\"tp_close_menu\"><a class=\"tp_close\" onclick=\"teachpress_pub_showhide('135','tp_links')\">Close<\/a><\/p>\n<\/div>\n<\/div>\n<\/div>\n<div class=\"tp_publication tp_publication_article\">\n<div class=\"tp_pub_image_left\"><img name=\" Astrocytic HIV-1 Nef Expression Decreases Glutamate Transporter Expression in the Nucleus Accumbens and Increases Cocaine-Seeking Behavior in Rats\" src=\"https:\/\/inbre.hpcf.upr.edu\/wp-content\/uploads\/2022\/09\/genomics-150x150.png\" width=\"25\" alt=\" Astrocytic HIV-1 Nef Expression Decreases Glutamate Transporter Expression in the Nucleus Accumbens and Increases Cocaine-Seeking Behavior in Rats\" \/><\/div>\n<div class=\"tp_pub_info\">\n<p class=\"tp_pub_author\"> J, Pla-Tenorio;  B, Velazquez-Perez;  Y, Mendez-Borrero;  ML, Cruz;  MT, Sepulveda-Orengo;  Jr., Noel RJ<\/p>\n<p class=\"tp_pub_title\"><a class=\"tp_title_link\" onclick=\"teachpress_pub_showhide('125','tp_links')\" style=\"cursor:pointer;\"> Astrocytic HIV-1 Nef Expression Decreases Glutamate Transporter Expression in the Nucleus Accumbens and Increases Cocaine-Seeking Behavior in Rats<\/a> <\/p>\n<p class=\"tp_pub_additional\"><span class=\"tp_pub_additional_in\">In: <\/span><span class=\"tp_pub_additional_journal\">Pharmaceuticals (Basel), <\/span><span class=\"tp_pub_additional_year\">2025<\/span>.<\/p>\n<p class=\"tp_pub_menu\"><span class=\"tp_resource_link\"><a id=\"tp_links_sh_125\" class=\"tp_show\" onclick=\"teachpress_pub_showhide('125','tp_links')\" title=\"Show links and resources\" style=\"cursor:pointer;\">Links<\/a><\/span><\/p>\n<div class=\"tp_bibtex\" id=\"tp_bibtex_125\" style=\"display:none;\">\n<div class=\"tp_bibtex_entry\">\n<pre>@article{nokey,<br \/>\r\ntitle = { Astrocytic HIV-1 Nef Expression Decreases Glutamate Transporter Expression in the Nucleus Accumbens and Increases Cocaine-Seeking Behavior in Rats},<br \/>\r\nauthor = {Pla-Tenorio J and Velazquez-Perez B and Mendez-Borrero Y and Cruz ML and Sepulveda-Orengo MT and Noel RJ Jr.},<br \/>\r\nurl = {https:\/\/pubmed.ncbi.nlm.nih.gov\/39861103\/},<br \/>\r\ndoi = {doi: 10.3390\/ph18010040},<br \/>\r\nyear  = {2025},<br \/>\r\ndate = {2025-01-01},<br \/>\r\njournal = {Pharmaceuticals (Basel)},<br \/>\r\nkeywords = {},<br \/>\r\npubstate = {published},<br \/>\r\ntppubtype = {article}<br \/>\r\n}<br \/>\r\n<\/pre>\n<\/div>\n<p class=\"tp_close_menu\"><a class=\"tp_close\" onclick=\"teachpress_pub_showhide('125','tp_bibtex')\">Close<\/a><\/p>\n<\/div>\n<div class=\"tp_links\" id=\"tp_links_125\" style=\"display:none;\">\n<div class=\"tp_links_entry\">\n<ul class=\"tp_pub_list\">\n<li><i class=\"fas fa-globe\"><\/i><a class=\"tp_pub_list\" href=\"https:\/\/pubmed.ncbi.nlm.nih.gov\/39861103\/\" title=\"https:\/\/pubmed.ncbi.nlm.nih.gov\/39861103\/\" target=\"_blank\">https:\/\/pubmed.ncbi.nlm.nih.gov\/39861103\/<\/a><\/li>\n<li><i class=\"ai ai-doi\"><\/i><a class=\"tp_pub_list\" href=\"https:\/\/dx.doi.org\/doi: 10.3390\/ph18010040\" title=\"Follow DOI:doi: 10.3390\/ph18010040\" target=\"_blank\">doi:doi: 10.3390\/ph18010040<\/a><\/li>\n<\/ul>\n<\/div>\n<p class=\"tp_close_menu\"><a class=\"tp_close\" onclick=\"teachpress_pub_showhide('125','tp_links')\">Close<\/a><\/p>\n<\/div>\n<\/div>\n<\/div>\n<h3 class=\"tp_h3\" id=\"tp_h3_2024\">2024<\/h3>\n<div class=\"tp_publication tp_publication_article\">\n<div class=\"tp_pub_image_left\"><img name=\" Effects of temperature and size class on the gut digesta microbiota of the sea urchin Tripneustes ventricosus\" src=\"https:\/\/inbre.hpcf.upr.edu\/wp-content\/uploads\/2022\/09\/metabolomics-copy-150x150.png\" width=\"25\" alt=\" Effects of temperature and size class on the gut digesta microbiota of the sea urchin Tripneustes ventricosus\" \/><\/div>\n<div class=\"tp_pub_info\">\n<p class=\"tp_pub_author\"> R, Rodr\u00edguez-Barreras;  EL, Tosado-Rodr\u00edguez;  A, Dominicci-Maura;  F, Godoy-Vitorino<\/p>\n<p class=\"tp_pub_title\"><a class=\"tp_title_link\" onclick=\"teachpress_pub_showhide('123','tp_links')\" style=\"cursor:pointer;\"> Effects of temperature and size class on the gut digesta microbiota of the sea urchin Tripneustes ventricosus<\/a> <\/p>\n<p class=\"tp_pub_additional\"><span class=\"tp_pub_additional_in\">In: <\/span><span class=\"tp_pub_additional_journal\">PeerJ, <\/span><span class=\"tp_pub_additional_year\">2024<\/span>.<\/p>\n<p class=\"tp_pub_menu\"><span class=\"tp_resource_link\"><a id=\"tp_links_sh_123\" class=\"tp_show\" onclick=\"teachpress_pub_showhide('123','tp_links')\" title=\"Show links and resources\" style=\"cursor:pointer;\">Links<\/a><\/span><\/p>\n<div class=\"tp_bibtex\" id=\"tp_bibtex_123\" style=\"display:none;\">\n<div class=\"tp_bibtex_entry\">\n<pre>@article{nokey,<br \/>\r\ntitle = { Effects of temperature and size class on the gut digesta microbiota of the sea urchin Tripneustes ventricosus},<br \/>\r\nauthor = {Rodr\u00edguez-Barreras R and Tosado-Rodr\u00edguez EL and Dominicci-Maura A and Godoy-Vitorino F},<br \/>\r\nurl = {https:\/\/pubmed.ncbi.nlm.nih.gov\/39619195\/},<br \/>\r\ndoi = {doi: 10.7717\/peerj.18298},<br \/>\r\nyear  = {2024},<br \/>\r\ndate = {2024-11-28},<br \/>\r\njournal = {PeerJ},<br \/>\r\nkeywords = {},<br \/>\r\npubstate = {published},<br \/>\r\ntppubtype = {article}<br \/>\r\n}<br \/>\r\n<\/pre>\n<\/div>\n<p class=\"tp_close_menu\"><a class=\"tp_close\" onclick=\"teachpress_pub_showhide('123','tp_bibtex')\">Close<\/a><\/p>\n<\/div>\n<div class=\"tp_links\" id=\"tp_links_123\" style=\"display:none;\">\n<div class=\"tp_links_entry\">\n<ul class=\"tp_pub_list\">\n<li><i class=\"fas fa-globe\"><\/i><a class=\"tp_pub_list\" href=\"https:\/\/pubmed.ncbi.nlm.nih.gov\/39619195\/\" title=\"https:\/\/pubmed.ncbi.nlm.nih.gov\/39619195\/\" target=\"_blank\">https:\/\/pubmed.ncbi.nlm.nih.gov\/39619195\/<\/a><\/li>\n<li><i class=\"ai ai-doi\"><\/i><a class=\"tp_pub_list\" href=\"https:\/\/dx.doi.org\/doi: 10.7717\/peerj.18298\" title=\"Follow DOI:doi: 10.7717\/peerj.18298\" target=\"_blank\">doi:doi: 10.7717\/peerj.18298<\/a><\/li>\n<\/ul>\n<\/div>\n<p class=\"tp_close_menu\"><a class=\"tp_close\" onclick=\"teachpress_pub_showhide('123','tp_links')\">Close<\/a><\/p>\n<\/div>\n<\/div>\n<\/div>\n<div class=\"tp_publication tp_publication_article\">\n<div class=\"tp_pub_image_left\"><img name=\"Threshold of defensive response in Apis mellifera (honey bees) and subsequent brain gene expression in reaction to noxious stimuli\" src=\"https:\/\/inbre.hpcf.upr.edu\/wp-content\/uploads\/2022\/11\/neuroscience-150x150.png\" width=\"25\" alt=\"Threshold of defensive response in Apis mellifera (honey bees) and subsequent brain gene expression in reaction to noxious stimuli\" \/><\/div>\n<div class=\"tp_pub_info\">\n<p class=\"tp_pub_author\"> JP, Acevedo-Gonzalez;  A, Galindo-Cardona;  NL, Fuenzalida-Uribe;  Y, Ortiz-Alvarado;  A, Ghezzi;  T, Giray<\/p>\n<p class=\"tp_pub_title\"><a class=\"tp_title_link\" onclick=\"teachpress_pub_showhide('122','tp_links')\" style=\"cursor:pointer;\">Threshold of defensive response in Apis mellifera (honey bees) and subsequent brain gene expression in reaction to noxious stimuli<\/a> <\/p>\n<p class=\"tp_pub_additional\"><span class=\"tp_pub_additional_in\">In: <\/span><span class=\"tp_pub_additional_journal\">Entomologia Experimentalis et Applicata, <\/span><span class=\"tp_pub_additional_year\">2024<\/span>.<\/p>\n<p class=\"tp_pub_menu\"><span class=\"tp_resource_link\"><a id=\"tp_links_sh_122\" class=\"tp_show\" onclick=\"teachpress_pub_showhide('122','tp_links')\" title=\"Show links and resources\" style=\"cursor:pointer;\">Links<\/a><\/span><\/p>\n<div class=\"tp_bibtex\" id=\"tp_bibtex_122\" style=\"display:none;\">\n<div class=\"tp_bibtex_entry\">\n<pre>@article{nokey,<br \/>\r\ntitle = {Threshold of defensive response in Apis mellifera (honey bees) and subsequent brain gene expression in reaction to noxious stimuli},<br \/>\r\nauthor = {Acevedo-Gonzalez JP and Galindo-Cardona A and Fuenzalida-Uribe NL and Ortiz-Alvarado Y and Ghezzi A and Giray T},<br \/>\r\nurl = {https:\/\/onlinelibrary.wiley.com\/doi\/10.1111\/eea.13529},<br \/>\r\ndoi = {https:\/\/doi.org\/10.1111\/eea.13529},<br \/>\r\nyear  = {2024},<br \/>\r\ndate = {2024-11-21},<br \/>\r\njournal = {Entomologia Experimentalis et Applicata},<br \/>\r\nkeywords = {},<br \/>\r\npubstate = {published},<br \/>\r\ntppubtype = {article}<br \/>\r\n}<br \/>\r\n<\/pre>\n<\/div>\n<p class=\"tp_close_menu\"><a class=\"tp_close\" onclick=\"teachpress_pub_showhide('122','tp_bibtex')\">Close<\/a><\/p>\n<\/div>\n<div class=\"tp_links\" id=\"tp_links_122\" style=\"display:none;\">\n<div class=\"tp_links_entry\">\n<ul class=\"tp_pub_list\">\n<li><i class=\"fas fa-globe\"><\/i><a class=\"tp_pub_list\" href=\"https:\/\/onlinelibrary.wiley.com\/doi\/10.1111\/eea.13529\" title=\"https:\/\/onlinelibrary.wiley.com\/doi\/10.1111\/eea.13529\" target=\"_blank\">https:\/\/onlinelibrary.wiley.com\/doi\/10.1111\/eea.13529<\/a><\/li>\n<li><i class=\"ai ai-doi\"><\/i><a class=\"tp_pub_list\" href=\"https:\/\/dx.doi.org\/https:\/\/doi.org\/10.1111\/eea.13529\" title=\"Follow DOI:https:\/\/doi.org\/10.1111\/eea.13529\" target=\"_blank\">doi:https:\/\/doi.org\/10.1111\/eea.13529<\/a><\/li>\n<\/ul>\n<\/div>\n<p class=\"tp_close_menu\"><a class=\"tp_close\" onclick=\"teachpress_pub_showhide('122','tp_links')\">Close<\/a><\/p>\n<\/div>\n<\/div>\n<\/div>\n<div class=\"tp_publication tp_publication_article\">\n<div class=\"tp_pub_image_left\"><img name=\"Neuroprotection and activation of anti-inflammatory and plasticity mechanisms by PLC-\u03b2 inhibition after cholinergic hyperstimulation in hippocampal slices and microglial cells\" src=\"https:\/\/inbre.hpcf.upr.edu\/wp-content\/uploads\/2022\/11\/neuroscience-150x150.png\" width=\"25\" alt=\"Neuroprotection and activation of anti-inflammatory and plasticity mechanisms by PLC-\u03b2 inhibition after cholinergic hyperstimulation in hippocampal slices and microglial cells\" \/><\/div>\n<div class=\"tp_pub_info\">\n<p class=\"tp_pub_author\"> P\u00e9rez-Caraballo, Daraishka<\/p>\n<p class=\"tp_pub_title\"><a class=\"tp_title_link\" onclick=\"teachpress_pub_showhide('127','tp_links')\" style=\"cursor:pointer;\">Neuroprotection and activation of anti-inflammatory and plasticity mechanisms by PLC-\u03b2 inhibition after cholinergic hyperstimulation in hippocampal slices and microglial cells<\/a> <\/p>\n<p class=\"tp_pub_additional\"><span class=\"tp_pub_additional_in\">In: <\/span><span class=\"tp_pub_additional_journal\">IBRO Neuroscience Reports, <\/span><span class=\"tp_pub_additional_year\">2024<\/span>.<\/p>\n<p class=\"tp_pub_menu\"><span class=\"tp_resource_link\"><a id=\"tp_links_sh_127\" class=\"tp_show\" onclick=\"teachpress_pub_showhide('127','tp_links')\" title=\"Show links and resources\" style=\"cursor:pointer;\">Links<\/a><\/span><\/p>\n<div class=\"tp_bibtex\" id=\"tp_bibtex_127\" style=\"display:none;\">\n<div class=\"tp_bibtex_entry\">\n<pre>@article{nokey,<br \/>\r\ntitle = {Neuroprotection and activation of anti-inflammatory and plasticity mechanisms by PLC-\u03b2 inhibition after cholinergic hyperstimulation in hippocampal slices and microglial cells},<br \/>\r\nauthor = {Daraishka P\u00e9rez-Caraballo},<br \/>\r\nurl = {https:\/\/www.ibroneuroreports.org\/article\/S2667-2421(24)00104-0\/fulltext},<br \/>\r\ndoi = {https:\/\/doi.org\/10.1016\/j.ibneur},<br \/>\r\nyear  = {2024},<br \/>\r\ndate = {2024-11-20},<br \/>\r\njournal = {IBRO Neuroscience Reports},<br \/>\r\nkeywords = {},<br \/>\r\npubstate = {published},<br \/>\r\ntppubtype = {article}<br \/>\r\n}<br \/>\r\n<\/pre>\n<\/div>\n<p class=\"tp_close_menu\"><a class=\"tp_close\" onclick=\"teachpress_pub_showhide('127','tp_bibtex')\">Close<\/a><\/p>\n<\/div>\n<div class=\"tp_links\" id=\"tp_links_127\" style=\"display:none;\">\n<div class=\"tp_links_entry\">\n<ul class=\"tp_pub_list\">\n<li><i class=\"fas fa-globe\"><\/i><a class=\"tp_pub_list\" href=\"https:\/\/www.ibroneuroreports.org\/article\/S2667-2421(24)00104-0\/fulltext\" title=\"https:\/\/www.ibroneuroreports.org\/article\/S2667-2421(24)00104-0\/fulltext\" target=\"_blank\">https:\/\/www.ibroneuroreports.org\/article\/S2667-2421(24)00104-0\/fulltext<\/a><\/li>\n<li><i class=\"ai ai-doi\"><\/i><a class=\"tp_pub_list\" href=\"https:\/\/dx.doi.org\/https:\/\/doi.org\/10.1016\/j.ibneur\" title=\"Follow DOI:https:\/\/doi.org\/10.1016\/j.ibneur\" target=\"_blank\">doi:https:\/\/doi.org\/10.1016\/j.ibneur<\/a><\/li>\n<\/ul>\n<\/div>\n<p class=\"tp_close_menu\"><a class=\"tp_close\" onclick=\"teachpress_pub_showhide('127','tp_links')\">Close<\/a><\/p>\n<\/div>\n<\/div>\n<\/div>\n<div class=\"tp_publication tp_publication_article\">\n<div class=\"tp_pub_image_left\"><img name=\"Astrocytic HIV-1 Nef expression decreases glutamate transporter expression in the nucleus accumbens and increases cocaine-seeking behavior in rats\" src=\"https:\/\/inbre.hpcf.upr.edu\/wp-content\/uploads\/2022\/09\/metabolomics-copy-150x150.png\" width=\"25\" alt=\"Astrocytic HIV-1 Nef expression decreases glutamate transporter expression in the nucleus accumbens and increases cocaine-seeking behavior in rats\" \/><\/div>\n<div class=\"tp_pub_info\">\n<p class=\"tp_pub_author\"> J, Pla-Tenorio;  B, Velazquez-Perez;  Y, Mendez-Borrero;  M, Cruz-Rentas;  M, Sepulveda-Orengo;  Jr, Noel RJ<\/p>\n<p class=\"tp_pub_title\"><a class=\"tp_title_link\" onclick=\"teachpress_pub_showhide('119','tp_links')\" style=\"cursor:pointer;\">Astrocytic HIV-1 Nef expression decreases glutamate transporter expression in the nucleus accumbens and increases cocaine-seeking behavior in rats<\/a> <\/p>\n<p class=\"tp_pub_additional\"><span class=\"tp_pub_additional_in\">In: <\/span><span class=\"tp_pub_additional_journal\">bioRxiv [Preprint], <\/span><span class=\"tp_pub_additional_year\">2024<\/span>.<\/p>\n<p class=\"tp_pub_menu\"><span class=\"tp_resource_link\"><a id=\"tp_links_sh_119\" class=\"tp_show\" onclick=\"teachpress_pub_showhide('119','tp_links')\" title=\"Show links and resources\" style=\"cursor:pointer;\">Links<\/a><\/span><\/p>\n<div class=\"tp_bibtex\" id=\"tp_bibtex_119\" style=\"display:none;\">\n<div class=\"tp_bibtex_entry\">\n<pre>@article{nokey,<br \/>\r\ntitle = {Astrocytic HIV-1 Nef expression decreases glutamate transporter expression in the nucleus accumbens and increases cocaine-seeking behavior in rats},<br \/>\r\nauthor = {Pla-Tenorio J and Velazquez-Perez B and Mendez-Borrero Y and Cruz-Rentas M and Sepulveda-Orengo M and Noel RJ Jr},<br \/>\r\nurl = {https:\/\/pubmed.ncbi.nlm.nih.gov\/39416088\/},<br \/>\r\ndoi = {doi: 10.1101\/2024.10.10.617598},<br \/>\r\nyear  = {2024},<br \/>\r\ndate = {2024-10-12},<br \/>\r\njournal = {bioRxiv [Preprint]},<br \/>\r\nkeywords = {},<br \/>\r\npubstate = {published},<br \/>\r\ntppubtype = {article}<br \/>\r\n}<br \/>\r\n<\/pre>\n<\/div>\n<p class=\"tp_close_menu\"><a class=\"tp_close\" onclick=\"teachpress_pub_showhide('119','tp_bibtex')\">Close<\/a><\/p>\n<\/div>\n<div class=\"tp_links\" id=\"tp_links_119\" style=\"display:none;\">\n<div class=\"tp_links_entry\">\n<ul class=\"tp_pub_list\">\n<li><i class=\"fas fa-globe\"><\/i><a class=\"tp_pub_list\" href=\"https:\/\/pubmed.ncbi.nlm.nih.gov\/39416088\/\" title=\"https:\/\/pubmed.ncbi.nlm.nih.gov\/39416088\/\" target=\"_blank\">https:\/\/pubmed.ncbi.nlm.nih.gov\/39416088\/<\/a><\/li>\n<li><i class=\"ai ai-doi\"><\/i><a class=\"tp_pub_list\" href=\"https:\/\/dx.doi.org\/doi: 10.1101\/2024.10.10.617598\" title=\"Follow DOI:doi: 10.1101\/2024.10.10.617598\" target=\"_blank\">doi:doi: 10.1101\/2024.10.10.617598<\/a><\/li>\n<\/ul>\n<\/div>\n<p class=\"tp_close_menu\"><a class=\"tp_close\" onclick=\"teachpress_pub_showhide('119','tp_links')\">Close<\/a><\/p>\n<\/div>\n<\/div>\n<\/div>\n<div class=\"tp_publication tp_publication_article\">\n<div class=\"tp_pub_image_left\"><img name=\"Deferasirox's Anti-Chemoresistance and Anti-Metastatic Effect on Non-Small Cell Lung Carcinoma\" src=\"https:\/\/inbre.hpcf.upr.edu\/wp-content\/uploads\/2022\/09\/genomics-150x150.png\" width=\"25\" alt=\"Deferasirox's Anti-Chemoresistance and Anti-Metastatic Effect on Non-Small Cell Lung Carcinoma\" \/><\/div>\n<div class=\"tp_pub_info\">\n<p class=\"tp_pub_author\"> Y, Delgado;  A, Torres-Sanchez;  D, Perez;  G, Torres;  S, Estrada;  N, Ortiz Alvelo;  J, Vega;  L, Santos;  A, Torres;  BA, Madera;  Y, Ferrer-Acosta<\/p>\n<p class=\"tp_pub_title\"><a class=\"tp_title_link\" onclick=\"teachpress_pub_showhide('132','tp_links')\" style=\"cursor:pointer;\">Deferasirox's Anti-Chemoresistance and Anti-Metastatic Effect on Non-Small Cell Lung Carcinoma<\/a> <\/p>\n<p class=\"tp_pub_additional\"><span class=\"tp_pub_additional_in\">In: <\/span><span class=\"tp_pub_additional_journal\"> Biomedicines, <\/span><span class=\"tp_pub_additional_year\">2024<\/span>.<\/p>\n<p class=\"tp_pub_menu\"><span class=\"tp_resource_link\"><a id=\"tp_links_sh_132\" class=\"tp_show\" onclick=\"teachpress_pub_showhide('132','tp_links')\" title=\"Show links and resources\" style=\"cursor:pointer;\">Links<\/a><\/span><\/p>\n<div class=\"tp_bibtex\" id=\"tp_bibtex_132\" style=\"display:none;\">\n<div class=\"tp_bibtex_entry\">\n<pre>@article{nokey,<br \/>\r\ntitle = {Deferasirox's Anti-Chemoresistance and Anti-Metastatic Effect on Non-Small Cell Lung Carcinoma},<br \/>\r\nauthor = {Delgado Y and Torres-Sanchez A and Perez D and Torres G and Estrada S and Ortiz Alvelo N and Vega J and Santos L and Torres A and Madera BA and Ferrer-Acosta Y},<br \/>\r\nurl = {https:\/\/pubmed.ncbi.nlm.nih.gov\/39457585\/},<br \/>\r\ndoi = {doi: 10.3390\/biomedicines12102272},<br \/>\r\nyear  = {2024},<br \/>\r\ndate = {2024-10-07},<br \/>\r\njournal = { Biomedicines},<br \/>\r\nkeywords = {},<br \/>\r\npubstate = {published},<br \/>\r\ntppubtype = {article}<br \/>\r\n}<br \/>\r\n<\/pre>\n<\/div>\n<p class=\"tp_close_menu\"><a class=\"tp_close\" onclick=\"teachpress_pub_showhide('132','tp_bibtex')\">Close<\/a><\/p>\n<\/div>\n<div class=\"tp_links\" id=\"tp_links_132\" style=\"display:none;\">\n<div class=\"tp_links_entry\">\n<ul class=\"tp_pub_list\">\n<li><i class=\"fas fa-globe\"><\/i><a class=\"tp_pub_list\" href=\"https:\/\/pubmed.ncbi.nlm.nih.gov\/39457585\/\" title=\"https:\/\/pubmed.ncbi.nlm.nih.gov\/39457585\/\" target=\"_blank\">https:\/\/pubmed.ncbi.nlm.nih.gov\/39457585\/<\/a><\/li>\n<li><i class=\"ai ai-doi\"><\/i><a class=\"tp_pub_list\" href=\"https:\/\/dx.doi.org\/doi: 10.3390\/biomedicines12102272\" title=\"Follow DOI:doi: 10.3390\/biomedicines12102272\" target=\"_blank\">doi:doi: 10.3390\/biomedicines12102272<\/a><\/li>\n<\/ul>\n<\/div>\n<p class=\"tp_close_menu\"><a class=\"tp_close\" onclick=\"teachpress_pub_showhide('132','tp_links')\">Close<\/a><\/p>\n<\/div>\n<\/div>\n<\/div>\n<div class=\"tp_publication tp_publication_article\">\n<div class=\"tp_pub_image_left\"><img name=\"Sex-specific effects of chronic stress prior to cocaine exposure on cue- vs drug-induced relapse after prolonged abstinence\" src=\"https:\/\/inbre.hpcf.upr.edu\/wp-content\/uploads\/2022\/09\/genomics-150x150.png\" width=\"25\" alt=\"Sex-specific effects of chronic stress prior to cocaine exposure on cue- vs drug-induced relapse after prolonged abstinence\" \/><\/div>\n<div class=\"tp_pub_info\">\n<p class=\"tp_pub_author\"> RJ, Morales-Silva;  Y, Perez-Perez;  J, Alvarado-Torres;  N, Rivera-Aviles;  G, Rodriguez-Torres;  U, Gelpi-Dominguez;  B, Dominguez-Padovani;  A, Amador-Maldonado;  MT, Sepulveda-Orengo<\/p>\n<p class=\"tp_pub_title\"><a class=\"tp_title_link\" onclick=\"teachpress_pub_showhide('126','tp_links')\" style=\"cursor:pointer;\">Sex-specific effects of chronic stress prior to cocaine exposure on cue- vs drug-induced relapse after prolonged abstinence<\/a> <\/p>\n<p class=\"tp_pub_additional\"><span class=\"tp_pub_additional_in\">In: <\/span><span class=\"tp_pub_additional_journal\">Behav Brain Res, <\/span><span class=\"tp_pub_additional_year\">2024<\/span>.<\/p>\n<p class=\"tp_pub_menu\"><span class=\"tp_resource_link\"><a id=\"tp_links_sh_126\" class=\"tp_show\" onclick=\"teachpress_pub_showhide('126','tp_links')\" title=\"Show links and resources\" style=\"cursor:pointer;\">Links<\/a><\/span><\/p>\n<div class=\"tp_bibtex\" id=\"tp_bibtex_126\" style=\"display:none;\">\n<div class=\"tp_bibtex_entry\">\n<pre>@article{nokey,<br \/>\r\ntitle = {Sex-specific effects of chronic stress prior to cocaine exposure on cue- vs drug-induced relapse after prolonged abstinence},<br \/>\r\nauthor = {Morales-Silva RJ and Perez-Perez Y and Alvarado-Torres J and Rivera-Aviles N and Rodriguez-Torres G and Gelpi-Dominguez U and Dominguez-Padovani B and Amador-Maldonado A and Sepulveda-Orengo MT},<br \/>\r\nurl = {https:\/\/pubmed.ncbi.nlm.nih.gov\/39128627\/},<br \/>\r\ndoi = {doi: 10.1016\/j.bbr.2024.115197},<br \/>\r\nyear  = {2024},<br \/>\r\ndate = {2024-10-02},<br \/>\r\njournal = {Behav Brain Res},<br \/>\r\nkeywords = {},<br \/>\r\npubstate = {published},<br \/>\r\ntppubtype = {article}<br \/>\r\n}<br \/>\r\n<\/pre>\n<\/div>\n<p class=\"tp_close_menu\"><a class=\"tp_close\" onclick=\"teachpress_pub_showhide('126','tp_bibtex')\">Close<\/a><\/p>\n<\/div>\n<div class=\"tp_links\" id=\"tp_links_126\" style=\"display:none;\">\n<div class=\"tp_links_entry\">\n<ul class=\"tp_pub_list\">\n<li><i class=\"fas fa-globe\"><\/i><a class=\"tp_pub_list\" href=\"https:\/\/pubmed.ncbi.nlm.nih.gov\/39128627\/\" title=\"https:\/\/pubmed.ncbi.nlm.nih.gov\/39128627\/\" target=\"_blank\">https:\/\/pubmed.ncbi.nlm.nih.gov\/39128627\/<\/a><\/li>\n<li><i class=\"ai ai-doi\"><\/i><a class=\"tp_pub_list\" href=\"https:\/\/dx.doi.org\/doi: 10.1016\/j.bbr.2024.115197\" title=\"Follow DOI:doi: 10.1016\/j.bbr.2024.115197\" target=\"_blank\">doi:doi: 10.1016\/j.bbr.2024.115197<\/a><\/li>\n<\/ul>\n<\/div>\n<p class=\"tp_close_menu\"><a class=\"tp_close\" onclick=\"teachpress_pub_showhide('126','tp_links')\">Close<\/a><\/p>\n<\/div>\n<\/div>\n<\/div>\n<div class=\"tp_publication tp_publication_article\">\n<div class=\"tp_pub_image_left\"><img name=\"HL-60 cells as a valuable model to study LPS-induced neutrophil extracellular traps release\" src=\"https:\/\/inbre.hpcf.upr.edu\/wp-content\/uploads\/2022\/09\/genomics-150x150.png\" width=\"25\" alt=\"HL-60 cells as a valuable model to study LPS-induced neutrophil extracellular traps release\" \/><\/div>\n<div class=\"tp_pub_info\">\n<p class=\"tp_pub_author\"> SJ, Malavez-Cajigas;  FI, Marini-Martinez;  M, Lacourt-Ventura;  KJ, Rosario-Pacheco;  NM, Ortiz-Perez;  B, Velazquez-Perez;  W, De Jes\u00fas-Rojas;  DS, Chertow;  JR, Strich;  MJ, Ramos-Ben\u00edtez<\/p>\n<p class=\"tp_pub_title\"><a class=\"tp_title_link\" onclick=\"teachpress_pub_showhide('124','tp_links')\" style=\"cursor:pointer;\">HL-60 cells as a valuable model to study LPS-induced neutrophil extracellular traps release<\/a> <\/p>\n<p class=\"tp_pub_additional\"><span class=\"tp_pub_additional_in\">In: <\/span><span class=\"tp_pub_additional_journal\">Heliyon, <\/span><span class=\"tp_pub_additional_year\">2024<\/span>.<\/p>\n<p class=\"tp_pub_menu\"><span class=\"tp_resource_link\"><a id=\"tp_links_sh_124\" class=\"tp_show\" onclick=\"teachpress_pub_showhide('124','tp_links')\" title=\"Show links and resources\" style=\"cursor:pointer;\">Links<\/a><\/span><\/p>\n<div class=\"tp_bibtex\" id=\"tp_bibtex_124\" style=\"display:none;\">\n<div class=\"tp_bibtex_entry\">\n<pre>@article{nokey,<br \/>\r\ntitle = {HL-60 cells as a valuable model to study LPS-induced neutrophil extracellular traps release},<br \/>\r\nauthor = {Malavez-Cajigas SJ and Marini-Martinez FI and Lacourt-Ventura M and Rosario-Pacheco KJ and Ortiz-Perez NM and Velazquez-Perez B and De Jes\u00fas-Rojas W and Chertow DS and Strich JR and Ramos-Ben\u00edtez MJ},<br \/>\r\nurl = {https:\/\/pubmed.ncbi.nlm.nih.gov\/39262993\/},<br \/>\r\ndoi = {doi: 10.1016\/j.heliyon.2024.e36386},<br \/>\r\nyear  = {2024},<br \/>\r\ndate = {2024-08-24},<br \/>\r\njournal = {Heliyon},<br \/>\r\nkeywords = {},<br \/>\r\npubstate = {published},<br \/>\r\ntppubtype = {article}<br \/>\r\n}<br \/>\r\n<\/pre>\n<\/div>\n<p class=\"tp_close_menu\"><a class=\"tp_close\" onclick=\"teachpress_pub_showhide('124','tp_bibtex')\">Close<\/a><\/p>\n<\/div>\n<div class=\"tp_links\" id=\"tp_links_124\" style=\"display:none;\">\n<div class=\"tp_links_entry\">\n<ul class=\"tp_pub_list\">\n<li><i class=\"fas fa-globe\"><\/i><a class=\"tp_pub_list\" href=\"https:\/\/pubmed.ncbi.nlm.nih.gov\/39262993\/\" title=\"https:\/\/pubmed.ncbi.nlm.nih.gov\/39262993\/\" target=\"_blank\">https:\/\/pubmed.ncbi.nlm.nih.gov\/39262993\/<\/a><\/li>\n<li><i class=\"ai ai-doi\"><\/i><a class=\"tp_pub_list\" href=\"https:\/\/dx.doi.org\/doi: 10.1016\/j.heliyon.2024.e36386\" title=\"Follow DOI:doi: 10.1016\/j.heliyon.2024.e36386\" target=\"_blank\">doi:doi: 10.1016\/j.heliyon.2024.e36386<\/a><\/li>\n<\/ul>\n<\/div>\n<p class=\"tp_close_menu\"><a class=\"tp_close\" onclick=\"teachpress_pub_showhide('124','tp_links')\">Close<\/a><\/p>\n<\/div>\n<\/div>\n<\/div>\n<div class=\"tp_publication tp_publication_article\">\n<div class=\"tp_pub_image_left\"><img name=\" Analysis of Sigma-1 Receptor Antagonist BD1047 Effect on Upregulating Proteins in HIV-1-Infected Macrophages Exposed to Cocaine Using Quantitative Proteomics\" src=\"https:\/\/inbre.hpcf.upr.edu\/wp-content\/uploads\/2022\/09\/genomics-150x150.png\" width=\"25\" alt=\" Analysis of Sigma-1 Receptor Antagonist BD1047 Effect on Upregulating Proteins in HIV-1-Infected Macrophages Exposed to Cocaine Using Quantitative Proteomics\" \/><\/div>\n<div class=\"tp_pub_info\">\n<p class=\"tp_pub_author\"> O, V\u00e9lez-L\u00f3pez;  K, Carrasquillo-Carri\u00f3n;  YM, Cantres-Rosario;  E, Mach\u00edn-Mart\u00ednez;  ME, \u00c1lvarez-R\u00edos;  A, Roche-Lima;  EL, Tosado-Rodr\u00edguez;  LM, Mel\u00e9ndez<\/p>\n<p class=\"tp_pub_title\"><a class=\"tp_title_link\" onclick=\"teachpress_pub_showhide('116','tp_links')\" style=\"cursor:pointer;\"> Analysis of Sigma-1 Receptor Antagonist BD1047 Effect on Upregulating Proteins in HIV-1-Infected Macrophages Exposed to Cocaine Using Quantitative Proteomics<\/a> <\/p>\n<p class=\"tp_pub_additional\"><span class=\"tp_pub_additional_in\">In: <\/span><span class=\"tp_pub_additional_journal\">Biiomedicines, <\/span><span class=\"tp_pub_additional_year\">2024<\/span>.<\/p>\n<p class=\"tp_pub_menu\"><span class=\"tp_resource_link\"><a id=\"tp_links_sh_116\" class=\"tp_show\" onclick=\"teachpress_pub_showhide('116','tp_links')\" title=\"Show links and resources\" style=\"cursor:pointer;\">Links<\/a><\/span><\/p>\n<div class=\"tp_bibtex\" id=\"tp_bibtex_116\" style=\"display:none;\">\n<div class=\"tp_bibtex_entry\">\n<pre>@article{nokey,<br \/>\r\ntitle = { Analysis of Sigma-1 Receptor Antagonist BD1047 Effect on Upregulating Proteins in HIV-1-Infected Macrophages Exposed to Cocaine Using Quantitative Proteomics},<br \/>\r\nauthor = {V\u00e9lez-L\u00f3pez O and Carrasquillo-Carri\u00f3n K and Cantres-Rosario YM and Mach\u00edn-Mart\u00ednez E and \u00c1lvarez-R\u00edos ME and Roche-Lima A and Tosado-Rodr\u00edguez EL and Mel\u00e9ndez LM},<br \/>\r\nurl = {https:\/\/pubmed.ncbi.nlm.nih.gov\/39335448\/#full-view-affiliation-1},<br \/>\r\ndoi = {doi: 10.3390\/biomedicines12091934},<br \/>\r\nyear  = {2024},<br \/>\r\ndate = {2024-08-23},<br \/>\r\nurldate = {2024-08-23},<br \/>\r\njournal = {Biiomedicines},<br \/>\r\nkeywords = {},<br \/>\r\npubstate = {published},<br \/>\r\ntppubtype = {article}<br \/>\r\n}<br \/>\r\n<\/pre>\n<\/div>\n<p class=\"tp_close_menu\"><a class=\"tp_close\" onclick=\"teachpress_pub_showhide('116','tp_bibtex')\">Close<\/a><\/p>\n<\/div>\n<div class=\"tp_links\" id=\"tp_links_116\" style=\"display:none;\">\n<div class=\"tp_links_entry\">\n<ul class=\"tp_pub_list\">\n<li><i class=\"fas fa-globe\"><\/i><a class=\"tp_pub_list\" href=\"https:\/\/pubmed.ncbi.nlm.nih.gov\/39335448\/#full-view-affiliation-1\" title=\"https:\/\/pubmed.ncbi.nlm.nih.gov\/39335448\/#full-view-affiliation-1\" target=\"_blank\">https:\/\/pubmed.ncbi.nlm.nih.gov\/39335448\/#full-view-affiliation-1<\/a><\/li>\n<li><i class=\"ai ai-doi\"><\/i><a class=\"tp_pub_list\" href=\"https:\/\/dx.doi.org\/doi: 10.3390\/biomedicines12091934\" title=\"Follow DOI:doi: 10.3390\/biomedicines12091934\" target=\"_blank\">doi:doi: 10.3390\/biomedicines12091934<\/a><\/li>\n<\/ul>\n<\/div>\n<p class=\"tp_close_menu\"><a class=\"tp_close\" onclick=\"teachpress_pub_showhide('116','tp_links')\">Close<\/a><\/p>\n<\/div>\n<\/div>\n<\/div>\n<div class=\"tp_publication tp_publication_article\">\n<div class=\"tp_pub_image_left\"><img name=\"Evaluation of Open-Source Ciliary Analysis Software in Primary Ciliary Dyskinesia: A Comparative Assessment\" src=\"https:\/\/inbre.hpcf.upr.edu\/wp-content\/uploads\/2022\/09\/metabolomics-copy-150x150.png\" width=\"25\" alt=\"Evaluation of Open-Source Ciliary Analysis Software in Primary Ciliary Dyskinesia: A Comparative Assessment\" \/><\/div>\n<div class=\"tp_pub_info\">\n<p class=\"tp_pub_author\"> ZJ, Demetriou;  J, Mu\u00f1iz-Hern\u00e1ndez;  G, Rosario-Ortiz;  FM, Qui\u00f1ones;  G, Gonzalez-Diaz;  MJ, Ramos-Benitez;  RA, Mosquera;  W, De Jes\u00fas-Rojas<\/p>\n<p class=\"tp_pub_title\"><a class=\"tp_title_link\" onclick=\"teachpress_pub_showhide('118','tp_links')\" style=\"cursor:pointer;\">Evaluation of Open-Source Ciliary Analysis Software in Primary Ciliary Dyskinesia: A Comparative Assessment<\/a> <\/p>\n<p class=\"tp_pub_additional\"><span class=\"tp_pub_additional_in\">In: <\/span><span class=\"tp_pub_additional_journal\">Diagnostics (Basel, <\/span><span class=\"tp_pub_additional_year\">2024<\/span>.<\/p>\n<p class=\"tp_pub_menu\"><span class=\"tp_resource_link\"><a id=\"tp_links_sh_118\" class=\"tp_show\" onclick=\"teachpress_pub_showhide('118','tp_links')\" title=\"Show links and resources\" style=\"cursor:pointer;\">Links<\/a><\/span><\/p>\n<div class=\"tp_bibtex\" id=\"tp_bibtex_118\" style=\"display:none;\">\n<div class=\"tp_bibtex_entry\">\n<pre>@article{nokey,<br \/>\r\ntitle = {Evaluation of Open-Source Ciliary Analysis Software in Primary Ciliary Dyskinesia: A Comparative Assessment},<br \/>\r\nauthor = {Demetriou ZJ and Mu\u00f1iz-Hern\u00e1ndez J and Rosario-Ortiz G and Qui\u00f1ones FM and Gonzalez-Diaz G and Ramos-Benitez MJ and Mosquera RA and De Jes\u00fas-Rojas W},<br \/>\r\nurl = {https:\/\/pubmed.ncbi.nlm.nih.gov\/39202302\/},<br \/>\r\ndoi = {doi: 10.3390\/diagnostics14161814},<br \/>\r\nyear  = {2024},<br \/>\r\ndate = {2024-08-20},<br \/>\r\njournal = {Diagnostics (Basel},<br \/>\r\nkeywords = {},<br \/>\r\npubstate = {published},<br \/>\r\ntppubtype = {article}<br \/>\r\n}<br \/>\r\n<\/pre>\n<\/div>\n<p class=\"tp_close_menu\"><a class=\"tp_close\" onclick=\"teachpress_pub_showhide('118','tp_bibtex')\">Close<\/a><\/p>\n<\/div>\n<div class=\"tp_links\" id=\"tp_links_118\" style=\"display:none;\">\n<div class=\"tp_links_entry\">\n<ul class=\"tp_pub_list\">\n<li><i class=\"fas fa-globe\"><\/i><a class=\"tp_pub_list\" href=\"https:\/\/pubmed.ncbi.nlm.nih.gov\/39202302\/\" title=\"https:\/\/pubmed.ncbi.nlm.nih.gov\/39202302\/\" target=\"_blank\">https:\/\/pubmed.ncbi.nlm.nih.gov\/39202302\/<\/a><\/li>\n<li><i class=\"ai ai-doi\"><\/i><a class=\"tp_pub_list\" href=\"https:\/\/dx.doi.org\/doi: 10.3390\/diagnostics14161814\" title=\"Follow DOI:doi: 10.3390\/diagnostics14161814\" target=\"_blank\">doi:doi: 10.3390\/diagnostics14161814<\/a><\/li>\n<\/ul>\n<\/div>\n<p class=\"tp_close_menu\"><a class=\"tp_close\" onclick=\"teachpress_pub_showhide('118','tp_links')\">Close<\/a><\/p>\n<\/div>\n<\/div>\n<\/div>\n<div class=\"tp_publication tp_publication_article\">\n<div class=\"tp_pub_image_left\"><img name=\"Insights into Gut Dysbiosis: Inflammatory Diseases, Obesity, and Restoration Approaches\" src=\"https:\/\/inbre.hpcf.upr.edu\/wp-content\/uploads\/2022\/09\/metabolomics-copy-150x150.png\" width=\"25\" alt=\"Insights into Gut Dysbiosis: Inflammatory Diseases, Obesity, and Restoration Approaches\" \/><\/div>\n<div class=\"tp_pub_info\">\n<p class=\"tp_pub_author\"> A, Acevedo-Rom\u00e1n;  N, Pag\u00e1n-Zayas;  LI, Vel\u00e1zquez-Rivera;  AC, Torres-Ventura;  F, Godoy-Vitorino<\/p>\n<p class=\"tp_pub_title\"><a class=\"tp_title_link\" onclick=\"teachpress_pub_showhide('117','tp_links')\" style=\"cursor:pointer;\">Insights into Gut Dysbiosis: Inflammatory Diseases, Obesity, and Restoration Approaches<\/a> <\/p>\n<p class=\"tp_pub_additional\"><span class=\"tp_pub_additional_in\">In: <\/span><span class=\"tp_pub_additional_journal\"> Int J Mol Sci, <\/span><span class=\"tp_pub_additional_year\">2024<\/span>.<\/p>\n<p class=\"tp_pub_menu\"><span class=\"tp_resource_link\"><a id=\"tp_links_sh_117\" class=\"tp_show\" onclick=\"teachpress_pub_showhide('117','tp_links')\" title=\"Show links and resources\" style=\"cursor:pointer;\">Links<\/a><\/span><\/p>\n<div class=\"tp_bibtex\" id=\"tp_bibtex_117\" style=\"display:none;\">\n<div class=\"tp_bibtex_entry\">\n<pre>@article{nokey,<br \/>\r\ntitle = {Insights into Gut Dysbiosis: Inflammatory Diseases, Obesity, and Restoration Approaches},<br \/>\r\nauthor = {Acevedo-Rom\u00e1n A and Pag\u00e1n-Zayas N and Vel\u00e1zquez-Rivera LI and Torres-Ventura AC and Godoy-Vitorino F},<br \/>\r\nurl = {https:\/\/pubmed.ncbi.nlm.nih.gov\/39273662\/},<br \/>\r\ndoi = {doi: 10.3390\/ijms25179715},<br \/>\r\nyear  = {2024},<br \/>\r\ndate = {2024-08-09},<br \/>\r\njournal = { Int J Mol Sci},<br \/>\r\nkeywords = {},<br \/>\r\npubstate = {published},<br \/>\r\ntppubtype = {article}<br \/>\r\n}<br \/>\r\n<\/pre>\n<\/div>\n<p class=\"tp_close_menu\"><a class=\"tp_close\" onclick=\"teachpress_pub_showhide('117','tp_bibtex')\">Close<\/a><\/p>\n<\/div>\n<div class=\"tp_links\" id=\"tp_links_117\" style=\"display:none;\">\n<div class=\"tp_links_entry\">\n<ul class=\"tp_pub_list\">\n<li><i class=\"fas fa-globe\"><\/i><a class=\"tp_pub_list\" href=\"https:\/\/pubmed.ncbi.nlm.nih.gov\/39273662\/\" title=\"https:\/\/pubmed.ncbi.nlm.nih.gov\/39273662\/\" target=\"_blank\">https:\/\/pubmed.ncbi.nlm.nih.gov\/39273662\/<\/a><\/li>\n<li><i class=\"ai ai-doi\"><\/i><a class=\"tp_pub_list\" href=\"https:\/\/dx.doi.org\/doi: 10.3390\/ijms25179715\" title=\"Follow DOI:doi: 10.3390\/ijms25179715\" target=\"_blank\">doi:doi: 10.3390\/ijms25179715<\/a><\/li>\n<\/ul>\n<\/div>\n<p class=\"tp_close_menu\"><a class=\"tp_close\" onclick=\"teachpress_pub_showhide('117','tp_links')\">Close<\/a><\/p>\n<\/div>\n<\/div>\n<\/div>\n<div class=\"tp_publication tp_publication_article\">\n<div class=\"tp_pub_image_left\"><img name=\"Novel inhibition of central carbon metabolism pathways by Rac and Cdc42 inhibitor MBQ-167 and paclitaxel\" src=\"https:\/\/inbre.hpcf.upr.edu\/wp-content\/uploads\/2022\/09\/genomics.png\" width=\"25\" alt=\"Novel inhibition of central carbon metabolism pathways by Rac and Cdc42 inhibitor MBQ-167 and paclitaxel\" \/><\/div>\n<div class=\"tp_pub_info\">\n<p class=\"tp_pub_author\"> AM, Cruz-Collazo;  O, Katsara;  N, Grafals-Ruiz;  J, Colon Gonzalez;  S, Dorta-Estremera;  VP, Carlo;  N, Chorna;  RJ, Schneider;  S, Dharmawardhane<\/p>\n<p class=\"tp_pub_title\"><a class=\"tp_title_link\" onclick=\"teachpress_pub_showhide('97','tp_links')\" style=\"cursor:pointer;\">Novel inhibition of central carbon metabolism pathways by Rac and Cdc42 inhibitor MBQ-167 and paclitaxel<\/a> <\/p>\n<p class=\"tp_pub_additional\"><span class=\"tp_pub_additional_in\">In: <\/span><span class=\"tp_pub_additional_journal\">Mol Cancer Ther, <\/span><span class=\"tp_pub_additional_year\">2024<\/span>.<\/p>\n<p class=\"tp_pub_menu\"><span class=\"tp_resource_link\"><a id=\"tp_links_sh_97\" class=\"tp_show\" onclick=\"teachpress_pub_showhide('97','tp_links')\" title=\"Show links and resources\" style=\"cursor:pointer;\">Links<\/a><\/span><\/p>\n<div class=\"tp_bibtex\" id=\"tp_bibtex_97\" style=\"display:none;\">\n<div class=\"tp_bibtex_entry\">\n<pre>@article{nokey,<br \/>\r\ntitle = {Novel inhibition of central carbon metabolism pathways by Rac and Cdc42 inhibitor MBQ-167 and paclitaxel},<br \/>\r\nauthor = {Cruz-Collazo AM and Katsara O and Grafals-Ruiz N and Colon Gonzalez J and Dorta-Estremera S and Carlo VP and Chorna N and Schneider RJ and Dharmawardhane S},<br \/>\r\nurl = {https:\/\/pubmed.ncbi.nlm.nih.gov\/39087451\/},<br \/>\r\ndoi = {10.1158\/1535-7163},<br \/>\r\nyear  = {2024},<br \/>\r\ndate = {2024-08-01},<br \/>\r\njournal = {Mol Cancer Ther},<br \/>\r\nkeywords = {},<br \/>\r\npubstate = {published},<br \/>\r\ntppubtype = {article}<br \/>\r\n}<br \/>\r\n<\/pre>\n<\/div>\n<p class=\"tp_close_menu\"><a class=\"tp_close\" onclick=\"teachpress_pub_showhide('97','tp_bibtex')\">Close<\/a><\/p>\n<\/div>\n<div class=\"tp_links\" id=\"tp_links_97\" style=\"display:none;\">\n<div class=\"tp_links_entry\">\n<ul class=\"tp_pub_list\">\n<li><i class=\"fas fa-globe\"><\/i><a class=\"tp_pub_list\" href=\"https:\/\/pubmed.ncbi.nlm.nih.gov\/39087451\/\" title=\"https:\/\/pubmed.ncbi.nlm.nih.gov\/39087451\/\" target=\"_blank\">https:\/\/pubmed.ncbi.nlm.nih.gov\/39087451\/<\/a><\/li>\n<li><i class=\"ai ai-doi\"><\/i><a class=\"tp_pub_list\" href=\"https:\/\/dx.doi.org\/10.1158\/1535-7163\" title=\"Follow DOI:10.1158\/1535-7163\" target=\"_blank\">doi:10.1158\/1535-7163<\/a><\/li>\n<\/ul>\n<\/div>\n<p class=\"tp_close_menu\"><a class=\"tp_close\" onclick=\"teachpress_pub_showhide('97','tp_links')\">Close<\/a><\/p>\n<\/div>\n<\/div>\n<\/div>\n<div class=\"tp_publication tp_publication_article\">\n<div class=\"tp_pub_image_left\"><img name=\"Shifts in the gut microbiota of sea urchin\u00a0Diadema antillarumassociated with the 2022 disease outbreak\" src=\"https:\/\/inbre.hpcf.upr.edu\/wp-content\/uploads\/2022\/09\/metabolomics-copy.png\" width=\"25\" alt=\"Shifts in the gut microbiota of sea urchin\u00a0Diadema antillarumassociated with the 2022 disease outbreak\" \/><\/div>\n<div class=\"tp_pub_info\">\n<p class=\"tp_pub_title\"><a class=\"tp_title_link\" onclick=\"teachpress_pub_showhide('98','tp_links')\" style=\"cursor:pointer;\">Shifts in the gut microbiota of sea urchin\u00a0Diadema antillarumassociated with the 2022 disease outbreak<\/a> <\/p>\n<p class=\"tp_pub_additional\"><span class=\"tp_pub_additional_in\">In: <\/span><span class=\"tp_pub_additional_journal\">Front Microbiology, <\/span><span class=\"tp_pub_additional_year\">2024<\/span>.<\/p>\n<p class=\"tp_pub_menu\"><span class=\"tp_resource_link\"><a id=\"tp_links_sh_98\" class=\"tp_show\" onclick=\"teachpress_pub_showhide('98','tp_links')\" title=\"Show links and resources\" style=\"cursor:pointer;\">Links<\/a><\/span><\/p>\n<div class=\"tp_bibtex\" id=\"tp_bibtex_98\" style=\"display:none;\">\n<div class=\"tp_bibtex_entry\">\n<pre>@article{nokey,<br \/>\r\ntitle = {Shifts in the gut microbiota of sea urchin\u00a0Diadema antillarumassociated with the 2022 disease outbreak},<br \/>\r\nurl = {https:\/\/pubmed.ncbi.nlm.nih.gov\/39135877\/},<br \/>\r\ndoi = {10.3389\/fmicb.2024.1409729},<br \/>\r\nyear  = {2024},<br \/>\r\ndate = {2024-07-29},<br \/>\r\njournal = {Front Microbiology},<br \/>\r\nkeywords = {},<br \/>\r\npubstate = {published},<br \/>\r\ntppubtype = {article}<br \/>\r\n}<br \/>\r\n<\/pre>\n<\/div>\n<p class=\"tp_close_menu\"><a class=\"tp_close\" onclick=\"teachpress_pub_showhide('98','tp_bibtex')\">Close<\/a><\/p>\n<\/div>\n<div class=\"tp_links\" id=\"tp_links_98\" style=\"display:none;\">\n<div class=\"tp_links_entry\">\n<ul class=\"tp_pub_list\">\n<li><i class=\"fas fa-globe\"><\/i><a class=\"tp_pub_list\" href=\"https:\/\/pubmed.ncbi.nlm.nih.gov\/39135877\/\" title=\"https:\/\/pubmed.ncbi.nlm.nih.gov\/39135877\/\" target=\"_blank\">https:\/\/pubmed.ncbi.nlm.nih.gov\/39135877\/<\/a><\/li>\n<li><i class=\"ai ai-doi\"><\/i><a class=\"tp_pub_list\" href=\"https:\/\/dx.doi.org\/10.3389\/fmicb.2024.1409729\" title=\"Follow DOI:10.3389\/fmicb.2024.1409729\" target=\"_blank\">doi:10.3389\/fmicb.2024.1409729<\/a><\/li>\n<\/ul>\n<\/div>\n<p class=\"tp_close_menu\"><a class=\"tp_close\" onclick=\"teachpress_pub_showhide('98','tp_links')\">Close<\/a><\/p>\n<\/div>\n<\/div>\n<\/div>\n<div class=\"tp_publication tp_publication_article\">\n<div class=\"tp_pub_image_left\"><img name=\"Synthesis of the Novel N-(2-Hexadecynoyl)-l-Homoserine Lactone and Evaluation of Its Antiquorum Sensing Activity in Chromobacterium violaceum\" src=\"https:\/\/inbre.hpcf.upr.edu\/wp-content\/uploads\/2022\/09\/metabolomics-copy.png\" width=\"25\" alt=\"Synthesis of the Novel N-(2-Hexadecynoyl)-l-Homoserine Lactone and Evaluation of Its Antiquorum Sensing Activity in Chromobacterium violaceum\" \/><\/div>\n<div class=\"tp_pub_info\">\n<p class=\"tp_pub_author\"> DJ, Sanabria-R\u00edos;  R, Garc\u00eda-Del-Valle;  S, Bosh-Fonseca;  J, Gonz\u00e1lez-Pag\u00e1n;  A, D\u00edaz-Rosa;  K, Acevedo-Rosario;  L, Reyes-Vicente;  A, Colom;  NM, Carballeira<\/p>\n<p class=\"tp_pub_title\"><a class=\"tp_title_link\" onclick=\"teachpress_pub_showhide('96','tp_links')\" style=\"cursor:pointer;\">Synthesis of the Novel N-(2-Hexadecynoyl)-l-Homoserine Lactone and Evaluation of Its Antiquorum Sensing Activity in Chromobacterium violaceum<\/a> <\/p>\n<p class=\"tp_pub_additional\"><span class=\"tp_pub_additional_in\">In: <\/span><span class=\"tp_pub_additional_journal\">ACS Omega, <\/span><span class=\"tp_pub_additional_year\">2024<\/span>.<\/p>\n<p class=\"tp_pub_menu\"><span class=\"tp_resource_link\"><a id=\"tp_links_sh_96\" class=\"tp_show\" onclick=\"teachpress_pub_showhide('96','tp_links')\" title=\"Show links and resources\" style=\"cursor:pointer;\">Links<\/a><\/span><\/p>\n<div class=\"tp_bibtex\" id=\"tp_bibtex_96\" style=\"display:none;\">\n<div class=\"tp_bibtex_entry\">\n<pre>@article{nokey,<br \/>\r\ntitle = {Synthesis of the Novel N-(2-Hexadecynoyl)-l-Homoserine Lactone and Evaluation of Its Antiquorum Sensing Activity in Chromobacterium violaceum},<br \/>\r\nauthor = {Sanabria-R\u00edos DJ and Garc\u00eda-Del-Valle R and Bosh-Fonseca S and Gonz\u00e1lez-Pag\u00e1n J and D\u00edaz-Rosa A and Acevedo-Rosario K and Reyes-Vicente L and Colom A and Carballeira NM},<br \/>\r\nurl = {https:\/\/pubmed.ncbi.nlm.nih.gov\/39100292\/},<br \/>\r\ndoi = {10.1021\/acsomega.4c01121},<br \/>\r\nyear  = {2024},<br \/>\r\ndate = {2024-07-22},<br \/>\r\njournal = {ACS Omega},<br \/>\r\nkeywords = {},<br \/>\r\npubstate = {published},<br \/>\r\ntppubtype = {article}<br \/>\r\n}<br \/>\r\n<\/pre>\n<\/div>\n<p class=\"tp_close_menu\"><a class=\"tp_close\" onclick=\"teachpress_pub_showhide('96','tp_bibtex')\">Close<\/a><\/p>\n<\/div>\n<div class=\"tp_links\" id=\"tp_links_96\" style=\"display:none;\">\n<div class=\"tp_links_entry\">\n<ul class=\"tp_pub_list\">\n<li><i class=\"fas fa-globe\"><\/i><a class=\"tp_pub_list\" href=\"https:\/\/pubmed.ncbi.nlm.nih.gov\/39100292\/\" title=\"https:\/\/pubmed.ncbi.nlm.nih.gov\/39100292\/\" target=\"_blank\">https:\/\/pubmed.ncbi.nlm.nih.gov\/39100292\/<\/a><\/li>\n<li><i class=\"ai ai-doi\"><\/i><a class=\"tp_pub_list\" href=\"https:\/\/dx.doi.org\/10.1021\/acsomega.4c01121\" title=\"Follow DOI:10.1021\/acsomega.4c01121\" target=\"_blank\">doi:10.1021\/acsomega.4c01121<\/a><\/li>\n<\/ul>\n<\/div>\n<p class=\"tp_close_menu\"><a class=\"tp_close\" onclick=\"teachpress_pub_showhide('96','tp_links')\">Close<\/a><\/p>\n<\/div>\n<\/div>\n<\/div>\n<div class=\"tp_publication tp_publication_article\">\n<div class=\"tp_pub_image_left\"><img name=\"Single-cell RNA sequencing of the holothurian regenerating intestine reveals the pluripotency of the coelomic epithelium\" src=\"https:\/\/inbre.hpcf.upr.edu\/wp-content\/uploads\/2022\/09\/metabolomics-copy.png\" width=\"25\" alt=\"Single-cell RNA sequencing of the holothurian regenerating intestine reveals the pluripotency of the coelomic epithelium\" \/><\/div>\n<div class=\"tp_pub_info\">\n<p class=\"tp_pub_author\"> JG, Medina-Feliciano;  G, Valent\u00edn-Tirado;  K, Luna-Mart\u00ednez;  Y, Miranda-Negr\u00f3n;  JE, Garc\u00eda-Arrar\u00e1s<\/p>\n<p class=\"tp_pub_title\"><a class=\"tp_title_link\" onclick=\"teachpress_pub_showhide('114','tp_links')\" style=\"cursor:pointer;\">Single-cell RNA sequencing of the holothurian regenerating intestine reveals the pluripotency of the coelomic epithelium<\/a> <\/p>\n<p class=\"tp_pub_additional\"><span class=\"tp_pub_additional_in\">In: <\/span><span class=\"tp_pub_additional_journal\">bioRxiv, <\/span><span class=\"tp_pub_additional_year\">2024<\/span>.<\/p>\n<p class=\"tp_pub_menu\"><span class=\"tp_resource_link\"><a id=\"tp_links_sh_114\" class=\"tp_show\" onclick=\"teachpress_pub_showhide('114','tp_links')\" title=\"Show links and resources\" style=\"cursor:pointer;\">Links<\/a><\/span><\/p>\n<div class=\"tp_bibtex\" id=\"tp_bibtex_114\" style=\"display:none;\">\n<div class=\"tp_bibtex_entry\">\n<pre>@article{nokey,<br \/>\r\ntitle = {Single-cell RNA sequencing of the holothurian regenerating intestine reveals the pluripotency of the coelomic epithelium},<br \/>\r\nauthor = {Medina-Feliciano JG and Valent\u00edn-Tirado G and Luna-Mart\u00ednez K and Miranda-Negr\u00f3n Y and Garc\u00eda-Arrar\u00e1s JE},<br \/>\r\nurl = {https:\/\/pubmed.ncbi.nlm.nih.gov\/39005414\/},<br \/>\r\ndoi = {10.1101\/2024.07.01.601561},<br \/>\r\nyear  = {2024},<br \/>\r\ndate = {2024-07-01},<br \/>\r\njournal = {bioRxiv},<br \/>\r\nkeywords = {},<br \/>\r\npubstate = {published},<br \/>\r\ntppubtype = {article}<br \/>\r\n}<br \/>\r\n<\/pre>\n<\/div>\n<p class=\"tp_close_menu\"><a class=\"tp_close\" onclick=\"teachpress_pub_showhide('114','tp_bibtex')\">Close<\/a><\/p>\n<\/div>\n<div class=\"tp_links\" id=\"tp_links_114\" style=\"display:none;\">\n<div class=\"tp_links_entry\">\n<ul class=\"tp_pub_list\">\n<li><i class=\"fas fa-globe\"><\/i><a class=\"tp_pub_list\" href=\"https:\/\/pubmed.ncbi.nlm.nih.gov\/39005414\/\" title=\"https:\/\/pubmed.ncbi.nlm.nih.gov\/39005414\/\" target=\"_blank\">https:\/\/pubmed.ncbi.nlm.nih.gov\/39005414\/<\/a><\/li>\n<li><i class=\"ai ai-doi\"><\/i><a class=\"tp_pub_list\" href=\"https:\/\/dx.doi.org\/10.1101\/2024.07.01.601561\" title=\"Follow DOI:10.1101\/2024.07.01.601561\" target=\"_blank\">doi:10.1101\/2024.07.01.601561<\/a><\/li>\n<\/ul>\n<\/div>\n<p class=\"tp_close_menu\"><a class=\"tp_close\" onclick=\"teachpress_pub_showhide('114','tp_links')\">Close<\/a><\/p>\n<\/div>\n<\/div>\n<\/div>\n<div class=\"tp_publication tp_publication_article\">\n<div class=\"tp_pub_image_left\"><img name=\" After an initial Hermansky-Pudlak syndrome clinical diagnosis, molecular testing reveals variants for oculocutaneous albinism type 1B: A case report\" src=\"https:\/\/inbre.hpcf.upr.edu\/wp-content\/uploads\/2022\/09\/metabolomics-copy.png\" width=\"25\" alt=\" After an initial Hermansky-Pudlak syndrome clinical diagnosis, molecular testing reveals variants for oculocutaneous albinism type 1B: A case report\" \/><\/div>\n<div class=\"tp_pub_info\">\n<p class=\"tp_pub_author\"> J, Serrano-Gonz\u00e1lez;  I, Montes-Rodr\u00edguez;  JY, Renta;  R, Rojas;  CL, Cadilla<\/p>\n<p class=\"tp_pub_title\"><a class=\"tp_title_link\" onclick=\"teachpress_pub_showhide('102','tp_links')\" style=\"cursor:pointer;\"> After an initial Hermansky-Pudlak syndrome clinical diagnosis, molecular testing reveals variants for oculocutaneous albinism type 1B: A case report<\/a> <\/p>\n<p class=\"tp_pub_additional\"><span class=\"tp_pub_additional_in\">In: <\/span><span class=\"tp_pub_additional_journal\">Mol Genet Genomic Med, <\/span><span class=\"tp_pub_additional_year\">2024<\/span>.<\/p>\n<p class=\"tp_pub_menu\"><span class=\"tp_resource_link\"><a id=\"tp_links_sh_102\" class=\"tp_show\" onclick=\"teachpress_pub_showhide('102','tp_links')\" title=\"Show links and resources\" style=\"cursor:pointer;\">Links<\/a><\/span><\/p>\n<div class=\"tp_bibtex\" id=\"tp_bibtex_102\" style=\"display:none;\">\n<div class=\"tp_bibtex_entry\">\n<pre>@article{nokey,<br \/>\r\ntitle = { After an initial Hermansky-Pudlak syndrome clinical diagnosis, molecular testing reveals variants for oculocutaneous albinism type 1B: A case report},<br \/>\r\nauthor = {Serrano-Gonz\u00e1lez J and Montes-Rodr\u00edguez I and Renta JY and Rojas R and Cadilla CL},<br \/>\r\nurl = {https:\/\/pubmed.ncbi.nlm.nih.gov\/38994739\/},<br \/>\r\ndoi = {10.1002\/mgg3.2493},<br \/>\r\nyear  = {2024},<br \/>\r\ndate = {2024-07-01},<br \/>\r\njournal = {Mol Genet Genomic Med},<br \/>\r\nkeywords = {},<br \/>\r\npubstate = {published},<br \/>\r\ntppubtype = {article}<br \/>\r\n}<br \/>\r\n<\/pre>\n<\/div>\n<p class=\"tp_close_menu\"><a class=\"tp_close\" onclick=\"teachpress_pub_showhide('102','tp_bibtex')\">Close<\/a><\/p>\n<\/div>\n<div class=\"tp_links\" id=\"tp_links_102\" style=\"display:none;\">\n<div class=\"tp_links_entry\">\n<ul class=\"tp_pub_list\">\n<li><i class=\"fas fa-globe\"><\/i><a class=\"tp_pub_list\" href=\"https:\/\/pubmed.ncbi.nlm.nih.gov\/38994739\/\" title=\"https:\/\/pubmed.ncbi.nlm.nih.gov\/38994739\/\" target=\"_blank\">https:\/\/pubmed.ncbi.nlm.nih.gov\/38994739\/<\/a><\/li>\n<li><i class=\"ai ai-doi\"><\/i><a class=\"tp_pub_list\" href=\"https:\/\/dx.doi.org\/10.1002\/mgg3.2493\" title=\"Follow DOI:10.1002\/mgg3.2493\" target=\"_blank\">doi:10.1002\/mgg3.2493<\/a><\/li>\n<\/ul>\n<\/div>\n<p class=\"tp_close_menu\"><a class=\"tp_close\" onclick=\"teachpress_pub_showhide('102','tp_links')\">Close<\/a><\/p>\n<\/div>\n<\/div>\n<\/div>\n<div class=\"tp_publication tp_publication_article\">\n<div class=\"tp_pub_image_left\"><img name=\" Immune and Microbial Signatures Associated with PD-1 Blockade Sensitivity in a Preclinical Model for HPV+ Oropharyngeal Cancer\" src=\"https:\/\/inbre.hpcf.upr.edu\/wp-content\/uploads\/2022\/09\/genomics.png\" width=\"25\" alt=\" Immune and Microbial Signatures Associated with PD-1 Blockade Sensitivity in a Preclinical Model for HPV+ Oropharyngeal Cancer\" \/><\/div>\n<div class=\"tp_pub_info\">\n<p class=\"tp_pub_author\"> J, D\u00edaz-Rivera;  MA, Rodr\u00edguez-Rivera;  NM, Mel\u00e9ndez-V\u00e1zquez;  F, Godoy-Vitorino;  SM, Dorta-Estremera<\/p>\n<p class=\"tp_pub_title\"><a class=\"tp_title_link\" onclick=\"teachpress_pub_showhide('99','tp_links')\" style=\"cursor:pointer;\"> Immune and Microbial Signatures Associated with PD-1 Blockade Sensitivity in a Preclinical Model for HPV+ Oropharyngeal Cancer<\/a> <\/p>\n<p class=\"tp_pub_additional\"><span class=\"tp_pub_additional_in\">In: <\/span><span class=\"tp_pub_additional_journal\">Cancers (Basel), <\/span><span class=\"tp_pub_additional_year\">2024<\/span>.<\/p>\n<p class=\"tp_pub_menu\"><span class=\"tp_resource_link\"><a id=\"tp_links_sh_99\" class=\"tp_show\" onclick=\"teachpress_pub_showhide('99','tp_links')\" title=\"Show links and resources\" style=\"cursor:pointer;\">Links<\/a><\/span><\/p>\n<div class=\"tp_bibtex\" id=\"tp_bibtex_99\" style=\"display:none;\">\n<div class=\"tp_bibtex_entry\">\n<pre>@article{nokey,<br \/>\r\ntitle = { Immune and Microbial Signatures Associated with PD-1 Blockade Sensitivity in a Preclinical Model for HPV+ Oropharyngeal Cancer},<br \/>\r\nauthor = {D\u00edaz-Rivera J and Rodr\u00edguez-Rivera MA and Mel\u00e9ndez-V\u00e1zquez NM and Godoy-Vitorino F and Dorta-Estremera SM},<br \/>\r\nurl = {https:\/\/pubmed.ncbi.nlm.nih.gov\/38893183\/},<br \/>\r\ndoi = {10.3390\/cancers16112065},<br \/>\r\nyear  = {2024},<br \/>\r\ndate = {2024-05-30},<br \/>\r\njournal = {Cancers (Basel)},<br \/>\r\nkeywords = {},<br \/>\r\npubstate = {published},<br \/>\r\ntppubtype = {article}<br \/>\r\n}<br \/>\r\n<\/pre>\n<\/div>\n<p class=\"tp_close_menu\"><a class=\"tp_close\" onclick=\"teachpress_pub_showhide('99','tp_bibtex')\">Close<\/a><\/p>\n<\/div>\n<div class=\"tp_links\" id=\"tp_links_99\" style=\"display:none;\">\n<div class=\"tp_links_entry\">\n<ul class=\"tp_pub_list\">\n<li><i class=\"fas fa-globe\"><\/i><a class=\"tp_pub_list\" href=\"https:\/\/pubmed.ncbi.nlm.nih.gov\/38893183\/\" title=\"https:\/\/pubmed.ncbi.nlm.nih.gov\/38893183\/\" target=\"_blank\">https:\/\/pubmed.ncbi.nlm.nih.gov\/38893183\/<\/a><\/li>\n<li><i class=\"ai ai-doi\"><\/i><a class=\"tp_pub_list\" href=\"https:\/\/dx.doi.org\/10.3390\/cancers16112065\" title=\"Follow DOI:10.3390\/cancers16112065\" target=\"_blank\">doi:10.3390\/cancers16112065<\/a><\/li>\n<\/ul>\n<\/div>\n<p class=\"tp_close_menu\"><a class=\"tp_close\" onclick=\"teachpress_pub_showhide('99','tp_links')\">Close<\/a><\/p>\n<\/div>\n<\/div>\n<\/div>\n<div class=\"tp_publication tp_publication_article\">\n<div class=\"tp_pub_image_left\"><img name=\"Unraveling the Impact of Six Pentacyclic Triterpenes Regulating Metabolic Pathways on Lung Carcinoma Cells\" src=\"https:\/\/inbre.hpcf.upr.edu\/wp-content\/uploads\/2022\/09\/metabolomics-copy.png\" width=\"25\" alt=\"Unraveling the Impact of Six Pentacyclic Triterpenes Regulating Metabolic Pathways on Lung Carcinoma Cells\" \/><\/div>\n<div class=\"tp_pub_info\">\n<p class=\"tp_pub_author\"> A, Torres-Sanchez;  G, Torres;  S, Estrada;  D, Perez;  C, Garcia;  M, Milian;  E, Velazquez;  V, Molina;  Y, Delgado<\/p>\n<p class=\"tp_pub_title\"><a class=\"tp_title_link\" onclick=\"teachpress_pub_showhide('101','tp_links')\" style=\"cursor:pointer;\">Unraveling the Impact of Six Pentacyclic Triterpenes Regulating Metabolic Pathways on Lung Carcinoma Cells<\/a> <\/p>\n<p class=\"tp_pub_additional\"><span class=\"tp_pub_additional_in\">In: <\/span><span class=\"tp_pub_additional_journal\">Pharmaceuticals (Basel), <\/span><span class=\"tp_pub_additional_year\">2024<\/span>.<\/p>\n<p class=\"tp_pub_menu\"><span class=\"tp_resource_link\"><a id=\"tp_links_sh_101\" class=\"tp_show\" onclick=\"teachpress_pub_showhide('101','tp_links')\" title=\"Show links and resources\" style=\"cursor:pointer;\">Links<\/a><\/span><\/p>\n<div class=\"tp_bibtex\" id=\"tp_bibtex_101\" style=\"display:none;\">\n<div class=\"tp_bibtex_entry\">\n<pre>@article{nokey,<br \/>\r\ntitle = {Unraveling the Impact of Six Pentacyclic Triterpenes Regulating Metabolic Pathways on Lung Carcinoma Cells},<br \/>\r\nauthor = {Torres-Sanchez A and Torres G and Estrada S and Perez D and Garcia C and Milian M and Velazquez E and Molina V and Delgado Y},<br \/>\r\nurl = {https:\/\/pubmed.ncbi.nlm.nih.gov\/38931361\/},<br \/>\r\ndoi = {10.3390\/ph17060694},<br \/>\r\nyear  = {2024},<br \/>\r\ndate = {2024-05-28},<br \/>\r\njournal = {Pharmaceuticals (Basel)},<br \/>\r\nkeywords = {},<br \/>\r\npubstate = {published},<br \/>\r\ntppubtype = {article}<br \/>\r\n}<br \/>\r\n<\/pre>\n<\/div>\n<p class=\"tp_close_menu\"><a class=\"tp_close\" onclick=\"teachpress_pub_showhide('101','tp_bibtex')\">Close<\/a><\/p>\n<\/div>\n<div class=\"tp_links\" id=\"tp_links_101\" style=\"display:none;\">\n<div class=\"tp_links_entry\">\n<ul class=\"tp_pub_list\">\n<li><i class=\"fas fa-globe\"><\/i><a class=\"tp_pub_list\" href=\"https:\/\/pubmed.ncbi.nlm.nih.gov\/38931361\/\" title=\"https:\/\/pubmed.ncbi.nlm.nih.gov\/38931361\/\" target=\"_blank\">https:\/\/pubmed.ncbi.nlm.nih.gov\/38931361\/<\/a><\/li>\n<li><i class=\"ai ai-doi\"><\/i><a class=\"tp_pub_list\" href=\"https:\/\/dx.doi.org\/10.3390\/ph17060694\" title=\"Follow DOI:10.3390\/ph17060694\" target=\"_blank\">doi:10.3390\/ph17060694<\/a><\/li>\n<\/ul>\n<\/div>\n<p class=\"tp_close_menu\"><a class=\"tp_close\" onclick=\"teachpress_pub_showhide('101','tp_links')\">Close<\/a><\/p>\n<\/div>\n<\/div>\n<\/div>\n<div class=\"tp_publication tp_publication_article\">\n<div class=\"tp_pub_image_left\"><img name=\"Development of a Neuropeptide Y-Sensitive Implantable Microelectrode for Continuous Measurements\" src=\"https:\/\/inbre.hpcf.upr.edu\/wp-content\/uploads\/2022\/09\/genomics.png\" width=\"25\" alt=\"Development of a Neuropeptide Y-Sensitive Implantable Microelectrode for Continuous Measurements\" \/><\/div>\n<div class=\"tp_pub_info\">\n<p class=\"tp_pub_author\"> L, Fern\u00e1ndez-Vega;  Mel\u00e9ndez-Rodr\u00edguez D and, Ospina-Alejandro M;  K, Casanova;  Y, V\u00e1zquez;  L, Cunci<\/p>\n<p class=\"tp_pub_title\"><a class=\"tp_title_link\" onclick=\"teachpress_pub_showhide('111','tp_links')\" style=\"cursor:pointer;\">Development of a Neuropeptide Y-Sensitive Implantable Microelectrode for Continuous Measurements<\/a> <\/p>\n<p class=\"tp_pub_additional\"><span class=\"tp_pub_additional_in\">In: <\/span><span class=\"tp_pub_additional_journal\">ACS Sens., <\/span><span class=\"tp_pub_additional_year\">2024<\/span>.<\/p>\n<p class=\"tp_pub_menu\"><span class=\"tp_resource_link\"><a id=\"tp_links_sh_111\" class=\"tp_show\" onclick=\"teachpress_pub_showhide('111','tp_links')\" title=\"Show links and resources\" style=\"cursor:pointer;\">Links<\/a><\/span><\/p>\n<div class=\"tp_bibtex\" id=\"tp_bibtex_111\" style=\"display:none;\">\n<div class=\"tp_bibtex_entry\">\n<pre>@article{nokey,<br \/>\r\ntitle = {Development of a Neuropeptide Y-Sensitive Implantable Microelectrode for Continuous Measurements},<br \/>\r\nauthor = {Fern\u00e1ndez-Vega L and Mel\u00e9ndez-Rodr\u00edguez D and, Ospina-Alejandro M and Casanova K and V\u00e1zquez Y and Cunci L},<br \/>\r\nurl = {https:\/\/pubmed.ncbi.nlm.nih.gov\/38709872\/},<br \/>\r\ndoi = {10.1021\/acssensors.4c00449},<br \/>\r\nyear  = {2024},<br \/>\r\ndate = {2024-05-24},<br \/>\r\njournal = {ACS Sens.},<br \/>\r\nkeywords = {},<br \/>\r\npubstate = {published},<br \/>\r\ntppubtype = {article}<br \/>\r\n}<br \/>\r\n<\/pre>\n<\/div>\n<p class=\"tp_close_menu\"><a class=\"tp_close\" onclick=\"teachpress_pub_showhide('111','tp_bibtex')\">Close<\/a><\/p>\n<\/div>\n<div class=\"tp_links\" id=\"tp_links_111\" style=\"display:none;\">\n<div class=\"tp_links_entry\">\n<ul class=\"tp_pub_list\">\n<li><i class=\"fas fa-globe\"><\/i><a class=\"tp_pub_list\" href=\"https:\/\/pubmed.ncbi.nlm.nih.gov\/38709872\/\" title=\"https:\/\/pubmed.ncbi.nlm.nih.gov\/38709872\/\" target=\"_blank\">https:\/\/pubmed.ncbi.nlm.nih.gov\/38709872\/<\/a><\/li>\n<li><i class=\"ai ai-doi\"><\/i><a class=\"tp_pub_list\" href=\"https:\/\/dx.doi.org\/10.1021\/acssensors.4c00449\" title=\"Follow DOI:10.1021\/acssensors.4c00449\" target=\"_blank\">doi:10.1021\/acssensors.4c00449<\/a><\/li>\n<\/ul>\n<\/div>\n<p class=\"tp_close_menu\"><a class=\"tp_close\" onclick=\"teachpress_pub_showhide('111','tp_links')\">Close<\/a><\/p>\n<\/div>\n<\/div>\n<\/div>\n<div class=\"tp_publication tp_publication_article\">\n<div class=\"tp_pub_image_left\"><img name=\"Plasma Proteins Associated with COVID-19 Severity in Puerto Rico\" src=\"https:\/\/inbre.hpcf.upr.edu\/wp-content\/uploads\/2022\/09\/metabolomics-copy.png\" width=\"25\" alt=\"Plasma Proteins Associated with COVID-19 Severity in Puerto Rico\" \/><\/div>\n<div class=\"tp_pub_info\">\n<p class=\"tp_pub_author\"> LJ, Rosario-Rodr\u00edguez;  YM, Cantres-Rosario;  K, Carrasquillo-Carri\u00f3n;  A, Rosa-D\u00edaz;  AE, Rodr\u00edguez-De Jes\u00fas;  V, Rivera-Nieves;  EL, Tosado-Rodr\u00edguez;  LB, M\u00e9ndez;  A, Roche-Lima;  J, Bertr\u00e1n;  LM, Mel\u00e9ndez<\/p>\n<p class=\"tp_pub_title\"><a class=\"tp_title_link\" onclick=\"teachpress_pub_showhide('100','tp_links')\" style=\"cursor:pointer;\">Plasma Proteins Associated with COVID-19 Severity in Puerto Rico<\/a> <\/p>\n<p class=\"tp_pub_additional\"><span class=\"tp_pub_additional_in\">In: <\/span><span class=\"tp_pub_additional_journal\">Int J Mol Sci, <\/span><span class=\"tp_pub_additional_year\">2024<\/span>.<\/p>\n<p class=\"tp_pub_menu\"><span class=\"tp_resource_link\"><a id=\"tp_links_sh_100\" class=\"tp_show\" onclick=\"teachpress_pub_showhide('100','tp_links')\" title=\"Show links and resources\" style=\"cursor:pointer;\">Links<\/a><\/span><\/p>\n<div class=\"tp_bibtex\" id=\"tp_bibtex_100\" style=\"display:none;\">\n<div class=\"tp_bibtex_entry\">\n<pre>@article{nokey,<br \/>\r\ntitle = {Plasma Proteins Associated with COVID-19 Severity in Puerto Rico},<br \/>\r\nauthor = {Rosario-Rodr\u00edguez LJ and Cantres-Rosario YM and Carrasquillo-Carri\u00f3n K and Rosa-D\u00edaz A and Rodr\u00edguez-De Jes\u00fas AE and Rivera-Nieves V and Tosado-Rodr\u00edguez EL and M\u00e9ndez LB and Roche-Lima A and Bertr\u00e1n J and Mel\u00e9ndez LM},<br \/>\r\nurl = {https:\/\/pubmed.ncbi.nlm.nih.gov\/38791465\/},<br \/>\r\ndoi = {10.3390\/ijms25105426},<br \/>\r\nyear  = {2024},<br \/>\r\ndate = {2024-05-16},<br \/>\r\njournal = {Int J Mol Sci},<br \/>\r\nkeywords = {},<br \/>\r\npubstate = {published},<br \/>\r\ntppubtype = {article}<br \/>\r\n}<br \/>\r\n<\/pre>\n<\/div>\n<p class=\"tp_close_menu\"><a class=\"tp_close\" onclick=\"teachpress_pub_showhide('100','tp_bibtex')\">Close<\/a><\/p>\n<\/div>\n<div class=\"tp_links\" id=\"tp_links_100\" style=\"display:none;\">\n<div class=\"tp_links_entry\">\n<ul class=\"tp_pub_list\">\n<li><i class=\"fas fa-globe\"><\/i><a class=\"tp_pub_list\" href=\"https:\/\/pubmed.ncbi.nlm.nih.gov\/38791465\/\" title=\"https:\/\/pubmed.ncbi.nlm.nih.gov\/38791465\/\" target=\"_blank\">https:\/\/pubmed.ncbi.nlm.nih.gov\/38791465\/<\/a><\/li>\n<li><i class=\"ai ai-doi\"><\/i><a class=\"tp_pub_list\" href=\"https:\/\/dx.doi.org\/10.3390\/ijms25105426\" title=\"Follow DOI:10.3390\/ijms25105426\" target=\"_blank\">doi:10.3390\/ijms25105426<\/a><\/li>\n<\/ul>\n<\/div>\n<p class=\"tp_close_menu\"><a class=\"tp_close\" onclick=\"teachpress_pub_showhide('100','tp_links')\">Close<\/a><\/p>\n<\/div>\n<\/div>\n<\/div>\n<div class=\"tp_publication tp_publication_article\">\n<div class=\"tp_pub_image_left\"><img name=\" Extracts Induce INF\u03b3-Independent Activation of CIITA, MHCII, and Increases Inflammation in Human Bronchial Epithelium\" src=\"https:\/\/inbre.hpcf.upr.edu\/wp-content\/uploads\/2022\/09\/genomics.png\" width=\"25\" alt=\" Extracts Induce INF\u03b3-Independent Activation of CIITA, MHCII, and Increases Inflammation in Human Bronchial Epithelium\" \/><\/div>\n<div class=\"tp_pub_info\">\n<p class=\"tp_pub_author\"> H, Jirau-Col\u00f3n;  BD, Jim\u00e9nez-V\u00e9lez<\/p>\n<p class=\"tp_pub_title\"><a class=\"tp_title_link\" onclick=\"teachpress_pub_showhide('113','tp_links')\" style=\"cursor:pointer;\"> Extracts Induce INF\u03b3-Independent Activation of CIITA, MHCII, and Increases Inflammation in Human Bronchial Epithelium<\/a> <\/p>\n<p class=\"tp_pub_additional\"><span class=\"tp_pub_additional_in\">In: <\/span><span class=\"tp_pub_additional_journal\">Toxics, <\/span><span class=\"tp_pub_additional_year\">2024<\/span>.<\/p>\n<p class=\"tp_pub_menu\"><span class=\"tp_resource_link\"><a id=\"tp_links_sh_113\" class=\"tp_show\" onclick=\"teachpress_pub_showhide('113','tp_links')\" title=\"Show links and resources\" style=\"cursor:pointer;\">Links<\/a><\/span><\/p>\n<div class=\"tp_bibtex\" id=\"tp_bibtex_113\" style=\"display:none;\">\n<div class=\"tp_bibtex_entry\">\n<pre>@article{nokey,<br \/>\r\ntitle = { Extracts Induce INF\u03b3-Independent Activation of CIITA, MHCII, and Increases Inflammation in Human Bronchial Epithelium},<br \/>\r\nauthor = {Jirau-Col\u00f3n H and Jim\u00e9nez-V\u00e9lez BD},<br \/>\r\nurl = {https:\/\/pubmed.ncbi.nlm.nih.gov\/38668515\/},<br \/>\r\ndoi = {10.3390\/toxics12040292},<br \/>\r\nyear  = {2024},<br \/>\r\ndate = {2024-04-16},<br \/>\r\njournal = {Toxics},<br \/>\r\nkeywords = {},<br \/>\r\npubstate = {published},<br \/>\r\ntppubtype = {article}<br \/>\r\n}<br \/>\r\n<\/pre>\n<\/div>\n<p class=\"tp_close_menu\"><a class=\"tp_close\" onclick=\"teachpress_pub_showhide('113','tp_bibtex')\">Close<\/a><\/p>\n<\/div>\n<div class=\"tp_links\" id=\"tp_links_113\" style=\"display:none;\">\n<div class=\"tp_links_entry\">\n<ul class=\"tp_pub_list\">\n<li><i class=\"fas fa-globe\"><\/i><a class=\"tp_pub_list\" href=\"https:\/\/pubmed.ncbi.nlm.nih.gov\/38668515\/\" title=\"https:\/\/pubmed.ncbi.nlm.nih.gov\/38668515\/\" target=\"_blank\">https:\/\/pubmed.ncbi.nlm.nih.gov\/38668515\/<\/a><\/li>\n<li><i class=\"ai ai-doi\"><\/i><a class=\"tp_pub_list\" href=\"https:\/\/dx.doi.org\/10.3390\/toxics12040292\" title=\"Follow DOI:10.3390\/toxics12040292\" target=\"_blank\">doi:10.3390\/toxics12040292<\/a><\/li>\n<\/ul>\n<\/div>\n<p class=\"tp_close_menu\"><a class=\"tp_close\" onclick=\"teachpress_pub_showhide('113','tp_links')\">Close<\/a><\/p>\n<\/div>\n<\/div>\n<\/div>\n<div class=\"tp_publication tp_publication_article\">\n<div class=\"tp_pub_image_left\"><img name=\"New Regulatory roles for Human Serum Amyloid A\" src=\"https:\/\/inbre.hpcf.upr.edu\/wp-content\/uploads\/2022\/09\/genomics.png\" width=\"25\" alt=\"New Regulatory roles for Human Serum Amyloid A\" \/><\/div>\n<div class=\"tp_pub_info\">\n<p class=\"tp_pub_author\"> CG, Garc\u00eda-Cort\u00e9s;  E, Par\u00e9s-Matos<\/p>\n<p class=\"tp_pub_title\"><a class=\"tp_title_link\" onclick=\"teachpress_pub_showhide('110','tp_links')\" style=\"cursor:pointer;\">New Regulatory roles for Human Serum Amyloid A<\/a> <\/p>\n<p class=\"tp_pub_additional\"><span class=\"tp_pub_additional_in\">In: <\/span><span class=\"tp_pub_additional_year\">2024<\/span>.<\/p>\n<p class=\"tp_pub_menu\"><span class=\"tp_resource_link\"><a id=\"tp_links_sh_110\" class=\"tp_show\" onclick=\"teachpress_pub_showhide('110','tp_links')\" title=\"Show links and resources\" style=\"cursor:pointer;\">Links<\/a><\/span><\/p>\n<div class=\"tp_bibtex\" id=\"tp_bibtex_110\" style=\"display:none;\">\n<div class=\"tp_bibtex_entry\">\n<pre>@article{nokey,<br \/>\r\ntitle = {New Regulatory roles for Human Serum Amyloid A},<br \/>\r\nauthor = {Garc\u00eda-Cort\u00e9s CG and Par\u00e9s-Matos E},<br \/>\r\nurl = {https:\/\/pubmed.ncbi.nlm.nih.gov\/39044740\/},<br \/>\r\nyear  = {2024},<br \/>\r\ndate = {2024-04-13},<br \/>\r\nkeywords = {},<br \/>\r\npubstate = {published},<br \/>\r\ntppubtype = {article}<br \/>\r\n}<br \/>\r\n<\/pre>\n<\/div>\n<p class=\"tp_close_menu\"><a class=\"tp_close\" onclick=\"teachpress_pub_showhide('110','tp_bibtex')\">Close<\/a><\/p>\n<\/div>\n<div class=\"tp_links\" id=\"tp_links_110\" style=\"display:none;\">\n<div class=\"tp_links_entry\">\n<ul class=\"tp_pub_list\">\n<li><i class=\"fas fa-globe\"><\/i><a class=\"tp_pub_list\" href=\"https:\/\/pubmed.ncbi.nlm.nih.gov\/39044740\/\" title=\"https:\/\/pubmed.ncbi.nlm.nih.gov\/39044740\/\" target=\"_blank\">https:\/\/pubmed.ncbi.nlm.nih.gov\/39044740\/<\/a><\/li>\n<\/ul>\n<\/div>\n<p class=\"tp_close_menu\"><a class=\"tp_close\" onclick=\"teachpress_pub_showhide('110','tp_links')\">Close<\/a><\/p>\n<\/div>\n<\/div>\n<\/div>\n<\/div>\n<div class=\"tablenav\">\n<div class=\"tablenav-pages\"><span class=\"displaying-num\">139 entries<\/span> <a class=\"page-numbers button disabled\">&laquo;<\/a> <a class=\"page-numbers button disabled\">&lsaquo;<\/a> 1 of 3 <a href=\"https:\/\/inbre.hpcf.upr.edu\/index.php\/publications-2\/?limit=2&amp;tgid=&amp;yr=&amp;type=&amp;usr=&amp;auth=&amp;tsr=#tppubs\" title=\"next page\" class=\"page-numbers button\">&rsaquo;<\/a> <a href=\"https:\/\/inbre.hpcf.upr.edu\/index.php\/publications-2\/?limit=3&amp;tgid=&amp;yr=&amp;type=&amp;usr=&amp;auth=&amp;tsr=#tppubs\" title=\"last page\" class=\"page-numbers button\">&raquo;<\/a> <\/div>\n<\/div>\n<\/div>\n<p>\n<\/div><\/div><\/div><\/div><\/div><\/section><section data-kc-fullwidth=\"row\" class=\"kc-elm kc-css-712594 kc_row\"><div class=\"kc-row-container  kc-container\"><div class=\"kc-wrap-columns\"><div class=\"kc-elm kc-css-199332 kc_col-sm-12 kc_column kc_col-sm-12\"><div class=\"kc-col-container\"><div class=\"kc-elm kc-css-639565\" style=\"height: 40px; clear: both; width:100%;\"><\/div><\/div><\/div><\/div><\/div><\/section><\/p>\n","protected":false},"excerpt":{"rendered":"","protected":false},"author":1,"featured_media":0,"parent":0,"menu_order":0,"comment_status":"closed","ping_status":"closed","template":"","meta":{"_monsterinsights_skip_tracking":false,"_monsterinsights_sitenote_active":false,"_monsterinsights_sitenote_note":"","_monsterinsights_sitenote_category":0},"_links":{"self":[{"href":"https:\/\/inbre.hpcf.upr.edu\/index.php\/wp-json\/wp\/v2\/pages\/4729"}],"collection":[{"href":"https:\/\/inbre.hpcf.upr.edu\/index.php\/wp-json\/wp\/v2\/pages"}],"about":[{"href":"https:\/\/inbre.hpcf.upr.edu\/index.php\/wp-json\/wp\/v2\/types\/page"}],"author":[{"embeddable":true,"href":"https:\/\/inbre.hpcf.upr.edu\/index.php\/wp-json\/wp\/v2\/users\/1"}],"replies":[{"embeddable":true,"href":"https:\/\/inbre.hpcf.upr.edu\/index.php\/wp-json\/wp\/v2\/comments?post=4729"}],"version-history":[{"count":12,"href":"https:\/\/inbre.hpcf.upr.edu\/index.php\/wp-json\/wp\/v2\/pages\/4729\/revisions"}],"predecessor-version":[{"id":6054,"href":"https:\/\/inbre.hpcf.upr.edu\/index.php\/wp-json\/wp\/v2\/pages\/4729\/revisions\/6054"}],"wp:attachment":[{"href":"https:\/\/inbre.hpcf.upr.edu\/index.php\/wp-json\/wp\/v2\/media?parent=4729"}],"curies":[{"name":"wp","href":"https:\/\/api.w.org\/{rel}","templated":true}]}}