{"id":4146,"date":"2022-09-12T02:49:04","date_gmt":"2022-09-12T02:49:04","guid":{"rendered":"https:\/\/inbre.hpcf.upr.edu\/?page_id=4146"},"modified":"2022-11-17T22:28:01","modified_gmt":"2022-11-17T22:28:01","slug":"metabolomics-pubs","status":"publish","type":"page","link":"https:\/\/inbre.hpcf.upr.edu\/index.php\/metabolomics-pubs\/","title":{"rendered":"Molecular Medicine \/ Genomics Publications"},"content":{"rendered":"<p><section class=\"kc-elm kc-css-19707 kc_row\"><div class=\"kc-row-container  kc-container\"><div class=\"kc-wrap-columns\"><div class=\"kc-elm kc-css-192741 kc_col-sm-12 kc_column kc_col-sm-12\"><div class=\"kc-col-container\">\n<div class=\"kc-elm kc-css-259240 kc-title-wrap \">\n\n\t<h1 class=\"kc_title\">Molecular Medicine \/ Genomics Publications<\/h1>\n<\/div>\n<\/div><\/div><\/div><\/div><\/section><section class=\"kc-elm kc-css-79161 kc_row\"><div class=\"kc-row-container  kc-container\"><div class=\"kc-wrap-columns\"><div class=\"kc-elm kc-css-532379 kc_col-sm-12 kc_column kc_col-sm-12\"><div class=\"kc-col-container\"><div class=\"kc-elm kc-css-469430 kc_text_block\"><\/p>\n<div class=\"teachpress_pub_list\">\n<form name=\"tppublistform\" method=\"get\"><a name=\"tppubs\" id=\"tppubs\"><\/a><\/p>\n<div class=\"teachpress_filter\"><select class=\"default\" name=\"yr\" id=\"yr\" tabindex=\"2\" onchange=\"teachpress_jumpMenu('parent',this, 'https:\/\/inbre.hpcf.upr.edu\/index.php\/metabolomics-pubs\/?')\"><option value=\"tgid=&amp;type=&amp;auth=&amp;usr=&amp;yr=#tppubs\">All years<\/option><option value = \"tgid=&amp;type=&amp;auth=&amp;usr=&amp;yr=2025#tppubs\" >2025<\/option><option value = \"tgid=&amp;type=&amp;auth=&amp;usr=&amp;yr=2024#tppubs\" >2024<\/option><option value = \"tgid=&amp;type=&amp;auth=&amp;usr=&amp;yr=2023#tppubs\" >2023<\/option><option value = \"tgid=&amp;type=&amp;auth=&amp;usr=&amp;yr=2022#tppubs\" >2022<\/option><option value = \"tgid=&amp;type=&amp;auth=&amp;usr=&amp;yr=2021#tppubs\" >2021<\/option><\/select><\/div>\n<\/form>\n<div class=\"tablenav\">\n<div class=\"tablenav-pages\"><span class=\"displaying-num\">81 entries<\/span> <a class=\"page-numbers button disabled\">&laquo;<\/a> <a class=\"page-numbers button disabled\">&lsaquo;<\/a> 1 of 2 <a href=\"https:\/\/inbre.hpcf.upr.edu\/index.php\/metabolomics-pubs\/?limit=2&amp;tgid=&amp;yr=&amp;type=&amp;usr=&amp;auth=&amp;tsr=#tppubs\" title=\"next page\" class=\"page-numbers button\">&rsaquo;<\/a> <a href=\"https:\/\/inbre.hpcf.upr.edu\/index.php\/metabolomics-pubs\/?limit=2&amp;tgid=&amp;yr=&amp;type=&amp;usr=&amp;auth=&amp;tsr=#tppubs\" title=\"last page\" class=\"page-numbers button\">&raquo;<\/a> <\/div>\n<\/div>\n<div class=\"teachpress_publication_list\">\n<h3 class=\"tp_h3\" id=\"tp_h3_2025\">2025<\/h3>\n<div class=\"tp_publication tp_publication_article\">\n<div class=\"tp_pub_image_left\"><img name=\"Clinical Symptom Patterns as Predictors of SARS-CoV-2 Infection in Healthcare Workers in Puerto Rico\" src=\"https:\/\/inbre.hpcf.upr.edu\/wp-content\/uploads\/2022\/09\/metabolomics-copy-150x150.png\" width=\"25\" alt=\"Clinical Symptom Patterns as Predictors of SARS-CoV-2 Infection in Healthcare Workers in Puerto Rico\" \/><\/div>\n<div class=\"tp_pub_info\">\n<p class=\"tp_pub_author\"> Ortiz DV, Romaguera J;  JL, Santos Agrait;  F, V\u00e1zquez;  ME, P\u00e9rez;  CD, Zorrilla;  F, Godoy-Vitorino<\/p>\n<p class=\"tp_pub_title\"><a class=\"tp_title_link\" onclick=\"teachpress_pub_showhide('148','tp_links')\" style=\"cursor:pointer;\">Clinical Symptom Patterns as Predictors of SARS-CoV-2 Infection in Healthcare Workers in Puerto Rico<\/a> <\/p>\n<p class=\"tp_pub_additional\"><span class=\"tp_pub_additional_in\">In: <\/span><span class=\"tp_pub_additional_journal\"> Int J Environ Res Public Health, <\/span><span class=\"tp_pub_additional_year\">2025<\/span>.<\/p>\n<p class=\"tp_pub_menu\"><span class=\"tp_resource_link\"><a id=\"tp_links_sh_148\" class=\"tp_show\" onclick=\"teachpress_pub_showhide('148','tp_links')\" title=\"Show links and resources\" style=\"cursor:pointer;\">Links<\/a><\/span><\/p>\n<div class=\"tp_bibtex\" id=\"tp_bibtex_148\" style=\"display:none;\">\n<div class=\"tp_bibtex_entry\">\n<pre>@article{nokey,<br \/>\r\ntitle = {Clinical Symptom Patterns as Predictors of SARS-CoV-2 Infection in Healthcare Workers in Puerto Rico},<br \/>\r\nauthor = {Ortiz DV, Romaguera J and Santos Agrait JL and V\u00e1zquez F and P\u00e9rez ME and Zorrilla CD and Godoy-Vitorino F},<br \/>\r\nurl = {https:\/\/pubmed.ncbi.nlm.nih.gov\/41595801\/},<br \/>\r\ndoi = {doi: 10.3390\/ijerph23010008},<br \/>\r\nyear  = {2025},<br \/>\r\ndate = {2025-12-19},<br \/>\r\nurldate = {2025-12-19},<br \/>\r\njournal = { Int J Environ Res Public Health},<br \/>\r\nkeywords = {},<br \/>\r\npubstate = {published},<br \/>\r\ntppubtype = {article}<br \/>\r\n}<br \/>\r\n<\/pre>\n<\/div>\n<p class=\"tp_close_menu\"><a class=\"tp_close\" onclick=\"teachpress_pub_showhide('148','tp_bibtex')\">Close<\/a><\/p>\n<\/div>\n<div class=\"tp_links\" id=\"tp_links_148\" style=\"display:none;\">\n<div class=\"tp_links_entry\">\n<ul class=\"tp_pub_list\">\n<li><i class=\"fas fa-globe\"><\/i><a class=\"tp_pub_list\" href=\"https:\/\/pubmed.ncbi.nlm.nih.gov\/41595801\/\" title=\"https:\/\/pubmed.ncbi.nlm.nih.gov\/41595801\/\" target=\"_blank\">https:\/\/pubmed.ncbi.nlm.nih.gov\/41595801\/<\/a><\/li>\n<li><i class=\"ai ai-doi\"><\/i><a class=\"tp_pub_list\" href=\"https:\/\/dx.doi.org\/doi: 10.3390\/ijerph23010008\" title=\"Follow DOI:doi: 10.3390\/ijerph23010008\" target=\"_blank\">doi:doi: 10.3390\/ijerph23010008<\/a><\/li>\n<\/ul>\n<\/div>\n<p class=\"tp_close_menu\"><a class=\"tp_close\" onclick=\"teachpress_pub_showhide('148','tp_links')\">Close<\/a><\/p>\n<\/div>\n<\/div>\n<\/div>\n<div class=\"tp_publication tp_publication_article\">\n<div class=\"tp_pub_image_left\"><img name=\"WntA expression and wing transcriptomics illuminate the evolution of stripe patterns in skipper butterflies\" src=\"https:\/\/inbre.hpcf.upr.edu\/wp-content\/uploads\/2022\/09\/metabolomics-copy-150x150.png\" width=\"25\" alt=\"WntA expression and wing transcriptomics illuminate the evolution of stripe patterns in skipper butterflies\" \/><\/div>\n<div class=\"tp_pub_info\">\n<p class=\"tp_pub_author\"> JD, Alqassar;  TS, Rivera-Miranda;  JJ, Hanly;  CR, Day;  SM, Planas Soto-Navarro;  PB, Frandsen;  Papa R, Martin A<\/p>\n<p class=\"tp_pub_title\"><a class=\"tp_title_link\" onclick=\"teachpress_pub_showhide('149','tp_links')\" style=\"cursor:pointer;\">WntA expression and wing transcriptomics illuminate the evolution of stripe patterns in skipper butterflies<\/a> <\/p>\n<p class=\"tp_pub_additional\"><span class=\"tp_pub_additional_in\">In: <\/span><span class=\"tp_pub_additional_journal\">Biol Open, <\/span><span class=\"tp_pub_additional_year\">2025<\/span>.<\/p>\n<p class=\"tp_pub_menu\"><span class=\"tp_resource_link\"><a id=\"tp_links_sh_149\" class=\"tp_show\" onclick=\"teachpress_pub_showhide('149','tp_links')\" title=\"Show links and resources\" style=\"cursor:pointer;\">Links<\/a><\/span><\/p>\n<div class=\"tp_bibtex\" id=\"tp_bibtex_149\" style=\"display:none;\">\n<div class=\"tp_bibtex_entry\">\n<pre>@article{nokey,<br \/>\r\ntitle = {WntA expression and wing transcriptomics illuminate the evolution of stripe patterns in skipper butterflies},<br \/>\r\nauthor = {Alqassar JD and Rivera-Miranda TS and Hanly JJ and Day CR and Planas Soto-Navarro SM and Frandsen PB and Papa R, Martin A},<br \/>\r\nurl = {https:\/\/pubmed.ncbi.nlm.nih.gov\/41185972\/},<br \/>\r\ndoi = { doi: 10.1242\/bio.062297},<br \/>\r\nyear  = {2025},<br \/>\r\ndate = {2025-11-15},<br \/>\r\njournal = {Biol Open},<br \/>\r\nkeywords = {},<br \/>\r\npubstate = {published},<br \/>\r\ntppubtype = {article}<br \/>\r\n}<br \/>\r\n<\/pre>\n<\/div>\n<p class=\"tp_close_menu\"><a class=\"tp_close\" onclick=\"teachpress_pub_showhide('149','tp_bibtex')\">Close<\/a><\/p>\n<\/div>\n<div class=\"tp_links\" id=\"tp_links_149\" style=\"display:none;\">\n<div class=\"tp_links_entry\">\n<ul class=\"tp_pub_list\">\n<li><i class=\"fas fa-globe\"><\/i><a class=\"tp_pub_list\" href=\"https:\/\/pubmed.ncbi.nlm.nih.gov\/41185972\/\" title=\"https:\/\/pubmed.ncbi.nlm.nih.gov\/41185972\/\" target=\"_blank\">https:\/\/pubmed.ncbi.nlm.nih.gov\/41185972\/<\/a><\/li>\n<li><i class=\"ai ai-doi\"><\/i><a class=\"tp_pub_list\" href=\"https:\/\/dx.doi.org\/ doi: 10.1242\/bio.062297\" title=\"Follow DOI: doi: 10.1242\/bio.062297\" target=\"_blank\">doi: doi: 10.1242\/bio.062297<\/a><\/li>\n<\/ul>\n<\/div>\n<p class=\"tp_close_menu\"><a class=\"tp_close\" onclick=\"teachpress_pub_showhide('149','tp_links')\">Close<\/a><\/p>\n<\/div>\n<\/div>\n<\/div>\n<div class=\"tp_publication tp_publication_article\">\n<div class=\"tp_pub_image_left\"><img name=\"Molecular and culture-based identification of Aspergillus species in water-impacted homes following Hurricane Mar\u00eda in Puerto Rico\" src=\"https:\/\/inbre.hpcf.upr.edu\/wp-content\/uploads\/2022\/09\/metabolomics-copy-150x150.png\" width=\"25\" alt=\"Molecular and culture-based identification of Aspergillus species in water-impacted homes following Hurricane Mar\u00eda in Puerto Rico\" \/><\/div>\n<div class=\"tp_pub_info\">\n<p class=\"tp_pub_author\"> LN, V\u00e9lez-Torres;  B, Bola\u00f1os-Rosero;  Godoy-Vitorino,;  FE, Rivera-Mariani;  JP, Maestre;  K, Kinney;  H, Cavallin-Calanche<\/p>\n<p class=\"tp_pub_title\"><a class=\"tp_title_link\" onclick=\"teachpress_pub_showhide('145','tp_links')\" style=\"cursor:pointer;\">Molecular and culture-based identification of Aspergillus species in water-impacted homes following Hurricane Mar\u00eda in Puerto Rico<\/a> <\/p>\n<p class=\"tp_pub_additional\"><span class=\"tp_pub_additional_in\">In: <\/span><span class=\"tp_pub_additional_journal\">Sci Rep, <\/span><span class=\"tp_pub_additional_year\">2025<\/span>.<\/p>\n<p class=\"tp_pub_menu\"><span class=\"tp_resource_link\"><a id=\"tp_links_sh_145\" class=\"tp_show\" onclick=\"teachpress_pub_showhide('145','tp_links')\" title=\"Show links and resources\" style=\"cursor:pointer;\">Links<\/a><\/span><\/p>\n<div class=\"tp_bibtex\" id=\"tp_bibtex_145\" style=\"display:none;\">\n<div class=\"tp_bibtex_entry\">\n<pre>@article{nokey,<br \/>\r\ntitle = {Molecular and culture-based identification of Aspergillus species in water-impacted homes following Hurricane Mar\u00eda in Puerto Rico},<br \/>\r\nauthor = {V\u00e9lez-Torres LN and Bola\u00f1os-Rosero B and Godoy-Vitorino and Rivera-Mariani FE and Maestre JP and Kinney K and Cavallin-Calanche H},<br \/>\r\nurl = {https:\/\/pubmed.ncbi.nlm.nih.gov\/41087584\/},<br \/>\r\ndoi = {doi: 10.1038\/s41598-025-19869-9},<br \/>\r\nyear  = {2025},<br \/>\r\ndate = {2025-10-14},<br \/>\r\njournal = {Sci Rep},<br \/>\r\nkeywords = {},<br \/>\r\npubstate = {published},<br \/>\r\ntppubtype = {article}<br \/>\r\n}<br \/>\r\n<\/pre>\n<\/div>\n<p class=\"tp_close_menu\"><a class=\"tp_close\" onclick=\"teachpress_pub_showhide('145','tp_bibtex')\">Close<\/a><\/p>\n<\/div>\n<div class=\"tp_links\" id=\"tp_links_145\" style=\"display:none;\">\n<div class=\"tp_links_entry\">\n<ul class=\"tp_pub_list\">\n<li><i class=\"fas fa-globe\"><\/i><a class=\"tp_pub_list\" href=\"https:\/\/pubmed.ncbi.nlm.nih.gov\/41087584\/\" title=\"https:\/\/pubmed.ncbi.nlm.nih.gov\/41087584\/\" target=\"_blank\">https:\/\/pubmed.ncbi.nlm.nih.gov\/41087584\/<\/a><\/li>\n<li><i class=\"ai ai-doi\"><\/i><a class=\"tp_pub_list\" href=\"https:\/\/dx.doi.org\/doi: 10.1038\/s41598-025-19869-9\" title=\"Follow DOI:doi: 10.1038\/s41598-025-19869-9\" target=\"_blank\">doi:doi: 10.1038\/s41598-025-19869-9<\/a><\/li>\n<\/ul>\n<\/div>\n<p class=\"tp_close_menu\"><a class=\"tp_close\" onclick=\"teachpress_pub_showhide('145','tp_links')\">Close<\/a><\/p>\n<\/div>\n<\/div>\n<\/div>\n<div class=\"tp_publication tp_publication_article\">\n<div class=\"tp_pub_image_left\"><img name=\"Air Pollutants in Puerto Rico: Key Pollutants and Carcinogenic Properties\" src=\"https:\/\/inbre.hpcf.upr.edu\/wp-content\/uploads\/2022\/09\/metabolomics-copy-150x150.png\" width=\"25\" alt=\"Air Pollutants in Puerto Rico: Key Pollutants and Carcinogenic Properties\" \/><\/div>\n<div class=\"tp_pub_info\">\n<p class=\"tp_pub_author\"> D, Kaya;  C, Santiago;  E, Pernas;  S, Truong;  G, Martinez;  LB, M\u00e9ndez;  Y, Delgado<\/p>\n<p class=\"tp_pub_title\"><a class=\"tp_title_link\" onclick=\"teachpress_pub_showhide('151','tp_links')\" style=\"cursor:pointer;\">Air Pollutants in Puerto Rico: Key Pollutants and Carcinogenic Properties<\/a> <\/p>\n<p class=\"tp_pub_additional\"><span class=\"tp_pub_additional_in\">In: <\/span><span class=\"tp_pub_additional_journal\">Int J Environ Res Public Health, <\/span><span class=\"tp_pub_additional_year\">2025<\/span>.<\/p>\n<p class=\"tp_pub_menu\"><span class=\"tp_resource_link\"><a id=\"tp_links_sh_151\" class=\"tp_show\" onclick=\"teachpress_pub_showhide('151','tp_links')\" title=\"Show links and resources\" style=\"cursor:pointer;\">Links<\/a><\/span><\/p>\n<div class=\"tp_bibtex\" id=\"tp_bibtex_151\" style=\"display:none;\">\n<div class=\"tp_bibtex_entry\">\n<pre>@article{nokey,<br \/>\r\ntitle = {Air Pollutants in Puerto Rico: Key Pollutants and Carcinogenic Properties},<br \/>\r\nauthor = {Kaya D and Santiago C and Pernas E and Truong S and Martinez G and M\u00e9ndez LB and Delgado Y},<br \/>\r\nurl = {https:\/\/pubmed.ncbi.nlm.nih.gov\/41154953\/},<br \/>\r\ndoi = { doi: 10.3390\/ijerph22101549},<br \/>\r\nyear  = {2025},<br \/>\r\ndate = {2025-10-11},<br \/>\r\njournal = {Int J Environ Res Public Health},<br \/>\r\nkeywords = {},<br \/>\r\npubstate = {published},<br \/>\r\ntppubtype = {article}<br \/>\r\n}<br \/>\r\n<\/pre>\n<\/div>\n<p class=\"tp_close_menu\"><a class=\"tp_close\" onclick=\"teachpress_pub_showhide('151','tp_bibtex')\">Close<\/a><\/p>\n<\/div>\n<div class=\"tp_links\" id=\"tp_links_151\" style=\"display:none;\">\n<div class=\"tp_links_entry\">\n<ul class=\"tp_pub_list\">\n<li><i class=\"fas fa-globe\"><\/i><a class=\"tp_pub_list\" href=\"https:\/\/pubmed.ncbi.nlm.nih.gov\/41154953\/\" title=\"https:\/\/pubmed.ncbi.nlm.nih.gov\/41154953\/\" target=\"_blank\">https:\/\/pubmed.ncbi.nlm.nih.gov\/41154953\/<\/a><\/li>\n<li><i class=\"ai ai-doi\"><\/i><a class=\"tp_pub_list\" href=\"https:\/\/dx.doi.org\/ doi: 10.3390\/ijerph22101549\" title=\"Follow DOI: doi: 10.3390\/ijerph22101549\" target=\"_blank\">doi: doi: 10.3390\/ijerph22101549<\/a><\/li>\n<\/ul>\n<\/div>\n<p class=\"tp_close_menu\"><a class=\"tp_close\" onclick=\"teachpress_pub_showhide('151','tp_links')\">Close<\/a><\/p>\n<\/div>\n<\/div>\n<\/div>\n<div class=\"tp_publication tp_publication_article\">\n<div class=\"tp_pub_image_left\"><img name=\"Congenital heart disease missense mutations in the TBX5 DNA-binding domain alter thermal stability and DNA-binding affinity\" src=\"https:\/\/inbre.hpcf.upr.edu\/wp-content\/uploads\/2022\/09\/metabolomics-copy-150x150.png\" width=\"25\" alt=\"Congenital heart disease missense mutations in the TBX5 DNA-binding domain alter thermal stability and DNA-binding affinity\" \/><\/div>\n<div class=\"tp_pub_info\">\n<p class=\"tp_pub_author\"> A, Rivera-Madera;  EG, Pe\u00f1a-Mart\u00ednez;  JL, Messon-Bird;  DA, Pomales-Matos;  OL, Echevarr\u00eda-Bonilla;  L, Sanabria-Alberto;  EA, Peterson-Peguero;  JA, Rodr\u00edguez-Mart\u00ednez<\/p>\n<p class=\"tp_pub_title\"><a class=\"tp_title_link\" onclick=\"teachpress_pub_showhide('155','tp_links')\" style=\"cursor:pointer;\">Congenital heart disease missense mutations in the TBX5 DNA-binding domain alter thermal stability and DNA-binding affinity<\/a> <\/p>\n<p class=\"tp_pub_additional\"><span class=\"tp_pub_additional_in\">In: <\/span><span class=\"tp_pub_additional_journal\">G3 (Bethesda), <\/span><span class=\"tp_pub_additional_year\">2025<\/span>.<\/p>\n<p class=\"tp_pub_menu\"><span class=\"tp_resource_link\"><a id=\"tp_links_sh_155\" class=\"tp_show\" onclick=\"teachpress_pub_showhide('155','tp_links')\" title=\"Show links and resources\" style=\"cursor:pointer;\">Links<\/a><\/span><\/p>\n<div class=\"tp_bibtex\" id=\"tp_bibtex_155\" style=\"display:none;\">\n<div class=\"tp_bibtex_entry\">\n<pre>@article{nokey,<br \/>\r\ntitle = {Congenital heart disease missense mutations in the TBX5 DNA-binding domain alter thermal stability and DNA-binding affinity},<br \/>\r\nauthor = {Rivera-Madera A and Pe\u00f1a-Mart\u00ednez EG and Messon-Bird JL and Pomales-Matos DA and Echevarr\u00eda-Bonilla OL and Sanabria-Alberto L and Peterson-Peguero EA and Rodr\u00edguez-Mart\u00ednez JA},<br \/>\r\nurl = {https:\/\/pubmed.ncbi.nlm.nih.gov\/40751491\/},<br \/>\r\ndoi = {doi: 10.1093\/g3journal\/jkaf174},<br \/>\r\nyear  = {2025},<br \/>\r\ndate = {2025-10-08},<br \/>\r\njournal = {G3 (Bethesda)},<br \/>\r\nkeywords = {},<br \/>\r\npubstate = {published},<br \/>\r\ntppubtype = {article}<br \/>\r\n}<br \/>\r\n<\/pre>\n<\/div>\n<p class=\"tp_close_menu\"><a class=\"tp_close\" onclick=\"teachpress_pub_showhide('155','tp_bibtex')\">Close<\/a><\/p>\n<\/div>\n<div class=\"tp_links\" id=\"tp_links_155\" style=\"display:none;\">\n<div class=\"tp_links_entry\">\n<ul class=\"tp_pub_list\">\n<li><i class=\"fas fa-globe\"><\/i><a class=\"tp_pub_list\" href=\"https:\/\/pubmed.ncbi.nlm.nih.gov\/40751491\/\" title=\"https:\/\/pubmed.ncbi.nlm.nih.gov\/40751491\/\" target=\"_blank\">https:\/\/pubmed.ncbi.nlm.nih.gov\/40751491\/<\/a><\/li>\n<li><i class=\"ai ai-doi\"><\/i><a class=\"tp_pub_list\" href=\"https:\/\/dx.doi.org\/doi: 10.1093\/g3journal\/jkaf174\" title=\"Follow DOI:doi: 10.1093\/g3journal\/jkaf174\" target=\"_blank\">doi:doi: 10.1093\/g3journal\/jkaf174<\/a><\/li>\n<\/ul>\n<\/div>\n<p class=\"tp_close_menu\"><a class=\"tp_close\" onclick=\"teachpress_pub_showhide('155','tp_links')\">Close<\/a><\/p>\n<\/div>\n<\/div>\n<\/div>\n<div class=\"tp_publication tp_publication_article\">\n<div class=\"tp_pub_image_left\"><img name=\"The Effect of Cefazolin on the Gut Microbiome of Female Rats After Spinal Cord Injury\" src=\"https:\/\/inbre.hpcf.upr.edu\/wp-content\/uploads\/2022\/09\/metabolomics-copy-150x150.png\" width=\"25\" alt=\"The Effect of Cefazolin on the Gut Microbiome of Female Rats After Spinal Cord Injury\" \/><\/div>\n<div class=\"tp_pub_info\">\n<p class=\"tp_pub_author\"> LH, Pag\u00e1n-Rivera;  F, Godoy-Vitorino;  NM, Mel\u00e9ndez-V\u00e1zquez;  SE, Ocasio-Rivera;  ME, Santiago-Gascot;  JM, Santiago;  I, Salgado;  V, Gonz\u00e1lez;  O, Mart\u00ednez-Guzm\u00e1n;  M, C\u00e1ceres-Chac\u00f3n;  A, Torrado-Tapias;  JD, Miranda<\/p>\n<p class=\"tp_pub_title\"><a class=\"tp_title_link\" onclick=\"teachpress_pub_showhide('150','tp_links')\" style=\"cursor:pointer;\">The Effect of Cefazolin on the Gut Microbiome of Female Rats After Spinal Cord Injury<\/a> <\/p>\n<p class=\"tp_pub_additional\"><span class=\"tp_pub_additional_in\">In: <\/span><span class=\"tp_pub_additional_journal\">Microorganisms, <\/span><span class=\"tp_pub_additional_year\">2025<\/span>.<\/p>\n<p class=\"tp_pub_menu\"><span class=\"tp_resource_link\"><a id=\"tp_links_sh_150\" class=\"tp_show\" onclick=\"teachpress_pub_showhide('150','tp_links')\" title=\"Show links and resources\" style=\"cursor:pointer;\">Links<\/a><\/span><\/p>\n<div class=\"tp_bibtex\" id=\"tp_bibtex_150\" style=\"display:none;\">\n<div class=\"tp_bibtex_entry\">\n<pre>@article{nokey,<br \/>\r\ntitle = {The Effect of Cefazolin on the Gut Microbiome of Female Rats After Spinal Cord Injury},<br \/>\r\nauthor = {Pag\u00e1n-Rivera LH and Godoy-Vitorino F and Mel\u00e9ndez-V\u00e1zquez NM and Ocasio-Rivera SE and Santiago-Gascot ME and Santiago JM and Salgado I and Gonz\u00e1lez V and Mart\u00ednez-Guzm\u00e1n O and C\u00e1ceres-Chac\u00f3n M and Torrado-Tapias A and Miranda JD},<br \/>\r\nurl = {https:\/\/pubmed.ncbi.nlm.nih.gov\/41156784\/},<br \/>\r\ndoi = {doi: 10.3390\/microorganisms13102324},<br \/>\r\nyear  = {2025},<br \/>\r\ndate = {2025-10-07},<br \/>\r\njournal = {Microorganisms},<br \/>\r\nkeywords = {},<br \/>\r\npubstate = {published},<br \/>\r\ntppubtype = {article}<br \/>\r\n}<br \/>\r\n<\/pre>\n<\/div>\n<p class=\"tp_close_menu\"><a class=\"tp_close\" onclick=\"teachpress_pub_showhide('150','tp_bibtex')\">Close<\/a><\/p>\n<\/div>\n<div class=\"tp_links\" id=\"tp_links_150\" style=\"display:none;\">\n<div class=\"tp_links_entry\">\n<ul class=\"tp_pub_list\">\n<li><i class=\"fas fa-globe\"><\/i><a class=\"tp_pub_list\" href=\"https:\/\/pubmed.ncbi.nlm.nih.gov\/41156784\/\" title=\"https:\/\/pubmed.ncbi.nlm.nih.gov\/41156784\/\" target=\"_blank\">https:\/\/pubmed.ncbi.nlm.nih.gov\/41156784\/<\/a><\/li>\n<li><i class=\"ai ai-doi\"><\/i><a class=\"tp_pub_list\" href=\"https:\/\/dx.doi.org\/doi: 10.3390\/microorganisms13102324\" title=\"Follow DOI:doi: 10.3390\/microorganisms13102324\" target=\"_blank\">doi:doi: 10.3390\/microorganisms13102324<\/a><\/li>\n<\/ul>\n<\/div>\n<p class=\"tp_close_menu\"><a class=\"tp_close\" onclick=\"teachpress_pub_showhide('150','tp_links')\">Close<\/a><\/p>\n<\/div>\n<\/div>\n<\/div>\n<div class=\"tp_publication tp_publication_article\">\n<div class=\"tp_pub_image_left\"><img name=\"Speaking science in a fractured world: making truth land when facts alone cannot\" src=\"https:\/\/inbre.hpcf.upr.edu\/wp-content\/uploads\/2022\/09\/metabolomics-copy-150x150.png\" width=\"25\" alt=\"Speaking science in a fractured world: making truth land when facts alone cannot\" \/><\/div>\n<div class=\"tp_pub_info\">\n<p class=\"tp_pub_author\"> RM, Calisi-Rodr\u00edguez;  K, Alicea-Torres;  JC, Peng;  NA, Theodosiou;  CD, Rogers<\/p>\n<p class=\"tp_pub_title\"><a class=\"tp_title_link\" onclick=\"teachpress_pub_showhide('153','tp_links')\" style=\"cursor:pointer;\">Speaking science in a fractured world: making truth land when facts alone cannot<\/a> <\/p>\n<p class=\"tp_pub_additional\"><span class=\"tp_pub_additional_in\">In: <\/span><span class=\"tp_pub_additional_journal\">Development, <\/span><span class=\"tp_pub_additional_year\">2025<\/span>.<\/p>\n<p class=\"tp_pub_menu\"><span class=\"tp_resource_link\"><a id=\"tp_links_sh_153\" class=\"tp_show\" onclick=\"teachpress_pub_showhide('153','tp_links')\" title=\"Show links and resources\" style=\"cursor:pointer;\">Links<\/a><\/span><\/p>\n<div class=\"tp_bibtex\" id=\"tp_bibtex_153\" style=\"display:none;\">\n<div class=\"tp_bibtex_entry\">\n<pre>@article{nokey,<br \/>\r\ntitle = {Speaking science in a fractured world: making truth land when facts alone cannot},<br \/>\r\nauthor = {Calisi-Rodr\u00edguez RM and Alicea-Torres K and Peng JC and Theodosiou NA and Rogers CD},<br \/>\r\nurl = {https:\/\/pubmed.ncbi.nlm.nih.gov\/41025353\/},<br \/>\r\ndoi = {doi: 10.1242\/dev.205206},<br \/>\r\nyear  = {2025},<br \/>\r\ndate = {2025-10-01},<br \/>\r\njournal = {Development},<br \/>\r\nkeywords = {},<br \/>\r\npubstate = {published},<br \/>\r\ntppubtype = {article}<br \/>\r\n}<br \/>\r\n<\/pre>\n<\/div>\n<p class=\"tp_close_menu\"><a class=\"tp_close\" onclick=\"teachpress_pub_showhide('153','tp_bibtex')\">Close<\/a><\/p>\n<\/div>\n<div class=\"tp_links\" id=\"tp_links_153\" style=\"display:none;\">\n<div class=\"tp_links_entry\">\n<ul class=\"tp_pub_list\">\n<li><i class=\"fas fa-globe\"><\/i><a class=\"tp_pub_list\" href=\"https:\/\/pubmed.ncbi.nlm.nih.gov\/41025353\/\" title=\"https:\/\/pubmed.ncbi.nlm.nih.gov\/41025353\/\" target=\"_blank\">https:\/\/pubmed.ncbi.nlm.nih.gov\/41025353\/<\/a><\/li>\n<li><i class=\"ai ai-doi\"><\/i><a class=\"tp_pub_list\" href=\"https:\/\/dx.doi.org\/doi: 10.1242\/dev.205206\" title=\"Follow DOI:doi: 10.1242\/dev.205206\" target=\"_blank\">doi:doi: 10.1242\/dev.205206<\/a><\/li>\n<\/ul>\n<\/div>\n<p class=\"tp_close_menu\"><a class=\"tp_close\" onclick=\"teachpress_pub_showhide('153','tp_links')\">Close<\/a><\/p>\n<\/div>\n<\/div>\n<\/div>\n<div class=\"tp_publication tp_publication_article\">\n<div class=\"tp_pub_image_left\"><img name=\"Connecting Innovation and Trust through Translational Sciences - A Need for a Community Focus and Effective Education Strategies\" src=\"https:\/\/inbre.hpcf.upr.edu\/wp-content\/uploads\/2022\/09\/metabolomics-copy-150x150.png\" width=\"25\" alt=\"Connecting Innovation and Trust through Translational Sciences - A Need for a Community Focus and Effective Education Strategies\" \/><\/div>\n<div class=\"tp_pub_info\">\n<p class=\"tp_pub_author\"> F, Godoy-Vitorino;  M, Borrero;  J, P\u00e9rez-Santiago;  R, Garc\u00eda-Garc\u00eda;  C, Gomez-Manzano<\/p>\n<p class=\"tp_pub_title\"><a class=\"tp_title_link\" onclick=\"teachpress_pub_showhide('146','tp_links')\" style=\"cursor:pointer;\">Connecting Innovation and Trust through Translational Sciences - A Need for a Community Focus and Effective Education Strategies<\/a> <\/p>\n<p class=\"tp_pub_additional\"><span class=\"tp_pub_additional_in\">In: <\/span><span class=\"tp_pub_additional_journal\">Health Sci J, <\/span><span class=\"tp_pub_additional_year\">2025<\/span>.<\/p>\n<p class=\"tp_pub_menu\"><span class=\"tp_resource_link\"><a id=\"tp_links_sh_146\" class=\"tp_show\" onclick=\"teachpress_pub_showhide('146','tp_links')\" title=\"Show links and resources\" style=\"cursor:pointer;\">Links<\/a><\/span><\/p>\n<div class=\"tp_bibtex\" id=\"tp_bibtex_146\" style=\"display:none;\">\n<div class=\"tp_bibtex_entry\">\n<pre>@article{nokey,<br \/>\r\ntitle = {Connecting Innovation and Trust through Translational Sciences - A Need for a Community Focus and Effective Education Strategies},<br \/>\r\nauthor = {Godoy-Vitorino F and Borrero M and P\u00e9rez-Santiago J and Garc\u00eda-Garc\u00eda R and Gomez-Manzano C},<br \/>\r\nurl = {https:\/\/pubmed.ncbi.nlm.nih.gov\/41026590\/},<br \/>\r\nyear  = {2025},<br \/>\r\ndate = {2025-09-18},<br \/>\r\njournal = {Health Sci J},<br \/>\r\nkeywords = {},<br \/>\r\npubstate = {published},<br \/>\r\ntppubtype = {article}<br \/>\r\n}<br \/>\r\n<\/pre>\n<\/div>\n<p class=\"tp_close_menu\"><a class=\"tp_close\" onclick=\"teachpress_pub_showhide('146','tp_bibtex')\">Close<\/a><\/p>\n<\/div>\n<div class=\"tp_links\" id=\"tp_links_146\" style=\"display:none;\">\n<div class=\"tp_links_entry\">\n<ul class=\"tp_pub_list\">\n<li><i class=\"fas fa-globe\"><\/i><a class=\"tp_pub_list\" href=\"https:\/\/pubmed.ncbi.nlm.nih.gov\/41026590\/\" title=\"https:\/\/pubmed.ncbi.nlm.nih.gov\/41026590\/\" target=\"_blank\">https:\/\/pubmed.ncbi.nlm.nih.gov\/41026590\/<\/a><\/li>\n<\/ul>\n<\/div>\n<p class=\"tp_close_menu\"><a class=\"tp_close\" onclick=\"teachpress_pub_showhide('146','tp_links')\">Close<\/a><\/p>\n<\/div>\n<\/div>\n<\/div>\n<div class=\"tp_publication tp_publication_article\">\n<div class=\"tp_pub_image_left\"><img name=\"Strengthening Integrative Microbiome Research Through Regional Leadership\" src=\"https:\/\/inbre.hpcf.upr.edu\/wp-content\/uploads\/2022\/09\/metabolomics-copy-150x150.png\" width=\"25\" alt=\"Strengthening Integrative Microbiome Research Through Regional Leadership\" \/><\/div>\n<div class=\"tp_pub_info\">\n<p class=\"tp_pub_author\"> F, Godoy-Vitorino<\/p>\n<p class=\"tp_pub_title\"><a class=\"tp_title_link\" onclick=\"teachpress_pub_showhide('147','tp_links')\" style=\"cursor:pointer;\">Strengthening Integrative Microbiome Research Through Regional Leadership<\/a> <\/p>\n<p class=\"tp_pub_additional\"><span class=\"tp_pub_additional_in\">In: <\/span><span class=\"tp_pub_additional_journal\"> Int J Environ Res Public Health, <\/span><span class=\"tp_pub_additional_year\">2025<\/span>.<\/p>\n<p class=\"tp_pub_menu\"><span class=\"tp_resource_link\"><a id=\"tp_links_sh_147\" class=\"tp_show\" onclick=\"teachpress_pub_showhide('147','tp_links')\" title=\"Show links and resources\" style=\"cursor:pointer;\">Links<\/a><\/span><\/p>\n<div class=\"tp_bibtex\" id=\"tp_bibtex_147\" style=\"display:none;\">\n<div class=\"tp_bibtex_entry\">\n<pre>@article{nokey,<br \/>\r\ntitle = {Strengthening Integrative Microbiome Research Through Regional Leadership},<br \/>\r\nauthor = {Godoy-Vitorino F},<br \/>\r\nurl = {https:\/\/pubmed.ncbi.nlm.nih.gov\/41007466\/},<br \/>\r\ndoi = {doi: 10.3390\/ijerph22091322},<br \/>\r\nyear  = {2025},<br \/>\r\ndate = {2025-08-26},<br \/>\r\njournal = { Int J Environ Res Public Health},<br \/>\r\nkeywords = {},<br \/>\r\npubstate = {published},<br \/>\r\ntppubtype = {article}<br \/>\r\n}<br \/>\r\n<\/pre>\n<\/div>\n<p class=\"tp_close_menu\"><a class=\"tp_close\" onclick=\"teachpress_pub_showhide('147','tp_bibtex')\">Close<\/a><\/p>\n<\/div>\n<div class=\"tp_links\" id=\"tp_links_147\" style=\"display:none;\">\n<div class=\"tp_links_entry\">\n<ul class=\"tp_pub_list\">\n<li><i class=\"fas fa-globe\"><\/i><a class=\"tp_pub_list\" href=\"https:\/\/pubmed.ncbi.nlm.nih.gov\/41007466\/\" title=\"https:\/\/pubmed.ncbi.nlm.nih.gov\/41007466\/\" target=\"_blank\">https:\/\/pubmed.ncbi.nlm.nih.gov\/41007466\/<\/a><\/li>\n<li><i class=\"ai ai-doi\"><\/i><a class=\"tp_pub_list\" href=\"https:\/\/dx.doi.org\/doi: 10.3390\/ijerph22091322\" title=\"Follow DOI:doi: 10.3390\/ijerph22091322\" target=\"_blank\">doi:doi: 10.3390\/ijerph22091322<\/a><\/li>\n<\/ul>\n<\/div>\n<p class=\"tp_close_menu\"><a class=\"tp_close\" onclick=\"teachpress_pub_showhide('147','tp_links')\">Close<\/a><\/p>\n<\/div>\n<\/div>\n<\/div>\n<div class=\"tp_publication tp_publication_article\">\n<div class=\"tp_pub_image_left\"><img name=\"RSPH4A-PCDx: An Index to Predict Lung Function Decline in Primary Ciliary Dyskinesia\" src=\"https:\/\/inbre.hpcf.upr.edu\/wp-content\/uploads\/2022\/09\/metabolomics-copy-150x150.png\" width=\"25\" alt=\"RSPH4A-PCDx: An Index to Predict Lung Function Decline in Primary Ciliary Dyskinesia\" \/><\/div>\n<div class=\"tp_pub_info\">\n<p class=\"tp_pub_author\"> G, Rom\u00e1n-R\u00edos;  G, Rosario-Ortiz;  MJ, Ramos-Benitez;  RA, Mosquera;  W, De Jes\u00fas-Rojas<\/p>\n<p class=\"tp_pub_title\"><a class=\"tp_title_link\" onclick=\"teachpress_pub_showhide('154','tp_links')\" style=\"cursor:pointer;\">RSPH4A-PCDx: An Index to Predict Lung Function Decline in Primary Ciliary Dyskinesia<\/a> <\/p>\n<p class=\"tp_pub_additional\"><span class=\"tp_pub_additional_in\">In: <\/span><span class=\"tp_pub_additional_journal\">Adv Respir Med, <\/span><span class=\"tp_pub_additional_year\">2025<\/span>.<\/p>\n<p class=\"tp_pub_menu\"><span class=\"tp_resource_link\"><a id=\"tp_links_sh_154\" class=\"tp_show\" onclick=\"teachpress_pub_showhide('154','tp_links')\" title=\"Show links and resources\" style=\"cursor:pointer;\">Links<\/a><\/span><\/p>\n<div class=\"tp_bibtex\" id=\"tp_bibtex_154\" style=\"display:none;\">\n<div class=\"tp_bibtex_entry\">\n<pre>@article{nokey,<br \/>\r\ntitle = {RSPH4A-PCDx: An Index to Predict Lung Function Decline in Primary Ciliary Dyskinesia},<br \/>\r\nauthor = {Rom\u00e1n-R\u00edos G and Rosario-Ortiz G and Ramos-Benitez MJ and Mosquera RA and De Jes\u00fas-Rojas W},<br \/>\r\nurl = {https:\/\/pubmed.ncbi.nlm.nih.gov\/40862699\/},<br \/>\r\ndoi = {doi: 10.3390\/arm93050045},<br \/>\r\nyear  = {2025},<br \/>\r\ndate = {2025-08-02},<br \/>\r\njournal = {Adv Respir Med},<br \/>\r\nkeywords = {},<br \/>\r\npubstate = {published},<br \/>\r\ntppubtype = {article}<br \/>\r\n}<br \/>\r\n<\/pre>\n<\/div>\n<p class=\"tp_close_menu\"><a class=\"tp_close\" onclick=\"teachpress_pub_showhide('154','tp_bibtex')\">Close<\/a><\/p>\n<\/div>\n<div class=\"tp_links\" id=\"tp_links_154\" style=\"display:none;\">\n<div class=\"tp_links_entry\">\n<ul class=\"tp_pub_list\">\n<li><i class=\"fas fa-globe\"><\/i><a class=\"tp_pub_list\" href=\"https:\/\/pubmed.ncbi.nlm.nih.gov\/40862699\/\" title=\"https:\/\/pubmed.ncbi.nlm.nih.gov\/40862699\/\" target=\"_blank\">https:\/\/pubmed.ncbi.nlm.nih.gov\/40862699\/<\/a><\/li>\n<li><i class=\"ai ai-doi\"><\/i><a class=\"tp_pub_list\" href=\"https:\/\/dx.doi.org\/doi: 10.3390\/arm93050045\" title=\"Follow DOI:doi: 10.3390\/arm93050045\" target=\"_blank\">doi:doi: 10.3390\/arm93050045<\/a><\/li>\n<\/ul>\n<\/div>\n<p class=\"tp_close_menu\"><a class=\"tp_close\" onclick=\"teachpress_pub_showhide('154','tp_links')\">Close<\/a><\/p>\n<\/div>\n<\/div>\n<\/div>\n<div class=\"tp_publication tp_publication_article\">\n<div class=\"tp_pub_image_left\"><img name=\"Determining the role of FAP1 in S. cerevisiae, cultivated in Nitrogen-limited media\" src=\"https:\/\/inbre.hpcf.upr.edu\/wp-content\/uploads\/2022\/09\/metabolomics-copy-150x150.png\" width=\"25\" alt=\"Determining the role of FAP1 in S. cerevisiae, cultivated in Nitrogen-limited media\" \/><\/div>\n<div class=\"tp_pub_info\">\n<p class=\"tp_pub_author\"> MM, Fajardo;  EIP, Matos<\/p>\n<p class=\"tp_pub_title\"><a class=\"tp_title_link\" onclick=\"teachpress_pub_showhide('144','tp_links')\" style=\"cursor:pointer;\">Determining the role of FAP1 in S. cerevisiae, cultivated in Nitrogen-limited media<\/a> <\/p>\n<p class=\"tp_pub_additional\"><span class=\"tp_pub_additional_in\">In: <\/span><span class=\"tp_pub_additional_journal\">Int J Mol Biol Open Access, <\/span><span class=\"tp_pub_additional_year\">2025<\/span>.<\/p>\n<p class=\"tp_pub_menu\"><span class=\"tp_resource_link\"><a id=\"tp_links_sh_144\" class=\"tp_show\" onclick=\"teachpress_pub_showhide('144','tp_links')\" title=\"Show links and resources\" style=\"cursor:pointer;\">Links<\/a><\/span><\/p>\n<div class=\"tp_bibtex\" id=\"tp_bibtex_144\" style=\"display:none;\">\n<div class=\"tp_bibtex_entry\">\n<pre>@article{nokey,<br \/>\r\ntitle = {Determining the role of FAP1 in S. cerevisiae, cultivated in Nitrogen-limited media},<br \/>\r\nauthor = {Fajardo MM and Matos EIP},<br \/>\r\nurl = {https:\/\/medcraveonline.com\/IJMBOA\/determining-the-role-of-fap1-in-s-cerevisiae-cultivated-in-nitrogen-limited-media.html},<br \/>\r\ndoi = {doi: 10.15406\/ijmboa.2025.08.00195},<br \/>\r\nyear  = {2025},<br \/>\r\ndate = {2025-06-09},<br \/>\r\njournal = {Int J Mol Biol Open Access},<br \/>\r\nkeywords = {},<br \/>\r\npubstate = {published},<br \/>\r\ntppubtype = {article}<br \/>\r\n}<br \/>\r\n<\/pre>\n<\/div>\n<p class=\"tp_close_menu\"><a class=\"tp_close\" onclick=\"teachpress_pub_showhide('144','tp_bibtex')\">Close<\/a><\/p>\n<\/div>\n<div class=\"tp_links\" id=\"tp_links_144\" style=\"display:none;\">\n<div class=\"tp_links_entry\">\n<ul class=\"tp_pub_list\">\n<li><i class=\"fas fa-globe\"><\/i><a class=\"tp_pub_list\" href=\"https:\/\/medcraveonline.com\/IJMBOA\/determining-the-role-of-fap1-in-s-cerevisiae-cultivated-in-nitrogen-limited-media.html\" title=\"https:\/\/medcraveonline.com\/IJMBOA\/determining-the-role-of-fap1-in-s-cerevisiae-c[...]\" target=\"_blank\">https:\/\/medcraveonline.com\/IJMBOA\/determining-the-role-of-fap1-in-s-cerevisiae-c[...]<\/a><\/li>\n<li><i class=\"ai ai-doi\"><\/i><a class=\"tp_pub_list\" href=\"https:\/\/dx.doi.org\/doi: 10.15406\/ijmboa.2025.08.00195\" title=\"Follow DOI:doi: 10.15406\/ijmboa.2025.08.00195\" target=\"_blank\">doi:doi: 10.15406\/ijmboa.2025.08.00195<\/a><\/li>\n<\/ul>\n<\/div>\n<p class=\"tp_close_menu\"><a class=\"tp_close\" onclick=\"teachpress_pub_showhide('144','tp_links')\">Close<\/a><\/p>\n<\/div>\n<\/div>\n<\/div>\n<div class=\"tp_publication tp_publication_article\">\n<div class=\"tp_pub_image_left\"><img name=\"Challenges and Opportunities: Interplay between Infectious Disease and Antimicrobial Resistance in Medical Device Surface Applications\" src=\"https:\/\/inbre.hpcf.upr.edu\/wp-content\/uploads\/2022\/09\/metabolomics-copy-150x150.png\" width=\"25\" alt=\"Challenges and Opportunities: Interplay between Infectious Disease and Antimicrobial Resistance in Medical Device Surface Applications\" \/><\/div>\n<div class=\"tp_pub_info\">\n<p class=\"tp_pub_author\"> V, Ortiz-G\u00f3mez;  R, Maldonado-Hern\u00e1ndez<\/p>\n<p class=\"tp_pub_title\"><a class=\"tp_title_link\" onclick=\"teachpress_pub_showhide('142','tp_links')\" style=\"cursor:pointer;\">Challenges and Opportunities: Interplay between Infectious Disease and Antimicrobial Resistance in Medical Device Surface Applications<\/a> <\/p>\n<p class=\"tp_pub_additional\"><span class=\"tp_pub_additional_in\">In: <\/span><span class=\"tp_pub_additional_journal\">ACS Omega, <\/span><span class=\"tp_pub_additional_year\">2025<\/span>.<\/p>\n<p class=\"tp_pub_menu\"><span class=\"tp_resource_link\"><a id=\"tp_links_sh_142\" class=\"tp_show\" onclick=\"teachpress_pub_showhide('142','tp_links')\" title=\"Show links and resources\" style=\"cursor:pointer;\">Links<\/a><\/span><\/p>\n<div class=\"tp_bibtex\" id=\"tp_bibtex_142\" style=\"display:none;\">\n<div class=\"tp_bibtex_entry\">\n<pre>@article{nokey,<br \/>\r\ntitle = {Challenges and Opportunities: Interplay between Infectious Disease and Antimicrobial Resistance in Medical Device Surface Applications},<br \/>\r\nauthor = {Ortiz-G\u00f3mez V and Maldonado-Hern\u00e1ndez R},<br \/>\r\nurl = {https:\/\/pubmed.ncbi.nlm.nih.gov\/40488087\/},<br \/>\r\ndoi = {doi: 10.1021\/acsomega.5c01011},<br \/>\r\nyear  = {2025},<br \/>\r\ndate = {2025-05-20},<br \/>\r\njournal = {ACS Omega},<br \/>\r\nkeywords = {},<br \/>\r\npubstate = {published},<br \/>\r\ntppubtype = {article}<br \/>\r\n}<br \/>\r\n<\/pre>\n<\/div>\n<p class=\"tp_close_menu\"><a class=\"tp_close\" onclick=\"teachpress_pub_showhide('142','tp_bibtex')\">Close<\/a><\/p>\n<\/div>\n<div class=\"tp_links\" id=\"tp_links_142\" style=\"display:none;\">\n<div class=\"tp_links_entry\">\n<ul class=\"tp_pub_list\">\n<li><i class=\"fas fa-globe\"><\/i><a class=\"tp_pub_list\" href=\"https:\/\/pubmed.ncbi.nlm.nih.gov\/40488087\/\" title=\"https:\/\/pubmed.ncbi.nlm.nih.gov\/40488087\/\" target=\"_blank\">https:\/\/pubmed.ncbi.nlm.nih.gov\/40488087\/<\/a><\/li>\n<li><i class=\"ai ai-doi\"><\/i><a class=\"tp_pub_list\" href=\"https:\/\/dx.doi.org\/doi: 10.1021\/acsomega.5c01011\" title=\"Follow DOI:doi: 10.1021\/acsomega.5c01011\" target=\"_blank\">doi:doi: 10.1021\/acsomega.5c01011<\/a><\/li>\n<\/ul>\n<\/div>\n<p class=\"tp_close_menu\"><a class=\"tp_close\" onclick=\"teachpress_pub_showhide('142','tp_links')\">Close<\/a><\/p>\n<\/div>\n<\/div>\n<\/div>\n<div class=\"tp_publication tp_publication_article\">\n<div class=\"tp_pub_image_left\"><img name=\" Ergosterol Peroxide Disrupts Triple-Negative Breast Cancer Mitochondrial Function and Inhibits Tumor Growth and Metastasis\" src=\"https:\/\/inbre.hpcf.upr.edu\/wp-content\/uploads\/2022\/09\/metabolomics-copy-150x150.png\" width=\"25\" alt=\" Ergosterol Peroxide Disrupts Triple-Negative Breast Cancer Mitochondrial Function and Inhibits Tumor Growth and Metastasis\" \/><\/div>\n<div class=\"tp_pub_info\">\n<p class=\"tp_pub_author\"> AL, Bocachica-Adorno;  AY, Aponte-Ramos;  PS, Rivera-Fuentes;  NP, Espinosa-Ponce;  LV, Arroyo-Cruz; amd P\u00e9rez-R\u00edos N, Ling T;  S, Rivas-Tumanyan;  IA, Almod\u00f3var-Rivera;  C, Barreto-Gamarra;  M, Domenech-Garc\u00eda;  F, Rivas;  MM, Mart\u00ednez-Montemayor<\/p>\n<p class=\"tp_pub_title\"><a class=\"tp_title_link\" onclick=\"teachpress_pub_showhide('137','tp_links')\" style=\"cursor:pointer;\"> Ergosterol Peroxide Disrupts Triple-Negative Breast Cancer Mitochondrial Function and Inhibits Tumor Growth and Metastasis<\/a> <\/p>\n<p class=\"tp_pub_additional\"><span class=\"tp_pub_additional_in\">In: <\/span><span class=\"tp_pub_additional_journal\">Int J Mol Sci, <\/span><span class=\"tp_pub_additional_year\">2025<\/span>.<\/p>\n<p class=\"tp_pub_menu\"><span class=\"tp_resource_link\"><a id=\"tp_links_sh_137\" class=\"tp_show\" onclick=\"teachpress_pub_showhide('137','tp_links')\" title=\"Show links and resources\" style=\"cursor:pointer;\">Links<\/a><\/span><\/p>\n<div class=\"tp_bibtex\" id=\"tp_bibtex_137\" style=\"display:none;\">\n<div class=\"tp_bibtex_entry\">\n<pre>@article{nokey,<br \/>\r\ntitle = { Ergosterol Peroxide Disrupts Triple-Negative Breast Cancer Mitochondrial Function and Inhibits Tumor Growth and Metastasis},<br \/>\r\nauthor = {Bocachica-Adorno AL and Aponte-Ramos AY and Rivera-Fuentes PS and Espinosa-Ponce NP and Arroyo-Cruz LV and Ling T amd P\u00e9rez-R\u00edos N and Rivas-Tumanyan S and Almod\u00f3var-Rivera IA and Barreto-Gamarra C and Domenech-Garc\u00eda M and Rivas F and Mart\u00ednez-Montemayor MM},<br \/>\r\nurl = {https:\/\/pubmed.ncbi.nlm.nih.gov\/40429733\/},<br \/>\r\ndoi = {doi: 10.3390\/ijms26104588},<br \/>\r\nyear  = {2025},<br \/>\r\ndate = {2025-05-10},<br \/>\r\njournal = {Int J Mol Sci},<br \/>\r\nkeywords = {},<br \/>\r\npubstate = {published},<br \/>\r\ntppubtype = {article}<br \/>\r\n}<br \/>\r\n<\/pre>\n<\/div>\n<p class=\"tp_close_menu\"><a class=\"tp_close\" onclick=\"teachpress_pub_showhide('137','tp_bibtex')\">Close<\/a><\/p>\n<\/div>\n<div class=\"tp_links\" id=\"tp_links_137\" style=\"display:none;\">\n<div class=\"tp_links_entry\">\n<ul class=\"tp_pub_list\">\n<li><i class=\"fas fa-globe\"><\/i><a class=\"tp_pub_list\" href=\"https:\/\/pubmed.ncbi.nlm.nih.gov\/40429733\/\" title=\"https:\/\/pubmed.ncbi.nlm.nih.gov\/40429733\/\" target=\"_blank\">https:\/\/pubmed.ncbi.nlm.nih.gov\/40429733\/<\/a><\/li>\n<li><i class=\"ai ai-doi\"><\/i><a class=\"tp_pub_list\" href=\"https:\/\/dx.doi.org\/doi: 10.3390\/ijms26104588\" title=\"Follow DOI:doi: 10.3390\/ijms26104588\" target=\"_blank\">doi:doi: 10.3390\/ijms26104588<\/a><\/li>\n<\/ul>\n<\/div>\n<p class=\"tp_close_menu\"><a class=\"tp_close\" onclick=\"teachpress_pub_showhide('137','tp_links')\">Close<\/a><\/p>\n<\/div>\n<\/div>\n<\/div>\n<div class=\"tp_publication tp_publication_article\">\n<div class=\"tp_pub_image_left\"><img name=\"Upregulation of MMP3 Promotes Cisplatin Resistance in Ovarian Cancer\" src=\"https:\/\/inbre.hpcf.upr.edu\/wp-content\/uploads\/2022\/09\/metabolomics-copy-150x150.png\" width=\"25\" alt=\"Upregulation of MMP3 Promotes Cisplatin Resistance in Ovarian Cancer\" \/><\/div>\n<div class=\"tp_pub_info\">\n<p class=\"tp_pub_author\"> M, Rivera-Serrano;  M, Flores-Col\u00f3n;  F, Valiyeva;  LM, Mel\u00e9ndez;  PE, Vivas-Mej\u00eda<\/p>\n<p class=\"tp_pub_title\"><a class=\"tp_title_link\" onclick=\"teachpress_pub_showhide('139','tp_links')\" style=\"cursor:pointer;\">Upregulation of MMP3 Promotes Cisplatin Resistance in Ovarian Cancer<\/a> <\/p>\n<p class=\"tp_pub_additional\"><span class=\"tp_pub_additional_in\">In: <\/span><span class=\"tp_pub_additional_journal\">Int J Mol Sci, <\/span><span class=\"tp_pub_additional_year\">2025<\/span>.<\/p>\n<p class=\"tp_pub_menu\"><span class=\"tp_resource_link\"><a id=\"tp_links_sh_139\" class=\"tp_show\" onclick=\"teachpress_pub_showhide('139','tp_links')\" title=\"Show links and resources\" style=\"cursor:pointer;\">Links<\/a><\/span><\/p>\n<div class=\"tp_bibtex\" id=\"tp_bibtex_139\" style=\"display:none;\">\n<div class=\"tp_bibtex_entry\">\n<pre>@article{nokey,<br \/>\r\ntitle = {Upregulation of MMP3 Promotes Cisplatin Resistance in Ovarian Cancer},<br \/>\r\nauthor = {Rivera-Serrano M and Flores-Col\u00f3n M and Valiyeva F and Mel\u00e9ndez LM and Vivas-Mej\u00eda PE},<br \/>\r\nurl = {https:\/\/pubmed.ncbi.nlm.nih.gov\/40362252\/},<br \/>\r\ndoi = {doi: 10.3390\/ijms26094012},<br \/>\r\nyear  = {2025},<br \/>\r\ndate = {2025-04-24},<br \/>\r\njournal = {Int J Mol Sci},<br \/>\r\nkeywords = {},<br \/>\r\npubstate = {published},<br \/>\r\ntppubtype = {article}<br \/>\r\n}<br \/>\r\n<\/pre>\n<\/div>\n<p class=\"tp_close_menu\"><a class=\"tp_close\" onclick=\"teachpress_pub_showhide('139','tp_bibtex')\">Close<\/a><\/p>\n<\/div>\n<div class=\"tp_links\" id=\"tp_links_139\" style=\"display:none;\">\n<div class=\"tp_links_entry\">\n<ul class=\"tp_pub_list\">\n<li><i class=\"fas fa-globe\"><\/i><a class=\"tp_pub_list\" href=\"https:\/\/pubmed.ncbi.nlm.nih.gov\/40362252\/\" title=\"https:\/\/pubmed.ncbi.nlm.nih.gov\/40362252\/\" target=\"_blank\">https:\/\/pubmed.ncbi.nlm.nih.gov\/40362252\/<\/a><\/li>\n<li><i class=\"ai ai-doi\"><\/i><a class=\"tp_pub_list\" href=\"https:\/\/dx.doi.org\/doi: 10.3390\/ijms26094012\" title=\"Follow DOI:doi: 10.3390\/ijms26094012\" target=\"_blank\">doi:doi: 10.3390\/ijms26094012<\/a><\/li>\n<\/ul>\n<\/div>\n<p class=\"tp_close_menu\"><a class=\"tp_close\" onclick=\"teachpress_pub_showhide('139','tp_links')\">Close<\/a><\/p>\n<\/div>\n<\/div>\n<\/div>\n<div class=\"tp_publication tp_publication_article\">\n<div class=\"tp_pub_image_left\"><img name=\"Functionalized screen-printed electrodes for non-invasive detection of vascular-endothelial cadherin in extracellular vesicles\" src=\"https:\/\/inbre.hpcf.upr.edu\/wp-content\/uploads\/2022\/09\/metabolomics-copy-150x150.png\" width=\"25\" alt=\"Functionalized screen-printed electrodes for non-invasive detection of vascular-endothelial cadherin in extracellular vesicles\" \/><\/div>\n<div class=\"tp_pub_info\">\n<p class=\"tp_pub_author\"> W, Meza-Morales;  S, Ayus-Martinez;  J, Jimenez-Osorio;  M, Buendia-Otero;  L, L\u00f3pez;  D, Suleiman;  E, Suarez;  DO, Freytes;  L, Cunci;  C, Mora<\/p>\n<p class=\"tp_pub_title\"><a class=\"tp_title_link\" onclick=\"teachpress_pub_showhide('143','tp_links')\" style=\"cursor:pointer;\">Functionalized screen-printed electrodes for non-invasive detection of vascular-endothelial cadherin in extracellular vesicles<\/a> <\/p>\n<p class=\"tp_pub_additional\"><span class=\"tp_pub_additional_in\">In: <\/span><span class=\"tp_pub_additional_journal\">RSC Adv, <\/span><span class=\"tp_pub_additional_year\">2025<\/span>.<\/p>\n<p class=\"tp_pub_menu\"><span class=\"tp_resource_link\"><a id=\"tp_links_sh_143\" class=\"tp_show\" onclick=\"teachpress_pub_showhide('143','tp_links')\" title=\"Show links and resources\" style=\"cursor:pointer;\">Links<\/a><\/span><\/p>\n<div class=\"tp_bibtex\" id=\"tp_bibtex_143\" style=\"display:none;\">\n<div class=\"tp_bibtex_entry\">\n<pre>@article{nokey,<br \/>\r\ntitle = {Functionalized screen-printed electrodes for non-invasive detection of vascular-endothelial cadherin in extracellular vesicles},<br \/>\r\nauthor = {Meza-Morales W and Ayus-Martinez S and Jimenez-Osorio J and Buendia-Otero M and L\u00f3pez L and Suleiman D and Suarez E and Freytes DO and Cunci L and Mora C},<br \/>\r\nurl = {https:\/\/pubmed.ncbi.nlm.nih.gov\/40264865\/},<br \/>\r\ndoi = {doi: 10.1039\/d4ra08926j},<br \/>\r\nyear  = {2025},<br \/>\r\ndate = {2025-04-22},<br \/>\r\njournal = {RSC Adv},<br \/>\r\nkeywords = {},<br \/>\r\npubstate = {published},<br \/>\r\ntppubtype = {article}<br \/>\r\n}<br \/>\r\n<\/pre>\n<\/div>\n<p class=\"tp_close_menu\"><a class=\"tp_close\" onclick=\"teachpress_pub_showhide('143','tp_bibtex')\">Close<\/a><\/p>\n<\/div>\n<div class=\"tp_links\" id=\"tp_links_143\" style=\"display:none;\">\n<div class=\"tp_links_entry\">\n<ul class=\"tp_pub_list\">\n<li><i class=\"fas fa-globe\"><\/i><a class=\"tp_pub_list\" href=\"https:\/\/pubmed.ncbi.nlm.nih.gov\/40264865\/\" title=\"https:\/\/pubmed.ncbi.nlm.nih.gov\/40264865\/\" target=\"_blank\">https:\/\/pubmed.ncbi.nlm.nih.gov\/40264865\/<\/a><\/li>\n<li><i class=\"ai ai-doi\"><\/i><a class=\"tp_pub_list\" href=\"https:\/\/dx.doi.org\/doi: 10.1039\/d4ra08926j\" title=\"Follow DOI:doi: 10.1039\/d4ra08926j\" target=\"_blank\">doi:doi: 10.1039\/d4ra08926j<\/a><\/li>\n<\/ul>\n<\/div>\n<p class=\"tp_close_menu\"><a class=\"tp_close\" onclick=\"teachpress_pub_showhide('143','tp_links')\">Close<\/a><\/p>\n<\/div>\n<\/div>\n<\/div>\n<div class=\"tp_publication tp_publication_article\">\n<div class=\"tp_pub_image_left\"><img name=\"Single-cell RNA sequencing of the holothurian regenerating intestine reveals the pluripotency of the coelomic epithelium\" src=\"https:\/\/inbre.hpcf.upr.edu\/wp-content\/uploads\/2022\/09\/metabolomics-copy-150x150.png\" width=\"25\" alt=\"Single-cell RNA sequencing of the holothurian regenerating intestine reveals the pluripotency of the coelomic epithelium\" \/><\/div>\n<div class=\"tp_pub_info\">\n<p class=\"tp_pub_author\"> JG, Medina-Feliciano;  G, Valent\u00edn-Tirado;  K, Luna-Mart\u00ednez;  A, Beltran-Rivera;  Y, Miranda-Negr\u00f3n;  JE, Garcia-Arraras<\/p>\n<p class=\"tp_pub_title\"><a class=\"tp_title_link\" onclick=\"teachpress_pub_showhide('136','tp_links')\" style=\"cursor:pointer;\">Single-cell RNA sequencing of the holothurian regenerating intestine reveals the pluripotency of the coelomic epithelium<\/a> <\/p>\n<p class=\"tp_pub_additional\"><span class=\"tp_pub_additional_in\">In: <\/span><span class=\"tp_pub_additional_journal\"> Elife, <\/span><span class=\"tp_pub_additional_year\">2025<\/span>.<\/p>\n<p class=\"tp_pub_menu\"><span class=\"tp_resource_link\"><a id=\"tp_links_sh_136\" class=\"tp_show\" onclick=\"teachpress_pub_showhide('136','tp_links')\" title=\"Show links and resources\" style=\"cursor:pointer;\">Links<\/a><\/span><\/p>\n<div class=\"tp_bibtex\" id=\"tp_bibtex_136\" style=\"display:none;\">\n<div class=\"tp_bibtex_entry\">\n<pre>@article{nokey,<br \/>\r\ntitle = {Single-cell RNA sequencing of the holothurian regenerating intestine reveals the pluripotency of the coelomic epithelium},<br \/>\r\nauthor = {Medina-Feliciano JG and Valent\u00edn-Tirado G and Luna-Mart\u00ednez K and Beltran-Rivera A and Miranda-Negr\u00f3n Y and Garcia-Arraras JE},<br \/>\r\nurl = {https:\/\/pubmed.ncbi.nlm.nih.gov\/40111904\/},<br \/>\r\ndoi = {doi: 10.7554\/eLife.100796},<br \/>\r\nyear  = {2025},<br \/>\r\ndate = {2025-03-20},<br \/>\r\njournal = { Elife},<br \/>\r\nkeywords = {},<br \/>\r\npubstate = {published},<br \/>\r\ntppubtype = {article}<br \/>\r\n}<br \/>\r\n<\/pre>\n<\/div>\n<p class=\"tp_close_menu\"><a class=\"tp_close\" onclick=\"teachpress_pub_showhide('136','tp_bibtex')\">Close<\/a><\/p>\n<\/div>\n<div class=\"tp_links\" id=\"tp_links_136\" style=\"display:none;\">\n<div class=\"tp_links_entry\">\n<ul class=\"tp_pub_list\">\n<li><i class=\"fas fa-globe\"><\/i><a class=\"tp_pub_list\" href=\"https:\/\/pubmed.ncbi.nlm.nih.gov\/40111904\/\" title=\"https:\/\/pubmed.ncbi.nlm.nih.gov\/40111904\/\" target=\"_blank\">https:\/\/pubmed.ncbi.nlm.nih.gov\/40111904\/<\/a><\/li>\n<li><i class=\"ai ai-doi\"><\/i><a class=\"tp_pub_list\" href=\"https:\/\/dx.doi.org\/doi: 10.7554\/eLife.100796\" title=\"Follow DOI:doi: 10.7554\/eLife.100796\" target=\"_blank\">doi:doi: 10.7554\/eLife.100796<\/a><\/li>\n<\/ul>\n<\/div>\n<p class=\"tp_close_menu\"><a class=\"tp_close\" onclick=\"teachpress_pub_showhide('136','tp_links')\">Close<\/a><\/p>\n<\/div>\n<\/div>\n<\/div>\n<div class=\"tp_publication tp_publication_article\">\n<div class=\"tp_pub_image_left\"><img name=\"Calcium Sulfide Nanoclusters Trigger DNA Damage and Induce Cell Cycle Arrest in Non-Small-Cell Lung Adenocarcinoma Cells\" src=\"https:\/\/inbre.hpcf.upr.edu\/wp-content\/uploads\/2022\/09\/metabolomics-copy-150x150.png\" width=\"25\" alt=\"Calcium Sulfide Nanoclusters Trigger DNA Damage and Induce Cell Cycle Arrest in Non-Small-Cell Lung Adenocarcinoma Cells\" \/><\/div>\n<div class=\"tp_pub_info\">\n<p class=\"tp_pub_author\"> MM, Figueroa Rosado;  K, Mu\u00f1oz Forti;  P, Rodr\u00edguez-Rodr\u00edguez;  G, Arroyo-Mart\u00ednez;  VJ, Rodr\u00edguez-Irizarry;  A, Ruiz-Rivera;  JI, Quinones-Rodriguez;  PG, Santiago-Cardona;  OM, Rodriguez Martinez;  S, Almodovar;  ME, Castro;  E, Su\u00e1rez Mart\u00ednez<\/p>\n<p class=\"tp_pub_title\"><a class=\"tp_title_link\" onclick=\"teachpress_pub_showhide('134','tp_links')\" style=\"cursor:pointer;\">Calcium Sulfide Nanoclusters Trigger DNA Damage and Induce Cell Cycle Arrest in Non-Small-Cell Lung Adenocarcinoma Cells<\/a> <\/p>\n<p class=\"tp_pub_additional\"><span class=\"tp_pub_additional_in\">In: <\/span><span class=\"tp_pub_additional_journal\">Int J Mol Sci, <\/span><span class=\"tp_pub_additional_year\">2025<\/span>.<\/p>\n<p class=\"tp_pub_menu\"><span class=\"tp_resource_link\"><a id=\"tp_links_sh_134\" class=\"tp_show\" onclick=\"teachpress_pub_showhide('134','tp_links')\" title=\"Show links and resources\" style=\"cursor:pointer;\">Links<\/a><\/span><\/p>\n<div class=\"tp_bibtex\" id=\"tp_bibtex_134\" style=\"display:none;\">\n<div class=\"tp_bibtex_entry\">\n<pre>@article{nokey,<br \/>\r\ntitle = {Calcium Sulfide Nanoclusters Trigger DNA Damage and Induce Cell Cycle Arrest in Non-Small-Cell Lung Adenocarcinoma Cells},<br \/>\r\nauthor = {Figueroa Rosado MM and Mu\u00f1oz Forti K and Rodr\u00edguez-Rodr\u00edguez P and Arroyo-Mart\u00ednez G and Rodr\u00edguez-Irizarry VJ and Ruiz-Rivera A and Quinones-Rodriguez JI and Santiago-Cardona PG and Rodriguez Martinez OM and Almodovar S and Castro ME and Su\u00e1rez Mart\u00ednez E},<br \/>\r\nurl = {https:\/\/pubmed.ncbi.nlm.nih.gov\/40004132\/},<br \/>\r\ndoi = {doi: 10.3390\/ijms26041665},<br \/>\r\nyear  = {2025},<br \/>\r\ndate = {2025-02-15},<br \/>\r\njournal = {Int J Mol Sci},<br \/>\r\nkeywords = {},<br \/>\r\npubstate = {published},<br \/>\r\ntppubtype = {article}<br \/>\r\n}<br \/>\r\n<\/pre>\n<\/div>\n<p class=\"tp_close_menu\"><a class=\"tp_close\" onclick=\"teachpress_pub_showhide('134','tp_bibtex')\">Close<\/a><\/p>\n<\/div>\n<div class=\"tp_links\" id=\"tp_links_134\" style=\"display:none;\">\n<div class=\"tp_links_entry\">\n<ul class=\"tp_pub_list\">\n<li><i class=\"fas fa-globe\"><\/i><a class=\"tp_pub_list\" href=\"https:\/\/pubmed.ncbi.nlm.nih.gov\/40004132\/\" title=\"https:\/\/pubmed.ncbi.nlm.nih.gov\/40004132\/\" target=\"_blank\">https:\/\/pubmed.ncbi.nlm.nih.gov\/40004132\/<\/a><\/li>\n<li><i class=\"ai ai-doi\"><\/i><a class=\"tp_pub_list\" href=\"https:\/\/dx.doi.org\/doi: 10.3390\/ijms26041665\" title=\"Follow DOI:doi: 10.3390\/ijms26041665\" target=\"_blank\">doi:doi: 10.3390\/ijms26041665<\/a><\/li>\n<\/ul>\n<\/div>\n<p class=\"tp_close_menu\"><a class=\"tp_close\" onclick=\"teachpress_pub_showhide('134','tp_links')\">Close<\/a><\/p>\n<\/div>\n<\/div>\n<\/div>\n<div class=\"tp_publication tp_publication_article\">\n<div class=\"tp_pub_image_left\"><img name=\"Cardiovascular Disease-Associated Non-Coding Variants Disrupt GATA4-DNA Binding and Regulatory Functions\" src=\"https:\/\/inbre.hpcf.upr.edu\/wp-content\/uploads\/2022\/09\/metabolomics-copy-150x150.png\" width=\"25\" alt=\"Cardiovascular Disease-Associated Non-Coding Variants Disrupt GATA4-DNA Binding and Regulatory Functions\" \/><\/div>\n<div class=\"tp_pub_info\">\n<p class=\"tp_pub_author\"> EG, Pe\u00f1a-Mart\u00ednez;  JL, Messon-Bird;  JM, Rodr\u00edguez-R\u00edos;  R, Vel\u00e1zquez-Roig;  DA, Pomales-Matos;  A, Rivera-Madera;  L, Sanabria-Alberto;  AC, Barreiro-Rosario;  JA, Figueroa-Rosado;  J, Rivera-Del Valle;  NE, Mu\u00f1oz-P\u00e1ez;  EA, Peterson-Peguero;  JA, Rodr\u00edguez-Mart\u00ednez<\/p>\n<p class=\"tp_pub_title\"><a class=\"tp_title_link\" onclick=\"teachpress_pub_showhide('121','tp_links')\" style=\"cursor:pointer;\">Cardiovascular Disease-Associated Non-Coding Variants Disrupt GATA4-DNA Binding and Regulatory Functions<\/a> <\/p>\n<p class=\"tp_pub_additional\"><span class=\"tp_pub_additional_in\">In: <\/span><span class=\"tp_pub_additional_journal\">HGG Adv, <\/span><span class=\"tp_pub_additional_year\">2025<\/span>.<\/p>\n<p class=\"tp_pub_menu\"><span class=\"tp_resource_link\"><a id=\"tp_links_sh_121\" class=\"tp_show\" onclick=\"teachpress_pub_showhide('121','tp_links')\" title=\"Show links and resources\" style=\"cursor:pointer;\">Links<\/a><\/span><\/p>\n<div class=\"tp_bibtex\" id=\"tp_bibtex_121\" style=\"display:none;\">\n<div class=\"tp_bibtex_entry\">\n<pre>@article{nokey,<br \/>\r\ntitle = {Cardiovascular Disease-Associated Non-Coding Variants Disrupt GATA4-DNA Binding and Regulatory Functions},<br \/>\r\nauthor = {Pe\u00f1a-Mart\u00ednez EG and Messon-Bird JL and Rodr\u00edguez-R\u00edos JM and Vel\u00e1zquez-Roig R and Pomales-Matos DA and Rivera-Madera A and Sanabria-Alberto L and Barreiro-Rosario AC and Figueroa-Rosado JA and Rivera-Del Valle J and Mu\u00f1oz-P\u00e1ez NE and Peterson-Peguero EA and Rodr\u00edguez-Mart\u00ednez JA},<br \/>\r\nurl = {https:\/\/pubmed.ncbi.nlm.nih.gov\/39943688\/},<br \/>\r\ndoi = {doi: 10.1016\/j.xhgg.2025.100415},<br \/>\r\nyear  = {2025},<br \/>\r\ndate = {2025-02-02},<br \/>\r\nurldate = {2025-02-02},<br \/>\r\njournal = {HGG Adv},<br \/>\r\nkeywords = {},<br \/>\r\npubstate = {published},<br \/>\r\ntppubtype = {article}<br \/>\r\n}<br \/>\r\n<\/pre>\n<\/div>\n<p class=\"tp_close_menu\"><a class=\"tp_close\" onclick=\"teachpress_pub_showhide('121','tp_bibtex')\">Close<\/a><\/p>\n<\/div>\n<div class=\"tp_links\" id=\"tp_links_121\" style=\"display:none;\">\n<div class=\"tp_links_entry\">\n<ul class=\"tp_pub_list\">\n<li><i class=\"fas fa-globe\"><\/i><a class=\"tp_pub_list\" href=\"https:\/\/pubmed.ncbi.nlm.nih.gov\/39943688\/\" title=\"https:\/\/pubmed.ncbi.nlm.nih.gov\/39943688\/\" target=\"_blank\">https:\/\/pubmed.ncbi.nlm.nih.gov\/39943688\/<\/a><\/li>\n<li><i class=\"ai ai-doi\"><\/i><a class=\"tp_pub_list\" href=\"https:\/\/dx.doi.org\/doi: 10.1016\/j.xhgg.2025.100415\" title=\"Follow DOI:doi: 10.1016\/j.xhgg.2025.100415\" target=\"_blank\">doi:doi: 10.1016\/j.xhgg.2025.100415<\/a><\/li>\n<\/ul>\n<\/div>\n<p class=\"tp_close_menu\"><a class=\"tp_close\" onclick=\"teachpress_pub_showhide('121','tp_links')\">Close<\/a><\/p>\n<\/div>\n<\/div>\n<\/div>\n<div class=\"tp_publication tp_publication_article\">\n<div class=\"tp_pub_image_left\"><img name=\"Solutions to expand microbiome sciences in the Caribbean Region: an insider's perspective\" src=\"https:\/\/inbre.hpcf.upr.edu\/wp-content\/uploads\/2022\/09\/metabolomics-copy-150x150.png\" width=\"25\" alt=\"Solutions to expand microbiome sciences in the Caribbean Region: an insider's perspective\" \/><\/div>\n<div class=\"tp_pub_info\">\n<p class=\"tp_pub_author\"> F, Godoy-Vitorino<\/p>\n<p class=\"tp_pub_title\"><a class=\"tp_title_link\" onclick=\"teachpress_pub_showhide('135','tp_links')\" style=\"cursor:pointer;\">Solutions to expand microbiome sciences in the Caribbean Region: an insider's perspective<\/a> <\/p>\n<p class=\"tp_pub_additional\"><span class=\"tp_pub_additional_in\">In: <\/span><span class=\"tp_pub_additional_journal\">Trends Microbiol, <\/span><span class=\"tp_pub_additional_year\">2025<\/span>.<\/p>\n<p class=\"tp_pub_menu\"><span class=\"tp_resource_link\"><a id=\"tp_links_sh_135\" class=\"tp_show\" onclick=\"teachpress_pub_showhide('135','tp_links')\" title=\"Show links and resources\" style=\"cursor:pointer;\">Links<\/a><\/span><\/p>\n<div class=\"tp_bibtex\" id=\"tp_bibtex_135\" style=\"display:none;\">\n<div class=\"tp_bibtex_entry\">\n<pre>@article{nokey,<br \/>\r\ntitle = {Solutions to expand microbiome sciences in the Caribbean Region: an insider's perspective},<br \/>\r\nauthor = {Godoy-Vitorino F},<br \/>\r\nurl = {https:\/\/pubmed.ncbi.nlm.nih.gov\/39788811\/},<br \/>\r\ndoi = {doi: 10.1016\/j.tim.2024.12.005},<br \/>\r\nyear  = {2025},<br \/>\r\ndate = {2025-01-08},<br \/>\r\njournal = {Trends Microbiol},<br \/>\r\nkeywords = {},<br \/>\r\npubstate = {published},<br \/>\r\ntppubtype = {article}<br \/>\r\n}<br \/>\r\n<\/pre>\n<\/div>\n<p class=\"tp_close_menu\"><a class=\"tp_close\" onclick=\"teachpress_pub_showhide('135','tp_bibtex')\">Close<\/a><\/p>\n<\/div>\n<div class=\"tp_links\" id=\"tp_links_135\" style=\"display:none;\">\n<div class=\"tp_links_entry\">\n<ul class=\"tp_pub_list\">\n<li><i class=\"fas fa-globe\"><\/i><a class=\"tp_pub_list\" href=\"https:\/\/pubmed.ncbi.nlm.nih.gov\/39788811\/\" title=\"https:\/\/pubmed.ncbi.nlm.nih.gov\/39788811\/\" target=\"_blank\">https:\/\/pubmed.ncbi.nlm.nih.gov\/39788811\/<\/a><\/li>\n<li><i class=\"ai ai-doi\"><\/i><a class=\"tp_pub_list\" href=\"https:\/\/dx.doi.org\/doi: 10.1016\/j.tim.2024.12.005\" title=\"Follow DOI:doi: 10.1016\/j.tim.2024.12.005\" target=\"_blank\">doi:doi: 10.1016\/j.tim.2024.12.005<\/a><\/li>\n<\/ul>\n<\/div>\n<p class=\"tp_close_menu\"><a class=\"tp_close\" onclick=\"teachpress_pub_showhide('135','tp_links')\">Close<\/a><\/p>\n<\/div>\n<\/div>\n<\/div>\n<h3 class=\"tp_h3\" id=\"tp_h3_2024\">2024<\/h3>\n<div class=\"tp_publication tp_publication_article\">\n<div class=\"tp_pub_image_left\"><img name=\" Effects of temperature and size class on the gut digesta microbiota of the sea urchin Tripneustes ventricosus\" src=\"https:\/\/inbre.hpcf.upr.edu\/wp-content\/uploads\/2022\/09\/metabolomics-copy-150x150.png\" width=\"25\" alt=\" Effects of temperature and size class on the gut digesta microbiota of the sea urchin Tripneustes ventricosus\" \/><\/div>\n<div class=\"tp_pub_info\">\n<p class=\"tp_pub_author\"> R, Rodr\u00edguez-Barreras;  EL, Tosado-Rodr\u00edguez;  A, Dominicci-Maura;  F, Godoy-Vitorino<\/p>\n<p class=\"tp_pub_title\"><a class=\"tp_title_link\" onclick=\"teachpress_pub_showhide('123','tp_links')\" style=\"cursor:pointer;\"> Effects of temperature and size class on the gut digesta microbiota of the sea urchin Tripneustes ventricosus<\/a> <\/p>\n<p class=\"tp_pub_additional\"><span class=\"tp_pub_additional_in\">In: <\/span><span class=\"tp_pub_additional_journal\">PeerJ, <\/span><span class=\"tp_pub_additional_year\">2024<\/span>.<\/p>\n<p class=\"tp_pub_menu\"><span class=\"tp_resource_link\"><a id=\"tp_links_sh_123\" class=\"tp_show\" onclick=\"teachpress_pub_showhide('123','tp_links')\" title=\"Show links and resources\" style=\"cursor:pointer;\">Links<\/a><\/span><\/p>\n<div class=\"tp_bibtex\" id=\"tp_bibtex_123\" style=\"display:none;\">\n<div class=\"tp_bibtex_entry\">\n<pre>@article{nokey,<br \/>\r\ntitle = { Effects of temperature and size class on the gut digesta microbiota of the sea urchin Tripneustes ventricosus},<br \/>\r\nauthor = {Rodr\u00edguez-Barreras R and Tosado-Rodr\u00edguez EL and Dominicci-Maura A and Godoy-Vitorino F},<br \/>\r\nurl = {https:\/\/pubmed.ncbi.nlm.nih.gov\/39619195\/},<br \/>\r\ndoi = {doi: 10.7717\/peerj.18298},<br \/>\r\nyear  = {2024},<br \/>\r\ndate = {2024-11-28},<br \/>\r\njournal = {PeerJ},<br \/>\r\nkeywords = {},<br \/>\r\npubstate = {published},<br \/>\r\ntppubtype = {article}<br \/>\r\n}<br \/>\r\n<\/pre>\n<\/div>\n<p class=\"tp_close_menu\"><a class=\"tp_close\" onclick=\"teachpress_pub_showhide('123','tp_bibtex')\">Close<\/a><\/p>\n<\/div>\n<div class=\"tp_links\" id=\"tp_links_123\" style=\"display:none;\">\n<div class=\"tp_links_entry\">\n<ul class=\"tp_pub_list\">\n<li><i class=\"fas fa-globe\"><\/i><a class=\"tp_pub_list\" href=\"https:\/\/pubmed.ncbi.nlm.nih.gov\/39619195\/\" title=\"https:\/\/pubmed.ncbi.nlm.nih.gov\/39619195\/\" target=\"_blank\">https:\/\/pubmed.ncbi.nlm.nih.gov\/39619195\/<\/a><\/li>\n<li><i class=\"ai ai-doi\"><\/i><a class=\"tp_pub_list\" href=\"https:\/\/dx.doi.org\/doi: 10.7717\/peerj.18298\" title=\"Follow DOI:doi: 10.7717\/peerj.18298\" target=\"_blank\">doi:doi: 10.7717\/peerj.18298<\/a><\/li>\n<\/ul>\n<\/div>\n<p class=\"tp_close_menu\"><a class=\"tp_close\" onclick=\"teachpress_pub_showhide('123','tp_links')\">Close<\/a><\/p>\n<\/div>\n<\/div>\n<\/div>\n<div class=\"tp_publication tp_publication_article\">\n<div class=\"tp_pub_image_left\"><img name=\"Astrocytic HIV-1 Nef expression decreases glutamate transporter expression in the nucleus accumbens and increases cocaine-seeking behavior in rats\" src=\"https:\/\/inbre.hpcf.upr.edu\/wp-content\/uploads\/2022\/09\/metabolomics-copy-150x150.png\" width=\"25\" alt=\"Astrocytic HIV-1 Nef expression decreases glutamate transporter expression in the nucleus accumbens and increases cocaine-seeking behavior in rats\" \/><\/div>\n<div class=\"tp_pub_info\">\n<p class=\"tp_pub_author\"> J, Pla-Tenorio;  B, Velazquez-Perez;  Y, Mendez-Borrero;  M, Cruz-Rentas;  M, Sepulveda-Orengo;  Jr, Noel RJ<\/p>\n<p class=\"tp_pub_title\"><a class=\"tp_title_link\" onclick=\"teachpress_pub_showhide('119','tp_links')\" style=\"cursor:pointer;\">Astrocytic HIV-1 Nef expression decreases glutamate transporter expression in the nucleus accumbens and increases cocaine-seeking behavior in rats<\/a> <\/p>\n<p class=\"tp_pub_additional\"><span class=\"tp_pub_additional_in\">In: <\/span><span class=\"tp_pub_additional_journal\">bioRxiv [Preprint], <\/span><span class=\"tp_pub_additional_year\">2024<\/span>.<\/p>\n<p class=\"tp_pub_menu\"><span class=\"tp_resource_link\"><a id=\"tp_links_sh_119\" class=\"tp_show\" onclick=\"teachpress_pub_showhide('119','tp_links')\" title=\"Show links and resources\" style=\"cursor:pointer;\">Links<\/a><\/span><\/p>\n<div class=\"tp_bibtex\" id=\"tp_bibtex_119\" style=\"display:none;\">\n<div class=\"tp_bibtex_entry\">\n<pre>@article{nokey,<br \/>\r\ntitle = {Astrocytic HIV-1 Nef expression decreases glutamate transporter expression in the nucleus accumbens and increases cocaine-seeking behavior in rats},<br \/>\r\nauthor = {Pla-Tenorio J and Velazquez-Perez B and Mendez-Borrero Y and Cruz-Rentas M and Sepulveda-Orengo M and Noel RJ Jr},<br \/>\r\nurl = {https:\/\/pubmed.ncbi.nlm.nih.gov\/39416088\/},<br \/>\r\ndoi = {doi: 10.1101\/2024.10.10.617598},<br \/>\r\nyear  = {2024},<br \/>\r\ndate = {2024-10-12},<br \/>\r\njournal = {bioRxiv [Preprint]},<br \/>\r\nkeywords = {},<br \/>\r\npubstate = {published},<br \/>\r\ntppubtype = {article}<br \/>\r\n}<br \/>\r\n<\/pre>\n<\/div>\n<p class=\"tp_close_menu\"><a class=\"tp_close\" onclick=\"teachpress_pub_showhide('119','tp_bibtex')\">Close<\/a><\/p>\n<\/div>\n<div class=\"tp_links\" id=\"tp_links_119\" style=\"display:none;\">\n<div class=\"tp_links_entry\">\n<ul class=\"tp_pub_list\">\n<li><i class=\"fas fa-globe\"><\/i><a class=\"tp_pub_list\" href=\"https:\/\/pubmed.ncbi.nlm.nih.gov\/39416088\/\" title=\"https:\/\/pubmed.ncbi.nlm.nih.gov\/39416088\/\" target=\"_blank\">https:\/\/pubmed.ncbi.nlm.nih.gov\/39416088\/<\/a><\/li>\n<li><i class=\"ai ai-doi\"><\/i><a class=\"tp_pub_list\" href=\"https:\/\/dx.doi.org\/doi: 10.1101\/2024.10.10.617598\" title=\"Follow DOI:doi: 10.1101\/2024.10.10.617598\" target=\"_blank\">doi:doi: 10.1101\/2024.10.10.617598<\/a><\/li>\n<\/ul>\n<\/div>\n<p class=\"tp_close_menu\"><a class=\"tp_close\" onclick=\"teachpress_pub_showhide('119','tp_links')\">Close<\/a><\/p>\n<\/div>\n<\/div>\n<\/div>\n<div class=\"tp_publication tp_publication_article\">\n<div class=\"tp_pub_image_left\"><img name=\"Evaluation of Open-Source Ciliary Analysis Software in Primary Ciliary Dyskinesia: A Comparative Assessment\" src=\"https:\/\/inbre.hpcf.upr.edu\/wp-content\/uploads\/2022\/09\/metabolomics-copy-150x150.png\" width=\"25\" alt=\"Evaluation of Open-Source Ciliary Analysis Software in Primary Ciliary Dyskinesia: A Comparative Assessment\" \/><\/div>\n<div class=\"tp_pub_info\">\n<p class=\"tp_pub_author\"> ZJ, Demetriou;  J, Mu\u00f1iz-Hern\u00e1ndez;  G, Rosario-Ortiz;  FM, Qui\u00f1ones;  G, Gonzalez-Diaz;  MJ, Ramos-Benitez;  RA, Mosquera;  W, De Jes\u00fas-Rojas<\/p>\n<p class=\"tp_pub_title\"><a class=\"tp_title_link\" onclick=\"teachpress_pub_showhide('118','tp_links')\" style=\"cursor:pointer;\">Evaluation of Open-Source Ciliary Analysis Software in Primary Ciliary Dyskinesia: A Comparative Assessment<\/a> <\/p>\n<p class=\"tp_pub_additional\"><span class=\"tp_pub_additional_in\">In: <\/span><span class=\"tp_pub_additional_journal\">Diagnostics (Basel, <\/span><span class=\"tp_pub_additional_year\">2024<\/span>.<\/p>\n<p class=\"tp_pub_menu\"><span class=\"tp_resource_link\"><a id=\"tp_links_sh_118\" class=\"tp_show\" onclick=\"teachpress_pub_showhide('118','tp_links')\" title=\"Show links and resources\" style=\"cursor:pointer;\">Links<\/a><\/span><\/p>\n<div class=\"tp_bibtex\" id=\"tp_bibtex_118\" style=\"display:none;\">\n<div class=\"tp_bibtex_entry\">\n<pre>@article{nokey,<br \/>\r\ntitle = {Evaluation of Open-Source Ciliary Analysis Software in Primary Ciliary Dyskinesia: A Comparative Assessment},<br \/>\r\nauthor = {Demetriou ZJ and Mu\u00f1iz-Hern\u00e1ndez J and Rosario-Ortiz G and Qui\u00f1ones FM and Gonzalez-Diaz G and Ramos-Benitez MJ and Mosquera RA and De Jes\u00fas-Rojas W},<br \/>\r\nurl = {https:\/\/pubmed.ncbi.nlm.nih.gov\/39202302\/},<br \/>\r\ndoi = {doi: 10.3390\/diagnostics14161814},<br \/>\r\nyear  = {2024},<br \/>\r\ndate = {2024-08-20},<br \/>\r\njournal = {Diagnostics (Basel},<br \/>\r\nkeywords = {},<br \/>\r\npubstate = {published},<br \/>\r\ntppubtype = {article}<br \/>\r\n}<br \/>\r\n<\/pre>\n<\/div>\n<p class=\"tp_close_menu\"><a class=\"tp_close\" onclick=\"teachpress_pub_showhide('118','tp_bibtex')\">Close<\/a><\/p>\n<\/div>\n<div class=\"tp_links\" id=\"tp_links_118\" style=\"display:none;\">\n<div class=\"tp_links_entry\">\n<ul class=\"tp_pub_list\">\n<li><i class=\"fas fa-globe\"><\/i><a class=\"tp_pub_list\" href=\"https:\/\/pubmed.ncbi.nlm.nih.gov\/39202302\/\" title=\"https:\/\/pubmed.ncbi.nlm.nih.gov\/39202302\/\" target=\"_blank\">https:\/\/pubmed.ncbi.nlm.nih.gov\/39202302\/<\/a><\/li>\n<li><i class=\"ai ai-doi\"><\/i><a class=\"tp_pub_list\" href=\"https:\/\/dx.doi.org\/doi: 10.3390\/diagnostics14161814\" title=\"Follow DOI:doi: 10.3390\/diagnostics14161814\" target=\"_blank\">doi:doi: 10.3390\/diagnostics14161814<\/a><\/li>\n<\/ul>\n<\/div>\n<p class=\"tp_close_menu\"><a class=\"tp_close\" onclick=\"teachpress_pub_showhide('118','tp_links')\">Close<\/a><\/p>\n<\/div>\n<\/div>\n<\/div>\n<div class=\"tp_publication tp_publication_article\">\n<div class=\"tp_pub_image_left\"><img name=\"Insights into Gut Dysbiosis: Inflammatory Diseases, Obesity, and Restoration Approaches\" src=\"https:\/\/inbre.hpcf.upr.edu\/wp-content\/uploads\/2022\/09\/metabolomics-copy-150x150.png\" width=\"25\" alt=\"Insights into Gut Dysbiosis: Inflammatory Diseases, Obesity, and Restoration Approaches\" \/><\/div>\n<div class=\"tp_pub_info\">\n<p class=\"tp_pub_author\"> A, Acevedo-Rom\u00e1n;  N, Pag\u00e1n-Zayas;  LI, Vel\u00e1zquez-Rivera;  AC, Torres-Ventura;  F, Godoy-Vitorino<\/p>\n<p class=\"tp_pub_title\"><a class=\"tp_title_link\" onclick=\"teachpress_pub_showhide('117','tp_links')\" style=\"cursor:pointer;\">Insights into Gut Dysbiosis: Inflammatory Diseases, Obesity, and Restoration Approaches<\/a> <\/p>\n<p class=\"tp_pub_additional\"><span class=\"tp_pub_additional_in\">In: <\/span><span class=\"tp_pub_additional_journal\"> Int J Mol Sci, <\/span><span class=\"tp_pub_additional_year\">2024<\/span>.<\/p>\n<p class=\"tp_pub_menu\"><span class=\"tp_resource_link\"><a id=\"tp_links_sh_117\" class=\"tp_show\" onclick=\"teachpress_pub_showhide('117','tp_links')\" title=\"Show links and resources\" style=\"cursor:pointer;\">Links<\/a><\/span><\/p>\n<div class=\"tp_bibtex\" id=\"tp_bibtex_117\" style=\"display:none;\">\n<div class=\"tp_bibtex_entry\">\n<pre>@article{nokey,<br \/>\r\ntitle = {Insights into Gut Dysbiosis: Inflammatory Diseases, Obesity, and Restoration Approaches},<br \/>\r\nauthor = {Acevedo-Rom\u00e1n A and Pag\u00e1n-Zayas N and Vel\u00e1zquez-Rivera LI and Torres-Ventura AC and Godoy-Vitorino F},<br \/>\r\nurl = {https:\/\/pubmed.ncbi.nlm.nih.gov\/39273662\/},<br \/>\r\ndoi = {doi: 10.3390\/ijms25179715},<br \/>\r\nyear  = {2024},<br \/>\r\ndate = {2024-08-09},<br \/>\r\njournal = { Int J Mol Sci},<br \/>\r\nkeywords = {},<br \/>\r\npubstate = {published},<br \/>\r\ntppubtype = {article}<br \/>\r\n}<br \/>\r\n<\/pre>\n<\/div>\n<p class=\"tp_close_menu\"><a class=\"tp_close\" onclick=\"teachpress_pub_showhide('117','tp_bibtex')\">Close<\/a><\/p>\n<\/div>\n<div class=\"tp_links\" id=\"tp_links_117\" style=\"display:none;\">\n<div class=\"tp_links_entry\">\n<ul class=\"tp_pub_list\">\n<li><i class=\"fas fa-globe\"><\/i><a class=\"tp_pub_list\" href=\"https:\/\/pubmed.ncbi.nlm.nih.gov\/39273662\/\" title=\"https:\/\/pubmed.ncbi.nlm.nih.gov\/39273662\/\" target=\"_blank\">https:\/\/pubmed.ncbi.nlm.nih.gov\/39273662\/<\/a><\/li>\n<li><i class=\"ai ai-doi\"><\/i><a class=\"tp_pub_list\" href=\"https:\/\/dx.doi.org\/doi: 10.3390\/ijms25179715\" title=\"Follow DOI:doi: 10.3390\/ijms25179715\" target=\"_blank\">doi:doi: 10.3390\/ijms25179715<\/a><\/li>\n<\/ul>\n<\/div>\n<p class=\"tp_close_menu\"><a class=\"tp_close\" onclick=\"teachpress_pub_showhide('117','tp_links')\">Close<\/a><\/p>\n<\/div>\n<\/div>\n<\/div>\n<div class=\"tp_publication tp_publication_article\">\n<div class=\"tp_pub_image_left\"><img name=\"Shifts in the gut microbiota of sea urchin\u00a0Diadema antillarumassociated with the 2022 disease outbreak\" src=\"https:\/\/inbre.hpcf.upr.edu\/wp-content\/uploads\/2022\/09\/metabolomics-copy.png\" width=\"25\" alt=\"Shifts in the gut microbiota of sea urchin\u00a0Diadema antillarumassociated with the 2022 disease outbreak\" \/><\/div>\n<div class=\"tp_pub_info\">\n<p class=\"tp_pub_title\"><a class=\"tp_title_link\" onclick=\"teachpress_pub_showhide('98','tp_links')\" style=\"cursor:pointer;\">Shifts in the gut microbiota of sea urchin\u00a0Diadema antillarumassociated with the 2022 disease outbreak<\/a> <\/p>\n<p class=\"tp_pub_additional\"><span class=\"tp_pub_additional_in\">In: <\/span><span class=\"tp_pub_additional_journal\">Front Microbiology, <\/span><span class=\"tp_pub_additional_year\">2024<\/span>.<\/p>\n<p class=\"tp_pub_menu\"><span class=\"tp_resource_link\"><a id=\"tp_links_sh_98\" class=\"tp_show\" onclick=\"teachpress_pub_showhide('98','tp_links')\" title=\"Show links and resources\" style=\"cursor:pointer;\">Links<\/a><\/span><\/p>\n<div class=\"tp_bibtex\" id=\"tp_bibtex_98\" style=\"display:none;\">\n<div class=\"tp_bibtex_entry\">\n<pre>@article{nokey,<br \/>\r\ntitle = {Shifts in the gut microbiota of sea urchin\u00a0Diadema antillarumassociated with the 2022 disease outbreak},<br \/>\r\nurl = {https:\/\/pubmed.ncbi.nlm.nih.gov\/39135877\/},<br \/>\r\ndoi = {10.3389\/fmicb.2024.1409729},<br \/>\r\nyear  = {2024},<br \/>\r\ndate = {2024-07-29},<br \/>\r\njournal = {Front Microbiology},<br \/>\r\nkeywords = {},<br \/>\r\npubstate = {published},<br \/>\r\ntppubtype = {article}<br \/>\r\n}<br \/>\r\n<\/pre>\n<\/div>\n<p class=\"tp_close_menu\"><a class=\"tp_close\" onclick=\"teachpress_pub_showhide('98','tp_bibtex')\">Close<\/a><\/p>\n<\/div>\n<div class=\"tp_links\" id=\"tp_links_98\" style=\"display:none;\">\n<div class=\"tp_links_entry\">\n<ul class=\"tp_pub_list\">\n<li><i class=\"fas fa-globe\"><\/i><a class=\"tp_pub_list\" href=\"https:\/\/pubmed.ncbi.nlm.nih.gov\/39135877\/\" title=\"https:\/\/pubmed.ncbi.nlm.nih.gov\/39135877\/\" target=\"_blank\">https:\/\/pubmed.ncbi.nlm.nih.gov\/39135877\/<\/a><\/li>\n<li><i class=\"ai ai-doi\"><\/i><a class=\"tp_pub_list\" href=\"https:\/\/dx.doi.org\/10.3389\/fmicb.2024.1409729\" title=\"Follow DOI:10.3389\/fmicb.2024.1409729\" target=\"_blank\">doi:10.3389\/fmicb.2024.1409729<\/a><\/li>\n<\/ul>\n<\/div>\n<p class=\"tp_close_menu\"><a class=\"tp_close\" onclick=\"teachpress_pub_showhide('98','tp_links')\">Close<\/a><\/p>\n<\/div>\n<\/div>\n<\/div>\n<div class=\"tp_publication tp_publication_article\">\n<div class=\"tp_pub_image_left\"><img name=\"Synthesis of the Novel N-(2-Hexadecynoyl)-l-Homoserine Lactone and Evaluation of Its Antiquorum Sensing Activity in Chromobacterium violaceum\" src=\"https:\/\/inbre.hpcf.upr.edu\/wp-content\/uploads\/2022\/09\/metabolomics-copy.png\" width=\"25\" alt=\"Synthesis of the Novel N-(2-Hexadecynoyl)-l-Homoserine Lactone and Evaluation of Its Antiquorum Sensing Activity in Chromobacterium violaceum\" \/><\/div>\n<div class=\"tp_pub_info\">\n<p class=\"tp_pub_author\"> DJ, Sanabria-R\u00edos;  R, Garc\u00eda-Del-Valle;  S, Bosh-Fonseca;  J, Gonz\u00e1lez-Pag\u00e1n;  A, D\u00edaz-Rosa;  K, Acevedo-Rosario;  L, Reyes-Vicente;  A, Colom;  NM, Carballeira<\/p>\n<p class=\"tp_pub_title\"><a class=\"tp_title_link\" onclick=\"teachpress_pub_showhide('96','tp_links')\" style=\"cursor:pointer;\">Synthesis of the Novel N-(2-Hexadecynoyl)-l-Homoserine Lactone and Evaluation of Its Antiquorum Sensing Activity in Chromobacterium violaceum<\/a> <\/p>\n<p class=\"tp_pub_additional\"><span class=\"tp_pub_additional_in\">In: <\/span><span class=\"tp_pub_additional_journal\">ACS Omega, <\/span><span class=\"tp_pub_additional_year\">2024<\/span>.<\/p>\n<p class=\"tp_pub_menu\"><span class=\"tp_resource_link\"><a id=\"tp_links_sh_96\" class=\"tp_show\" onclick=\"teachpress_pub_showhide('96','tp_links')\" title=\"Show links and resources\" style=\"cursor:pointer;\">Links<\/a><\/span><\/p>\n<div class=\"tp_bibtex\" id=\"tp_bibtex_96\" style=\"display:none;\">\n<div class=\"tp_bibtex_entry\">\n<pre>@article{nokey,<br \/>\r\ntitle = {Synthesis of the Novel N-(2-Hexadecynoyl)-l-Homoserine Lactone and Evaluation of Its Antiquorum Sensing Activity in Chromobacterium violaceum},<br \/>\r\nauthor = {Sanabria-R\u00edos DJ and Garc\u00eda-Del-Valle R and Bosh-Fonseca S and Gonz\u00e1lez-Pag\u00e1n J and D\u00edaz-Rosa A and Acevedo-Rosario K and Reyes-Vicente L and Colom A and Carballeira NM},<br \/>\r\nurl = {https:\/\/pubmed.ncbi.nlm.nih.gov\/39100292\/},<br \/>\r\ndoi = {10.1021\/acsomega.4c01121},<br \/>\r\nyear  = {2024},<br \/>\r\ndate = {2024-07-22},<br \/>\r\njournal = {ACS Omega},<br \/>\r\nkeywords = {},<br \/>\r\npubstate = {published},<br \/>\r\ntppubtype = {article}<br \/>\r\n}<br \/>\r\n<\/pre>\n<\/div>\n<p class=\"tp_close_menu\"><a class=\"tp_close\" onclick=\"teachpress_pub_showhide('96','tp_bibtex')\">Close<\/a><\/p>\n<\/div>\n<div class=\"tp_links\" id=\"tp_links_96\" style=\"display:none;\">\n<div class=\"tp_links_entry\">\n<ul class=\"tp_pub_list\">\n<li><i class=\"fas fa-globe\"><\/i><a class=\"tp_pub_list\" href=\"https:\/\/pubmed.ncbi.nlm.nih.gov\/39100292\/\" title=\"https:\/\/pubmed.ncbi.nlm.nih.gov\/39100292\/\" target=\"_blank\">https:\/\/pubmed.ncbi.nlm.nih.gov\/39100292\/<\/a><\/li>\n<li><i class=\"ai ai-doi\"><\/i><a class=\"tp_pub_list\" href=\"https:\/\/dx.doi.org\/10.1021\/acsomega.4c01121\" title=\"Follow DOI:10.1021\/acsomega.4c01121\" target=\"_blank\">doi:10.1021\/acsomega.4c01121<\/a><\/li>\n<\/ul>\n<\/div>\n<p class=\"tp_close_menu\"><a class=\"tp_close\" onclick=\"teachpress_pub_showhide('96','tp_links')\">Close<\/a><\/p>\n<\/div>\n<\/div>\n<\/div>\n<div class=\"tp_publication tp_publication_article\">\n<div class=\"tp_pub_image_left\"><img name=\"Single-cell RNA sequencing of the holothurian regenerating intestine reveals the pluripotency of the coelomic epithelium\" src=\"https:\/\/inbre.hpcf.upr.edu\/wp-content\/uploads\/2022\/09\/metabolomics-copy.png\" width=\"25\" alt=\"Single-cell RNA sequencing of the holothurian regenerating intestine reveals the pluripotency of the coelomic epithelium\" \/><\/div>\n<div class=\"tp_pub_info\">\n<p class=\"tp_pub_author\"> JG, Medina-Feliciano;  G, Valent\u00edn-Tirado;  K, Luna-Mart\u00ednez;  Y, Miranda-Negr\u00f3n;  JE, Garc\u00eda-Arrar\u00e1s<\/p>\n<p class=\"tp_pub_title\"><a class=\"tp_title_link\" onclick=\"teachpress_pub_showhide('114','tp_links')\" style=\"cursor:pointer;\">Single-cell RNA sequencing of the holothurian regenerating intestine reveals the pluripotency of the coelomic epithelium<\/a> <\/p>\n<p class=\"tp_pub_additional\"><span class=\"tp_pub_additional_in\">In: <\/span><span class=\"tp_pub_additional_journal\">bioRxiv, <\/span><span class=\"tp_pub_additional_year\">2024<\/span>.<\/p>\n<p class=\"tp_pub_menu\"><span class=\"tp_resource_link\"><a id=\"tp_links_sh_114\" class=\"tp_show\" onclick=\"teachpress_pub_showhide('114','tp_links')\" title=\"Show links and resources\" style=\"cursor:pointer;\">Links<\/a><\/span><\/p>\n<div class=\"tp_bibtex\" id=\"tp_bibtex_114\" style=\"display:none;\">\n<div class=\"tp_bibtex_entry\">\n<pre>@article{nokey,<br \/>\r\ntitle = {Single-cell RNA sequencing of the holothurian regenerating intestine reveals the pluripotency of the coelomic epithelium},<br \/>\r\nauthor = {Medina-Feliciano JG and Valent\u00edn-Tirado G and Luna-Mart\u00ednez K and Miranda-Negr\u00f3n Y and Garc\u00eda-Arrar\u00e1s JE},<br \/>\r\nurl = {https:\/\/pubmed.ncbi.nlm.nih.gov\/39005414\/},<br \/>\r\ndoi = {10.1101\/2024.07.01.601561},<br \/>\r\nyear  = {2024},<br \/>\r\ndate = {2024-07-01},<br \/>\r\njournal = {bioRxiv},<br \/>\r\nkeywords = {},<br \/>\r\npubstate = {published},<br \/>\r\ntppubtype = {article}<br \/>\r\n}<br \/>\r\n<\/pre>\n<\/div>\n<p class=\"tp_close_menu\"><a class=\"tp_close\" onclick=\"teachpress_pub_showhide('114','tp_bibtex')\">Close<\/a><\/p>\n<\/div>\n<div class=\"tp_links\" id=\"tp_links_114\" style=\"display:none;\">\n<div class=\"tp_links_entry\">\n<ul class=\"tp_pub_list\">\n<li><i class=\"fas fa-globe\"><\/i><a class=\"tp_pub_list\" href=\"https:\/\/pubmed.ncbi.nlm.nih.gov\/39005414\/\" title=\"https:\/\/pubmed.ncbi.nlm.nih.gov\/39005414\/\" target=\"_blank\">https:\/\/pubmed.ncbi.nlm.nih.gov\/39005414\/<\/a><\/li>\n<li><i class=\"ai ai-doi\"><\/i><a class=\"tp_pub_list\" href=\"https:\/\/dx.doi.org\/10.1101\/2024.07.01.601561\" title=\"Follow DOI:10.1101\/2024.07.01.601561\" target=\"_blank\">doi:10.1101\/2024.07.01.601561<\/a><\/li>\n<\/ul>\n<\/div>\n<p class=\"tp_close_menu\"><a class=\"tp_close\" onclick=\"teachpress_pub_showhide('114','tp_links')\">Close<\/a><\/p>\n<\/div>\n<\/div>\n<\/div>\n<div class=\"tp_publication tp_publication_article\">\n<div class=\"tp_pub_image_left\"><img name=\" After an initial Hermansky-Pudlak syndrome clinical diagnosis, molecular testing reveals variants for oculocutaneous albinism type 1B: A case report\" src=\"https:\/\/inbre.hpcf.upr.edu\/wp-content\/uploads\/2022\/09\/metabolomics-copy.png\" width=\"25\" alt=\" After an initial Hermansky-Pudlak syndrome clinical diagnosis, molecular testing reveals variants for oculocutaneous albinism type 1B: A case report\" \/><\/div>\n<div class=\"tp_pub_info\">\n<p class=\"tp_pub_author\"> J, Serrano-Gonz\u00e1lez;  I, Montes-Rodr\u00edguez;  JY, Renta;  R, Rojas;  CL, Cadilla<\/p>\n<p class=\"tp_pub_title\"><a class=\"tp_title_link\" onclick=\"teachpress_pub_showhide('102','tp_links')\" style=\"cursor:pointer;\"> After an initial Hermansky-Pudlak syndrome clinical diagnosis, molecular testing reveals variants for oculocutaneous albinism type 1B: A case report<\/a> <\/p>\n<p class=\"tp_pub_additional\"><span class=\"tp_pub_additional_in\">In: <\/span><span class=\"tp_pub_additional_journal\">Mol Genet Genomic Med, <\/span><span class=\"tp_pub_additional_year\">2024<\/span>.<\/p>\n<p class=\"tp_pub_menu\"><span class=\"tp_resource_link\"><a id=\"tp_links_sh_102\" class=\"tp_show\" onclick=\"teachpress_pub_showhide('102','tp_links')\" title=\"Show links and resources\" style=\"cursor:pointer;\">Links<\/a><\/span><\/p>\n<div class=\"tp_bibtex\" id=\"tp_bibtex_102\" style=\"display:none;\">\n<div class=\"tp_bibtex_entry\">\n<pre>@article{nokey,<br \/>\r\ntitle = { After an initial Hermansky-Pudlak syndrome clinical diagnosis, molecular testing reveals variants for oculocutaneous albinism type 1B: A case report},<br \/>\r\nauthor = {Serrano-Gonz\u00e1lez J and Montes-Rodr\u00edguez I and Renta JY and Rojas R and Cadilla CL},<br \/>\r\nurl = {https:\/\/pubmed.ncbi.nlm.nih.gov\/38994739\/},<br \/>\r\ndoi = {10.1002\/mgg3.2493},<br \/>\r\nyear  = {2024},<br \/>\r\ndate = {2024-07-01},<br \/>\r\njournal = {Mol Genet Genomic Med},<br \/>\r\nkeywords = {},<br \/>\r\npubstate = {published},<br \/>\r\ntppubtype = {article}<br \/>\r\n}<br \/>\r\n<\/pre>\n<\/div>\n<p class=\"tp_close_menu\"><a class=\"tp_close\" onclick=\"teachpress_pub_showhide('102','tp_bibtex')\">Close<\/a><\/p>\n<\/div>\n<div class=\"tp_links\" id=\"tp_links_102\" style=\"display:none;\">\n<div class=\"tp_links_entry\">\n<ul class=\"tp_pub_list\">\n<li><i class=\"fas fa-globe\"><\/i><a class=\"tp_pub_list\" href=\"https:\/\/pubmed.ncbi.nlm.nih.gov\/38994739\/\" title=\"https:\/\/pubmed.ncbi.nlm.nih.gov\/38994739\/\" target=\"_blank\">https:\/\/pubmed.ncbi.nlm.nih.gov\/38994739\/<\/a><\/li>\n<li><i class=\"ai ai-doi\"><\/i><a class=\"tp_pub_list\" href=\"https:\/\/dx.doi.org\/10.1002\/mgg3.2493\" title=\"Follow DOI:10.1002\/mgg3.2493\" target=\"_blank\">doi:10.1002\/mgg3.2493<\/a><\/li>\n<\/ul>\n<\/div>\n<p class=\"tp_close_menu\"><a class=\"tp_close\" onclick=\"teachpress_pub_showhide('102','tp_links')\">Close<\/a><\/p>\n<\/div>\n<\/div>\n<\/div>\n<div class=\"tp_publication tp_publication_article\">\n<div class=\"tp_pub_image_left\"><img name=\"Unraveling the Impact of Six Pentacyclic Triterpenes Regulating Metabolic Pathways on Lung Carcinoma Cells\" src=\"https:\/\/inbre.hpcf.upr.edu\/wp-content\/uploads\/2022\/09\/metabolomics-copy.png\" width=\"25\" alt=\"Unraveling the Impact of Six Pentacyclic Triterpenes Regulating Metabolic Pathways on Lung Carcinoma Cells\" \/><\/div>\n<div class=\"tp_pub_info\">\n<p class=\"tp_pub_author\"> A, Torres-Sanchez;  G, Torres;  S, Estrada;  D, Perez;  C, Garcia;  M, Milian;  E, Velazquez;  V, Molina;  Y, Delgado<\/p>\n<p class=\"tp_pub_title\"><a class=\"tp_title_link\" onclick=\"teachpress_pub_showhide('101','tp_links')\" style=\"cursor:pointer;\">Unraveling the Impact of Six Pentacyclic Triterpenes Regulating Metabolic Pathways on Lung Carcinoma Cells<\/a> <\/p>\n<p class=\"tp_pub_additional\"><span class=\"tp_pub_additional_in\">In: <\/span><span class=\"tp_pub_additional_journal\">Pharmaceuticals (Basel), <\/span><span class=\"tp_pub_additional_year\">2024<\/span>.<\/p>\n<p class=\"tp_pub_menu\"><span class=\"tp_resource_link\"><a id=\"tp_links_sh_101\" class=\"tp_show\" onclick=\"teachpress_pub_showhide('101','tp_links')\" title=\"Show links and resources\" style=\"cursor:pointer;\">Links<\/a><\/span><\/p>\n<div class=\"tp_bibtex\" id=\"tp_bibtex_101\" style=\"display:none;\">\n<div class=\"tp_bibtex_entry\">\n<pre>@article{nokey,<br \/>\r\ntitle = {Unraveling the Impact of Six Pentacyclic Triterpenes Regulating Metabolic Pathways on Lung Carcinoma Cells},<br \/>\r\nauthor = {Torres-Sanchez A and Torres G and Estrada S and Perez D and Garcia C and Milian M and Velazquez E and Molina V and Delgado Y},<br \/>\r\nurl = {https:\/\/pubmed.ncbi.nlm.nih.gov\/38931361\/},<br \/>\r\ndoi = {10.3390\/ph17060694},<br \/>\r\nyear  = {2024},<br \/>\r\ndate = {2024-05-28},<br \/>\r\njournal = {Pharmaceuticals (Basel)},<br \/>\r\nkeywords = {},<br \/>\r\npubstate = {published},<br \/>\r\ntppubtype = {article}<br \/>\r\n}<br \/>\r\n<\/pre>\n<\/div>\n<p class=\"tp_close_menu\"><a class=\"tp_close\" onclick=\"teachpress_pub_showhide('101','tp_bibtex')\">Close<\/a><\/p>\n<\/div>\n<div class=\"tp_links\" id=\"tp_links_101\" style=\"display:none;\">\n<div class=\"tp_links_entry\">\n<ul class=\"tp_pub_list\">\n<li><i class=\"fas fa-globe\"><\/i><a class=\"tp_pub_list\" href=\"https:\/\/pubmed.ncbi.nlm.nih.gov\/38931361\/\" title=\"https:\/\/pubmed.ncbi.nlm.nih.gov\/38931361\/\" target=\"_blank\">https:\/\/pubmed.ncbi.nlm.nih.gov\/38931361\/<\/a><\/li>\n<li><i class=\"ai ai-doi\"><\/i><a class=\"tp_pub_list\" href=\"https:\/\/dx.doi.org\/10.3390\/ph17060694\" title=\"Follow DOI:10.3390\/ph17060694\" target=\"_blank\">doi:10.3390\/ph17060694<\/a><\/li>\n<\/ul>\n<\/div>\n<p class=\"tp_close_menu\"><a class=\"tp_close\" onclick=\"teachpress_pub_showhide('101','tp_links')\">Close<\/a><\/p>\n<\/div>\n<\/div>\n<\/div>\n<div class=\"tp_publication tp_publication_article\">\n<div class=\"tp_pub_image_left\"><img name=\"Plasma Proteins Associated with COVID-19 Severity in Puerto Rico\" src=\"https:\/\/inbre.hpcf.upr.edu\/wp-content\/uploads\/2022\/09\/metabolomics-copy.png\" width=\"25\" alt=\"Plasma Proteins Associated with COVID-19 Severity in Puerto Rico\" \/><\/div>\n<div class=\"tp_pub_info\">\n<p class=\"tp_pub_author\"> LJ, Rosario-Rodr\u00edguez;  YM, Cantres-Rosario;  K, Carrasquillo-Carri\u00f3n;  A, Rosa-D\u00edaz;  AE, Rodr\u00edguez-De Jes\u00fas;  V, Rivera-Nieves;  EL, Tosado-Rodr\u00edguez;  LB, M\u00e9ndez;  A, Roche-Lima;  J, Bertr\u00e1n;  LM, Mel\u00e9ndez<\/p>\n<p class=\"tp_pub_title\"><a class=\"tp_title_link\" onclick=\"teachpress_pub_showhide('100','tp_links')\" style=\"cursor:pointer;\">Plasma Proteins Associated with COVID-19 Severity in Puerto Rico<\/a> <\/p>\n<p class=\"tp_pub_additional\"><span class=\"tp_pub_additional_in\">In: <\/span><span class=\"tp_pub_additional_journal\">Int J Mol Sci, <\/span><span class=\"tp_pub_additional_year\">2024<\/span>.<\/p>\n<p class=\"tp_pub_menu\"><span class=\"tp_resource_link\"><a id=\"tp_links_sh_100\" class=\"tp_show\" onclick=\"teachpress_pub_showhide('100','tp_links')\" title=\"Show links and resources\" style=\"cursor:pointer;\">Links<\/a><\/span><\/p>\n<div class=\"tp_bibtex\" id=\"tp_bibtex_100\" style=\"display:none;\">\n<div class=\"tp_bibtex_entry\">\n<pre>@article{nokey,<br \/>\r\ntitle = {Plasma Proteins Associated with COVID-19 Severity in Puerto Rico},<br \/>\r\nauthor = {Rosario-Rodr\u00edguez LJ and Cantres-Rosario YM and Carrasquillo-Carri\u00f3n K and Rosa-D\u00edaz A and Rodr\u00edguez-De Jes\u00fas AE and Rivera-Nieves V and Tosado-Rodr\u00edguez EL and M\u00e9ndez LB and Roche-Lima A and Bertr\u00e1n J and Mel\u00e9ndez LM},<br \/>\r\nurl = {https:\/\/pubmed.ncbi.nlm.nih.gov\/38791465\/},<br \/>\r\ndoi = {10.3390\/ijms25105426},<br \/>\r\nyear  = {2024},<br \/>\r\ndate = {2024-05-16},<br \/>\r\njournal = {Int J Mol Sci},<br \/>\r\nkeywords = {},<br \/>\r\npubstate = {published},<br \/>\r\ntppubtype = {article}<br \/>\r\n}<br \/>\r\n<\/pre>\n<\/div>\n<p class=\"tp_close_menu\"><a class=\"tp_close\" onclick=\"teachpress_pub_showhide('100','tp_bibtex')\">Close<\/a><\/p>\n<\/div>\n<div class=\"tp_links\" id=\"tp_links_100\" style=\"display:none;\">\n<div class=\"tp_links_entry\">\n<ul class=\"tp_pub_list\">\n<li><i class=\"fas fa-globe\"><\/i><a class=\"tp_pub_list\" href=\"https:\/\/pubmed.ncbi.nlm.nih.gov\/38791465\/\" title=\"https:\/\/pubmed.ncbi.nlm.nih.gov\/38791465\/\" target=\"_blank\">https:\/\/pubmed.ncbi.nlm.nih.gov\/38791465\/<\/a><\/li>\n<li><i class=\"ai ai-doi\"><\/i><a class=\"tp_pub_list\" href=\"https:\/\/dx.doi.org\/10.3390\/ijms25105426\" title=\"Follow DOI:10.3390\/ijms25105426\" target=\"_blank\">doi:10.3390\/ijms25105426<\/a><\/li>\n<\/ul>\n<\/div>\n<p class=\"tp_close_menu\"><a class=\"tp_close\" onclick=\"teachpress_pub_showhide('100','tp_links')\">Close<\/a><\/p>\n<\/div>\n<\/div>\n<\/div>\n<div class=\"tp_publication tp_publication_article\">\n<div class=\"tp_pub_image_left\"><img name=\"Improved LINE-1 Detection through Pattern Matching by Increasing Probe Length\" src=\"https:\/\/inbre.hpcf.upr.edu\/wp-content\/uploads\/2022\/09\/metabolomics-copy.png\" width=\"25\" alt=\"Improved LINE-1 Detection through Pattern Matching by Increasing Probe Length\" \/><\/div>\n<div class=\"tp_pub_info\">\n<p class=\"tp_pub_author\"> JO, L\u00f3pez;  Qui\u00f1ones J and, Mart\u00ednez ED<\/p>\n<p class=\"tp_pub_title\"><a class=\"tp_title_link\" onclick=\"teachpress_pub_showhide('112','tp_links')\" style=\"cursor:pointer;\">Improved LINE-1 Detection through Pattern Matching by Increasing Probe Length<\/a> <\/p>\n<p class=\"tp_pub_additional\"><span class=\"tp_pub_additional_in\">In: <\/span><span class=\"tp_pub_additional_journal\">Biology (Basel), <\/span><span class=\"tp_pub_additional_year\">2024<\/span>.<\/p>\n<p class=\"tp_pub_menu\"><span class=\"tp_resource_link\"><a id=\"tp_links_sh_112\" class=\"tp_show\" onclick=\"teachpress_pub_showhide('112','tp_links')\" title=\"Show links and resources\" style=\"cursor:pointer;\">Links<\/a><\/span><\/p>\n<div class=\"tp_bibtex\" id=\"tp_bibtex_112\" style=\"display:none;\">\n<div class=\"tp_bibtex_entry\">\n<pre>@article{nokey,<br \/>\r\ntitle = {Improved LINE-1 Detection through Pattern Matching by Increasing Probe Length},<br \/>\r\nauthor = {L\u00f3pez JO and Qui\u00f1ones J and, Mart\u00ednez ED},<br \/>\r\nurl = {https:\/\/pubmed.ncbi.nlm.nih.gov\/38666848\/},<br \/>\r\ndoi = {10.3390\/biology13040236},<br \/>\r\nyear  = {2024},<br \/>\r\ndate = {2024-04-02},<br \/>\r\njournal = {Biology (Basel)},<br \/>\r\nkeywords = {},<br \/>\r\npubstate = {published},<br \/>\r\ntppubtype = {article}<br \/>\r\n}<br \/>\r\n<\/pre>\n<\/div>\n<p class=\"tp_close_menu\"><a class=\"tp_close\" onclick=\"teachpress_pub_showhide('112','tp_bibtex')\">Close<\/a><\/p>\n<\/div>\n<div class=\"tp_links\" id=\"tp_links_112\" style=\"display:none;\">\n<div class=\"tp_links_entry\">\n<ul class=\"tp_pub_list\">\n<li><i class=\"fas fa-globe\"><\/i><a class=\"tp_pub_list\" href=\"https:\/\/pubmed.ncbi.nlm.nih.gov\/38666848\/\" title=\"https:\/\/pubmed.ncbi.nlm.nih.gov\/38666848\/\" target=\"_blank\">https:\/\/pubmed.ncbi.nlm.nih.gov\/38666848\/<\/a><\/li>\n<li><i class=\"ai ai-doi\"><\/i><a class=\"tp_pub_list\" href=\"https:\/\/dx.doi.org\/10.3390\/biology13040236\" title=\"Follow DOI:10.3390\/biology13040236\" target=\"_blank\">doi:10.3390\/biology13040236<\/a><\/li>\n<\/ul>\n<\/div>\n<p class=\"tp_close_menu\"><a class=\"tp_close\" onclick=\"teachpress_pub_showhide('112','tp_links')\">Close<\/a><\/p>\n<\/div>\n<\/div>\n<\/div>\n<div class=\"tp_publication tp_publication_article\">\n<div class=\"tp_pub_image_left\"><img name=\"Quantitative Proteomics Reveal That CB2R Agonist JWH-133 Downregulates NF-\u03baB Activation, Oxidative Stress, and Lysosomal Exocytosis from HIV-Infected Macrophages\" src=\"https:\/\/inbre.hpcf.upr.edu\/wp-content\/uploads\/2022\/09\/metabolomics-copy-150x150.png\" width=\"25\" alt=\"Quantitative Proteomics Reveal That CB2R Agonist JWH-133 Downregulates NF-\u03baB Activation, Oxidative Stress, and Lysosomal Exocytosis from HIV-Infected Macrophages\" \/><\/div>\n<div class=\"tp_pub_info\">\n<p class=\"tp_pub_author\"> LJ, Rosario-Rodr\u00edguez;  YM, Cantres-Rosario;  K, Carrasquillo-Carri\u00f3n;  AE, Rodr\u00edguez-De Jes\u00fas;  LJ, Cartagena-Isern;  LA, Garc\u00eda-Requena;  A, Roche-Lima;  LM, Mel\u00e9ndez<\/p>\n<p class=\"tp_pub_title\"><a class=\"tp_title_link\" onclick=\"teachpress_pub_showhide('120','tp_links')\" style=\"cursor:pointer;\">Quantitative Proteomics Reveal That CB2R Agonist JWH-133 Downregulates NF-\u03baB Activation, Oxidative Stress, and Lysosomal Exocytosis from HIV-Infected Macrophages<\/a> <\/p>\n<p class=\"tp_pub_additional\"><span class=\"tp_pub_additional_in\">In: <\/span><span class=\"tp_pub_additional_journal\">Int J Mol Sci, <\/span><span class=\"tp_pub_additional_year\">2024<\/span>.<\/p>\n<p class=\"tp_pub_menu\"><span class=\"tp_resource_link\"><a id=\"tp_links_sh_120\" class=\"tp_show\" onclick=\"teachpress_pub_showhide('120','tp_links')\" title=\"Show links and resources\" style=\"cursor:pointer;\">Links<\/a><\/span><\/p>\n<div class=\"tp_bibtex\" id=\"tp_bibtex_120\" style=\"display:none;\">\n<div class=\"tp_bibtex_entry\">\n<pre>@article{nokey,<br \/>\r\ntitle = {Quantitative Proteomics Reveal That CB2R Agonist JWH-133 Downregulates NF-\u03baB Activation, Oxidative Stress, and Lysosomal Exocytosis from HIV-Infected Macrophages},<br \/>\r\nauthor = {Rosario-Rodr\u00edguez LJ and Cantres-Rosario YM and Carrasquillo-Carri\u00f3n K and Rodr\u00edguez-De Jes\u00fas AE and Cartagena-Isern LJ and Garc\u00eda-Requena LA and Roche-Lima A and Mel\u00e9ndez LM},<br \/>\r\nurl = {https:\/\/pubmed.ncbi.nlm.nih.gov\/38542221\/},<br \/>\r\ndoi = {doi: 10.3390\/ijms25063246},<br \/>\r\nyear  = {2024},<br \/>\r\ndate = {2024-03-13},<br \/>\r\njournal = {Int J Mol Sci},<br \/>\r\nkeywords = {},<br \/>\r\npubstate = {published},<br \/>\r\ntppubtype = {article}<br \/>\r\n}<br \/>\r\n<\/pre>\n<\/div>\n<p class=\"tp_close_menu\"><a class=\"tp_close\" onclick=\"teachpress_pub_showhide('120','tp_bibtex')\">Close<\/a><\/p>\n<\/div>\n<div class=\"tp_links\" id=\"tp_links_120\" style=\"display:none;\">\n<div class=\"tp_links_entry\">\n<ul class=\"tp_pub_list\">\n<li><i class=\"fas fa-globe\"><\/i><a class=\"tp_pub_list\" href=\"https:\/\/pubmed.ncbi.nlm.nih.gov\/38542221\/\" title=\"https:\/\/pubmed.ncbi.nlm.nih.gov\/38542221\/\" target=\"_blank\">https:\/\/pubmed.ncbi.nlm.nih.gov\/38542221\/<\/a><\/li>\n<li><i class=\"ai ai-doi\"><\/i><a class=\"tp_pub_list\" href=\"https:\/\/dx.doi.org\/doi: 10.3390\/ijms25063246\" title=\"Follow DOI:doi: 10.3390\/ijms25063246\" target=\"_blank\">doi:doi: 10.3390\/ijms25063246<\/a><\/li>\n<\/ul>\n<\/div>\n<p class=\"tp_close_menu\"><a class=\"tp_close\" onclick=\"teachpress_pub_showhide('120','tp_links')\">Close<\/a><\/p>\n<\/div>\n<\/div>\n<\/div>\n<div class=\"tp_publication tp_publication_article\">\n<div class=\"tp_pub_image_left\"><img name=\"Advancing Primary Ciliary Dyskinesia Diagnosis through High-Speed Video Microscopy Analysis\" src=\"https:\/\/inbre.hpcf.upr.edu\/wp-content\/uploads\/2022\/09\/metabolomics-copy.png\" width=\"25\" alt=\"Advancing Primary Ciliary Dyskinesia Diagnosis through High-Speed Video Microscopy Analysis\" \/><\/div>\n<div class=\"tp_pub_info\">\n<p class=\"tp_pub_author\"> W, De Jes\u00fas-Rojas;  ZJ, Demetriou;  J, Mu\u00f1iz-Hern\u00e1ndez;  G, Rosario-Ortiz;  FM, Qui\u00f1ones;  MJ, Ramos-Benitez;  RA, Mosquera<\/p>\n<p class=\"tp_pub_title\"><a class=\"tp_title_link\" onclick=\"teachpress_pub_showhide('93','tp_links')\" style=\"cursor:pointer;\">Advancing Primary Ciliary Dyskinesia Diagnosis through High-Speed Video Microscopy Analysis<\/a> <\/p>\n<p class=\"tp_pub_additional\"><span class=\"tp_pub_additional_in\">In: <\/span><span class=\"tp_pub_additional_journal\">Cells, <\/span><span class=\"tp_pub_additional_year\">2024<\/span>.<\/p>\n<p class=\"tp_pub_menu\"><span class=\"tp_resource_link\"><a id=\"tp_links_sh_93\" class=\"tp_show\" onclick=\"teachpress_pub_showhide('93','tp_links')\" title=\"Show links and resources\" style=\"cursor:pointer;\">Links<\/a><\/span><\/p>\n<div class=\"tp_bibtex\" id=\"tp_bibtex_93\" style=\"display:none;\">\n<div class=\"tp_bibtex_entry\">\n<pre>@article{nokey,<br \/>\r\ntitle = {Advancing Primary Ciliary Dyskinesia Diagnosis through High-Speed Video Microscopy Analysis},<br \/>\r\nauthor = {De Jes\u00fas-Rojas W and Demetriou ZJ and Mu\u00f1iz-Hern\u00e1ndez J and Rosario-Ortiz G and Qui\u00f1ones FM and Ramos-Benitez MJ and Mosquera RA},<br \/>\r\nurl = {https:\/\/pubmed.ncbi.nlm.nih.gov\/38607006\/},<br \/>\r\ndoi = {10.3390\/cells13070567},<br \/>\r\nyear  = {2024},<br \/>\r\ndate = {2024-03-01},<br \/>\r\njournal = {Cells},<br \/>\r\nkeywords = {},<br \/>\r\npubstate = {published},<br \/>\r\ntppubtype = {article}<br \/>\r\n}<br \/>\r\n<\/pre>\n<\/div>\n<p class=\"tp_close_menu\"><a class=\"tp_close\" onclick=\"teachpress_pub_showhide('93','tp_bibtex')\">Close<\/a><\/p>\n<\/div>\n<div class=\"tp_links\" id=\"tp_links_93\" style=\"display:none;\">\n<div class=\"tp_links_entry\">\n<ul class=\"tp_pub_list\">\n<li><i class=\"fas fa-globe\"><\/i><a class=\"tp_pub_list\" href=\"https:\/\/pubmed.ncbi.nlm.nih.gov\/38607006\/\" title=\"https:\/\/pubmed.ncbi.nlm.nih.gov\/38607006\/\" target=\"_blank\">https:\/\/pubmed.ncbi.nlm.nih.gov\/38607006\/<\/a><\/li>\n<li><i class=\"ai ai-doi\"><\/i><a class=\"tp_pub_list\" href=\"https:\/\/dx.doi.org\/10.3390\/cells13070567\" title=\"Follow DOI:10.3390\/cells13070567\" target=\"_blank\">doi:10.3390\/cells13070567<\/a><\/li>\n<\/ul>\n<\/div>\n<p class=\"tp_close_menu\"><a class=\"tp_close\" onclick=\"teachpress_pub_showhide('93','tp_links')\">Close<\/a><\/p>\n<\/div>\n<\/div>\n<\/div>\n<div class=\"tp_publication tp_publication_article\">\n<div class=\"tp_pub_image_left\"><img name=\" Vaginal Microbiota and HPV in Latin America: A Narrative Review\" src=\"https:\/\/inbre.hpcf.upr.edu\/wp-content\/uploads\/2022\/09\/metabolomics-copy.png\" width=\"25\" alt=\" Vaginal Microbiota and HPV in Latin America: A Narrative Review\" \/><\/div>\n<div class=\"tp_pub_info\">\n<p class=\"tp_pub_author\"> E, Tosado-Rodr\u00edguez;  I, Alvarado-V\u00e9lez;  J, Romaguera;  F, Godoy-Vitorino<\/p>\n<p class=\"tp_pub_title\"><a class=\"tp_title_link\" onclick=\"teachpress_pub_showhide('92','tp_links')\" style=\"cursor:pointer;\"> Vaginal Microbiota and HPV in Latin America: A Narrative Review<\/a> <\/p>\n<p class=\"tp_pub_additional\"><span class=\"tp_pub_additional_in\">In: <\/span><span class=\"tp_pub_additional_journal\">Microorganisms, <\/span><span class=\"tp_pub_additional_year\">2024<\/span>.<\/p>\n<p class=\"tp_pub_menu\"><span class=\"tp_resource_link\"><a id=\"tp_links_sh_92\" class=\"tp_show\" onclick=\"teachpress_pub_showhide('92','tp_links')\" title=\"Show links and resources\" style=\"cursor:pointer;\">Links<\/a><\/span><\/p>\n<div class=\"tp_bibtex\" id=\"tp_bibtex_92\" style=\"display:none;\">\n<div class=\"tp_bibtex_entry\">\n<pre>@article{nokey,<br \/>\r\ntitle = { Vaginal Microbiota and HPV in Latin America: A Narrative Review},<br \/>\r\nauthor = {Tosado-Rodr\u00edguez E and Alvarado-V\u00e9lez I and Romaguera J and Godoy-Vitorino F},<br \/>\r\nurl = {https:\/\/pubmed.ncbi.nlm.nih.gov\/38543670\/},<br \/>\r\ndoi = {10.3390\/microorganisms12030619},<br \/>\r\nyear  = {2024},<br \/>\r\ndate = {2024-03-01},<br \/>\r\nurldate = {2024-03-01},<br \/>\r\njournal = {Microorganisms},<br \/>\r\nkeywords = {},<br \/>\r\npubstate = {published},<br \/>\r\ntppubtype = {article}<br \/>\r\n}<br \/>\r\n<\/pre>\n<\/div>\n<p class=\"tp_close_menu\"><a class=\"tp_close\" onclick=\"teachpress_pub_showhide('92','tp_bibtex')\">Close<\/a><\/p>\n<\/div>\n<div class=\"tp_links\" id=\"tp_links_92\" style=\"display:none;\">\n<div class=\"tp_links_entry\">\n<ul class=\"tp_pub_list\">\n<li><i class=\"fas fa-globe\"><\/i><a class=\"tp_pub_list\" href=\"https:\/\/pubmed.ncbi.nlm.nih.gov\/38543670\/\" title=\"https:\/\/pubmed.ncbi.nlm.nih.gov\/38543670\/\" target=\"_blank\">https:\/\/pubmed.ncbi.nlm.nih.gov\/38543670\/<\/a><\/li>\n<li><i class=\"ai ai-doi\"><\/i><a class=\"tp_pub_list\" href=\"https:\/\/dx.doi.org\/10.3390\/microorganisms12030619\" title=\"Follow DOI:10.3390\/microorganisms12030619\" target=\"_blank\">doi:10.3390\/microorganisms12030619<\/a><\/li>\n<\/ul>\n<\/div>\n<p class=\"tp_close_menu\"><a class=\"tp_close\" onclick=\"teachpress_pub_showhide('92','tp_links')\">Close<\/a><\/p>\n<\/div>\n<\/div>\n<\/div>\n<div class=\"tp_publication tp_publication_article\">\n<div class=\"tp_pub_image_left\"><img name=\"Gut microbiota composition is associated with the efficacy of Delta-24-RGDOX in malignant gliomas\" src=\"https:\/\/inbre.hpcf.upr.edu\/wp-content\/uploads\/2022\/09\/metabolomics-copy.png\" width=\"25\" alt=\"Gut microbiota composition is associated with the efficacy of Delta-24-RGDOX in malignant gliomas\" \/><\/div>\n<div class=\"tp_pub_info\">\n<p class=\"tp_pub_author\"> NM, Mel\u00e9ndez-V\u00e1zquez;  TT, Nguyen;  X, Fan;  AR, L\u00f3pez-Rivas;  J, Fueyo;  C, Gomez-Manzano;  F, Godoy-Vitorino<\/p>\n<p class=\"tp_pub_title\"><a class=\"tp_title_link\" onclick=\"teachpress_pub_showhide('91','tp_links')\" style=\"cursor:pointer;\">Gut microbiota composition is associated with the efficacy of Delta-24-RGDOX in malignant gliomas<\/a> <\/p>\n<p class=\"tp_pub_additional\"><span class=\"tp_pub_additional_in\">In: <\/span><span class=\"tp_pub_additional_journal\">Mol Ther Oncol, <\/span><span class=\"tp_pub_additional_year\">2024<\/span>.<\/p>\n<p class=\"tp_pub_menu\"><span class=\"tp_resource_link\"><a id=\"tp_links_sh_91\" class=\"tp_show\" onclick=\"teachpress_pub_showhide('91','tp_links')\" title=\"Show links and resources\" style=\"cursor:pointer;\">Links<\/a><\/span><\/p>\n<div class=\"tp_bibtex\" id=\"tp_bibtex_91\" style=\"display:none;\">\n<div class=\"tp_bibtex_entry\">\n<pre>@article{nokey,<br \/>\r\ntitle = {Gut microbiota composition is associated with the efficacy of Delta-24-RGDOX in malignant gliomas},<br \/>\r\nauthor = {Mel\u00e9ndez-V\u00e1zquez NM and Nguyen TT and Fan X and L\u00f3pez-Rivas AR and Fueyo J and Gomez-Manzano C and Godoy-Vitorino F},<br \/>\r\nurl = {https:\/\/www.sciencedirect.com\/science\/article\/pii\/S2950329924000298},<br \/>\r\ndoi = {10.1016\/j.omton.2024.200787},<br \/>\r\nyear  = {2024},<br \/>\r\ndate = {2024-02-28},<br \/>\r\njournal = {Mol Ther Oncol},<br \/>\r\nkeywords = {},<br \/>\r\npubstate = {published},<br \/>\r\ntppubtype = {article}<br \/>\r\n}<br \/>\r\n<\/pre>\n<\/div>\n<p class=\"tp_close_menu\"><a class=\"tp_close\" onclick=\"teachpress_pub_showhide('91','tp_bibtex')\">Close<\/a><\/p>\n<\/div>\n<div class=\"tp_links\" id=\"tp_links_91\" style=\"display:none;\">\n<div class=\"tp_links_entry\">\n<ul class=\"tp_pub_list\">\n<li><i class=\"fas fa-globe\"><\/i><a class=\"tp_pub_list\" href=\"https:\/\/www.sciencedirect.com\/science\/article\/pii\/S2950329924000298\" title=\"https:\/\/www.sciencedirect.com\/science\/article\/pii\/S2950329924000298\" target=\"_blank\">https:\/\/www.sciencedirect.com\/science\/article\/pii\/S2950329924000298<\/a><\/li>\n<li><i class=\"ai ai-doi\"><\/i><a class=\"tp_pub_list\" href=\"https:\/\/dx.doi.org\/10.1016\/j.omton.2024.200787\" title=\"Follow DOI:10.1016\/j.omton.2024.200787\" target=\"_blank\">doi:10.1016\/j.omton.2024.200787<\/a><\/li>\n<\/ul>\n<\/div>\n<p class=\"tp_close_menu\"><a class=\"tp_close\" onclick=\"teachpress_pub_showhide('91','tp_links')\">Close<\/a><\/p>\n<\/div>\n<\/div>\n<\/div>\n<div class=\"tp_publication tp_publication_article\">\n<div class=\"tp_pub_image_left\"><img name=\"Estradiol reduction through aromatase inhibition impairs cocaine seeking in male rats\" src=\"https:\/\/inbre.hpcf.upr.edu\/wp-content\/uploads\/2022\/09\/metabolomics-copy.png\" width=\"25\" alt=\"Estradiol reduction through aromatase inhibition impairs cocaine seeking in male rats\" \/><\/div>\n<div class=\"tp_pub_info\">\n<p class=\"tp_pub_author\"> JK, Alvarado-Torres;  R, Morales-Silva; de Leon A, Sanabria Ponce;  G, Rodriguez-Torres;  J, Perez-Torres;  Y, Perez-Perez;  D, Mueller;  MT, Sepulveda-Orengo<\/p>\n<p class=\"tp_pub_title\"><a class=\"tp_title_link\" onclick=\"teachpress_pub_showhide('90','tp_links')\" style=\"cursor:pointer;\">Estradiol reduction through aromatase inhibition impairs cocaine seeking in male rats<\/a> <\/p>\n<p class=\"tp_pub_additional\"><span class=\"tp_pub_additional_in\">In: <\/span><span class=\"tp_pub_additional_journal\">Front Behav Neuroscience, <\/span><span class=\"tp_pub_additional_year\">2024<\/span>.<\/p>\n<p class=\"tp_pub_menu\"><span class=\"tp_resource_link\"><a id=\"tp_links_sh_90\" class=\"tp_show\" onclick=\"teachpress_pub_showhide('90','tp_links')\" title=\"Show links and resources\" style=\"cursor:pointer;\">Links<\/a><\/span><\/p>\n<div class=\"tp_bibtex\" id=\"tp_bibtex_90\" style=\"display:none;\">\n<div class=\"tp_bibtex_entry\">\n<pre>@article{nokey,<br \/>\r\ntitle = {Estradiol reduction through aromatase inhibition impairs cocaine seeking in male rats},<br \/>\r\nauthor = {Alvarado-Torres JK and Morales-Silva R and Sanabria Ponce de Leon A and Rodriguez-Torres G and Perez-Torres J and Perez-Perez Y and Mueller D and Sepulveda-Orengo MT},<br \/>\r\nurl = {https:\/\/pubmed.ncbi.nlm.nih.gov\/38292056\/},<br \/>\r\ndoi = {10.3389\/fnbeh.2023.1307606},<br \/>\r\nyear  = {2024},<br \/>\r\ndate = {2024-01-16},<br \/>\r\njournal = {Front Behav Neuroscience},<br \/>\r\nkeywords = {},<br \/>\r\npubstate = {published},<br \/>\r\ntppubtype = {article}<br \/>\r\n}<br \/>\r\n<\/pre>\n<\/div>\n<p class=\"tp_close_menu\"><a class=\"tp_close\" onclick=\"teachpress_pub_showhide('90','tp_bibtex')\">Close<\/a><\/p>\n<\/div>\n<div class=\"tp_links\" id=\"tp_links_90\" style=\"display:none;\">\n<div class=\"tp_links_entry\">\n<ul class=\"tp_pub_list\">\n<li><i class=\"fas fa-globe\"><\/i><a class=\"tp_pub_list\" href=\"https:\/\/pubmed.ncbi.nlm.nih.gov\/38292056\/\" title=\"https:\/\/pubmed.ncbi.nlm.nih.gov\/38292056\/\" target=\"_blank\">https:\/\/pubmed.ncbi.nlm.nih.gov\/38292056\/<\/a><\/li>\n<li><i class=\"ai ai-doi\"><\/i><a class=\"tp_pub_list\" href=\"https:\/\/dx.doi.org\/10.3389\/fnbeh.2023.1307606\" title=\"Follow DOI:10.3389\/fnbeh.2023.1307606\" target=\"_blank\">doi:10.3389\/fnbeh.2023.1307606<\/a><\/li>\n<\/ul>\n<\/div>\n<p class=\"tp_close_menu\"><a class=\"tp_close\" onclick=\"teachpress_pub_showhide('90','tp_links')\">Close<\/a><\/p>\n<\/div>\n<\/div>\n<\/div>\n<div class=\"tp_publication tp_publication_article\">\n<div class=\"tp_pub_image_left\"><img name=\"Mechanistics of pH-Dependent Sulfmyoglobin Formation: Spin Control and His64 Proton Relay\" src=\"https:\/\/inbre.hpcf.upr.edu\/wp-content\/uploads\/2022\/09\/metabolomics-copy.png\" width=\"25\" alt=\"Mechanistics of pH-Dependent Sulfmyoglobin Formation: Spin Control and His64 Proton Relay\" \/><\/div>\n<div class=\"tp_pub_info\">\n<p class=\"tp_pub_author\"> Mackenzie, A.;  Santos, L.;  Arbelo, H.;  Wymore, T.;  Garriga, J.<\/p>\n<p class=\"tp_pub_title\"><a class=\"tp_title_link\" onclick=\"teachpress_pub_showhide('95','tp_links')\" style=\"cursor:pointer;\">Mechanistics of pH-Dependent Sulfmyoglobin Formation: Spin Control and His64 Proton Relay<\/a> <\/p>\n<p class=\"tp_pub_additional\"><span class=\"tp_pub_additional_in\">In: <\/span><span class=\"tp_pub_additional_journal\">Journal of Chemistry, <\/span><span class=\"tp_pub_additional_volume\">vol. 2024, <\/span><span class=\"tp_pub_additional_year\">2024<\/span>.<\/p>\n<p class=\"tp_pub_menu\"><span class=\"tp_resource_link\"><a id=\"tp_links_sh_95\" class=\"tp_show\" onclick=\"teachpress_pub_showhide('95','tp_links')\" title=\"Show links and resources\" style=\"cursor:pointer;\">Links<\/a><\/span><\/p>\n<div class=\"tp_bibtex\" id=\"tp_bibtex_95\" style=\"display:none;\">\n<div class=\"tp_bibtex_entry\">\n<pre>@article{nokey,<br \/>\r\ntitle = {Mechanistics of pH-Dependent Sulfmyoglobin Formation: Spin Control and His64 Proton Relay},<br \/>\r\nauthor = {Mackenzie, A. and Santos, L. and Arbelo, H. and Wymore, T. and Garriga, J.},<br \/>\r\nurl = {https:\/\/www.hindawi.com\/journals\/jchem\/2024\/4244579\/},<br \/>\r\ndoi = {doi.org\/10.1155\/2024\/4244579},<br \/>\r\nyear  = {2024},<br \/>\r\ndate = {2024-01-01},<br \/>\r\njournal = {Journal of Chemistry},<br \/>\r\nvolume = {2024},<br \/>\r\nkeywords = {},<br \/>\r\npubstate = {published},<br \/>\r\ntppubtype = {article}<br \/>\r\n}<br \/>\r\n<\/pre>\n<\/div>\n<p class=\"tp_close_menu\"><a class=\"tp_close\" onclick=\"teachpress_pub_showhide('95','tp_bibtex')\">Close<\/a><\/p>\n<\/div>\n<div class=\"tp_links\" id=\"tp_links_95\" style=\"display:none;\">\n<div class=\"tp_links_entry\">\n<ul class=\"tp_pub_list\">\n<li><i class=\"fas fa-globe\"><\/i><a class=\"tp_pub_list\" href=\"https:\/\/www.hindawi.com\/journals\/jchem\/2024\/4244579\/\" title=\"https:\/\/www.hindawi.com\/journals\/jchem\/2024\/4244579\/\" target=\"_blank\">https:\/\/www.hindawi.com\/journals\/jchem\/2024\/4244579\/<\/a><\/li>\n<li><i class=\"ai ai-doi\"><\/i><a class=\"tp_pub_list\" href=\"https:\/\/dx.doi.org\/doi.org\/10.1155\/2024\/4244579\" title=\"Follow DOI:doi.org\/10.1155\/2024\/4244579\" target=\"_blank\">doi:doi.org\/10.1155\/2024\/4244579<\/a><\/li>\n<\/ul>\n<\/div>\n<p class=\"tp_close_menu\"><a class=\"tp_close\" onclick=\"teachpress_pub_showhide('95','tp_links')\">Close<\/a><\/p>\n<\/div>\n<\/div>\n<\/div>\n<h3 class=\"tp_h3\" id=\"tp_h3_2023\">2023<\/h3>\n<div class=\"tp_publication tp_publication_article\">\n<div class=\"tp_pub_image_left\"><img name=\"In vitro generation of murine myeloid-derived suppressor cells from hematopoietic progenitor cells\" src=\"https:\/\/inbre.hpcf.upr.edu\/wp-content\/uploads\/2022\/09\/metabolomics-copy.png\" width=\"25\" alt=\"In vitro generation of murine myeloid-derived suppressor cells from hematopoietic progenitor cells\" \/><\/div>\n<div class=\"tp_pub_info\">\n<p class=\"tp_pub_author\"> LM, Hernandez-Delgado;  A, Laboy-Figueroa;  A, Lopez-Velazquez;  C, Flores-Ortiz;  K, Alicea-Torres<\/p>\n<p class=\"tp_pub_title\"><a class=\"tp_title_link\" onclick=\"teachpress_pub_showhide('89','tp_links')\" style=\"cursor:pointer;\">In vitro generation of murine myeloid-derived suppressor cells from hematopoietic progenitor cells<\/a> <\/p>\n<p class=\"tp_pub_additional\"><span class=\"tp_pub_additional_in\">In: <\/span><span class=\"tp_pub_additional_journal\">Methods Cell Biol, <\/span><span class=\"tp_pub_additional_year\">2023<\/span>.<\/p>\n<p class=\"tp_pub_menu\"><span class=\"tp_resource_link\"><a id=\"tp_links_sh_89\" class=\"tp_show\" onclick=\"teachpress_pub_showhide('89','tp_links')\" title=\"Show links and resources\" style=\"cursor:pointer;\">Links<\/a><\/span><\/p>\n<div class=\"tp_bibtex\" id=\"tp_bibtex_89\" style=\"display:none;\">\n<div class=\"tp_bibtex_entry\">\n<pre>@article{nokey,<br \/>\r\ntitle = {In vitro generation of murine myeloid-derived suppressor cells from hematopoietic progenitor cells},<br \/>\r\nauthor = {Hernandez-Delgado LM and Laboy-Figueroa A and Lopez-Velazquez A and Flores-Ortiz C and Alicea-Torres K},<br \/>\r\nurl = {https:\/\/pubmed.ncbi.nlm.nih.gov\/38555155\/},<br \/>\r\ndoi = {10.1016\/bs.mcb.2023.10.001},<br \/>\r\nyear  = {2023},<br \/>\r\ndate = {2023-12-21},<br \/>\r\njournal = {Methods Cell Biol},<br \/>\r\nkeywords = {},<br \/>\r\npubstate = {published},<br \/>\r\ntppubtype = {article}<br \/>\r\n}<br \/>\r\n<\/pre>\n<\/div>\n<p class=\"tp_close_menu\"><a class=\"tp_close\" onclick=\"teachpress_pub_showhide('89','tp_bibtex')\">Close<\/a><\/p>\n<\/div>\n<div class=\"tp_links\" id=\"tp_links_89\" style=\"display:none;\">\n<div class=\"tp_links_entry\">\n<ul class=\"tp_pub_list\">\n<li><i class=\"fas fa-globe\"><\/i><a class=\"tp_pub_list\" href=\"https:\/\/pubmed.ncbi.nlm.nih.gov\/38555155\/\" title=\"https:\/\/pubmed.ncbi.nlm.nih.gov\/38555155\/\" target=\"_blank\">https:\/\/pubmed.ncbi.nlm.nih.gov\/38555155\/<\/a><\/li>\n<li><i class=\"ai ai-doi\"><\/i><a class=\"tp_pub_list\" href=\"https:\/\/dx.doi.org\/10.1016\/bs.mcb.2023.10.001\" title=\"Follow DOI:10.1016\/bs.mcb.2023.10.001\" target=\"_blank\">doi:10.1016\/bs.mcb.2023.10.001<\/a><\/li>\n<\/ul>\n<\/div>\n<p class=\"tp_close_menu\"><a class=\"tp_close\" onclick=\"teachpress_pub_showhide('89','tp_links')\">Close<\/a><\/p>\n<\/div>\n<\/div>\n<\/div>\n<div class=\"tp_publication tp_publication_article\">\n<div class=\"tp_pub_image_left\"><img name=\"Inflammatory cytokines and a diverse cervicovaginal microbiota associate with cervical dysplasia in a cohort of Hispanics living in Puerto Rico\" src=\"https:\/\/inbre.hpcf.upr.edu\/wp-content\/uploads\/2022\/09\/metabolomics-copy.png\" width=\"25\" alt=\"Inflammatory cytokines and a diverse cervicovaginal microbiota associate with cervical dysplasia in a cohort of Hispanics living in Puerto Rico\" \/><\/div>\n<div class=\"tp_pub_info\">\n<p class=\"tp_pub_author\"> E, Tosado-Rodr\u00edguez;  LB, Mendez;  AM, Espino;  S, Dorta-Estremera;  EE, Aquino;  J, Romaguera;  F, Godoy-Vitorino<\/p>\n<p class=\"tp_pub_title\"><a class=\"tp_title_link\" onclick=\"teachpress_pub_showhide('83','tp_links')\" style=\"cursor:pointer;\">Inflammatory cytokines and a diverse cervicovaginal microbiota associate with cervical dysplasia in a cohort of Hispanics living in Puerto Rico<\/a> <\/p>\n<p class=\"tp_pub_additional\"><span class=\"tp_pub_additional_in\">In: <\/span><span class=\"tp_pub_additional_year\">2023<\/span>.<\/p>\n<p class=\"tp_pub_menu\"><span class=\"tp_resource_link\"><a id=\"tp_links_sh_83\" class=\"tp_show\" onclick=\"teachpress_pub_showhide('83','tp_links')\" title=\"Show links and resources\" style=\"cursor:pointer;\">Links<\/a><\/span><\/p>\n<div class=\"tp_bibtex\" id=\"tp_bibtex_83\" style=\"display:none;\">\n<div class=\"tp_bibtex_entry\">\n<pre>@article{nokey,<br \/>\r\ntitle = {Inflammatory cytokines and a diverse cervicovaginal microbiota associate with cervical dysplasia in a cohort of Hispanics living in Puerto Rico},<br \/>\r\nauthor = {Tosado-Rodr\u00edguez E and Mendez LB and Espino AM and Dorta-Estremera S and Aquino EE and Romaguera J and Godoy-Vitorino F},<br \/>\r\nurl = {https:\/\/pubmed.ncbi.nlm.nih.gov\/38064478\/},<br \/>\r\ndoi = {10.1371\/journal.pone.0284673},<br \/>\r\nyear  = {2023},<br \/>\r\ndate = {2023-12-08},<br \/>\r\nkeywords = {},<br \/>\r\npubstate = {published},<br \/>\r\ntppubtype = {article}<br \/>\r\n}<br \/>\r\n<\/pre>\n<\/div>\n<p class=\"tp_close_menu\"><a class=\"tp_close\" onclick=\"teachpress_pub_showhide('83','tp_bibtex')\">Close<\/a><\/p>\n<\/div>\n<div class=\"tp_links\" id=\"tp_links_83\" style=\"display:none;\">\n<div class=\"tp_links_entry\">\n<ul class=\"tp_pub_list\">\n<li><i class=\"fas fa-globe\"><\/i><a class=\"tp_pub_list\" href=\"https:\/\/pubmed.ncbi.nlm.nih.gov\/38064478\/\" title=\"https:\/\/pubmed.ncbi.nlm.nih.gov\/38064478\/\" target=\"_blank\">https:\/\/pubmed.ncbi.nlm.nih.gov\/38064478\/<\/a><\/li>\n<li><i class=\"ai ai-doi\"><\/i><a class=\"tp_pub_list\" href=\"https:\/\/dx.doi.org\/10.1371\/journal.pone.0284673\" title=\"Follow DOI:10.1371\/journal.pone.0284673\" target=\"_blank\">doi:10.1371\/journal.pone.0284673<\/a><\/li>\n<\/ul>\n<\/div>\n<p class=\"tp_close_menu\"><a class=\"tp_close\" onclick=\"teachpress_pub_showhide('83','tp_links')\">Close<\/a><\/p>\n<\/div>\n<\/div>\n<\/div>\n<div class=\"tp_publication tp_publication_article\">\n<div class=\"tp_pub_image_left\"><img name=\"Determining the Safety of the Tobacco Cembranoid (1S,2E,4R,6R,7E,11E)-Cembratriene-4,6-diol (4R): A Translational Study in Nonhuman Primates\" src=\"https:\/\/inbre.hpcf.upr.edu\/wp-content\/uploads\/2022\/09\/metabolomics-copy.png\" width=\"25\" alt=\"Determining the Safety of the Tobacco Cembranoid (1S,2E,4R,6R,7E,11E)-Cembratriene-4,6-diol (4R): A Translational Study in Nonhuman Primates\" \/><\/div>\n<div class=\"tp_pub_info\">\n<p class=\"tp_pub_author\"> N, Sabeva;  W, Castro;  Y, Ferrer-Acosta;  P.A, Ferchmin;  V.A, Eterovic;  D, Sierra-Mercado;  N, P\u00e9rez-Rios;  S, Rivas-Tumanyan;  A.H, Martins<\/p>\n<p class=\"tp_pub_title\"><a class=\"tp_title_link\" onclick=\"teachpress_pub_showhide('82','tp_links')\" style=\"cursor:pointer;\">Determining the Safety of the Tobacco Cembranoid (1S,2E,4R,6R,7E,11E)-Cembratriene-4,6-diol (4R): A Translational Study in Nonhuman Primates<\/a> <\/p>\n<p class=\"tp_pub_additional\"><span class=\"tp_pub_additional_in\">In: <\/span><span class=\"tp_pub_additional_year\">2023<\/span>.<\/p>\n<p class=\"tp_pub_menu\"><span class=\"tp_resource_link\"><a id=\"tp_links_sh_82\" class=\"tp_show\" onclick=\"teachpress_pub_showhide('82','tp_links')\" title=\"Show links and resources\" style=\"cursor:pointer;\">Links<\/a><\/span><\/p>\n<div class=\"tp_bibtex\" id=\"tp_bibtex_82\" style=\"display:none;\">\n<div class=\"tp_bibtex_entry\">\n<pre>@article{nokey,<br \/>\r\ntitle = {Determining the Safety of the Tobacco Cembranoid (1S,2E,4R,6R,7E,11E)-Cembratriene-4,6-diol (4R): A Translational Study in Nonhuman Primates},<br \/>\r\nauthor = {Sabeva N and Castro W and Ferrer-Acosta Y and Ferchmin P.A and Eterovic V.A and Sierra-Mercado D and P\u00e9rez-Rios N and Rivas-Tumanyan S and Martins A.H},<br \/>\r\nurl = {https:\/\/www.preprints.org\/manuscript\/202305.1179\/v1},<br \/>\r\ndoi = {https:\/\/doi.org\/10.20944\/preprints202305.1179.v1},<br \/>\r\nyear  = {2023},<br \/>\r\ndate = {2023-11-01},<br \/>\r\nkeywords = {},<br \/>\r\npubstate = {published},<br \/>\r\ntppubtype = {article}<br \/>\r\n}<br \/>\r\n<\/pre>\n<\/div>\n<p class=\"tp_close_menu\"><a class=\"tp_close\" onclick=\"teachpress_pub_showhide('82','tp_bibtex')\">Close<\/a><\/p>\n<\/div>\n<div class=\"tp_links\" id=\"tp_links_82\" style=\"display:none;\">\n<div class=\"tp_links_entry\">\n<ul class=\"tp_pub_list\">\n<li><i class=\"fas fa-globe\"><\/i><a class=\"tp_pub_list\" href=\"https:\/\/www.preprints.org\/manuscript\/202305.1179\/v1\" title=\"https:\/\/www.preprints.org\/manuscript\/202305.1179\/v1\" target=\"_blank\">https:\/\/www.preprints.org\/manuscript\/202305.1179\/v1<\/a><\/li>\n<li><i class=\"ai ai-doi\"><\/i><a class=\"tp_pub_list\" href=\"https:\/\/dx.doi.org\/https:\/\/doi.org\/10.20944\/preprints202305.1179.v1\" title=\"Follow DOI:https:\/\/doi.org\/10.20944\/preprints202305.1179.v1\" target=\"_blank\">doi:https:\/\/doi.org\/10.20944\/preprints202305.1179.v1<\/a><\/li>\n<\/ul>\n<\/div>\n<p class=\"tp_close_menu\"><a class=\"tp_close\" onclick=\"teachpress_pub_showhide('82','tp_links')\">Close<\/a><\/p>\n<\/div>\n<\/div>\n<\/div>\n<div class=\"tp_publication tp_publication_article\">\n<div class=\"tp_pub_image_left\"><img name=\"Evolutionary dynamics of genome size and content during the adaptive radiation of Heliconiini butterflies\" src=\"https:\/\/inbre.hpcf.upr.edu\/wp-content\/uploads\/2022\/09\/metabolomics-copy.png\" width=\"25\" alt=\"Evolutionary dynamics of genome size and content during the adaptive radiation of Heliconiini butterflies\" \/><\/div>\n<div class=\"tp_pub_info\">\n<p class=\"tp_pub_author\"> F, Cicconardi;  E, Milanetti; de Castro EC, Pinheiro;  A, Mazo-Vargas;  SM, Van Belleghem;  AA, Ruggieri;  P, Rastas;  J, Hanly;  E, Evans;  CD, Jiggins;  W, Owen McMillan;  R, Papa;  D, Di Marino;  A, Martin;  SH, Montgomery<\/p>\n<p class=\"tp_pub_title\"><a class=\"tp_title_link\" onclick=\"teachpress_pub_showhide('76','tp_links')\" style=\"cursor:pointer;\">Evolutionary dynamics of genome size and content during the adaptive radiation of Heliconiini butterflies<\/a> <\/p>\n<p class=\"tp_pub_additional\"><span class=\"tp_pub_additional_in\">In: <\/span><span class=\"tp_pub_additional_journal\">Nat Commun, <\/span><span class=\"tp_pub_additional_year\">2023<\/span>.<\/p>\n<p class=\"tp_pub_menu\"><span class=\"tp_resource_link\"><a id=\"tp_links_sh_76\" class=\"tp_show\" onclick=\"teachpress_pub_showhide('76','tp_links')\" title=\"Show links and resources\" style=\"cursor:pointer;\">Links<\/a><\/span><\/p>\n<div class=\"tp_bibtex\" id=\"tp_bibtex_76\" style=\"display:none;\">\n<div class=\"tp_bibtex_entry\">\n<pre>@article{nokey,<br \/>\r\ntitle = {Evolutionary dynamics of genome size and content during the adaptive radiation of Heliconiini butterflies},<br \/>\r\nauthor = {Cicconardi F and Milanetti E and Pinheiro de Castro EC and Mazo-Vargas A and Van Belleghem SM and Ruggieri AA and Rastas P and Hanly J and Evans E and Jiggins CD and Owen McMillan W and Papa R and Di Marino D and Martin A and Montgomery SH},<br \/>\r\nurl = {https:\/\/pubmed.ncbi.nlm.nih.gov\/37699868\/},<br \/>\r\ndoi = {10.1038\/s41467-023-41412-5},<br \/>\r\nyear  = {2023},<br \/>\r\ndate = {2023-09-12},<br \/>\r\njournal = {Nat Commun},<br \/>\r\nkeywords = {},<br \/>\r\npubstate = {published},<br \/>\r\ntppubtype = {article}<br \/>\r\n}<br \/>\r\n<\/pre>\n<\/div>\n<p class=\"tp_close_menu\"><a class=\"tp_close\" onclick=\"teachpress_pub_showhide('76','tp_bibtex')\">Close<\/a><\/p>\n<\/div>\n<div class=\"tp_links\" id=\"tp_links_76\" style=\"display:none;\">\n<div class=\"tp_links_entry\">\n<ul class=\"tp_pub_list\">\n<li><i class=\"fas fa-globe\"><\/i><a class=\"tp_pub_list\" href=\"https:\/\/pubmed.ncbi.nlm.nih.gov\/37699868\/\" title=\"https:\/\/pubmed.ncbi.nlm.nih.gov\/37699868\/\" target=\"_blank\">https:\/\/pubmed.ncbi.nlm.nih.gov\/37699868\/<\/a><\/li>\n<li><i class=\"ai ai-doi\"><\/i><a class=\"tp_pub_list\" href=\"https:\/\/dx.doi.org\/10.1038\/s41467-023-41412-5\" title=\"Follow DOI:10.1038\/s41467-023-41412-5\" target=\"_blank\">doi:10.1038\/s41467-023-41412-5<\/a><\/li>\n<\/ul>\n<\/div>\n<p class=\"tp_close_menu\"><a class=\"tp_close\" onclick=\"teachpress_pub_showhide('76','tp_links')\">Close<\/a><\/p>\n<\/div>\n<\/div>\n<\/div>\n<div class=\"tp_publication tp_publication_article\">\n<div class=\"tp_pub_image_left\"><img name=\"The Characterization and Evaluation of the Soluble Triggering Receptor Expressed on Myeloid Cells-like Transcript-1 in Stable Coronary Artery Disease\" src=\"https:\/\/inbre.hpcf.upr.edu\/wp-content\/uploads\/2022\/09\/metabolomics-copy.png\" width=\"25\" alt=\"The Characterization and Evaluation of the Soluble Triggering Receptor Expressed on Myeloid Cells-like Transcript-1 in Stable Coronary Artery Disease\" \/><\/div>\n<div class=\"tp_pub_info\">\n<p class=\"tp_pub_author\"> Z, Bayr\u00f3n-Marrero;  S, Branfield;  J, Men\u00e9ndez-P\u00e9rez;  Nieves-L\u00f3pez B, Ospina L;  Y, Cantres-Rosario;  LM, Melendez;  R, Hunter;  A, Gibson;  G, Maldonado-Mart\u00ednez;  AV, Washington<\/p>\n<p class=\"tp_pub_title\"><a class=\"tp_title_link\" onclick=\"teachpress_pub_showhide('78','tp_links')\" style=\"cursor:pointer;\">The Characterization and Evaluation of the Soluble Triggering Receptor Expressed on Myeloid Cells-like Transcript-1 in Stable Coronary Artery Disease<\/a> <\/p>\n<p class=\"tp_pub_additional\"><span class=\"tp_pub_additional_in\">In: <\/span><span class=\"tp_pub_additional_journal\"> Int J Mol Sci., <\/span><span class=\"tp_pub_additional_year\">2023<\/span>.<\/p>\n<p class=\"tp_pub_menu\"><span class=\"tp_resource_link\"><a id=\"tp_links_sh_78\" class=\"tp_show\" onclick=\"teachpress_pub_showhide('78','tp_links')\" title=\"Show links and resources\" style=\"cursor:pointer;\">Links<\/a><\/span><\/p>\n<div class=\"tp_bibtex\" id=\"tp_bibtex_78\" style=\"display:none;\">\n<div class=\"tp_bibtex_entry\">\n<pre>@article{nokey,<br \/>\r\ntitle = {The Characterization and Evaluation of the Soluble Triggering Receptor Expressed on Myeloid Cells-like Transcript-1 in Stable Coronary Artery Disease},<br \/>\r\nauthor = {Bayr\u00f3n-Marrero Z and Branfield S and Men\u00e9ndez-P\u00e9rez J and Nieves-L\u00f3pez B, Ospina L and Cantres-Rosario Y and Melendez LM and Hunter R and Gibson A and Maldonado-Mart\u00ednez G and Washington AV },<br \/>\r\nurl = {https:\/\/pubmed.ncbi.nlm.nih.gov\/37686440\/#full-view-affiliation-3},<br \/>\r\ndoi = {10.3390\/ijms241713632},<br \/>\r\nyear  = {2023},<br \/>\r\ndate = {2023-09-04},<br \/>\r\njournal = { Int J Mol Sci.},<br \/>\r\nkeywords = {},<br \/>\r\npubstate = {published},<br \/>\r\ntppubtype = {article}<br \/>\r\n}<br \/>\r\n<\/pre>\n<\/div>\n<p class=\"tp_close_menu\"><a class=\"tp_close\" onclick=\"teachpress_pub_showhide('78','tp_bibtex')\">Close<\/a><\/p>\n<\/div>\n<div class=\"tp_links\" id=\"tp_links_78\" style=\"display:none;\">\n<div class=\"tp_links_entry\">\n<ul class=\"tp_pub_list\">\n<li><i class=\"fas fa-globe\"><\/i><a class=\"tp_pub_list\" href=\"https:\/\/pubmed.ncbi.nlm.nih.gov\/37686440\/#full-view-affiliation-3\" title=\"https:\/\/pubmed.ncbi.nlm.nih.gov\/37686440\/#full-view-affiliation-3\" target=\"_blank\">https:\/\/pubmed.ncbi.nlm.nih.gov\/37686440\/#full-view-affiliation-3<\/a><\/li>\n<li><i class=\"ai ai-doi\"><\/i><a class=\"tp_pub_list\" href=\"https:\/\/dx.doi.org\/10.3390\/ijms241713632\" title=\"Follow DOI:10.3390\/ijms241713632\" target=\"_blank\">doi:10.3390\/ijms241713632<\/a><\/li>\n<\/ul>\n<\/div>\n<p class=\"tp_close_menu\"><a class=\"tp_close\" onclick=\"teachpress_pub_showhide('78','tp_links')\">Close<\/a><\/p>\n<\/div>\n<\/div>\n<\/div>\n<div class=\"tp_publication tp_publication_article\">\n<div class=\"tp_pub_image_left\"><img name=\"The cervical microbiota of Hispanics living in Puerto Rico is nonoptimal regardless of HPV status\" src=\"https:\/\/inbre.hpcf.upr.edu\/wp-content\/uploads\/2022\/09\/metabolomics-copy.png\" width=\"25\" alt=\"The cervical microbiota of Hispanics living in Puerto Rico is nonoptimal regardless of HPV status\" \/><\/div>\n<div class=\"tp_pub_info\">\n<p class=\"tp_pub_author\"> D, Vargas-Robles;  J, Romaguera;  I, Alvarado-Velez;  E, Tosado-Rodr\u00edguez;  A, Dominicci-Maura;  M, Sanchez;  KJ, Wiggin;  M, Martinez-Ferrer;  JA, Gilbert;  LJ, Forney;  F, Godoy-Vitorino<\/p>\n<p class=\"tp_pub_title\"><a class=\"tp_title_link\" onclick=\"teachpress_pub_showhide('81','tp_links')\" style=\"cursor:pointer;\">The cervical microbiota of Hispanics living in Puerto Rico is nonoptimal regardless of HPV status<\/a> <\/p>\n<p class=\"tp_pub_additional\"><span class=\"tp_pub_additional_in\">In: <\/span><span class=\"tp_pub_additional_journal\">mSystems, <\/span><span class=\"tp_pub_additional_year\">2023<\/span>.<\/p>\n<p class=\"tp_pub_menu\"><span class=\"tp_resource_link\"><a id=\"tp_links_sh_81\" class=\"tp_show\" onclick=\"teachpress_pub_showhide('81','tp_links')\" title=\"Show links and resources\" style=\"cursor:pointer;\">Links<\/a><\/span><\/p>\n<div class=\"tp_bibtex\" id=\"tp_bibtex_81\" style=\"display:none;\">\n<div class=\"tp_bibtex_entry\">\n<pre>@article{nokey,<br \/>\r\ntitle = {The cervical microbiota of Hispanics living in Puerto Rico is nonoptimal regardless of HPV status},<br \/>\r\nauthor = {Vargas-Robles D and Romaguera J and Alvarado-Velez I and Tosado-Rodr\u00edguez E and Dominicci-Maura A and Sanchez M and Wiggin KJ and Martinez-Ferrer M and Gilbert JA and Forney LJ and Godoy-Vitorino F},<br \/>\r\nurl = {https:\/\/pubmed.ncbi.nlm.nih.gov\/37534938\/},<br \/>\r\ndoi = {10.1128\/msystems.00357-23},<br \/>\r\nyear  = {2023},<br \/>\r\ndate = {2023-08-31},<br \/>\r\njournal = {mSystems},<br \/>\r\nkeywords = {},<br \/>\r\npubstate = {published},<br \/>\r\ntppubtype = {article}<br \/>\r\n}<br \/>\r\n<\/pre>\n<\/div>\n<p class=\"tp_close_menu\"><a class=\"tp_close\" onclick=\"teachpress_pub_showhide('81','tp_bibtex')\">Close<\/a><\/p>\n<\/div>\n<div class=\"tp_links\" id=\"tp_links_81\" style=\"display:none;\">\n<div class=\"tp_links_entry\">\n<ul class=\"tp_pub_list\">\n<li><i class=\"fas fa-globe\"><\/i><a class=\"tp_pub_list\" href=\"https:\/\/pubmed.ncbi.nlm.nih.gov\/37534938\/\" title=\"https:\/\/pubmed.ncbi.nlm.nih.gov\/37534938\/\" target=\"_blank\">https:\/\/pubmed.ncbi.nlm.nih.gov\/37534938\/<\/a><\/li>\n<li><i class=\"ai ai-doi\"><\/i><a class=\"tp_pub_list\" href=\"https:\/\/dx.doi.org\/10.1128\/msystems.00357-23\" title=\"Follow DOI:10.1128\/msystems.00357-23\" target=\"_blank\">doi:10.1128\/msystems.00357-23<\/a><\/li>\n<\/ul>\n<\/div>\n<p class=\"tp_close_menu\"><a class=\"tp_close\" onclick=\"teachpress_pub_showhide('81','tp_links')\">Close<\/a><\/p>\n<\/div>\n<\/div>\n<\/div>\n<div class=\"tp_publication tp_publication_article\">\n<div class=\"tp_pub_image_left\"><img name=\"Mechanisms of Regulation of the CHRDL1 Gene by the TWIST2 and ADD1\/SREBP1c Transcription Factors\" src=\"https:\/\/inbre.hpcf.upr.edu\/wp-content\/uploads\/2022\/09\/metabolomics-copy.png\" width=\"25\" alt=\"Mechanisms of Regulation of the CHRDL1 Gene by the TWIST2 and ADD1\/SREBP1c Transcription Factors\" \/><\/div>\n<div class=\"tp_pub_info\">\n<p class=\"tp_pub_author\"> JJ, Casasnovas-Nieves;  Y, Rodr\u00edguez;  HL, Franco;  CL, Cadilla<\/p>\n<p class=\"tp_pub_title\"><a class=\"tp_title_link\" onclick=\"teachpress_pub_showhide('73','tp_links')\" style=\"cursor:pointer;\">Mechanisms of Regulation of the CHRDL1 Gene by the TWIST2 and ADD1\/SREBP1c Transcription Factors<\/a> <\/p>\n<p class=\"tp_pub_additional\"><span class=\"tp_pub_additional_in\">In: <\/span><span class=\"tp_pub_additional_journal\">Genes (Basel), <\/span><span class=\"tp_pub_additional_year\">2023<\/span>.<\/p>\n<p class=\"tp_pub_menu\"><span class=\"tp_resource_link\"><a id=\"tp_links_sh_73\" class=\"tp_show\" onclick=\"teachpress_pub_showhide('73','tp_links')\" title=\"Show links and resources\" style=\"cursor:pointer;\">Links<\/a><\/span><\/p>\n<div class=\"tp_bibtex\" id=\"tp_bibtex_73\" style=\"display:none;\">\n<div class=\"tp_bibtex_entry\">\n<pre>@article{nokey,<br \/>\r\ntitle = {Mechanisms of Regulation of the CHRDL1 Gene by the TWIST2 and ADD1\/SREBP1c Transcription Factors},<br \/>\r\nauthor = {Casasnovas-Nieves JJ and Rodr\u00edguez Y and Franco HL and Cadilla CL},<br \/>\r\nurl = {https:\/\/pubmed.ncbi.nlm.nih.gov\/37761873\/},<br \/>\r\ndoi = {10.3390\/genes14091733},<br \/>\r\nyear  = {2023},<br \/>\r\ndate = {2023-08-30},<br \/>\r\njournal = {Genes (Basel)},<br \/>\r\nkeywords = {},<br \/>\r\npubstate = {published},<br \/>\r\ntppubtype = {article}<br \/>\r\n}<br \/>\r\n<\/pre>\n<\/div>\n<p class=\"tp_close_menu\"><a class=\"tp_close\" onclick=\"teachpress_pub_showhide('73','tp_bibtex')\">Close<\/a><\/p>\n<\/div>\n<div class=\"tp_links\" id=\"tp_links_73\" style=\"display:none;\">\n<div class=\"tp_links_entry\">\n<ul class=\"tp_pub_list\">\n<li><i class=\"fas fa-globe\"><\/i><a class=\"tp_pub_list\" href=\"https:\/\/pubmed.ncbi.nlm.nih.gov\/37761873\/\" title=\"https:\/\/pubmed.ncbi.nlm.nih.gov\/37761873\/\" target=\"_blank\">https:\/\/pubmed.ncbi.nlm.nih.gov\/37761873\/<\/a><\/li>\n<li><i class=\"ai ai-doi\"><\/i><a class=\"tp_pub_list\" href=\"https:\/\/dx.doi.org\/10.3390\/genes14091733\" title=\"Follow DOI:10.3390\/genes14091733\" target=\"_blank\">doi:10.3390\/genes14091733<\/a><\/li>\n<\/ul>\n<\/div>\n<p class=\"tp_close_menu\"><a class=\"tp_close\" onclick=\"teachpress_pub_showhide('73','tp_links')\">Close<\/a><\/p>\n<\/div>\n<\/div>\n<\/div>\n<div class=\"tp_publication tp_publication_article\">\n<div class=\"tp_pub_image_left\"><img name=\"Substrate topographies modulate the secretory activity of human bone marrow mesenchymal stem cells\" src=\"https:\/\/inbre.hpcf.upr.edu\/wp-content\/uploads\/2022\/09\/metabolomics-copy.png\" width=\"25\" alt=\"Substrate topographies modulate the secretory activity of human bone marrow mesenchymal stem cells\" \/><\/div>\n<div class=\"tp_pub_info\">\n<p class=\"tp_pub_author\"> H, Rosado-Galindo;  M, Domenech<\/p>\n<p class=\"tp_pub_title\"><a class=\"tp_title_link\" onclick=\"teachpress_pub_showhide('80','tp_links')\" style=\"cursor:pointer;\">Substrate topographies modulate the secretory activity of human bone marrow mesenchymal stem cells<\/a> <\/p>\n<p class=\"tp_pub_additional\"><span class=\"tp_pub_additional_in\">In: <\/span><span class=\"tp_pub_additional_journal\">Stem Cell Res Ther, <\/span><span class=\"tp_pub_additional_year\">2023<\/span>.<\/p>\n<p class=\"tp_pub_menu\"><span class=\"tp_resource_link\"><a id=\"tp_links_sh_80\" class=\"tp_show\" onclick=\"teachpress_pub_showhide('80','tp_links')\" title=\"Show links and resources\" style=\"cursor:pointer;\">Links<\/a><\/span><\/p>\n<div class=\"tp_bibtex\" id=\"tp_bibtex_80\" style=\"display:none;\">\n<div class=\"tp_bibtex_entry\">\n<pre>@article{nokey,<br \/>\r\ntitle = {Substrate topographies modulate the secretory activity of human bone marrow mesenchymal stem cells},<br \/>\r\nauthor = {Rosado-Galindo H and Domenech M},<br \/>\r\nurl = {https:\/\/pubmed.ncbi.nlm.nih.gov\/37605275\/},<br \/>\r\ndoi = {10.1186\/s13287-023-03450-0},<br \/>\r\nyear  = {2023},<br \/>\r\ndate = {2023-08-21},<br \/>\r\njournal = {Stem Cell Res Ther},<br \/>\r\nkeywords = {},<br \/>\r\npubstate = {published},<br \/>\r\ntppubtype = {article}<br \/>\r\n}<br \/>\r\n<\/pre>\n<\/div>\n<p class=\"tp_close_menu\"><a class=\"tp_close\" onclick=\"teachpress_pub_showhide('80','tp_bibtex')\">Close<\/a><\/p>\n<\/div>\n<div class=\"tp_links\" id=\"tp_links_80\" style=\"display:none;\">\n<div class=\"tp_links_entry\">\n<ul class=\"tp_pub_list\">\n<li><i class=\"fas fa-globe\"><\/i><a class=\"tp_pub_list\" href=\"https:\/\/pubmed.ncbi.nlm.nih.gov\/37605275\/\" title=\"https:\/\/pubmed.ncbi.nlm.nih.gov\/37605275\/\" target=\"_blank\">https:\/\/pubmed.ncbi.nlm.nih.gov\/37605275\/<\/a><\/li>\n<li><i class=\"ai ai-doi\"><\/i><a class=\"tp_pub_list\" href=\"https:\/\/dx.doi.org\/10.1186\/s13287-023-03450-0\" title=\"Follow DOI:10.1186\/s13287-023-03450-0\" target=\"_blank\">doi:10.1186\/s13287-023-03450-0<\/a><\/li>\n<\/ul>\n<\/div>\n<p class=\"tp_close_menu\"><a class=\"tp_close\" onclick=\"teachpress_pub_showhide('80','tp_links')\">Close<\/a><\/p>\n<\/div>\n<\/div>\n<\/div>\n<div class=\"tp_publication tp_publication_article\">\n<div class=\"tp_pub_image_left\"><img name=\"Assessment of Vibrio populations in a transect of Rhizophora mangle in Punta Galeta, Panam\u00e1: culture-dependent analyses reveal biotechnological applications\" src=\"https:\/\/inbre.hpcf.upr.edu\/wp-content\/uploads\/2022\/09\/metabolomics-copy.png\" width=\"25\" alt=\"Assessment of Vibrio populations in a transect of Rhizophora mangle in Punta Galeta, Panam\u00e1: culture-dependent analyses reveal biotechnological applications\" \/><\/div>\n<div class=\"tp_pub_info\">\n<p class=\"tp_pub_author\"> J, S\u00e1nchez-Gallego;  L, Atencio;  J, P\u00e9rez;  O, Dupuy;  E, D\u00edaz-Ferguson;  F, Godoy-Vitorino<\/p>\n<p class=\"tp_pub_title\"><a class=\"tp_title_link\" onclick=\"teachpress_pub_showhide('107','tp_links')\" style=\"cursor:pointer;\">Assessment of Vibrio populations in a transect of Rhizophora mangle in Punta Galeta, Panam\u00e1: culture-dependent analyses reveal biotechnological applications<\/a> <\/p>\n<p class=\"tp_pub_additional\"><span class=\"tp_pub_additional_in\">In: <\/span><span class=\"tp_pub_additional_journal\">Rev Biol Trop, <\/span><span class=\"tp_pub_additional_year\">2023<\/span>.<\/p>\n<p class=\"tp_pub_menu\"><span class=\"tp_resource_link\"><a id=\"tp_links_sh_107\" class=\"tp_show\" onclick=\"teachpress_pub_showhide('107','tp_links')\" title=\"Show links and resources\" style=\"cursor:pointer;\">Links<\/a><\/span><\/p>\n<div class=\"tp_bibtex\" id=\"tp_bibtex_107\" style=\"display:none;\">\n<div class=\"tp_bibtex_entry\">\n<pre>@article{nokey,<br \/>\r\ntitle = {Assessment of Vibrio populations in a transect of Rhizophora mangle in Punta Galeta, Panam\u00e1: culture-dependent analyses reveal biotechnological applications},<br \/>\r\nauthor = {S\u00e1nchez-Gallego J and Atencio L and P\u00e9rez J and Dupuy O and D\u00edaz-Ferguson E and Godoy-Vitorino F},<br \/>\r\nurl = {https:\/\/pubmed.ncbi.nlm.nih.gov\/39175646\/},<br \/>\r\ndoi = {10.15517\/rev.biol.trop..v71i1.50983},<br \/>\r\nyear  = {2023},<br \/>\r\ndate = {2023-08-04},<br \/>\r\njournal = {Rev Biol Trop},<br \/>\r\nkeywords = {},<br \/>\r\npubstate = {published},<br \/>\r\ntppubtype = {article}<br \/>\r\n}<br \/>\r\n<\/pre>\n<\/div>\n<p class=\"tp_close_menu\"><a class=\"tp_close\" onclick=\"teachpress_pub_showhide('107','tp_bibtex')\">Close<\/a><\/p>\n<\/div>\n<div class=\"tp_links\" id=\"tp_links_107\" style=\"display:none;\">\n<div class=\"tp_links_entry\">\n<ul class=\"tp_pub_list\">\n<li><i class=\"fas fa-globe\"><\/i><a class=\"tp_pub_list\" href=\"https:\/\/pubmed.ncbi.nlm.nih.gov\/39175646\/\" title=\"https:\/\/pubmed.ncbi.nlm.nih.gov\/39175646\/\" target=\"_blank\">https:\/\/pubmed.ncbi.nlm.nih.gov\/39175646\/<\/a><\/li>\n<li><i class=\"ai ai-doi\"><\/i><a class=\"tp_pub_list\" href=\"https:\/\/dx.doi.org\/10.15517\/rev.biol.trop..v71i1.50983\" title=\"Follow DOI:10.15517\/rev.biol.trop..v71i1.50983\" target=\"_blank\">doi:10.15517\/rev.biol.trop..v71i1.50983<\/a><\/li>\n<\/ul>\n<\/div>\n<p class=\"tp_close_menu\"><a class=\"tp_close\" onclick=\"teachpress_pub_showhide('107','tp_links')\">Close<\/a><\/p>\n<\/div>\n<\/div>\n<\/div>\n<div class=\"tp_publication tp_publication_article\">\n<div class=\"tp_pub_image_left\"><img name=\"Oncogenic Proteomics Approaches for Translational Research and HIV-Associated Malignancy Mechanisms\" src=\"https:\/\/inbre.hpcf.upr.edu\/wp-content\/uploads\/2022\/09\/metabolomics-copy.png\" width=\"25\" alt=\"Oncogenic Proteomics Approaches for Translational Research and HIV-Associated Malignancy Mechanisms\" \/><\/div>\n<div class=\"tp_pub_info\">\n<p class=\"tp_pub_author\"> E, Alvarez-Rivera;  EJ, Ortiz-Hern\u00e1ndez;  E, Lugo;  LM, Lozada-Reyes;  NM, Boukli<\/p>\n<p class=\"tp_pub_title\"><a class=\"tp_title_link\" onclick=\"teachpress_pub_showhide('74','tp_links')\" style=\"cursor:pointer;\">Oncogenic Proteomics Approaches for Translational Research and HIV-Associated Malignancy Mechanisms<\/a> <\/p>\n<p class=\"tp_pub_additional\"><span class=\"tp_pub_additional_in\">In: <\/span><span class=\"tp_pub_additional_journal\">Proteomes, <\/span><span class=\"tp_pub_additional_year\">2023<\/span>.<\/p>\n<p class=\"tp_pub_menu\"><span class=\"tp_resource_link\"><a id=\"tp_links_sh_74\" class=\"tp_show\" onclick=\"teachpress_pub_showhide('74','tp_links')\" title=\"Show links and resources\" style=\"cursor:pointer;\">Links<\/a><\/span><\/p>\n<div class=\"tp_bibtex\" id=\"tp_bibtex_74\" style=\"display:none;\">\n<div class=\"tp_bibtex_entry\">\n<pre>@article{nokey,<br \/>\r\ntitle = {Oncogenic Proteomics Approaches for Translational Research and HIV-Associated Malignancy Mechanisms},<br \/>\r\nauthor = {Alvarez-Rivera E and Ortiz-Hern\u00e1ndez EJ and Lugo E and Lozada-Reyes LM and Boukli NM},<br \/>\r\nurl = {https:\/\/pubmed.ncbi.nlm.nih.gov\/37489388\/},<br \/>\r\ndoi = {10.3390\/proteomes11030022},<br \/>\r\nyear  = {2023},<br \/>\r\ndate = {2023-07-04},<br \/>\r\njournal = {Proteomes},<br \/>\r\nkeywords = {},<br \/>\r\npubstate = {published},<br \/>\r\ntppubtype = {article}<br \/>\r\n}<br \/>\r\n<\/pre>\n<\/div>\n<p class=\"tp_close_menu\"><a class=\"tp_close\" onclick=\"teachpress_pub_showhide('74','tp_bibtex')\">Close<\/a><\/p>\n<\/div>\n<div class=\"tp_links\" id=\"tp_links_74\" style=\"display:none;\">\n<div class=\"tp_links_entry\">\n<ul class=\"tp_pub_list\">\n<li><i class=\"fas fa-globe\"><\/i><a class=\"tp_pub_list\" href=\"https:\/\/pubmed.ncbi.nlm.nih.gov\/37489388\/\" title=\"https:\/\/pubmed.ncbi.nlm.nih.gov\/37489388\/\" target=\"_blank\">https:\/\/pubmed.ncbi.nlm.nih.gov\/37489388\/<\/a><\/li>\n<li><i class=\"ai ai-doi\"><\/i><a class=\"tp_pub_list\" href=\"https:\/\/dx.doi.org\/10.3390\/proteomes11030022\" title=\"Follow DOI:10.3390\/proteomes11030022\" target=\"_blank\">doi:10.3390\/proteomes11030022<\/a><\/li>\n<\/ul>\n<\/div>\n<p class=\"tp_close_menu\"><a class=\"tp_close\" onclick=\"teachpress_pub_showhide('74','tp_links')\">Close<\/a><\/p>\n<\/div>\n<\/div>\n<\/div>\n<div class=\"tp_publication tp_publication_article\">\n<div class=\"tp_pub_image_left\"><img name=\"Rac and Cdc42 inhibitors reduce macrophage function in breast cancer preclinical models\" src=\"https:\/\/inbre.hpcf.upr.edu\/wp-content\/uploads\/2022\/09\/metabolomics-copy.png\" width=\"25\" alt=\"Rac and Cdc42 inhibitors reduce macrophage function in breast cancer preclinical models\" \/><\/div>\n<div class=\"tp_pub_info\">\n<p class=\"tp_pub_author\"> A, Torres-Sanchez;  M, Rivera-Robles;  L, Castillo-Pichardo;  M, Mart\u00ednez-Ferrer;  SM, Dorta-Estremera;  S, Dharmawardhane<\/p>\n<p class=\"tp_pub_title\"><a class=\"tp_title_link\" onclick=\"teachpress_pub_showhide('109','tp_links')\" style=\"cursor:pointer;\">Rac and Cdc42 inhibitors reduce macrophage function in breast cancer preclinical models<\/a> <\/p>\n<p class=\"tp_pub_additional\"><span class=\"tp_pub_additional_in\">In: <\/span><span class=\"tp_pub_additional_journal\">Front Oncol., <\/span><span class=\"tp_pub_additional_year\">2023<\/span>.<\/p>\n<p class=\"tp_pub_menu\"><span class=\"tp_resource_link\"><a id=\"tp_links_sh_109\" class=\"tp_show\" onclick=\"teachpress_pub_showhide('109','tp_links')\" title=\"Show links and resources\" style=\"cursor:pointer;\">Links<\/a><\/span><\/p>\n<div class=\"tp_bibtex\" id=\"tp_bibtex_109\" style=\"display:none;\">\n<div class=\"tp_bibtex_entry\">\n<pre>@article{nokey,<br \/>\r\ntitle = {Rac and Cdc42 inhibitors reduce macrophage function in breast cancer preclinical models},<br \/>\r\nauthor = {Torres-Sanchez A and Rivera-Robles M and Castillo-Pichardo L and Mart\u00ednez-Ferrer M and Dorta-Estremera SM and Dharmawardhane S},<br \/>\r\nurl = {https:\/\/pubmed.ncbi.nlm.nih.gov\/37397366\/},<br \/>\r\ndoi = {10.3389\/fonc.2023.115245},<br \/>\r\nyear  = {2023},<br \/>\r\ndate = {2023-06-16},<br \/>\r\njournal = {Front Oncol.},<br \/>\r\nkeywords = {},<br \/>\r\npubstate = {published},<br \/>\r\ntppubtype = {article}<br \/>\r\n}<br \/>\r\n<\/pre>\n<\/div>\n<p class=\"tp_close_menu\"><a class=\"tp_close\" onclick=\"teachpress_pub_showhide('109','tp_bibtex')\">Close<\/a><\/p>\n<\/div>\n<div class=\"tp_links\" id=\"tp_links_109\" style=\"display:none;\">\n<div class=\"tp_links_entry\">\n<ul class=\"tp_pub_list\">\n<li><i class=\"fas fa-globe\"><\/i><a class=\"tp_pub_list\" href=\"https:\/\/pubmed.ncbi.nlm.nih.gov\/37397366\/\" title=\"https:\/\/pubmed.ncbi.nlm.nih.gov\/37397366\/\" target=\"_blank\">https:\/\/pubmed.ncbi.nlm.nih.gov\/37397366\/<\/a><\/li>\n<li><i class=\"ai ai-doi\"><\/i><a class=\"tp_pub_list\" href=\"https:\/\/dx.doi.org\/10.3389\/fonc.2023.115245\" title=\"Follow DOI:10.3389\/fonc.2023.115245\" target=\"_blank\">doi:10.3389\/fonc.2023.115245<\/a><\/li>\n<\/ul>\n<\/div>\n<p class=\"tp_close_menu\"><a class=\"tp_close\" onclick=\"teachpress_pub_showhide('109','tp_links')\">Close<\/a><\/p>\n<\/div>\n<\/div>\n<\/div>\n<div class=\"tp_publication tp_publication_bachelorthesis\">\n<div class=\"tp_pub_image_left\"><img name=\"The Rac inhibitor HV-107 as a potential therapeutic for metastatic breast cancer\" src=\"https:\/\/inbre.hpcf.upr.edu\/wp-content\/uploads\/2022\/09\/metabolomics-copy.png\" width=\"25\" alt=\"The Rac inhibitor HV-107 as a potential therapeutic for metastatic breast cancer\" \/><\/div>\n<div class=\"tp_pub_info\">\n<p class=\"tp_pub_author\"> Crespo GV, Ortiz J;  EH, O'Farrill;  CP, Vlaar;  M, Inyushin;  Y, Kucheryavykh;  L, Kucheryavykh<\/p>\n<p class=\"tp_pub_title\"><a class=\"tp_title_link\" onclick=\"teachpress_pub_showhide('66','tp_links')\" style=\"cursor:pointer;\">The Rac inhibitor HV-107 as a potential therapeutic for metastatic breast cancer<\/a> <\/p>\n<p class=\"tp_pub_additional\"><span class=\"tp_pub_additional_year\">2023<\/span>.<\/p>\n<p class=\"tp_pub_menu\"><span class=\"tp_resource_link\"><a id=\"tp_links_sh_66\" class=\"tp_show\" onclick=\"teachpress_pub_showhide('66','tp_links')\" title=\"Show links and resources\" style=\"cursor:pointer;\">Links<\/a><\/span><\/p>\n<div class=\"tp_bibtex\" id=\"tp_bibtex_66\" style=\"display:none;\">\n<div class=\"tp_bibtex_entry\">\n<pre>@bachelorthesis{nokey,<br \/>\r\ntitle = {The Rac inhibitor HV-107 as a potential therapeutic for metastatic breast cancer},<br \/>\r\nauthor = {Crespo GV, Ortiz J and O'Farrill EH and Vlaar CP and Inyushin M and Kucheryavykh Y and Kucheryavykh L},<br \/>\r\nurl = {https:\/\/pubmed.ncbi.nlm.nih.gov\/37316799\/},<br \/>\r\nyear  = {2023},<br \/>\r\ndate = {2023-06-14},<br \/>\r\njournal = {Mol Med.},<br \/>\r\nkeywords = {},<br \/>\r\npubstate = {published},<br \/>\r\ntppubtype = {bachelorthesis}<br \/>\r\n}<br \/>\r\n<\/pre>\n<\/div>\n<p class=\"tp_close_menu\"><a class=\"tp_close\" onclick=\"teachpress_pub_showhide('66','tp_bibtex')\">Close<\/a><\/p>\n<\/div>\n<div class=\"tp_links\" id=\"tp_links_66\" style=\"display:none;\">\n<div class=\"tp_links_entry\">\n<ul class=\"tp_pub_list\">\n<li><i class=\"fas fa-globe\"><\/i><a class=\"tp_pub_list\" href=\"https:\/\/pubmed.ncbi.nlm.nih.gov\/37316799\/\" title=\"https:\/\/pubmed.ncbi.nlm.nih.gov\/37316799\/\" target=\"_blank\">https:\/\/pubmed.ncbi.nlm.nih.gov\/37316799\/<\/a><\/li>\n<\/ul>\n<\/div>\n<p class=\"tp_close_menu\"><a class=\"tp_close\" onclick=\"teachpress_pub_showhide('66','tp_links')\">Close<\/a><\/p>\n<\/div>\n<\/div>\n<\/div>\n<div class=\"tp_publication tp_publication_article\">\n<div class=\"tp_pub_image_left\"><img name=\"Gut microbiota variation of a tropical oil-collecting bee species far exceeds that of the honeybee\" src=\"https:\/\/inbre.hpcf.upr.edu\/wp-content\/uploads\/2022\/09\/metabolomics-copy.png\" width=\"25\" alt=\"Gut microbiota variation of a tropical oil-collecting bee species far exceeds that of the honeybee\" \/><\/div>\n<div class=\"tp_pub_info\">\n<p class=\"tp_pub_author\"> Kardas E,;  AM, Gonz\u00e1lez-Rosario;  T, Giray;  JD, Ackerman;  F, Godoy-Vitorino<\/p>\n<p class=\"tp_pub_title\"><a class=\"tp_title_link\" onclick=\"teachpress_pub_showhide('68','tp_links')\" style=\"cursor:pointer;\">Gut microbiota variation of a tropical oil-collecting bee species far exceeds that of the honeybee<\/a> <\/p>\n<p class=\"tp_pub_additional\"><span class=\"tp_pub_additional_in\">In: <\/span><span class=\"tp_pub_additional_journal\">Front Microbiol, <\/span><span class=\"tp_pub_additional_year\">2023<\/span>.<\/p>\n<p class=\"tp_pub_menu\"><span class=\"tp_resource_link\"><a id=\"tp_links_sh_68\" class=\"tp_show\" onclick=\"teachpress_pub_showhide('68','tp_links')\" title=\"Show links and resources\" style=\"cursor:pointer;\">Links<\/a><\/span><\/p>\n<div class=\"tp_bibtex\" id=\"tp_bibtex_68\" style=\"display:none;\">\n<div class=\"tp_bibtex_entry\">\n<pre>@article{nokey,<br \/>\r\ntitle = {Gut microbiota variation of a tropical oil-collecting bee species far exceeds that of the honeybee},<br \/>\r\nauthor = {Kardas E, and Gonz\u00e1lez-Rosario AM and Giray T and Ackerman JD and Godoy-Vitorino F},<br \/>\r\nurl = {https:\/\/pubmed.ncbi.nlm.nih.gov\/37266018\/},<br \/>\r\nyear  = {2023},<br \/>\r\ndate = {2023-05-17},<br \/>\r\njournal = {Front Microbiol},<br \/>\r\nkeywords = {},<br \/>\r\npubstate = {published},<br \/>\r\ntppubtype = {article}<br \/>\r\n}<br \/>\r\n<\/pre>\n<\/div>\n<p class=\"tp_close_menu\"><a class=\"tp_close\" onclick=\"teachpress_pub_showhide('68','tp_bibtex')\">Close<\/a><\/p>\n<\/div>\n<div class=\"tp_links\" id=\"tp_links_68\" style=\"display:none;\">\n<div class=\"tp_links_entry\">\n<ul class=\"tp_pub_list\">\n<li><i class=\"fas fa-globe\"><\/i><a class=\"tp_pub_list\" href=\"https:\/\/pubmed.ncbi.nlm.nih.gov\/37266018\/\" title=\"https:\/\/pubmed.ncbi.nlm.nih.gov\/37266018\/\" target=\"_blank\">https:\/\/pubmed.ncbi.nlm.nih.gov\/37266018\/<\/a><\/li>\n<\/ul>\n<\/div>\n<p class=\"tp_close_menu\"><a class=\"tp_close\" onclick=\"teachpress_pub_showhide('68','tp_links')\">Close<\/a><\/p>\n<\/div>\n<\/div>\n<\/div>\n<div class=\"tp_publication tp_publication_article\">\n<div class=\"tp_pub_image_left\"><img name=\"SARS-CoV-2 Omicron Replacement of Delta as Predominant Variant, Puerto Rico\" src=\"https:\/\/inbre.hpcf.upr.edu\/wp-content\/uploads\/2022\/09\/metabolomics-copy.png\" width=\"25\" alt=\"SARS-CoV-2 Omicron Replacement of Delta as Predominant Variant, Puerto Rico\" \/><\/div>\n<div class=\"tp_pub_info\">\n<p class=\"tp_pub_author\"> GA, Santiago;  HR, Volkman;  B, Flores;  GL, Gonz\u00e1lez;  KN, Charriez;  LC, Huertas;  SM, Van Belleghem;  V, Rivera-Amill;  C, Major;  C, Colon;  R, Tosado;  LE, Adams;  M, Marz\u00e1n;  L, Hern\u00e1ndez;  I, Cardona;  E, O'Neill;  G, Paz-Bailey;  R, Papa;  JL, Mu\u00f1oz-Jordan<\/p>\n<p class=\"tp_pub_title\"><a class=\"tp_title_link\" onclick=\"teachpress_pub_showhide('67','tp_links')\" style=\"cursor:pointer;\">SARS-CoV-2 Omicron Replacement of Delta as Predominant Variant, Puerto Rico<\/a> <\/p>\n<p class=\"tp_pub_additional\"><span class=\"tp_pub_additional_in\">In: <\/span><span class=\"tp_pub_additional_journal\">Emerg Infect Dis., <\/span><span class=\"tp_pub_additional_year\">2023<\/span>.<\/p>\n<p class=\"tp_pub_menu\"><span class=\"tp_resource_link\"><a id=\"tp_links_sh_67\" class=\"tp_show\" onclick=\"teachpress_pub_showhide('67','tp_links')\" title=\"Show links and resources\" style=\"cursor:pointer;\">Links<\/a><\/span><\/p>\n<div class=\"tp_bibtex\" id=\"tp_bibtex_67\" style=\"display:none;\">\n<div class=\"tp_bibtex_entry\">\n<pre>@article{nokey,<br \/>\r\ntitle = {SARS-CoV-2 Omicron Replacement of Delta as Predominant Variant, Puerto Rico},<br \/>\r\nauthor = {Santiago GA and Volkman HR and Flores B and Gonz\u00e1lez GL and Charriez KN and Huertas LC and Van Belleghem SM and Rivera-Amill V and Major C and Colon C and Tosado R and Adams LE and Marz\u00e1n M and Hern\u00e1ndez L and Cardona I and O'Neill E and Paz-Bailey G and Papa R and Mu\u00f1oz-Jordan JL},<br \/>\r\nurl = {https:\/\/pubmed.ncbi.nlm.nih.gov\/36878014\/},<br \/>\r\nyear  = {2023},<br \/>\r\ndate = {2023-04-29},<br \/>\r\njournal = {Emerg Infect Dis.},<br \/>\r\nkeywords = {},<br \/>\r\npubstate = {published},<br \/>\r\ntppubtype = {article}<br \/>\r\n}<br \/>\r\n<\/pre>\n<\/div>\n<p class=\"tp_close_menu\"><a class=\"tp_close\" onclick=\"teachpress_pub_showhide('67','tp_bibtex')\">Close<\/a><\/p>\n<\/div>\n<div class=\"tp_links\" id=\"tp_links_67\" style=\"display:none;\">\n<div class=\"tp_links_entry\">\n<ul class=\"tp_pub_list\">\n<li><i class=\"fas fa-globe\"><\/i><a class=\"tp_pub_list\" href=\"https:\/\/pubmed.ncbi.nlm.nih.gov\/36878014\/\" title=\"https:\/\/pubmed.ncbi.nlm.nih.gov\/36878014\/\" target=\"_blank\">https:\/\/pubmed.ncbi.nlm.nih.gov\/36878014\/<\/a><\/li>\n<\/ul>\n<\/div>\n<p class=\"tp_close_menu\"><a class=\"tp_close\" onclick=\"teachpress_pub_showhide('67','tp_links')\">Close<\/a><\/p>\n<\/div>\n<\/div>\n<\/div>\n<\/div>\n<div class=\"tablenav\">\n<div class=\"tablenav-pages\"><span class=\"displaying-num\">81 entries<\/span> <a class=\"page-numbers button disabled\">&laquo;<\/a> <a class=\"page-numbers button disabled\">&lsaquo;<\/a> 1 of 2 <a href=\"https:\/\/inbre.hpcf.upr.edu\/index.php\/metabolomics-pubs\/?limit=2&amp;tgid=&amp;yr=&amp;type=&amp;usr=&amp;auth=&amp;tsr=#tppubs\" title=\"next page\" class=\"page-numbers button\">&rsaquo;<\/a> <a href=\"https:\/\/inbre.hpcf.upr.edu\/index.php\/metabolomics-pubs\/?limit=2&amp;tgid=&amp;yr=&amp;type=&amp;usr=&amp;auth=&amp;tsr=#tppubs\" title=\"last page\" class=\"page-numbers button\">&raquo;<\/a> <\/div>\n<\/div>\n<\/div>\n<p>\n<\/div><\/div><\/div><\/div><\/div><\/section><section data-kc-fullwidth=\"row\" class=\"kc-elm kc-css-568200 kc_row\"><div class=\"kc-row-container  kc-container\"><div class=\"kc-wrap-columns\"><div class=\"kc-elm kc-css-280260 kc_col-sm-12 kc_column kc_col-sm-12\"><div class=\"kc-col-container\"><div class=\"kc-elm kc-css-730103\" style=\"height: 40px; clear: both; width:100%;\"><\/div><\/div><\/div><\/div><\/div><\/section><\/p>\n","protected":false},"excerpt":{"rendered":"","protected":false},"author":1,"featured_media":3491,"parent":0,"menu_order":0,"comment_status":"closed","ping_status":"closed","template":"","meta":{"_monsterinsights_skip_tracking":false,"_monsterinsights_sitenote_active":false,"_monsterinsights_sitenote_note":"","_monsterinsights_sitenote_category":0},"_links":{"self":[{"href":"https:\/\/inbre.hpcf.upr.edu\/index.php\/wp-json\/wp\/v2\/pages\/4146"}],"collection":[{"href":"https:\/\/inbre.hpcf.upr.edu\/index.php\/wp-json\/wp\/v2\/pages"}],"about":[{"href":"https:\/\/inbre.hpcf.upr.edu\/index.php\/wp-json\/wp\/v2\/types\/page"}],"author":[{"embeddable":true,"href":"https:\/\/inbre.hpcf.upr.edu\/index.php\/wp-json\/wp\/v2\/users\/1"}],"replies":[{"embeddable":true,"href":"https:\/\/inbre.hpcf.upr.edu\/index.php\/wp-json\/wp\/v2\/comments?post=4146"}],"version-history":[{"count":41,"href":"https:\/\/inbre.hpcf.upr.edu\/index.php\/wp-json\/wp\/v2\/pages\/4146\/revisions"}],"predecessor-version":[{"id":5105,"href":"https:\/\/inbre.hpcf.upr.edu\/index.php\/wp-json\/wp\/v2\/pages\/4146\/revisions\/5105"}],"wp:featuredmedia":[{"embeddable":true,"href":"https:\/\/inbre.hpcf.upr.edu\/index.php\/wp-json\/wp\/v2\/media\/3491"}],"wp:attachment":[{"href":"https:\/\/inbre.hpcf.upr.edu\/index.php\/wp-json\/wp\/v2\/media?parent=4146"}],"curies":[{"name":"wp","href":"https:\/\/api.w.org\/{rel}","templated":true}]}}