{"id":4109,"date":"2022-09-09T21:45:50","date_gmt":"2022-09-09T21:45:50","guid":{"rendered":"https:\/\/inbre.hpcf.upr.edu\/?page_id=4109"},"modified":"2022-11-17T22:29:16","modified_gmt":"2022-11-17T22:29:16","slug":"chemtox-publications","status":"publish","type":"page","link":"https:\/\/inbre.hpcf.upr.edu\/index.php\/chemtox-publications\/","title":{"rendered":"Neuroscience Publications"},"content":{"rendered":"<p><section class=\"kc-elm kc-css-594605 kc_row\"><div class=\"kc-row-container  kc-container\"><div class=\"kc-wrap-columns\"><div class=\"kc-elm kc-css-795760 kc_col-sm-12 kc_column kc_col-sm-12\"><div class=\"kc-col-container\">\n<div class=\"kc-elm kc-css-94516 kc-title-wrap \">\n\n\t<h1 class=\"kc_title\">Neuroscience Publications<\/h1>\n<\/div>\n<\/div><\/div><\/div><\/div><\/section><section class=\"kc-elm kc-css-257525 kc_row\"><div class=\"kc-row-container  kc-container\"><div class=\"kc-wrap-columns\"><div class=\"kc-elm kc-css-541478 kc_col-sm-12 kc_column kc_col-sm-12\"><div class=\"kc-col-container\"><div class=\"kc-elm kc-css-149161 kc_text_block\"><\/p>\n<div class=\"teachpress_pub_list\">\n<form name=\"tppublistform\" method=\"get\"><a name=\"tppubs\" id=\"tppubs\"><\/a><\/p>\n<div class=\"teachpress_filter\"><select class=\"default\" name=\"yr\" id=\"yr\" tabindex=\"2\" onchange=\"teachpress_jumpMenu('parent',this, 'https:\/\/inbre.hpcf.upr.edu\/index.php\/chemtox-publications\/?')\"><option value=\"tgid=&amp;type=&amp;auth=&amp;usr=&amp;yr=#tppubs\">All years<\/option><option value = \"tgid=&amp;type=&amp;auth=&amp;usr=&amp;yr=2025#tppubs\" >2025<\/option><option value = \"tgid=&amp;type=&amp;auth=&amp;usr=&amp;yr=2024#tppubs\" >2024<\/option><option value = \"tgid=&amp;type=&amp;auth=&amp;usr=&amp;yr=2023#tppubs\" >2023<\/option><option value = \"tgid=&amp;type=&amp;auth=&amp;usr=&amp;yr=2022#tppubs\" >2022<\/option><option value = \"tgid=&amp;type=&amp;auth=&amp;usr=&amp;yr=2021#tppubs\" >2021<\/option><\/select><\/div>\n<\/form>\n<div class=\"teachpress_publication_list\">\n<h3 class=\"tp_h3\" id=\"tp_h3_2025\">2025<\/h3>\n<div class=\"tp_publication tp_publication_article\">\n<div class=\"tp_pub_image_left\"><img name=\"Role of Glyoxalase in Astrocytes' Supportive Function Under Hyperglycemic Conditions: Aminoguanidine and Kir4.1 Channel Recovery\" src=\"https:\/\/inbre.hpcf.upr.edu\/wp-content\/uploads\/2022\/11\/neuroscience-150x150.png\" width=\"25\" alt=\"Role of Glyoxalase in Astrocytes' Supportive Function Under Hyperglycemic Conditions: Aminoguanidine and Kir4.1 Channel Recovery\" \/><\/div>\n<div class=\"tp_pub_info\">\n<p class=\"tp_pub_author\"> J, Col\u00f3n-V\u00e1zquez;  NM, Rosado-Rivera;  JJ, Navedo-Jackson;  AA, Angueira-Laureano;  Y, Hernandez-Santiago;  G, Maldonado-Martinez;  MP, M\u00e9ndez-Gonz\u00e1lez;  MJ, Eaton;  SN, Skatchkov;  DE, Rivera-Aponte<\/p>\n<p class=\"tp_pub_title\"><a class=\"tp_title_link\" onclick=\"teachpress_pub_showhide('152','tp_links')\" style=\"cursor:pointer;\">Role of Glyoxalase in Astrocytes' Supportive Function Under Hyperglycemic Conditions: Aminoguanidine and Kir4.1 Channel Recovery<\/a> <\/p>\n<p class=\"tp_pub_additional\"><span class=\"tp_pub_additional_in\">In: <\/span><span class=\"tp_pub_additional_journal\">Brain Sci, <\/span><span class=\"tp_pub_additional_year\">2025<\/span>.<\/p>\n<p class=\"tp_pub_menu\"><span class=\"tp_resource_link\"><a id=\"tp_links_sh_152\" class=\"tp_show\" onclick=\"teachpress_pub_showhide('152','tp_links')\" title=\"Show links and resources\" style=\"cursor:pointer;\">Links<\/a><\/span><\/p>\n<div class=\"tp_bibtex\" id=\"tp_bibtex_152\" style=\"display:none;\">\n<div class=\"tp_bibtex_entry\">\n<pre>@article{nokey,<br \/>\r\ntitle = {Role of Glyoxalase in Astrocytes' Supportive Function Under Hyperglycemic Conditions: Aminoguanidine and Kir4.1 Channel Recovery},<br \/>\r\nauthor = {Col\u00f3n-V\u00e1zquez J and Rosado-Rivera NM and Navedo-Jackson JJ and Angueira-Laureano AA and Hernandez-Santiago Y and Maldonado-Martinez G and M\u00e9ndez-Gonz\u00e1lez MP and Eaton MJ and Skatchkov SN and Rivera-Aponte DE},<br \/>\r\nurl = {https:\/\/pubmed.ncbi.nlm.nih.gov\/41154170\/},<br \/>\r\ndoi = {doi: 10.3390\/brainsci15101075},<br \/>\r\nyear  = {2025},<br \/>\r\ndate = {2025-10-03},<br \/>\r\njournal = {Brain Sci},<br \/>\r\nkeywords = {},<br \/>\r\npubstate = {published},<br \/>\r\ntppubtype = {article}<br \/>\r\n}<br \/>\r\n<\/pre>\n<\/div>\n<p class=\"tp_close_menu\"><a class=\"tp_close\" onclick=\"teachpress_pub_showhide('152','tp_bibtex')\">Close<\/a><\/p>\n<\/div>\n<div class=\"tp_links\" id=\"tp_links_152\" style=\"display:none;\">\n<div class=\"tp_links_entry\">\n<ul class=\"tp_pub_list\">\n<li><i class=\"fas fa-globe\"><\/i><a class=\"tp_pub_list\" href=\"https:\/\/pubmed.ncbi.nlm.nih.gov\/41154170\/\" title=\"https:\/\/pubmed.ncbi.nlm.nih.gov\/41154170\/\" target=\"_blank\">https:\/\/pubmed.ncbi.nlm.nih.gov\/41154170\/<\/a><\/li>\n<li><i class=\"ai ai-doi\"><\/i><a class=\"tp_pub_list\" href=\"https:\/\/dx.doi.org\/doi: 10.3390\/brainsci15101075\" title=\"Follow DOI:doi: 10.3390\/brainsci15101075\" target=\"_blank\">doi:doi: 10.3390\/brainsci15101075<\/a><\/li>\n<\/ul>\n<\/div>\n<p class=\"tp_close_menu\"><a class=\"tp_close\" onclick=\"teachpress_pub_showhide('152','tp_links')\">Close<\/a><\/p>\n<\/div>\n<\/div>\n<\/div>\n<div class=\"tp_publication tp_publication_article\">\n<div class=\"tp_pub_image_left\"><img name=\"Gut microbiota distinguishes aging hispanics with Alzheimer's disease: associations with cognitive impairment and severity\" src=\"https:\/\/inbre.hpcf.upr.edu\/wp-content\/uploads\/2022\/11\/neuroscience-150x150.png\" width=\"25\" alt=\"Gut microbiota distinguishes aging hispanics with Alzheimer's disease: associations with cognitive impairment and severity\" \/><\/div>\n<div class=\"tp_pub_info\">\n<p class=\"tp_pub_author\"> V, Sep\u00falveda-Rivera;  G, Olivieri-Henry;  H, Morales-Gonz\u00e1lez;  J, Ruiz-Adames;  C, Herrero-Rivera;  A, Rentas-Echeverria;  V, Cardona-Berdecia;  C, Soler-Llompart;  AC, Sala-Morales;  G, P\u00e9rez-Montero;  E, Blanco-Ruiz;  F, Godoy-Vitorino<\/p>\n<p class=\"tp_pub_title\"><a class=\"tp_title_link\" onclick=\"teachpress_pub_showhide('138','tp_links')\" style=\"cursor:pointer;\">Gut microbiota distinguishes aging hispanics with Alzheimer's disease: associations with cognitive impairment and severity<\/a> <\/p>\n<p class=\"tp_pub_additional\"><span class=\"tp_pub_additional_in\">In: <\/span><span class=\"tp_pub_additional_journal\">Sci Rep, <\/span><span class=\"tp_pub_additional_year\">2025<\/span>.<\/p>\n<p class=\"tp_pub_menu\"><span class=\"tp_resource_link\"><a id=\"tp_links_sh_138\" class=\"tp_show\" onclick=\"teachpress_pub_showhide('138','tp_links')\" title=\"Show links and resources\" style=\"cursor:pointer;\">Links<\/a><\/span><\/p>\n<div class=\"tp_bibtex\" id=\"tp_bibtex_138\" style=\"display:none;\">\n<div class=\"tp_bibtex_entry\">\n<pre>@article{nokey,<br \/>\r\ntitle = {Gut microbiota distinguishes aging hispanics with Alzheimer's disease: associations with cognitive impairment and severity},<br \/>\r\nauthor = {Sep\u00falveda-Rivera V and Olivieri-Henry G and Morales-Gonz\u00e1lez H and Ruiz-Adames J and Herrero-Rivera C and Rentas-Echeverria A and Cardona-Berdecia V and Soler-Llompart C and Sala-Morales AC and P\u00e9rez-Montero G and Blanco-Ruiz E and Godoy-Vitorino F},<br \/>\r\nurl = {https:\/\/pubmed.ncbi.nlm.nih.gov\/40764790\/},<br \/>\r\ndoi = {doi: 10.1038\/s41598-025-13262-2},<br \/>\r\nyear  = {2025},<br \/>\r\ndate = {2025-08-05},<br \/>\r\njournal = {Sci Rep},<br \/>\r\nkeywords = {},<br \/>\r\npubstate = {published},<br \/>\r\ntppubtype = {article}<br \/>\r\n}<br \/>\r\n<\/pre>\n<\/div>\n<p class=\"tp_close_menu\"><a class=\"tp_close\" onclick=\"teachpress_pub_showhide('138','tp_bibtex')\">Close<\/a><\/p>\n<\/div>\n<div class=\"tp_links\" id=\"tp_links_138\" style=\"display:none;\">\n<div class=\"tp_links_entry\">\n<ul class=\"tp_pub_list\">\n<li><i class=\"fas fa-globe\"><\/i><a class=\"tp_pub_list\" href=\"https:\/\/pubmed.ncbi.nlm.nih.gov\/40764790\/\" title=\"https:\/\/pubmed.ncbi.nlm.nih.gov\/40764790\/\" target=\"_blank\">https:\/\/pubmed.ncbi.nlm.nih.gov\/40764790\/<\/a><\/li>\n<li><i class=\"ai ai-doi\"><\/i><a class=\"tp_pub_list\" href=\"https:\/\/dx.doi.org\/doi: 10.1038\/s41598-025-13262-2\" title=\"Follow DOI:doi: 10.1038\/s41598-025-13262-2\" target=\"_blank\">doi:doi: 10.1038\/s41598-025-13262-2<\/a><\/li>\n<\/ul>\n<\/div>\n<p class=\"tp_close_menu\"><a class=\"tp_close\" onclick=\"teachpress_pub_showhide('138','tp_links')\">Close<\/a><\/p>\n<\/div>\n<\/div>\n<\/div>\n<div class=\"tp_publication tp_publication_article\">\n<div class=\"tp_pub_image_left\"><img name=\"Age-related neutrophil activation in Hermansky-Pudlak Syndrome Type-1\" src=\"https:\/\/inbre.hpcf.upr.edu\/wp-content\/uploads\/2022\/11\/neuroscience-150x150.png\" width=\"25\" alt=\"Age-related neutrophil activation in Hermansky-Pudlak Syndrome Type-1\" \/><\/div>\n<div class=\"tp_pub_info\">\n<p class=\"tp_pub_author\"> LM, Caro-Rivera;  S, Malavez-Cajigas;  M, Lacourt-Ventura;  AP, Rivera-Torres;  DE, Marcano-Jim\u00e9nez;  P, L\u00f3pez-Colon;  J, Mu\u00f1iz-Hern\u00e1ndez;  E, Rivera-Jim\u00e9nez;  M, Egozcue-Dionisi;  R, Rom\u00e1n-Carlo;  W, De Jes\u00fas-Rojas;  MJ, Ramos-Ben\u00edtez<\/p>\n<p class=\"tp_pub_title\"><a class=\"tp_title_link\" onclick=\"teachpress_pub_showhide('140','tp_links')\" style=\"cursor:pointer;\">Age-related neutrophil activation in Hermansky-Pudlak Syndrome Type-1<\/a> <\/p>\n<p class=\"tp_pub_additional\"><span class=\"tp_pub_additional_in\">In: <\/span><span class=\"tp_pub_additional_journal\">Orphanet J Rare Dis, <\/span><span class=\"tp_pub_additional_year\">2025<\/span>.<\/p>\n<p class=\"tp_pub_menu\"><span class=\"tp_resource_link\"><a id=\"tp_links_sh_140\" class=\"tp_show\" onclick=\"teachpress_pub_showhide('140','tp_links')\" title=\"Show links and resources\" style=\"cursor:pointer;\">Links<\/a><\/span><\/p>\n<div class=\"tp_bibtex\" id=\"tp_bibtex_140\" style=\"display:none;\">\n<div class=\"tp_bibtex_entry\">\n<pre>@article{nokey,<br \/>\r\ntitle = {Age-related neutrophil activation in Hermansky-Pudlak Syndrome Type-1},<br \/>\r\nauthor = {Caro-Rivera LM and Malavez-Cajigas S and Lacourt-Ventura M and Rivera-Torres AP and Marcano-Jim\u00e9nez DE and L\u00f3pez-Colon P and Mu\u00f1iz-Hern\u00e1ndez J and Rivera-Jim\u00e9nez E and Egozcue-Dionisi M and Rom\u00e1n-Carlo R and De Jes\u00fas-Rojas W and Ramos-Ben\u00edtez MJ},<br \/>\r\ndoi = { doi: 10.1186\/s13023-025-03758-5},<br \/>\r\nyear  = {2025},<br \/>\r\ndate = {2025-05-12},<br \/>\r\njournal = {Orphanet J Rare Dis},<br \/>\r\nkeywords = {},<br \/>\r\npubstate = {published},<br \/>\r\ntppubtype = {article}<br \/>\r\n}<br \/>\r\n<\/pre>\n<\/div>\n<p class=\"tp_close_menu\"><a class=\"tp_close\" onclick=\"teachpress_pub_showhide('140','tp_bibtex')\">Close<\/a><\/p>\n<\/div>\n<div class=\"tp_links\" id=\"tp_links_140\" style=\"display:none;\">\n<div class=\"tp_links_entry\">\n<ul class=\"tp_pub_list\">\n<li><i class=\"ai ai-doi\"><\/i><a class=\"tp_pub_list\" href=\"https:\/\/dx.doi.org\/ doi: 10.1186\/s13023-025-03758-5\" title=\"Follow DOI: doi: 10.1186\/s13023-025-03758-5\" target=\"_blank\">doi: doi: 10.1186\/s13023-025-03758-5<\/a><\/li>\n<\/ul>\n<\/div>\n<p class=\"tp_close_menu\"><a class=\"tp_close\" onclick=\"teachpress_pub_showhide('140','tp_links')\">Close<\/a><\/p>\n<\/div>\n<\/div>\n<\/div>\n<div class=\"tp_publication tp_publication_article\">\n<div class=\"tp_pub_image_left\"><img name=\"A Pilot Study of Primary Ciliary Dyskinesia: Sleep-Related Disorders and Neuropsychiatric Comorbidities\" src=\"https:\/\/inbre.hpcf.upr.edu\/wp-content\/uploads\/2022\/11\/neuroscience-150x150.png\" width=\"25\" alt=\"A Pilot Study of Primary Ciliary Dyskinesia: Sleep-Related Disorders and Neuropsychiatric Comorbidities\" \/><\/div>\n<div class=\"tp_pub_info\">\n<p class=\"tp_pub_author\"> RA, Cardona-Qui\u00f1ones;  E, Ram\u00edrez-Rivera;  E, \u00c1lvarez-Torres;  SA, Salem-Hern\u00e1ndez;  NJ, Vargas-P\u00e9rez;  W, De Jes\u00fas-Rojas<\/p>\n<p class=\"tp_pub_title\"><a class=\"tp_title_link\" onclick=\"teachpress_pub_showhide('131','tp_links')\" style=\"cursor:pointer;\">A Pilot Study of Primary Ciliary Dyskinesia: Sleep-Related Disorders and Neuropsychiatric Comorbidities<\/a> <\/p>\n<p class=\"tp_pub_additional\"><span class=\"tp_pub_additional_in\">In: <\/span><span class=\"tp_pub_additional_journal\">J Clin Med, <\/span><span class=\"tp_pub_additional_year\">2025<\/span>.<\/p>\n<p class=\"tp_pub_menu\"><span class=\"tp_resource_link\"><a id=\"tp_links_sh_131\" class=\"tp_show\" onclick=\"teachpress_pub_showhide('131','tp_links')\" title=\"Show links and resources\" style=\"cursor:pointer;\">Links<\/a><\/span><\/p>\n<div class=\"tp_bibtex\" id=\"tp_bibtex_131\" style=\"display:none;\">\n<div class=\"tp_bibtex_entry\">\n<pre>@article{nokey,<br \/>\r\ntitle = {A Pilot Study of Primary Ciliary Dyskinesia: Sleep-Related Disorders and Neuropsychiatric Comorbidities},<br \/>\r\nauthor = {Cardona-Qui\u00f1ones RA and Ram\u00edrez-Rivera E and \u00c1lvarez-Torres E and Salem-Hern\u00e1ndez SA and Vargas-P\u00e9rez NJ and De Jes\u00fas-Rojas W},<br \/>\r\nurl = {https:\/\/pubmed.ncbi.nlm.nih.gov\/40004884\/},<br \/>\r\ndoi = {doi: 10.3390\/jcm14041353},<br \/>\r\nyear  = {2025},<br \/>\r\ndate = {2025-02-18},<br \/>\r\njournal = {J Clin Med},<br \/>\r\nkeywords = {},<br \/>\r\npubstate = {published},<br \/>\r\ntppubtype = {article}<br \/>\r\n}<br \/>\r\n<\/pre>\n<\/div>\n<p class=\"tp_close_menu\"><a class=\"tp_close\" onclick=\"teachpress_pub_showhide('131','tp_bibtex')\">Close<\/a><\/p>\n<\/div>\n<div class=\"tp_links\" id=\"tp_links_131\" style=\"display:none;\">\n<div class=\"tp_links_entry\">\n<ul class=\"tp_pub_list\">\n<li><i class=\"fas fa-globe\"><\/i><a class=\"tp_pub_list\" href=\"https:\/\/pubmed.ncbi.nlm.nih.gov\/40004884\/\" title=\"https:\/\/pubmed.ncbi.nlm.nih.gov\/40004884\/\" target=\"_blank\">https:\/\/pubmed.ncbi.nlm.nih.gov\/40004884\/<\/a><\/li>\n<li><i class=\"ai ai-doi\"><\/i><a class=\"tp_pub_list\" href=\"https:\/\/dx.doi.org\/doi: 10.3390\/jcm14041353\" title=\"Follow DOI:doi: 10.3390\/jcm14041353\" target=\"_blank\">doi:doi: 10.3390\/jcm14041353<\/a><\/li>\n<\/ul>\n<\/div>\n<p class=\"tp_close_menu\"><a class=\"tp_close\" onclick=\"teachpress_pub_showhide('131','tp_links')\">Close<\/a><\/p>\n<\/div>\n<\/div>\n<\/div>\n<div class=\"tp_publication tp_publication_article\">\n<div class=\"tp_pub_image_left\"><img name=\"Oral Microbial Dysbiosis Associated with Alzheimer\u2019s Dementia in Puerto Ricans: A Preliminary Report\" src=\"https:\/\/inbre.hpcf.upr.edu\/wp-content\/uploads\/2022\/11\/neuroscience-150x150.png\" width=\"25\" alt=\"Oral Microbial Dysbiosis Associated with Alzheimer\u2019s Dementia in Puerto Ricans: A Preliminary Report\" \/><\/div>\n<div class=\"tp_pub_info\">\n<p class=\"tp_pub_author\">Herrero\u2010Rivera CA Morales H, Soler\u2010Llompart CM<\/p>\n<p class=\"tp_pub_title\"><a class=\"tp_title_link\" onclick=\"teachpress_pub_showhide('130','tp_links')\" style=\"cursor:pointer;\">Oral Microbial Dysbiosis Associated with Alzheimer\u2019s Dementia in Puerto Ricans: A Preliminary Report<\/a> <\/p>\n<p class=\"tp_pub_additional\"><span class=\"tp_pub_additional_in\">In: <\/span><span class=\"tp_pub_additional_journal\">Alzheimers Dement, <\/span><span class=\"tp_pub_additional_year\">2025<\/span>.<\/p>\n<p class=\"tp_pub_menu\"><span class=\"tp_resource_link\"><a id=\"tp_links_sh_130\" class=\"tp_show\" onclick=\"teachpress_pub_showhide('130','tp_links')\" title=\"Show links and resources\" style=\"cursor:pointer;\">Links<\/a><\/span><\/p>\n<div class=\"tp_bibtex\" id=\"tp_bibtex_130\" style=\"display:none;\">\n<div class=\"tp_bibtex_entry\">\n<pre>@article{nokey,<br \/>\r\ntitle = {Oral Microbial Dysbiosis Associated with Alzheimer\u2019s Dementia in Puerto Ricans: A Preliminary Report},<br \/>\r\nauthor = {Morales H, Herrero\u2010Rivera CA, Soler\u2010Llompart CM, Sala\u2010Morales AC, Olivieri\u2010Henry G, Godoy\u2010Vitorino F, Sepulveda V},<br \/>\r\nurl = {https:\/\/pmc.ncbi.nlm.nih.gov\/articles\/PMC11712838\/},<br \/>\r\ndoi = {doi: 10.1002\/alz.095310},<br \/>\r\nyear  = {2025},<br \/>\r\ndate = {2025-01-09},<br \/>\r\njournal = {Alzheimers Dement},<br \/>\r\nkeywords = {},<br \/>\r\npubstate = {published},<br \/>\r\ntppubtype = {article}<br \/>\r\n}<br \/>\r\n<\/pre>\n<\/div>\n<p class=\"tp_close_menu\"><a class=\"tp_close\" onclick=\"teachpress_pub_showhide('130','tp_bibtex')\">Close<\/a><\/p>\n<\/div>\n<div class=\"tp_links\" id=\"tp_links_130\" style=\"display:none;\">\n<div class=\"tp_links_entry\">\n<ul class=\"tp_pub_list\">\n<li><i class=\"fas fa-globe\"><\/i><a class=\"tp_pub_list\" href=\"https:\/\/pmc.ncbi.nlm.nih.gov\/articles\/PMC11712838\/\" title=\"https:\/\/pmc.ncbi.nlm.nih.gov\/articles\/PMC11712838\/\" target=\"_blank\">https:\/\/pmc.ncbi.nlm.nih.gov\/articles\/PMC11712838\/<\/a><\/li>\n<li><i class=\"ai ai-doi\"><\/i><a class=\"tp_pub_list\" href=\"https:\/\/dx.doi.org\/doi: 10.1002\/alz.095310\" title=\"Follow DOI:doi: 10.1002\/alz.095310\" target=\"_blank\">doi:doi: 10.1002\/alz.095310<\/a><\/li>\n<\/ul>\n<\/div>\n<p class=\"tp_close_menu\"><a class=\"tp_close\" onclick=\"teachpress_pub_showhide('130','tp_links')\">Close<\/a><\/p>\n<\/div>\n<\/div>\n<\/div>\n<div class=\"tp_publication tp_publication_article\">\n<div class=\"tp_pub_image_left\"><img name=\"Role of the Gut Microbiome in Cognitive Health of Puerto Ricans: A Novel Perspective for Understanding Alzheimer\u2019s Disease\" src=\"https:\/\/inbre.hpcf.upr.edu\/wp-content\/uploads\/2022\/11\/neuroscience-150x150.png\" width=\"25\" alt=\"Role of the Gut Microbiome in Cognitive Health of Puerto Ricans: A Novel Perspective for Understanding Alzheimer\u2019s Disease\" \/><\/div>\n<div class=\"tp_pub_info\">\n<p class=\"tp_pub_author\"> Herrero-Rivera, C. A.;  Morales, H.;  Soler-Llompart, C. M.;  Sala-Morales, A. C.;  Olivieri-Henry, G.;  Godoy-Vitorino, F.;  Sepulveda, V.<\/p>\n<p class=\"tp_pub_title\"><a class=\"tp_title_link\" onclick=\"teachpress_pub_showhide('129','tp_links')\" style=\"cursor:pointer;\">Role of the Gut Microbiome in Cognitive Health of Puerto Ricans: A Novel Perspective for Understanding Alzheimer\u2019s Disease<\/a> <\/p>\n<p class=\"tp_pub_additional\"><span class=\"tp_pub_additional_in\">In: <\/span><span class=\"tp_pub_additional_journal\"> Alzheimer's Dement, <\/span><span class=\"tp_pub_additional_year\">2025<\/span>.<\/p>\n<p class=\"tp_pub_menu\"><span class=\"tp_resource_link\"><a id=\"tp_links_sh_129\" class=\"tp_show\" onclick=\"teachpress_pub_showhide('129','tp_links')\" title=\"Show links and resources\" style=\"cursor:pointer;\">Links<\/a><\/span><\/p>\n<div class=\"tp_bibtex\" id=\"tp_bibtex_129\" style=\"display:none;\">\n<div class=\"tp_bibtex_entry\">\n<pre>@article{nokey,<br \/>\r\ntitle = {Role of the Gut Microbiome in Cognitive Health of Puerto Ricans: A Novel Perspective for Understanding Alzheimer\u2019s Disease},<br \/>\r\nauthor = {Herrero-Rivera, C.A. and Morales, H. and Soler-Llompart, C.M. and Sala-Morales, A.C. and Olivieri-Henry, G. and Godoy-Vitorino, F. and Sepulveda, V.},<br \/>\r\nurl = {https:\/\/pmc.ncbi.nlm.nih.gov\/articles\/PMC11713495\/},<br \/>\r\ndoi = {https:\/\/doi.org\/10.1002\/alz.095694},<br \/>\r\nyear  = {2025},<br \/>\r\ndate = {2025-01-09},<br \/>\r\njournal = { Alzheimer's Dement},<br \/>\r\nkeywords = {},<br \/>\r\npubstate = {published},<br \/>\r\ntppubtype = {article}<br \/>\r\n}<br \/>\r\n<\/pre>\n<\/div>\n<p class=\"tp_close_menu\"><a class=\"tp_close\" onclick=\"teachpress_pub_showhide('129','tp_bibtex')\">Close<\/a><\/p>\n<\/div>\n<div class=\"tp_links\" id=\"tp_links_129\" style=\"display:none;\">\n<div class=\"tp_links_entry\">\n<ul class=\"tp_pub_list\">\n<li><i class=\"fas fa-globe\"><\/i><a class=\"tp_pub_list\" href=\"https:\/\/pmc.ncbi.nlm.nih.gov\/articles\/PMC11713495\/\" title=\"https:\/\/pmc.ncbi.nlm.nih.gov\/articles\/PMC11713495\/\" target=\"_blank\">https:\/\/pmc.ncbi.nlm.nih.gov\/articles\/PMC11713495\/<\/a><\/li>\n<li><i class=\"ai ai-doi\"><\/i><a class=\"tp_pub_list\" href=\"https:\/\/dx.doi.org\/https:\/\/doi.org\/10.1002\/alz.095694\" title=\"Follow DOI:https:\/\/doi.org\/10.1002\/alz.095694\" target=\"_blank\">doi:https:\/\/doi.org\/10.1002\/alz.095694<\/a><\/li>\n<\/ul>\n<\/div>\n<p class=\"tp_close_menu\"><a class=\"tp_close\" onclick=\"teachpress_pub_showhide('129','tp_links')\">Close<\/a><\/p>\n<\/div>\n<\/div>\n<\/div>\n<div class=\"tp_publication tp_publication_article\">\n<div class=\"tp_pub_image_left\"><img name=\"Characterization of the gut microbiome of Puerto Ricans with Alzheimer\u2019s disease based on their Apolipoprotein E genotype\" src=\"https:\/\/inbre.hpcf.upr.edu\/wp-content\/uploads\/2022\/11\/neuroscience-150x150.png\" width=\"25\" alt=\"Characterization of the gut microbiome of Puerto Ricans with Alzheimer\u2019s disease based on their Apolipoprotein E genotype\" \/><\/div>\n<div class=\"tp_pub_info\">\n<p class=\"tp_pub_author\"> Olivieri-Henry, G.;  Sepulveda, V.;  Herrero-Rivera, C. A.;  Soler-Llompart, C. M.;  Ruiz-Adames, J. A.; M and Santiago-Berr\u00edos, Sala-Morales;  Morales, H.;  Godoy-Vitorino, F<\/p>\n<p class=\"tp_pub_title\"><a class=\"tp_title_link\" onclick=\"teachpress_pub_showhide('128','tp_links')\" style=\"cursor:pointer;\">Characterization of the gut microbiome of Puerto Ricans with Alzheimer\u2019s disease based on their Apolipoprotein E genotype<\/a> <\/p>\n<p class=\"tp_pub_additional\"><span class=\"tp_pub_additional_in\">In: <\/span><span class=\"tp_pub_additional_journal\">Alzheimer's Dement, <\/span><span class=\"tp_pub_additional_year\">2025<\/span>.<\/p>\n<p class=\"tp_pub_menu\"><span class=\"tp_resource_link\"><a id=\"tp_links_sh_128\" class=\"tp_show\" onclick=\"teachpress_pub_showhide('128','tp_links')\" title=\"Show links and resources\" style=\"cursor:pointer;\">Links<\/a><\/span><\/p>\n<div class=\"tp_bibtex\" id=\"tp_bibtex_128\" style=\"display:none;\">\n<div class=\"tp_bibtex_entry\">\n<pre>@article{nokey,<br \/>\r\ntitle = {Characterization of the gut microbiome of Puerto Ricans with Alzheimer\u2019s disease based on their Apolipoprotein E genotype},<br \/>\r\nauthor = {Olivieri-Henry, G. and Sepulveda, V. and Herrero-Rivera, C.A. and Soler-Llompart, C.M. and Ruiz-Adames, J.A. and Santiago-Berr\u00edos, M and, Sala-Morales, A.C. and Morales, H. and Godoy-Vitorino, F},<br \/>\r\nurl = {https:\/\/pmc.ncbi.nlm.nih.gov\/articles\/PMC11713934\/},<br \/>\r\ndoi = {https:\/\/doi.org\/10.1002\/alz.095590},<br \/>\r\nyear  = {2025},<br \/>\r\ndate = {2025-01-09},<br \/>\r\nurldate = {2025-01-09},<br \/>\r\njournal = {Alzheimer's Dement},<br \/>\r\nkeywords = {},<br \/>\r\npubstate = {published},<br \/>\r\ntppubtype = {article}<br \/>\r\n}<br \/>\r\n<\/pre>\n<\/div>\n<p class=\"tp_close_menu\"><a class=\"tp_close\" onclick=\"teachpress_pub_showhide('128','tp_bibtex')\">Close<\/a><\/p>\n<\/div>\n<div class=\"tp_links\" id=\"tp_links_128\" style=\"display:none;\">\n<div class=\"tp_links_entry\">\n<ul class=\"tp_pub_list\">\n<li><i class=\"fas fa-globe\"><\/i><a class=\"tp_pub_list\" href=\"https:\/\/pmc.ncbi.nlm.nih.gov\/articles\/PMC11713934\/\" title=\"https:\/\/pmc.ncbi.nlm.nih.gov\/articles\/PMC11713934\/\" target=\"_blank\">https:\/\/pmc.ncbi.nlm.nih.gov\/articles\/PMC11713934\/<\/a><\/li>\n<li><i class=\"ai ai-doi\"><\/i><a class=\"tp_pub_list\" href=\"https:\/\/dx.doi.org\/https:\/\/doi.org\/10.1002\/alz.095590\" title=\"Follow DOI:https:\/\/doi.org\/10.1002\/alz.095590\" target=\"_blank\">doi:https:\/\/doi.org\/10.1002\/alz.095590<\/a><\/li>\n<\/ul>\n<\/div>\n<p class=\"tp_close_menu\"><a class=\"tp_close\" onclick=\"teachpress_pub_showhide('128','tp_links')\">Close<\/a><\/p>\n<\/div>\n<\/div>\n<\/div>\n<h3 class=\"tp_h3\" id=\"tp_h3_2024\">2024<\/h3>\n<div class=\"tp_publication tp_publication_article\">\n<div class=\"tp_pub_image_left\"><img name=\"Threshold of defensive response in Apis mellifera (honey bees) and subsequent brain gene expression in reaction to noxious stimuli\" src=\"https:\/\/inbre.hpcf.upr.edu\/wp-content\/uploads\/2022\/11\/neuroscience-150x150.png\" width=\"25\" alt=\"Threshold of defensive response in Apis mellifera (honey bees) and subsequent brain gene expression in reaction to noxious stimuli\" \/><\/div>\n<div class=\"tp_pub_info\">\n<p class=\"tp_pub_author\"> JP, Acevedo-Gonzalez;  A, Galindo-Cardona;  NL, Fuenzalida-Uribe;  Y, Ortiz-Alvarado;  A, Ghezzi;  T, Giray<\/p>\n<p class=\"tp_pub_title\"><a class=\"tp_title_link\" onclick=\"teachpress_pub_showhide('122','tp_links')\" style=\"cursor:pointer;\">Threshold of defensive response in Apis mellifera (honey bees) and subsequent brain gene expression in reaction to noxious stimuli<\/a> <\/p>\n<p class=\"tp_pub_additional\"><span class=\"tp_pub_additional_in\">In: <\/span><span class=\"tp_pub_additional_journal\">Entomologia Experimentalis et Applicata, <\/span><span class=\"tp_pub_additional_year\">2024<\/span>.<\/p>\n<p class=\"tp_pub_menu\"><span class=\"tp_resource_link\"><a id=\"tp_links_sh_122\" class=\"tp_show\" onclick=\"teachpress_pub_showhide('122','tp_links')\" title=\"Show links and resources\" style=\"cursor:pointer;\">Links<\/a><\/span><\/p>\n<div class=\"tp_bibtex\" id=\"tp_bibtex_122\" style=\"display:none;\">\n<div class=\"tp_bibtex_entry\">\n<pre>@article{nokey,<br \/>\r\ntitle = {Threshold of defensive response in Apis mellifera (honey bees) and subsequent brain gene expression in reaction to noxious stimuli},<br \/>\r\nauthor = {Acevedo-Gonzalez JP and Galindo-Cardona A and Fuenzalida-Uribe NL and Ortiz-Alvarado Y and Ghezzi A and Giray T},<br \/>\r\nurl = {https:\/\/onlinelibrary.wiley.com\/doi\/10.1111\/eea.13529},<br \/>\r\ndoi = {https:\/\/doi.org\/10.1111\/eea.13529},<br \/>\r\nyear  = {2024},<br \/>\r\ndate = {2024-11-21},<br \/>\r\njournal = {Entomologia Experimentalis et Applicata},<br \/>\r\nkeywords = {},<br \/>\r\npubstate = {published},<br \/>\r\ntppubtype = {article}<br \/>\r\n}<br \/>\r\n<\/pre>\n<\/div>\n<p class=\"tp_close_menu\"><a class=\"tp_close\" onclick=\"teachpress_pub_showhide('122','tp_bibtex')\">Close<\/a><\/p>\n<\/div>\n<div class=\"tp_links\" id=\"tp_links_122\" style=\"display:none;\">\n<div class=\"tp_links_entry\">\n<ul class=\"tp_pub_list\">\n<li><i class=\"fas fa-globe\"><\/i><a class=\"tp_pub_list\" href=\"https:\/\/onlinelibrary.wiley.com\/doi\/10.1111\/eea.13529\" title=\"https:\/\/onlinelibrary.wiley.com\/doi\/10.1111\/eea.13529\" target=\"_blank\">https:\/\/onlinelibrary.wiley.com\/doi\/10.1111\/eea.13529<\/a><\/li>\n<li><i class=\"ai ai-doi\"><\/i><a class=\"tp_pub_list\" href=\"https:\/\/dx.doi.org\/https:\/\/doi.org\/10.1111\/eea.13529\" title=\"Follow DOI:https:\/\/doi.org\/10.1111\/eea.13529\" target=\"_blank\">doi:https:\/\/doi.org\/10.1111\/eea.13529<\/a><\/li>\n<\/ul>\n<\/div>\n<p class=\"tp_close_menu\"><a class=\"tp_close\" onclick=\"teachpress_pub_showhide('122','tp_links')\">Close<\/a><\/p>\n<\/div>\n<\/div>\n<\/div>\n<div class=\"tp_publication tp_publication_article\">\n<div class=\"tp_pub_image_left\"><img name=\"Neuroprotection and activation of anti-inflammatory and plasticity mechanisms by PLC-\u03b2 inhibition after cholinergic hyperstimulation in hippocampal slices and microglial cells\" src=\"https:\/\/inbre.hpcf.upr.edu\/wp-content\/uploads\/2022\/11\/neuroscience-150x150.png\" width=\"25\" alt=\"Neuroprotection and activation of anti-inflammatory and plasticity mechanisms by PLC-\u03b2 inhibition after cholinergic hyperstimulation in hippocampal slices and microglial cells\" \/><\/div>\n<div class=\"tp_pub_info\">\n<p class=\"tp_pub_author\"> P\u00e9rez-Caraballo, Daraishka<\/p>\n<p class=\"tp_pub_title\"><a class=\"tp_title_link\" onclick=\"teachpress_pub_showhide('127','tp_links')\" style=\"cursor:pointer;\">Neuroprotection and activation of anti-inflammatory and plasticity mechanisms by PLC-\u03b2 inhibition after cholinergic hyperstimulation in hippocampal slices and microglial cells<\/a> <\/p>\n<p class=\"tp_pub_additional\"><span class=\"tp_pub_additional_in\">In: <\/span><span class=\"tp_pub_additional_journal\">IBRO Neuroscience Reports, <\/span><span class=\"tp_pub_additional_year\">2024<\/span>.<\/p>\n<p class=\"tp_pub_menu\"><span class=\"tp_resource_link\"><a id=\"tp_links_sh_127\" class=\"tp_show\" onclick=\"teachpress_pub_showhide('127','tp_links')\" title=\"Show links and resources\" style=\"cursor:pointer;\">Links<\/a><\/span><\/p>\n<div class=\"tp_bibtex\" id=\"tp_bibtex_127\" style=\"display:none;\">\n<div class=\"tp_bibtex_entry\">\n<pre>@article{nokey,<br \/>\r\ntitle = {Neuroprotection and activation of anti-inflammatory and plasticity mechanisms by PLC-\u03b2 inhibition after cholinergic hyperstimulation in hippocampal slices and microglial cells},<br \/>\r\nauthor = {Daraishka P\u00e9rez-Caraballo},<br \/>\r\nurl = {https:\/\/www.ibroneuroreports.org\/article\/S2667-2421(24)00104-0\/fulltext},<br \/>\r\ndoi = {https:\/\/doi.org\/10.1016\/j.ibneur},<br \/>\r\nyear  = {2024},<br \/>\r\ndate = {2024-11-20},<br \/>\r\njournal = {IBRO Neuroscience Reports},<br \/>\r\nkeywords = {},<br \/>\r\npubstate = {published},<br \/>\r\ntppubtype = {article}<br \/>\r\n}<br \/>\r\n<\/pre>\n<\/div>\n<p class=\"tp_close_menu\"><a class=\"tp_close\" onclick=\"teachpress_pub_showhide('127','tp_bibtex')\">Close<\/a><\/p>\n<\/div>\n<div class=\"tp_links\" id=\"tp_links_127\" style=\"display:none;\">\n<div class=\"tp_links_entry\">\n<ul class=\"tp_pub_list\">\n<li><i class=\"fas fa-globe\"><\/i><a class=\"tp_pub_list\" href=\"https:\/\/www.ibroneuroreports.org\/article\/S2667-2421(24)00104-0\/fulltext\" title=\"https:\/\/www.ibroneuroreports.org\/article\/S2667-2421(24)00104-0\/fulltext\" target=\"_blank\">https:\/\/www.ibroneuroreports.org\/article\/S2667-2421(24)00104-0\/fulltext<\/a><\/li>\n<li><i class=\"ai ai-doi\"><\/i><a class=\"tp_pub_list\" href=\"https:\/\/dx.doi.org\/https:\/\/doi.org\/10.1016\/j.ibneur\" title=\"Follow DOI:https:\/\/doi.org\/10.1016\/j.ibneur\" target=\"_blank\">doi:https:\/\/doi.org\/10.1016\/j.ibneur<\/a><\/li>\n<\/ul>\n<\/div>\n<p class=\"tp_close_menu\"><a class=\"tp_close\" onclick=\"teachpress_pub_showhide('127','tp_links')\">Close<\/a><\/p>\n<\/div>\n<\/div>\n<\/div>\n<div class=\"tp_publication tp_publication_article\">\n<div class=\"tp_pub_image_left\"><img name=\"Exploring the interplay between running exercises, microbial diversity, and tryptophan metabolism along the microbiota-gut-brain axis\" src=\"https:\/\/inbre.hpcf.upr.edu\/wp-content\/uploads\/2022\/11\/neuroscience.png\" width=\"25\" alt=\"Exploring the interplay between running exercises, microbial diversity, and tryptophan metabolism along the microbiota-gut-brain axis\" \/><\/div>\n<div class=\"tp_pub_info\">\n<p class=\"tp_pub_author\"> A, Vazquez-Medina;  N, Rodriguez-Trujillo;  K, Ayuso-Rodriguez;  F, Marini-Martinez;  R, Angeli-Morales;  G, Caussade-Silvestrini;  F, Godoy-Vitorino;  N, Chorna<\/p>\n<p class=\"tp_pub_title\"><a class=\"tp_title_link\" onclick=\"teachpress_pub_showhide('86','tp_links')\" style=\"cursor:pointer;\">Exploring the interplay between running exercises, microbial diversity, and tryptophan metabolism along the microbiota-gut-brain axis<\/a> <\/p>\n<p class=\"tp_pub_additional\"><span class=\"tp_pub_additional_in\">In: <\/span><span class=\"tp_pub_additional_year\">2024<\/span>.<\/p>\n<p class=\"tp_pub_menu\"><span class=\"tp_resource_link\"><a id=\"tp_links_sh_86\" class=\"tp_show\" onclick=\"teachpress_pub_showhide('86','tp_links')\" title=\"Show links and resources\" style=\"cursor:pointer;\">Links<\/a><\/span><\/p>\n<div class=\"tp_bibtex\" id=\"tp_bibtex_86\" style=\"display:none;\">\n<div class=\"tp_bibtex_entry\">\n<pre>@article{nokey,<br \/>\r\ntitle = {Exploring the interplay between running exercises, microbial diversity, and tryptophan metabolism along the microbiota-gut-brain axis},<br \/>\r\nauthor = {Vazquez-Medina A and Rodriguez-Trujillo N and Ayuso-Rodriguez K and Marini-Martinez F and Angeli-Morales R and Caussade-Silvestrini G and Godoy-Vitorino F and Chorna N},<br \/>\r\nurl = {https:\/\/pubmed.ncbi.nlm.nih.gov\/38318337\/},<br \/>\r\ndoi = {10.3389\/fmicb.2024.1326584},<br \/>\r\nyear  = {2024},<br \/>\r\ndate = {2024-01-22},<br \/>\r\nkeywords = {},<br \/>\r\npubstate = {published},<br \/>\r\ntppubtype = {article}<br \/>\r\n}<br \/>\r\n<\/pre>\n<\/div>\n<p class=\"tp_close_menu\"><a class=\"tp_close\" onclick=\"teachpress_pub_showhide('86','tp_bibtex')\">Close<\/a><\/p>\n<\/div>\n<div class=\"tp_links\" id=\"tp_links_86\" style=\"display:none;\">\n<div class=\"tp_links_entry\">\n<ul class=\"tp_pub_list\">\n<li><i class=\"fas fa-globe\"><\/i><a class=\"tp_pub_list\" href=\"https:\/\/pubmed.ncbi.nlm.nih.gov\/38318337\/\" title=\"https:\/\/pubmed.ncbi.nlm.nih.gov\/38318337\/\" target=\"_blank\">https:\/\/pubmed.ncbi.nlm.nih.gov\/38318337\/<\/a><\/li>\n<li><i class=\"ai ai-doi\"><\/i><a class=\"tp_pub_list\" href=\"https:\/\/dx.doi.org\/10.3389\/fmicb.2024.1326584\" title=\"Follow DOI:10.3389\/fmicb.2024.1326584\" target=\"_blank\">doi:10.3389\/fmicb.2024.1326584<\/a><\/li>\n<\/ul>\n<\/div>\n<p class=\"tp_close_menu\"><a class=\"tp_close\" onclick=\"teachpress_pub_showhide('86','tp_links')\">Close<\/a><\/p>\n<\/div>\n<\/div>\n<\/div>\n<div class=\"tp_publication tp_publication_article\">\n<div class=\"tp_pub_image_left\"><img name=\" Identification of the native Torpedo californica nicotinic acetylcholine receptor\u2019s glycan composition after a multi-step sequential purification method using MALDI-ToF MS\" src=\"https:\/\/inbre.hpcf.upr.edu\/wp-content\/uploads\/2022\/11\/neuroscience.png\" width=\"25\" alt=\" Identification of the native Torpedo californica nicotinic acetylcholine receptor\u2019s glycan composition after a multi-step sequential purification method using MALDI-ToF MS\" \/><\/div>\n<div class=\"tp_pub_info\">\n<p class=\"tp_pub_author\"> R, Maldonado-Hern\u00e1ndez;  Quesada,;  JA, Gonz\u00e1lez-Feliciano;  A, Baerga-Ortiz;  JA, Lasalde-Dominicci<\/p>\n<p class=\"tp_pub_title\"><a class=\"tp_title_link\" onclick=\"teachpress_pub_showhide('85','tp_links')\" style=\"cursor:pointer;\"> Identification of the native Torpedo californica nicotinic acetylcholine receptor\u2019s glycan composition after a multi-step sequential purification method using MALDI-ToF MS<\/a> <\/p>\n<p class=\"tp_pub_additional\"><span class=\"tp_pub_additional_in\">In: <\/span><span class=\"tp_pub_additional_journal\">Proteomics 2024, <\/span><span class=\"tp_pub_additional_year\">2024<\/span>.<\/p>\n<p class=\"tp_pub_menu\"><span class=\"tp_resource_link\"><a id=\"tp_links_sh_85\" class=\"tp_show\" onclick=\"teachpress_pub_showhide('85','tp_links')\" title=\"Show links and resources\" style=\"cursor:pointer;\">Links<\/a><\/span><\/p>\n<div class=\"tp_bibtex\" id=\"tp_bibtex_85\" style=\"display:none;\">\n<div class=\"tp_bibtex_entry\">\n<pre>@article{nokey,<br \/>\r\ntitle = { Identification of the native Torpedo californica nicotinic acetylcholine receptor\u2019s glycan composition after a multi-step sequential purification method using MALDI-ToF MS},<br \/>\r\nauthor = {Maldonado-Hern\u00e1ndez R and Quesada and Gonz\u00e1lez-Feliciano JA and Baerga-Ortiz A and Lasalde-Dominicci JA},<br \/>\r\nurl = {https:\/\/pubmed.ncbi.nlm.nih.gov\/37904306\/},<br \/>\r\ndoi = {10.1002\/pmic.202300151},<br \/>\r\nyear  = {2024},<br \/>\r\ndate = {2024-01-01},<br \/>\r\njournal = {Proteomics 2024},<br \/>\r\nkeywords = {},<br \/>\r\npubstate = {published},<br \/>\r\ntppubtype = {article}<br \/>\r\n}<br \/>\r\n<\/pre>\n<\/div>\n<p class=\"tp_close_menu\"><a class=\"tp_close\" onclick=\"teachpress_pub_showhide('85','tp_bibtex')\">Close<\/a><\/p>\n<\/div>\n<div class=\"tp_links\" id=\"tp_links_85\" style=\"display:none;\">\n<div class=\"tp_links_entry\">\n<ul class=\"tp_pub_list\">\n<li><i class=\"fas fa-globe\"><\/i><a class=\"tp_pub_list\" href=\"https:\/\/pubmed.ncbi.nlm.nih.gov\/37904306\/\" title=\"https:\/\/pubmed.ncbi.nlm.nih.gov\/37904306\/\" target=\"_blank\">https:\/\/pubmed.ncbi.nlm.nih.gov\/37904306\/<\/a><\/li>\n<li><i class=\"ai ai-doi\"><\/i><a class=\"tp_pub_list\" href=\"https:\/\/dx.doi.org\/10.1002\/pmic.202300151\" title=\"Follow DOI:10.1002\/pmic.202300151\" target=\"_blank\">doi:10.1002\/pmic.202300151<\/a><\/li>\n<\/ul>\n<\/div>\n<p class=\"tp_close_menu\"><a class=\"tp_close\" onclick=\"teachpress_pub_showhide('85','tp_links')\">Close<\/a><\/p>\n<\/div>\n<\/div>\n<\/div>\n<h3 class=\"tp_h3\" id=\"tp_h3_2023\">2023<\/h3>\n<div class=\"tp_publication tp_publication_article\">\n<div class=\"tp_pub_image_left\"><img name=\"Purinergic P2X7 receptor-mediated inflammation precedes PTSD-related behaviors in rats\" src=\"https:\/\/inbre.hpcf.upr.edu\/wp-content\/uploads\/2022\/11\/neuroscience.png\" width=\"25\" alt=\"Purinergic P2X7 receptor-mediated inflammation precedes PTSD-related behaviors in rats\" \/><\/div>\n<div class=\"tp_pub_info\">\n<p class=\"tp_pub_author\"> O, Torres-Rodr\u00edguez;  Y, Rivera-Escobales;  Y, Castillo-Ocampo;  B, Velazquez;  M, Col\u00f3n;  JT, Porter<\/p>\n<p class=\"tp_pub_title\"><a class=\"tp_title_link\" onclick=\"teachpress_pub_showhide('61','tp_links')\" style=\"cursor:pointer;\">Purinergic P2X7 receptor-mediated inflammation precedes PTSD-related behaviors in rats<\/a> <\/p>\n<p class=\"tp_pub_additional\"><span class=\"tp_pub_additional_in\">In: <\/span><span class=\"tp_pub_additional_journal\">Brain Behav Immun, <\/span><span class=\"tp_pub_additional_year\">2023<\/span>.<\/p>\n<p class=\"tp_pub_menu\"><span class=\"tp_resource_link\"><a id=\"tp_links_sh_61\" class=\"tp_show\" onclick=\"teachpress_pub_showhide('61','tp_links')\" title=\"Show links and resources\" style=\"cursor:pointer;\">Links<\/a><\/span><\/p>\n<div class=\"tp_bibtex\" id=\"tp_bibtex_61\" style=\"display:none;\">\n<div class=\"tp_bibtex_entry\">\n<pre>@article{nokey,<br \/>\r\ntitle = {Purinergic P2X7 receptor-mediated inflammation precedes PTSD-related behaviors in rats},<br \/>\r\nauthor = {Torres-Rodr\u00edguez O and Rivera-Escobales Y and Castillo-Ocampo Y and Velazquez B and Col\u00f3n M and Porter JT},<br \/>\r\nurl = {https:\/\/pubmed.ncbi.nlm.nih.gov\/36822379\/},<br \/>\r\nyear  = {2023},<br \/>\r\ndate = {2023-02-21},<br \/>\r\njournal = {Brain Behav Immun},<br \/>\r\nkeywords = {},<br \/>\r\npubstate = {published},<br \/>\r\ntppubtype = {article}<br \/>\r\n}<br \/>\r\n<\/pre>\n<\/div>\n<p class=\"tp_close_menu\"><a class=\"tp_close\" onclick=\"teachpress_pub_showhide('61','tp_bibtex')\">Close<\/a><\/p>\n<\/div>\n<div class=\"tp_links\" id=\"tp_links_61\" style=\"display:none;\">\n<div class=\"tp_links_entry\">\n<ul class=\"tp_pub_list\">\n<li><i class=\"fas fa-globe\"><\/i><a class=\"tp_pub_list\" href=\"https:\/\/pubmed.ncbi.nlm.nih.gov\/36822379\/\" title=\"https:\/\/pubmed.ncbi.nlm.nih.gov\/36822379\/\" target=\"_blank\">https:\/\/pubmed.ncbi.nlm.nih.gov\/36822379\/<\/a><\/li>\n<\/ul>\n<\/div>\n<p class=\"tp_close_menu\"><a class=\"tp_close\" onclick=\"teachpress_pub_showhide('61','tp_links')\">Close<\/a><\/p>\n<\/div>\n<\/div>\n<\/div>\n<div class=\"tp_publication tp_publication_article\">\n<div class=\"tp_pub_image_left\"><img name=\"The PYK2 inhibitor PF-562271 enhances the effect of temozolomide on tumor growth in a C57Bl\/6-Gl261 mouse glioma model\" src=\"https:\/\/inbre.hpcf.upr.edu\/wp-content\/uploads\/2022\/11\/neuroscience.png\" width=\"25\" alt=\"The PYK2 inhibitor PF-562271 enhances the effect of temozolomide on tumor growth in a C57Bl\/6-Gl261 mouse glioma model\" \/><\/div>\n<div class=\"tp_pub_info\">\n<p class=\"tp_pub_author\"> J, Ortiz-Rivera;  R, Nu\u00f1ez;  Y, Kucheryavykh;  L, Kucheryavykh<\/p>\n<p class=\"tp_pub_title\"><a class=\"tp_title_link\" onclick=\"teachpress_pub_showhide('54','tp_links')\" style=\"cursor:pointer;\">The PYK2 inhibitor PF-562271 enhances the effect of temozolomide on tumor growth in a C57Bl\/6-Gl261 mouse glioma model<\/a> <\/p>\n<p class=\"tp_pub_additional\"><span class=\"tp_pub_additional_in\">In: <\/span><span class=\"tp_pub_additional_journal\">J Neurooncol, <\/span><span class=\"tp_pub_additional_year\">2023<\/span>.<\/p>\n<p class=\"tp_pub_menu\"><span class=\"tp_resource_link\"><a id=\"tp_links_sh_54\" class=\"tp_show\" onclick=\"teachpress_pub_showhide('54','tp_links')\" title=\"Show links and resources\" style=\"cursor:pointer;\">Links<\/a><\/span><\/p>\n<div class=\"tp_bibtex\" id=\"tp_bibtex_54\" style=\"display:none;\">\n<div class=\"tp_bibtex_entry\">\n<pre>@article{nokey,<br \/>\r\ntitle = {The PYK2 inhibitor PF-562271 enhances the effect of temozolomide on tumor growth in a C57Bl\/6-Gl261 mouse glioma model},<br \/>\r\nauthor = {Ortiz-Rivera J and Nu\u00f1ez R and Kucheryavykh Y and Kucheryavykh L},<br \/>\r\nurl = {https:\/\/pubmed.ncbi.nlm.nih.gov\/36790653\/},<br \/>\r\nyear  = {2023},<br \/>\r\ndate = {2023-02-15},<br \/>\r\njournal = {J Neurooncol},<br \/>\r\nkeywords = {},<br \/>\r\npubstate = {published},<br \/>\r\ntppubtype = {article}<br \/>\r\n}<br \/>\r\n<\/pre>\n<\/div>\n<p class=\"tp_close_menu\"><a class=\"tp_close\" onclick=\"teachpress_pub_showhide('54','tp_bibtex')\">Close<\/a><\/p>\n<\/div>\n<div class=\"tp_links\" id=\"tp_links_54\" style=\"display:none;\">\n<div class=\"tp_links_entry\">\n<ul class=\"tp_pub_list\">\n<li><i class=\"fas fa-globe\"><\/i><a class=\"tp_pub_list\" href=\"https:\/\/pubmed.ncbi.nlm.nih.gov\/36790653\/\" title=\"https:\/\/pubmed.ncbi.nlm.nih.gov\/36790653\/\" target=\"_blank\">https:\/\/pubmed.ncbi.nlm.nih.gov\/36790653\/<\/a><\/li>\n<\/ul>\n<\/div>\n<p class=\"tp_close_menu\"><a class=\"tp_close\" onclick=\"teachpress_pub_showhide('54','tp_links')\">Close<\/a><\/p>\n<\/div>\n<\/div>\n<\/div>\n<div class=\"tp_publication tp_publication_article\">\n<div class=\"tp_pub_image_left\"><img name=\"Characterization and Expression of Holothurian Wnt Signaling Genes during Adult Intestinal Organogenesis\" src=\"https:\/\/inbre.hpcf.upr.edu\/wp-content\/uploads\/2022\/11\/neuroscience.png\" width=\"25\" alt=\"Characterization and Expression of Holothurian Wnt Signaling Genes during Adult Intestinal Organogenesis\" \/><\/div>\n<div class=\"tp_pub_info\">\n<p class=\"tp_pub_author\"> Auger, Noah A.;  Medina-Feliciano, Joshua G.; David J. Quispe-Parra ORCID, Stephanie Col\u00f3n-Marrero; January 25 Jos\u00e9 E. Garc\u00eda-Arrar\u00e1s., 2023<\/p>\n<p class=\"tp_pub_title\"><a class=\"tp_title_link\" onclick=\"teachpress_pub_showhide('53','tp_links')\" style=\"cursor:pointer;\">Characterization and Expression of Holothurian Wnt Signaling Genes during Adult Intestinal Organogenesis<\/a> <\/p>\n<p class=\"tp_pub_additional\"><span class=\"tp_pub_additional_in\">In: <\/span><span class=\"tp_pub_additional_journal\">Genes 2023, <\/span><span class=\"tp_pub_additional_year\">2023<\/span>.<\/p>\n<p class=\"tp_pub_menu\"><span class=\"tp_resource_link\"><a id=\"tp_links_sh_53\" class=\"tp_show\" onclick=\"teachpress_pub_showhide('53','tp_links')\" title=\"Show links and resources\" style=\"cursor:pointer;\">Links<\/a><\/span><\/p>\n<div class=\"tp_bibtex\" id=\"tp_bibtex_53\" style=\"display:none;\">\n<div class=\"tp_bibtex_entry\">\n<pre>@article{nokey,<br \/>\r\ntitle = {Characterization and Expression of Holothurian Wnt Signaling Genes during Adult Intestinal Organogenesis},<br \/>\r\nauthor = {Noah A. Auger and Joshua G. Medina-Feliciano and ORCID,David J. Quispe-Parra ,Stephanie Col\u00f3n-Marrero ,Humberto Ortiz-Zuazaga and Jos\u00e9 E. Garc\u00eda-Arrar\u00e1s., January 25, 2023},<br \/>\r\nurl = {https:\/\/pubmed.ncbi.nlm.nih.gov\/36833237\/},<br \/>\r\nyear  = {2023},<br \/>\r\ndate = {2023-01-25},<br \/>\r\njournal = {Genes 2023},<br \/>\r\nkeywords = {},<br \/>\r\npubstate = {published},<br \/>\r\ntppubtype = {article}<br \/>\r\n}<br \/>\r\n<\/pre>\n<\/div>\n<p class=\"tp_close_menu\"><a class=\"tp_close\" onclick=\"teachpress_pub_showhide('53','tp_bibtex')\">Close<\/a><\/p>\n<\/div>\n<div class=\"tp_links\" id=\"tp_links_53\" style=\"display:none;\">\n<div class=\"tp_links_entry\">\n<ul class=\"tp_pub_list\">\n<li><i class=\"fas fa-globe\"><\/i><a class=\"tp_pub_list\" href=\"https:\/\/pubmed.ncbi.nlm.nih.gov\/36833237\/\" title=\"https:\/\/pubmed.ncbi.nlm.nih.gov\/36833237\/\" target=\"_blank\">https:\/\/pubmed.ncbi.nlm.nih.gov\/36833237\/<\/a><\/li>\n<\/ul>\n<\/div>\n<p class=\"tp_close_menu\"><a class=\"tp_close\" onclick=\"teachpress_pub_showhide('53','tp_links')\">Close<\/a><\/p>\n<\/div>\n<\/div>\n<\/div>\n<h3 class=\"tp_h3\" id=\"tp_h3_2022\">2022<\/h3>\n<div class=\"tp_publication tp_publication_article\">\n<div class=\"tp_pub_image_left\"><img name=\"Mechanism involved in cell death induced by DEHP (Di-ethylhexyl phthalate) on primary brain cells from Zebrafish (Danio rerio)\" src=\"https:\/\/inbre.hpcf.upr.edu\/wp-content\/uploads\/2022\/11\/neuroscience.png\" width=\"25\" alt=\"Mechanism involved in cell death induced by DEHP (Di-ethylhexyl phthalate) on primary brain cells from Zebrafish (Danio rerio)\" \/><\/div>\n<div class=\"tp_pub_info\">\n<p class=\"tp_pub_author\"> A, Acevedo;  A, Rivera;  K, R\u00edos;  R, Gonzalez;  A, Diaz;  B, Zayas<\/p>\n<p class=\"tp_pub_title\"><a class=\"tp_title_link\" onclick=\"teachpress_pub_showhide('48','tp_links')\" style=\"cursor:pointer;\">Mechanism involved in cell death induced by DEHP (Di-ethylhexyl phthalate) on primary brain cells from Zebrafish (Danio rerio)<\/a> <\/p>\n<p class=\"tp_pub_additional\"><span class=\"tp_pub_additional_in\">In: <\/span><span class=\"tp_pub_additional_journal\">Pharm Pharmacol Int J., <\/span><span class=\"tp_pub_additional_year\">2022<\/span>.<\/p>\n<p class=\"tp_pub_menu\"><span class=\"tp_resource_link\"><a id=\"tp_links_sh_48\" class=\"tp_show\" onclick=\"teachpress_pub_showhide('48','tp_links')\" title=\"Show links and resources\" style=\"cursor:pointer;\">Links<\/a><\/span><\/p>\n<div class=\"tp_bibtex\" id=\"tp_bibtex_48\" style=\"display:none;\">\n<div class=\"tp_bibtex_entry\">\n<pre>@article{nokey,<br \/>\r\ntitle = {Mechanism involved in cell death induced by DEHP (Di-ethylhexyl phthalate) on primary brain cells from Zebrafish (Danio rerio)},<br \/>\r\nauthor = {Acevedo A and Rivera A and R\u00edos K and Gonzalez R and Diaz A and Zayas B},<br \/>\r\ndoi = {10.15406\/ppij.2022.10.00390},<br \/>\r\nyear  = {2022},<br \/>\r\ndate = {2022-12-01},<br \/>\r\njournal = {Pharm Pharmacol Int J.},<br \/>\r\nkeywords = {},<br \/>\r\npubstate = {published},<br \/>\r\ntppubtype = {article}<br \/>\r\n}<br \/>\r\n<\/pre>\n<\/div>\n<p class=\"tp_close_menu\"><a class=\"tp_close\" onclick=\"teachpress_pub_showhide('48','tp_bibtex')\">Close<\/a><\/p>\n<\/div>\n<div class=\"tp_links\" id=\"tp_links_48\" style=\"display:none;\">\n<div class=\"tp_links_entry\">\n<ul class=\"tp_pub_list\">\n<li><i class=\"ai ai-doi\"><\/i><a class=\"tp_pub_list\" href=\"https:\/\/dx.doi.org\/10.15406\/ppij.2022.10.00390\" title=\"Follow DOI:10.15406\/ppij.2022.10.00390\" target=\"_blank\">doi:10.15406\/ppij.2022.10.00390<\/a><\/li>\n<\/ul>\n<\/div>\n<p class=\"tp_close_menu\"><a class=\"tp_close\" onclick=\"teachpress_pub_showhide('48','tp_links')\">Close<\/a><\/p>\n<\/div>\n<\/div>\n<\/div>\n<div class=\"tp_publication tp_publication_article\">\n<div class=\"tp_pub_image_left\"><img name=\"Hippocampal and amygdala increased BDNF expression in the extinction of opioid-induced place preference\" src=\"https:\/\/inbre.hpcf.upr.edu\/wp-content\/uploads\/2022\/11\/neuroscience.png\" width=\"25\" alt=\"Hippocampal and amygdala increased BDNF expression in the extinction of opioid-induced place preference\" \/><\/div>\n<div class=\"tp_pub_info\">\n<p class=\"tp_pub_author\"> ME, Lloret-Torres;  RN, Ayala-Pag\u00e1n;  FJ, Mart\u00ednez-Rivera;  P, Bonilla-Rull\u00e1n;  JL, Barreto-Estrada<\/p>\n<p class=\"tp_pub_title\"><a class=\"tp_title_link\" onclick=\"teachpress_pub_showhide('47','tp_links')\" style=\"cursor:pointer;\">Hippocampal and amygdala increased BDNF expression in the extinction of opioid-induced place preference<\/a> <\/p>\n<p class=\"tp_pub_additional\"><span class=\"tp_pub_additional_in\">In: <\/span><span class=\"tp_pub_additional_journal\">IBRO Neurosci Rep. 2022 , <\/span><span class=\"tp_pub_additional_year\">2022<\/span>.<\/p>\n<p class=\"tp_pub_menu\"><span class=\"tp_resource_link\"><a id=\"tp_links_sh_47\" class=\"tp_show\" onclick=\"teachpress_pub_showhide('47','tp_links')\" title=\"Show links and resources\" style=\"cursor:pointer;\">Links<\/a><\/span><\/p>\n<div class=\"tp_bibtex\" id=\"tp_bibtex_47\" style=\"display:none;\">\n<div class=\"tp_bibtex_entry\">\n<pre>@article{nokey,<br \/>\r\ntitle = {Hippocampal and amygdala increased BDNF expression in the extinction of opioid-induced place preference},<br \/>\r\nauthor = {Lloret-Torres ME and Ayala-Pag\u00e1n RN and Mart\u00ednez-Rivera FJ and Bonilla-Rull\u00e1n P and Barreto-Estrada JL},<br \/>\r\nurl = {https:\/\/pubmed.ncbi.nlm.nih.gov\/36275846\/},<br \/>\r\nyear  = {2022},<br \/>\r\ndate = {2022-12-01},<br \/>\r\nurldate = {2022-12-01},<br \/>\r\njournal = {IBRO Neurosci Rep. 2022 },<br \/>\r\nkeywords = {},<br \/>\r\npubstate = {published},<br \/>\r\ntppubtype = {article}<br \/>\r\n}<br \/>\r\n<\/pre>\n<\/div>\n<p class=\"tp_close_menu\"><a class=\"tp_close\" onclick=\"teachpress_pub_showhide('47','tp_bibtex')\">Close<\/a><\/p>\n<\/div>\n<div class=\"tp_links\" id=\"tp_links_47\" style=\"display:none;\">\n<div class=\"tp_links_entry\">\n<ul class=\"tp_pub_list\">\n<li><i class=\"fas fa-globe\"><\/i><a class=\"tp_pub_list\" href=\"https:\/\/pubmed.ncbi.nlm.nih.gov\/36275846\/\" title=\"https:\/\/pubmed.ncbi.nlm.nih.gov\/36275846\/\" target=\"_blank\">https:\/\/pubmed.ncbi.nlm.nih.gov\/36275846\/<\/a><\/li>\n<\/ul>\n<\/div>\n<p class=\"tp_close_menu\"><a class=\"tp_close\" onclick=\"teachpress_pub_showhide('47','tp_links')\">Close<\/a><\/p>\n<\/div>\n<\/div>\n<\/div>\n<div class=\"tp_publication tp_publication_article\">\n<div class=\"tp_pub_image_left\"><img name=\"The Stress Response of the Holothurian Central Nervous System: A Transcriptomic Analysis\" src=\"https:\/\/inbre.hpcf.upr.edu\/wp-content\/uploads\/2022\/11\/neuroscience.png\" width=\"25\" alt=\"The Stress Response of the Holothurian Central Nervous System: A Transcriptomic Analysis\" \/><\/div>\n<div class=\"tp_pub_info\">\n<p class=\"tp_pub_author\"> Cruz-Gonz\u00e1lez, Sebasti\u00e1n;  Quesada-D\u00edaz, Eduardo;  Miranda-Negr\u00f3n, Yamil;  Garc\u00eda-Rosario, Ra\u00fal;  Ortiz-Zuazaga, Humberto;  Garc\u00eda-Arrar\u00e1s, Jos\u00e9 E.<\/p>\n<p class=\"tp_pub_title\"><a class=\"tp_title_link\" onclick=\"teachpress_pub_showhide('52','tp_links')\" style=\"cursor:pointer;\">The Stress Response of the Holothurian Central Nervous System: A Transcriptomic Analysis<\/a> <\/p>\n<p class=\"tp_pub_additional\"><span class=\"tp_pub_additional_in\">In: <\/span><span class=\"tp_pub_additional_year\">2022<\/span>.<\/p>\n<p class=\"tp_pub_menu\"><span class=\"tp_resource_link\"><a id=\"tp_links_sh_52\" class=\"tp_show\" onclick=\"teachpress_pub_showhide('52','tp_links')\" title=\"Show links and resources\" style=\"cursor:pointer;\">Links<\/a><\/span><\/p>\n<div class=\"tp_bibtex\" id=\"tp_bibtex_52\" style=\"display:none;\">\n<div class=\"tp_bibtex_entry\">\n<pre>@article{nokey,<br \/>\r\ntitle = {The Stress Response of the Holothurian Central Nervous System: A Transcriptomic Analysis},<br \/>\r\nauthor = {Sebasti\u00e1n Cruz-Gonz\u00e1lez and Eduardo Quesada-D\u00edaz and Yamil Miranda-Negr\u00f3n and Ra\u00fal Garc\u00eda-Rosario and Humberto Ortiz-Zuazaga and Jos\u00e9 E. Garc\u00eda-Arrar\u00e1s},<br \/>\r\nurl = {https:\/\/pubmed.ncbi.nlm.nih.gov\/36362181\/},<br \/>\r\nyear  = {2022},<br \/>\r\ndate = {2022-11-02},<br \/>\r\nurldate = {2022-11-02},<br \/>\r\nkeywords = {},<br \/>\r\npubstate = {published},<br \/>\r\ntppubtype = {article}<br \/>\r\n}<br \/>\r\n<\/pre>\n<\/div>\n<p class=\"tp_close_menu\"><a class=\"tp_close\" onclick=\"teachpress_pub_showhide('52','tp_bibtex')\">Close<\/a><\/p>\n<\/div>\n<div class=\"tp_links\" id=\"tp_links_52\" style=\"display:none;\">\n<div class=\"tp_links_entry\">\n<ul class=\"tp_pub_list\">\n<li><i class=\"fas fa-globe\"><\/i><a class=\"tp_pub_list\" href=\"https:\/\/pubmed.ncbi.nlm.nih.gov\/36362181\/\" title=\"https:\/\/pubmed.ncbi.nlm.nih.gov\/36362181\/\" target=\"_blank\">https:\/\/pubmed.ncbi.nlm.nih.gov\/36362181\/<\/a><\/li>\n<\/ul>\n<\/div>\n<p class=\"tp_close_menu\"><a class=\"tp_close\" onclick=\"teachpress_pub_showhide('52','tp_links')\">Close<\/a><\/p>\n<\/div>\n<\/div>\n<\/div>\n<div class=\"tp_publication tp_publication_article\">\n<div class=\"tp_pub_image_left\"><img name=\"(2022) Unusual Innervation to the Gluteus Maximus and it's Clinical Implications\" src=\"https:\/\/inbre.hpcf.upr.edu\/wp-content\/uploads\/2022\/11\/neuroscience.png\" width=\"25\" alt=\"(2022) Unusual Innervation to the Gluteus Maximus and it's Clinical Implications\" \/><\/div>\n<div class=\"tp_pub_info\">\n<p class=\"tp_pub_author\"> Quin\u0303ones-Rodri\u0301guez, Jailenne I.<\/p>\n<p class=\"tp_pub_title\"><a class=\"tp_title_link\" onclick=\"teachpress_pub_showhide('36','tp_links')\" style=\"cursor:pointer;\">(2022) Unusual Innervation to the Gluteus Maximus and it's Clinical Implications<\/a> <\/p>\n<p class=\"tp_pub_additional\"><span class=\"tp_pub_additional_in\">In: <\/span><span class=\"tp_pub_additional_journal\">Journal of Clinical and Diagnostic Research, <\/span><span class=\"tp_pub_additional_volume\">vol. 16(5): AD01-AD03, <\/span><span class=\"tp_pub_additional_issue\">iss. 2022 May, <\/span><span class=\"tp_pub_additional_year\">2022<\/span>.<\/p>\n<p class=\"tp_pub_menu\"><span class=\"tp_resource_link\"><a id=\"tp_links_sh_36\" class=\"tp_show\" onclick=\"teachpress_pub_showhide('36','tp_links')\" title=\"Show links and resources\" style=\"cursor:pointer;\">Links<\/a><\/span><\/p>\n<div class=\"tp_bibtex\" id=\"tp_bibtex_36\" style=\"display:none;\">\n<div class=\"tp_bibtex_entry\">\n<pre>@article{nokey,<br \/>\r\ntitle = {(2022) Unusual Innervation to the Gluteus Maximus and it's Clinical Implications},<br \/>\r\nauthor = {Jailenne I. Quin\u0303ones-Rodri\u0301guez},<br \/>\r\nurl = {https:\/\/jcdr.net\/articles\/PDF\/16319\/52660_CE%5BRa1%5D_F(KR)_PF1(SG_SHU)_PFA(SG_KM)_PN(KM).pdf},<br \/>\r\nyear  = {2022},<br \/>\r\ndate = {2022-05-01},<br \/>\r\nurldate = {2022-05-01},<br \/>\r\njournal = {Journal of Clinical and Diagnostic Research},<br \/>\r\nvolume = {16(5): AD01-AD03},<br \/>\r\nissue = {2022 May},<br \/>\r\nkeywords = {},<br \/>\r\npubstate = {published},<br \/>\r\ntppubtype = {article}<br \/>\r\n}<br \/>\r\n<\/pre>\n<\/div>\n<p class=\"tp_close_menu\"><a class=\"tp_close\" onclick=\"teachpress_pub_showhide('36','tp_bibtex')\">Close<\/a><\/p>\n<\/div>\n<div class=\"tp_links\" id=\"tp_links_36\" style=\"display:none;\">\n<div class=\"tp_links_entry\">\n<ul class=\"tp_pub_list\">\n<li><i class=\"fas fa-file-pdf\"><\/i><a class=\"tp_pub_list\" href=\"https:\/\/jcdr.net\/articles\/PDF\/16319\/52660_CE%5BRa1%5D_F(KR)_PF1(SG_SHU)_PFA(SG_KM)_PN(KM).pdf\" title=\"https:\/\/jcdr.net\/articles\/PDF\/16319\/52660_CE%5BRa1%5D_F(KR)_PF1(SG_SHU)_PFA(SG_K[...]\" target=\"_blank\">https:\/\/jcdr.net\/articles\/PDF\/16319\/52660_CE%5BRa1%5D_F(KR)_PF1(SG_SHU)_PFA(SG_K[...]<\/a><\/li>\n<\/ul>\n<\/div>\n<p class=\"tp_close_menu\"><a class=\"tp_close\" onclick=\"teachpress_pub_showhide('36','tp_links')\">Close<\/a><\/p>\n<\/div>\n<\/div>\n<\/div>\n<h3 class=\"tp_h3\" id=\"tp_h3_2021\">2021<\/h3>\n<div class=\"tp_publication tp_publication_article\">\n<div class=\"tp_pub_image_left\"><img name=\"Aerobic exercise as a promising nonpharmacological therapy for the treatment of substance use disorders\" src=\"https:\/\/inbre.hpcf.upr.edu\/wp-content\/uploads\/2022\/11\/neuroscience.png\" width=\"25\" alt=\"Aerobic exercise as a promising nonpharmacological therapy for the treatment of substance use disorders\" \/><\/div>\n<div class=\"tp_pub_info\">\n<p class=\"tp_pub_author\"> G, Marrero-Cristobal;  U, Gelpi-Dominguez;  R, Morales-Silva;  J, Alvarado-Torres;  J, Perez-Torres;  Y, Perez-Perez;  M, Sepulveda-Orengo<\/p>\n<p class=\"tp_pub_title\"><a class=\"tp_title_link\" onclick=\"teachpress_pub_showhide('16','tp_links')\" style=\"cursor:pointer;\">Aerobic exercise as a promising nonpharmacological therapy for the treatment of substance use disorders<\/a> <\/p>\n<p class=\"tp_pub_additional\"><span class=\"tp_pub_additional_in\">In: <\/span><span class=\"tp_pub_additional_journal\">J Neurosci Res, <\/span><span class=\"tp_pub_additional_issue\">iss. 2021 Dec 1, <\/span><span class=\"tp_pub_additional_year\">2021<\/span>.<\/p>\n<p class=\"tp_pub_menu\"><span class=\"tp_resource_link\"><a id=\"tp_links_sh_16\" class=\"tp_show\" onclick=\"teachpress_pub_showhide('16','tp_links')\" title=\"Show links and resources\" style=\"cursor:pointer;\">Links<\/a><\/span><\/p>\n<div class=\"tp_bibtex\" id=\"tp_bibtex_16\" style=\"display:none;\">\n<div class=\"tp_bibtex_entry\">\n<pre>@article{nokey,<br \/>\r\ntitle = {Aerobic exercise as a promising nonpharmacological therapy for the treatment of substance use disorders},<br \/>\r\nauthor = {Marrero-Cristobal G and Gelpi-Dominguez U and Morales-Silva R and Alvarado-Torres J and Perez-Torres J and Perez-Perez Y and Sepulveda-Orengo M},<br \/>\r\nurl = {https:\/\/pubmed.ncbi.nlm.nih.gov\/34850988\/},<br \/>\r\ndoi = {10.1002\/jnr.24990},<br \/>\r\nyear  = {2021},<br \/>\r\ndate = {2021-12-01},<br \/>\r\nurldate = {2021-12-01},<br \/>\r\njournal = {J Neurosci Res},<br \/>\r\nissue = {2021 Dec 1},<br \/>\r\nkeywords = {},<br \/>\r\npubstate = {published},<br \/>\r\ntppubtype = {article}<br \/>\r\n}<br \/>\r\n<\/pre>\n<\/div>\n<p class=\"tp_close_menu\"><a class=\"tp_close\" onclick=\"teachpress_pub_showhide('16','tp_bibtex')\">Close<\/a><\/p>\n<\/div>\n<div class=\"tp_links\" id=\"tp_links_16\" style=\"display:none;\">\n<div class=\"tp_links_entry\">\n<ul class=\"tp_pub_list\">\n<li><i class=\"fas fa-globe\"><\/i><a class=\"tp_pub_list\" href=\"https:\/\/pubmed.ncbi.nlm.nih.gov\/34850988\/\" title=\"https:\/\/pubmed.ncbi.nlm.nih.gov\/34850988\/\" target=\"_blank\">https:\/\/pubmed.ncbi.nlm.nih.gov\/34850988\/<\/a><\/li>\n<li><i class=\"ai ai-doi\"><\/i><a class=\"tp_pub_list\" href=\"https:\/\/dx.doi.org\/10.1002\/jnr.24990\" title=\"Follow DOI:10.1002\/jnr.24990\" target=\"_blank\">doi:10.1002\/jnr.24990<\/a><\/li>\n<\/ul>\n<\/div>\n<p class=\"tp_close_menu\"><a class=\"tp_close\" onclick=\"teachpress_pub_showhide('16','tp_links')\">Close<\/a><\/p>\n<\/div>\n<\/div>\n<\/div>\n<div class=\"tp_publication tp_publication_article\">\n<div class=\"tp_pub_image_left\"><img name=\"Transcriptional Correlates of Chronic Alcohol Neuroadaptation in Drosophila Larvae\" src=\"https:\/\/inbre.hpcf.upr.edu\/wp-content\/uploads\/2022\/11\/neuroscience.png\" width=\"25\" alt=\"Transcriptional Correlates of Chronic Alcohol Neuroadaptation in Drosophila Larvae\" \/><\/div>\n<div class=\"tp_pub_info\">\n<p class=\"tp_pub_author\"> A, Anqueira-Gonz\u00e1lez;  JP, Acevedo-Gonzalez;  A, Montes-Mercado;  C, Irizarry-Hern\u00e1ndez;  NL, Fuenzalida-Uribe;  A, Ghezzi<\/p>\n<p class=\"tp_pub_title\"><a class=\"tp_title_link\" onclick=\"teachpress_pub_showhide('33','tp_links')\" style=\"cursor:pointer;\">Transcriptional Correlates of Chronic Alcohol Neuroadaptation in Drosophila Larvae<\/a> <\/p>\n<p class=\"tp_pub_additional\"><span class=\"tp_pub_additional_in\">In: <\/span><span class=\"tp_pub_additional_journal\">Front Behav Neurosci, <\/span><span class=\"tp_pub_additional_issue\">iss. 2021 Nov 4, <\/span><span class=\"tp_pub_additional_number\">no. 15:768694, <\/span><span class=\"tp_pub_additional_year\">2021<\/span>.<\/p>\n<p class=\"tp_pub_menu\"><span class=\"tp_resource_link\"><a id=\"tp_links_sh_33\" class=\"tp_show\" onclick=\"teachpress_pub_showhide('33','tp_links')\" title=\"Show links and resources\" style=\"cursor:pointer;\">Links<\/a><\/span><\/p>\n<div class=\"tp_bibtex\" id=\"tp_bibtex_33\" style=\"display:none;\">\n<div class=\"tp_bibtex_entry\">\n<pre>@article{nokey,<br \/>\r\ntitle = {Transcriptional Correlates of Chronic Alcohol Neuroadaptation in Drosophila Larvae},<br \/>\r\nauthor = {Anqueira-Gonz\u00e1lez A and Acevedo-Gonzalez JP and Montes-Mercado A and Irizarry-Hern\u00e1ndez C and Fuenzalida-Uribe NL and Ghezzi A},<br \/>\r\nurl = {https:\/\/pubmed.ncbi.nlm.nih.gov\/34803626\/},<br \/>\r\ndoi = {10.3389\/fnbeh.2021.768694},<br \/>\r\nyear  = {2021},<br \/>\r\ndate = {2021-11-04},<br \/>\r\nurldate = {2021-11-04},<br \/>\r\njournal = {Front Behav Neurosci},<br \/>\r\nnumber = {15:768694},<br \/>\r\nissue = {2021 Nov 4},<br \/>\r\nkeywords = {},<br \/>\r\npubstate = {published},<br \/>\r\ntppubtype = {article}<br \/>\r\n}<br \/>\r\n<\/pre>\n<\/div>\n<p class=\"tp_close_menu\"><a class=\"tp_close\" onclick=\"teachpress_pub_showhide('33','tp_bibtex')\">Close<\/a><\/p>\n<\/div>\n<div class=\"tp_links\" id=\"tp_links_33\" style=\"display:none;\">\n<div class=\"tp_links_entry\">\n<ul class=\"tp_pub_list\">\n<li><i class=\"fas fa-globe\"><\/i><a class=\"tp_pub_list\" href=\"https:\/\/pubmed.ncbi.nlm.nih.gov\/34803626\/\" title=\"https:\/\/pubmed.ncbi.nlm.nih.gov\/34803626\/\" target=\"_blank\">https:\/\/pubmed.ncbi.nlm.nih.gov\/34803626\/<\/a><\/li>\n<li><i class=\"ai ai-doi\"><\/i><a class=\"tp_pub_list\" href=\"https:\/\/dx.doi.org\/10.3389\/fnbeh.2021.768694\" title=\"Follow DOI:10.3389\/fnbeh.2021.768694\" target=\"_blank\">doi:10.3389\/fnbeh.2021.768694<\/a><\/li>\n<\/ul>\n<\/div>\n<p class=\"tp_close_menu\"><a class=\"tp_close\" onclick=\"teachpress_pub_showhide('33','tp_links')\">Close<\/a><\/p>\n<\/div>\n<\/div>\n<\/div>\n<div class=\"tp_publication tp_publication_article\">\n<div class=\"tp_pub_image_left\"><img name=\" Cell death induction of dibutyl phthalate (DBP) on primary brain cells from adult zebrafish\" src=\"https:\/\/inbre.hpcf.upr.edu\/wp-content\/uploads\/2022\/11\/neuroscience.png\" width=\"25\" alt=\" Cell death induction of dibutyl phthalate (DBP) on primary brain cells from adult zebrafish\" \/><\/div>\n<div class=\"tp_pub_info\">\n<p class=\"tp_pub_author\"> G, Carrasquillo;  N, Pinet-Velez;  C, Velez<\/p>\n<p class=\"tp_pub_title\"><a class=\"tp_title_link\" onclick=\"teachpress_pub_showhide('29','tp_links')\" style=\"cursor:pointer;\"> Cell death induction of dibutyl phthalate (DBP) on primary brain cells from adult zebrafish<\/a> <\/p>\n<p class=\"tp_pub_additional\"><span class=\"tp_pub_additional_in\">In: <\/span><span class=\"tp_pub_additional_journal\">Pharm &amp; Pharmacology Int J, <\/span><span class=\"tp_pub_additional_issue\">iss. Oct 2021, <\/span><span class=\"tp_pub_additional_number\">no. 9(5):219-225, <\/span><span class=\"tp_pub_additional_year\">2021<\/span>.<\/p>\n<p class=\"tp_pub_menu\"><span class=\"tp_resource_link\"><a id=\"tp_links_sh_29\" class=\"tp_show\" onclick=\"teachpress_pub_showhide('29','tp_links')\" title=\"Show links and resources\" style=\"cursor:pointer;\">Links<\/a><\/span><\/p>\n<div class=\"tp_bibtex\" id=\"tp_bibtex_29\" style=\"display:none;\">\n<div class=\"tp_bibtex_entry\">\n<pre>@article{nokey,<br \/>\r\ntitle = { Cell death induction of dibutyl phthalate (DBP) on primary brain cells from adult zebrafish},<br \/>\r\nauthor = {Carrasquillo G and Pinet-Velez N and Velez C},<br \/>\r\nurl = {https:\/\/medcraveonline.com\/PPIJ\/cell-death-induction-of-dibutyl-phthalate-dbp-on-primary-brain-cells-from-adult-zebrafish.html},<br \/>\r\ndoi = {10.15406\/ppij.2021.09.00348},<br \/>\r\nyear  = {2021},<br \/>\r\ndate = {2021-10-29},<br \/>\r\nurldate = {2021-10-29},<br \/>\r\njournal = {Pharm & Pharmacology Int J},<br \/>\r\nnumber = {9(5):219-225},<br \/>\r\nissue = {Oct 2021},<br \/>\r\nkeywords = {},<br \/>\r\npubstate = {published},<br \/>\r\ntppubtype = {article}<br \/>\r\n}<br \/>\r\n<\/pre>\n<\/div>\n<p class=\"tp_close_menu\"><a class=\"tp_close\" onclick=\"teachpress_pub_showhide('29','tp_bibtex')\">Close<\/a><\/p>\n<\/div>\n<div class=\"tp_links\" id=\"tp_links_29\" style=\"display:none;\">\n<div class=\"tp_links_entry\">\n<ul class=\"tp_pub_list\">\n<li><i class=\"fas fa-globe\"><\/i><a class=\"tp_pub_list\" href=\"https:\/\/medcraveonline.com\/PPIJ\/cell-death-induction-of-dibutyl-phthalate-dbp-on-primary-brain-cells-from-adult-zebrafish.html\" title=\"https:\/\/medcraveonline.com\/PPIJ\/cell-death-induction-of-dibutyl-phthalate-dbp-on[...]\" target=\"_blank\">https:\/\/medcraveonline.com\/PPIJ\/cell-death-induction-of-dibutyl-phthalate-dbp-on[...]<\/a><\/li>\n<li><i class=\"ai ai-doi\"><\/i><a class=\"tp_pub_list\" href=\"https:\/\/dx.doi.org\/10.15406\/ppij.2021.09.00348\" title=\"Follow DOI:10.15406\/ppij.2021.09.00348\" target=\"_blank\">doi:10.15406\/ppij.2021.09.00348<\/a><\/li>\n<\/ul>\n<\/div>\n<p class=\"tp_close_menu\"><a class=\"tp_close\" onclick=\"teachpress_pub_showhide('29','tp_links')\">Close<\/a><\/p>\n<\/div>\n<\/div>\n<\/div>\n<div class=\"tp_publication tp_publication_article\">\n<div class=\"tp_pub_image_left\"><img name=\"FMRF-NH2 -related neuropeptides in Biomphalaria spp., intermediate hosts for schistosomiasis: Precursor organization and immunohistochemical localization\" src=\"https:\/\/inbre.hpcf.upr.edu\/wp-content\/uploads\/2022\/11\/neuroscience.png\" width=\"25\" alt=\"FMRF-NH2 -related neuropeptides in Biomphalaria spp., intermediate hosts for schistosomiasis: Precursor organization and immunohistochemical localization\" \/><\/div>\n<div class=\"tp_pub_info\">\n<p class=\"tp_pub_author\"> S, Rol\u00f3n-Mart\u00ednez;  MR, Habib;  TA, Mansour;  M, D\u00edaz-R\u00edos;  JJC, Rosenthal;  XN, Zhou;  RP, Croll;  MW, Miller<\/p>\n<p class=\"tp_pub_title\"><a class=\"tp_title_link\" onclick=\"teachpress_pub_showhide('22','tp_links')\" style=\"cursor:pointer;\">FMRF-NH2 -related neuropeptides in Biomphalaria spp., intermediate hosts for schistosomiasis: Precursor organization and immunohistochemical localization<\/a> <\/p>\n<p class=\"tp_pub_additional\"><span class=\"tp_pub_additional_in\">In: <\/span><span class=\"tp_pub_additional_journal\">J Comp Neurol, <\/span><span class=\"tp_pub_additional_issue\">iss. 2021 Sep, <\/span><span class=\"tp_pub_additional_number\">no. 529(13):3336-3358, <\/span><span class=\"tp_pub_additional_year\">2021<\/span>.<\/p>\n<p class=\"tp_pub_menu\"><span class=\"tp_resource_link\"><a id=\"tp_links_sh_22\" class=\"tp_show\" onclick=\"teachpress_pub_showhide('22','tp_links')\" title=\"Show links and resources\" style=\"cursor:pointer;\">Links<\/a><\/span><\/p>\n<div class=\"tp_bibtex\" id=\"tp_bibtex_22\" style=\"display:none;\">\n<div class=\"tp_bibtex_entry\">\n<pre>@article{nokey,<br \/>\r\ntitle = {FMRF-NH2 -related neuropeptides in Biomphalaria spp., intermediate hosts for schistosomiasis: Precursor organization and immunohistochemical localization},<br \/>\r\nauthor = {Rol\u00f3n-Mart\u00ednez S and Habib MR and Mansour TA and D\u00edaz-R\u00edos M and Rosenthal JJC and Zhou XN and Croll RP and Miller MW},<br \/>\r\nurl = {https:\/\/pubmed.ncbi.nlm.nih.gov\/34041754\/},<br \/>\r\ndoi = {10.1002\/cne.25195},<br \/>\r\nyear  = {2021},<br \/>\r\ndate = {2021-09-01},<br \/>\r\nurldate = {2021-09-01},<br \/>\r\njournal = {J Comp Neurol},<br \/>\r\nnumber = {529(13):3336-3358},<br \/>\r\nissue = {2021 Sep},<br \/>\r\nkeywords = {},<br \/>\r\npubstate = {published},<br \/>\r\ntppubtype = {article}<br \/>\r\n}<br \/>\r\n<\/pre>\n<\/div>\n<p class=\"tp_close_menu\"><a class=\"tp_close\" onclick=\"teachpress_pub_showhide('22','tp_bibtex')\">Close<\/a><\/p>\n<\/div>\n<div class=\"tp_links\" id=\"tp_links_22\" style=\"display:none;\">\n<div class=\"tp_links_entry\">\n<ul class=\"tp_pub_list\">\n<li><i class=\"fas fa-globe\"><\/i><a class=\"tp_pub_list\" href=\"https:\/\/pubmed.ncbi.nlm.nih.gov\/34041754\/\" title=\"https:\/\/pubmed.ncbi.nlm.nih.gov\/34041754\/\" target=\"_blank\">https:\/\/pubmed.ncbi.nlm.nih.gov\/34041754\/<\/a><\/li>\n<li><i class=\"ai ai-doi\"><\/i><a class=\"tp_pub_list\" href=\"https:\/\/dx.doi.org\/10.1002\/cne.25195\" title=\"Follow DOI:10.1002\/cne.25195\" target=\"_blank\">doi:10.1002\/cne.25195<\/a><\/li>\n<\/ul>\n<\/div>\n<p class=\"tp_close_menu\"><a class=\"tp_close\" onclick=\"teachpress_pub_showhide('22','tp_links')\">Close<\/a><\/p>\n<\/div>\n<\/div>\n<\/div>\n<\/div>\n<\/div>\n<p>\n<\/div><\/div><\/div><\/div><\/div><\/section><section data-kc-fullwidth=\"row\" class=\"kc-elm kc-css-116776 kc_row\"><div class=\"kc-row-container  kc-container\"><div class=\"kc-wrap-columns\"><div class=\"kc-elm kc-css-713665 kc_col-sm-12 kc_column kc_col-sm-12\"><div class=\"kc-col-container\"><div class=\"kc-elm kc-css-441609\" style=\"height: 40px; clear: both; width:100%;\"><\/div><\/div><\/div><\/div><\/div><\/section><\/p>\n","protected":false},"excerpt":{"rendered":"","protected":false},"author":1,"featured_media":3491,"parent":0,"menu_order":0,"comment_status":"closed","ping_status":"closed","template":"","meta":{"_monsterinsights_skip_tracking":false,"_monsterinsights_sitenote_active":false,"_monsterinsights_sitenote_note":"","_monsterinsights_sitenote_category":0},"_links":{"self":[{"href":"https:\/\/inbre.hpcf.upr.edu\/index.php\/wp-json\/wp\/v2\/pages\/4109"}],"collection":[{"href":"https:\/\/inbre.hpcf.upr.edu\/index.php\/wp-json\/wp\/v2\/pages"}],"about":[{"href":"https:\/\/inbre.hpcf.upr.edu\/index.php\/wp-json\/wp\/v2\/types\/page"}],"author":[{"embeddable":true,"href":"https:\/\/inbre.hpcf.upr.edu\/index.php\/wp-json\/wp\/v2\/users\/1"}],"replies":[{"embeddable":true,"href":"https:\/\/inbre.hpcf.upr.edu\/index.php\/wp-json\/wp\/v2\/comments?post=4109"}],"version-history":[{"count":35,"href":"https:\/\/inbre.hpcf.upr.edu\/index.php\/wp-json\/wp\/v2\/pages\/4109\/revisions"}],"predecessor-version":[{"id":5106,"href":"https:\/\/inbre.hpcf.upr.edu\/index.php\/wp-json\/wp\/v2\/pages\/4109\/revisions\/5106"}],"wp:featuredmedia":[{"embeddable":true,"href":"https:\/\/inbre.hpcf.upr.edu\/index.php\/wp-json\/wp\/v2\/media\/3491"}],"wp:attachment":[{"href":"https:\/\/inbre.hpcf.upr.edu\/index.php\/wp-json\/wp\/v2\/media?parent=4109"}],"curies":[{"name":"wp","href":"https:\/\/api.w.org\/{rel}","templated":true}]}}